{"id":2589,"date":"2021-02-26T16:03:12","date_gmt":"2021-02-26T15:03:12","guid":{"rendered":"https:\/\/madridtravelprivatetours.com\/visitas-guiadas-privadas\/"},"modified":"2025-12-09T21:19:47","modified_gmt":"2025-12-09T20:19:47","slug":"visitas-guiadas-privadas","status":"publish","type":"page","link":"https:\/\/madridtravelprivatetours.com\/en\/","title":{"rendered":"Inicio"},"content":{"rendered":"\t\t<div data-elementor-type=\"wp-page\" data-elementor-id=\"2589\" class=\"elementor elementor-2589 elementor-9\" data-elementor-post-type=\"page\">\n\t\t\t\t\t\t<section class=\"elementor-section elementor-top-section elementor-element elementor-element-7ae5d58 elementor-section-height-min-height elementor-section-boxed elementor-section-height-default elementor-section-items-middle\" data-id=\"7ae5d58\" data-element_type=\"section\" data-e-type=\"section\" data-settings=\"{&quot;background_background&quot;:&quot;slideshow&quot;,&quot;background_slideshow_gallery&quot;:[{&quot;id&quot;:2570,&quot;url&quot;:&quot;https:\\\/\\\/madridtravelprivatetours.com\\\/wp-content\\\/uploads\\\/2021\\\/04\\\/cibeles.jpg&quot;},{&quot;id&quot;:2355,&quot;url&quot;:&quot;https:\\\/\\\/madridtravelprivatetours.com\\\/wp-content\\\/uploads\\\/2021\\\/02\\\/puerta-de-alcala.jpg&quot;},{&quot;id&quot;:2571,&quot;url&quot;:&quot;https:\\\/\\\/madridtravelprivatetours.com\\\/wp-content\\\/uploads\\\/2021\\\/04\\\/puerta-de-sol-madrid.jpg&quot;}],&quot;background_slideshow_slide_duration&quot;:3000,&quot;background_slideshow_transition_duration&quot;:800,&quot;background_slideshow_ken_burns&quot;:&quot;yes&quot;,&quot;background_slideshow_loop&quot;:&quot;yes&quot;,&quot;background_slideshow_slide_transition&quot;:&quot;fade&quot;,&quot;background_slideshow_ken_burns_zoom_direction&quot;:&quot;in&quot;}\">\n\t\t\t\t\t\t\t<div class=\"elementor-background-overlay\"><\/div>\n\t\t\t\t\t\t\t<div class=\"elementor-container elementor-column-gap-default\">\n\t\t\t\t\t<div class=\"elementor-column elementor-col-100 elementor-top-column elementor-element elementor-element-6de955f\" data-id=\"6de955f\" data-element_type=\"column\" data-e-type=\"column\">\n\t\t\t<div class=\"elementor-widget-wrap elementor-element-populated\">\n\t\t\t\t\t\t<div class=\"elementor-element elementor-element-1dbd879 elementor-widget elementor-widget-heading\" data-id=\"1dbd879\" data-element_type=\"widget\" data-e-type=\"widget\" data-widget_type=\"heading.default\">\n\t\t\t\t<div class=\"elementor-widget-container\">\n\t\t\t\t\t<h2 class=\"elementor-heading-title elementor-size-default\">PRIVATE GUIDED TOURS<\/h2>\t\t\t\t<\/div>\n\t\t\t\t<\/div>\n\t\t\t\t<div class=\"elementor-element elementor-element-71619d2 elementor-widget elementor-widget-heading\" data-id=\"71619d2\" data-element_type=\"widget\" data-e-type=\"widget\" data-widget_type=\"heading.default\">\n\t\t\t\t<div class=\"elementor-widget-container\">\n\t\t\t\t\t<h2 class=\"elementor-heading-title elementor-size-default\">\u201cNo visit to historic cities is complete without a guide. The buildings have no meaning if you don\u2019t know the history\u201d<\/h2>\t\t\t\t<\/div>\n\t\t\t\t<\/div>\n\t\t\t\t<div class=\"elementor-element elementor-element-11b86bf elementor-widget elementor-widget-heading\" data-id=\"11b86bf\" data-element_type=\"widget\" data-e-type=\"widget\" data-widget_type=\"heading.default\">\n\t\t\t\t<div class=\"elementor-widget-container\">\n\t\t\t\t\t<h2 class=\"elementor-heading-title elementor-size-default\">Alka Farner <\/h2>\t\t\t\t<\/div>\n\t\t\t\t<\/div>\n\t\t\t\t<div class=\"elementor-element elementor-element-b81e4fa elementor-align-center elementor-widget elementor-widget-button\" data-id=\"b81e4fa\" data-element_type=\"widget\" data-e-type=\"widget\" data-widget_type=\"button.default\">\n\t\t\t\t<div class=\"elementor-widget-container\">\n\t\t\t\t\t\t\t\t\t<div class=\"elementor-button-wrapper\">\n\t\t\t\t\t<a class=\"elementor-button elementor-button-link elementor-size-sm\" href=\"https:\/\/madridtravelprivatetours.com\/en\/private-tours\/\">\n\t\t\t\t\t\t<span class=\"elementor-button-content-wrapper\">\n\t\t\t\t\t\t\t\t\t<span class=\"elementor-button-text\">See our private tours<\/span>\n\t\t\t\t\t<\/span>\n\t\t\t\t\t<\/a>\n\t\t\t\t<\/div>\n\t\t\t\t\t\t\t\t<\/div>\n\t\t\t\t<\/div>\n\t\t\t\t\t<\/div>\n\t\t<\/div>\n\t\t\t\t\t<\/div>\n\t\t<\/section>\n\t\t\t\t<section class=\"elementor-section elementor-top-section elementor-element elementor-element-3fd2c532 elementor-section-content-middle elementor-section-boxed elementor-section-height-default elementor-section-height-default\" data-id=\"3fd2c532\" data-element_type=\"section\" data-e-type=\"section\">\n\t\t\t\t\t\t<div class=\"elementor-container elementor-column-gap-no\">\n\t\t\t\t\t<div class=\"elementor-column elementor-col-100 elementor-top-column elementor-element elementor-element-20863690\" data-id=\"20863690\" data-element_type=\"column\" data-e-type=\"column\">\n\t\t\t<div class=\"elementor-widget-wrap elementor-element-populated\">\n\t\t\t\t\t\t<div class=\"elementor-element elementor-element-341e3d85 elementor-widget elementor-widget-heading\" data-id=\"341e3d85\" data-element_type=\"widget\" data-e-type=\"widget\" data-widget_type=\"heading.default\">\n\t\t\t\t<div class=\"elementor-widget-container\">\n\t\t\t\t\t<h4 class=\"elementor-heading-title elementor-size-default\">WELCOME TO MADRID!<\/h4>\t\t\t\t<\/div>\n\t\t\t\t<\/div>\n\t\t\t\t<div class=\"elementor-element elementor-element-65179e5 elementor-widget-divider--view-line elementor-widget elementor-widget-divider\" data-id=\"65179e5\" data-element_type=\"widget\" data-e-type=\"widget\" data-widget_type=\"divider.default\">\n\t\t\t\t<div class=\"elementor-widget-container\">\n\t\t\t\t\t\t\t<div class=\"elementor-divider\">\n\t\t\t<span class=\"elementor-divider-separator\">\n\t\t\t\t\t\t<\/span>\n\t\t<\/div>\n\t\t\t\t\t\t<\/div>\n\t\t\t\t<\/div>\n\t\t\t\t<div class=\"elementor-element elementor-element-41d253e elementor-widget elementor-widget-video\" data-id=\"41d253e\" data-element_type=\"widget\" data-e-type=\"widget\" data-settings=\"{&quot;youtube_url&quot;:&quot;https:\\\/\\\/www.youtube.com\\\/watch?v=9x7ScArrNEw&quot;,&quot;show_image_overlay&quot;:&quot;yes&quot;,&quot;image_overlay&quot;:{&quot;url&quot;:&quot;https:\\\/\\\/madridtravelprivatetours.com\\\/wp-content\\\/uploads\\\/2021\\\/04\\\/cibeles.jpg&quot;,&quot;id&quot;:2570,&quot;size&quot;:&quot;&quot;},&quot;video_type&quot;:&quot;youtube&quot;,&quot;controls&quot;:&quot;yes&quot;}\" data-widget_type=\"video.default\">\n\t\t\t\t<div class=\"elementor-widget-container\">\n\t\t\t\t\t\t\t<div class=\"elementor-wrapper elementor-open-inline\">\n\t\t\t<div class=\"elementor-video\"><\/div>\t\t\t\t<div class=\"elementor-custom-embed-image-overlay\" style=\"background-image: url(https:\/\/madridtravelprivatetours.com\/wp-content\/uploads\/2021\/04\/cibeles.jpg);\">\n\t\t\t\t\t\t\t\t\t\t\t\t\t\t\t\t<div class=\"elementor-custom-embed-play\" role=\"button\" aria-label=\"Play Video\" tabindex=\"0\">\n\t\t\t\t\t\t\t<i aria-hidden=\"true\" class=\"eicon-play\"><\/i>\t\t\t\t\t\t<\/div>\n\t\t\t\t\t\t\t\t\t<\/div>\n\t\t\t\t\t<\/div>\n\t\t\t\t\t\t<\/div>\n\t\t\t\t<\/div>\n\t\t\t\t<div class=\"elementor-element elementor-element-23c8fed0 elementor-widget elementor-widget-text-editor\" data-id=\"23c8fed0\" data-element_type=\"widget\" data-e-type=\"widget\" data-widget_type=\"text-editor.default\">\n\t\t\t\t<div class=\"elementor-widget-container\">\n\t\t\t\t\t\t\t\t\t<p>We offer private guided tours in Madrid and its surroundings (Toledo, Segovia, Avila, Escorial, Aranjuez, Alcal\u00e1 de Henares&#8230;).<\/p><p>We have a team of licensed guides with extensive experience in guiding travelers from all over the world. We speak Spanish, English, Italian and French.\u00a0 For us, being a guide is not a hobby. It is our profession, our passion and our life.<\/p>\t\t\t\t\t\t\t\t<\/div>\n\t\t\t\t<\/div>\n\t\t\t\t<section class=\"elementor-section elementor-inner-section elementor-element elementor-element-2cf178bd elementor-section-content-middle elementor-section-boxed elementor-section-height-default elementor-section-height-default\" data-id=\"2cf178bd\" data-element_type=\"section\" data-e-type=\"section\">\n\t\t\t\t\t\t<div class=\"elementor-container elementor-column-gap-no\">\n\t\t\t\t\t<div class=\"elementor-column elementor-col-100 elementor-inner-column elementor-element elementor-element-556e7a9a\" data-id=\"556e7a9a\" data-element_type=\"column\" data-e-type=\"column\">\n\t\t\t<div class=\"elementor-widget-wrap elementor-element-populated\">\n\t\t\t\t\t\t<div class=\"elementor-element elementor-element-1bf18e6c elementor-align-center elementor-widget elementor-widget-button\" data-id=\"1bf18e6c\" data-element_type=\"widget\" data-e-type=\"widget\" data-widget_type=\"button.default\">\n\t\t\t\t<div class=\"elementor-widget-container\">\n\t\t\t\t\t\t\t\t\t<div class=\"elementor-button-wrapper\">\n\t\t\t\t\t<a class=\"elementor-button elementor-button-link elementor-size-sm elementor-animation-grow\" href=\"https:\/\/madridtravelprivatetours.com\/en\/about-us\/\">\n\t\t\t\t\t\t<span class=\"elementor-button-content-wrapper\">\n\t\t\t\t\t\t\t\t\t<span class=\"elementor-button-text\">Learn more about us<\/span>\n\t\t\t\t\t<\/span>\n\t\t\t\t\t<\/a>\n\t\t\t\t<\/div>\n\t\t\t\t\t\t\t\t<\/div>\n\t\t\t\t<\/div>\n\t\t\t\t\t<\/div>\n\t\t<\/div>\n\t\t\t\t\t<\/div>\n\t\t<\/section>\n\t\t\t\t\t<\/div>\n\t\t<\/div>\n\t\t\t\t\t<\/div>\n\t\t<\/section>\n\t\t\t\t<section class=\"elementor-section elementor-top-section elementor-element elementor-element-5b8b588 elementor-section-full_width elementor-section-height-default elementor-section-height-default\" data-id=\"5b8b588\" data-element_type=\"section\" data-e-type=\"section\" data-settings=\"{&quot;background_background&quot;:&quot;classic&quot;}\">\n\t\t\t\t\t\t<div class=\"elementor-container elementor-column-gap-default\">\n\t\t\t\t\t<div class=\"elementor-column elementor-col-50 elementor-top-column elementor-element elementor-element-8ae36c6\" data-id=\"8ae36c6\" data-element_type=\"column\" data-e-type=\"column\" data-settings=\"{&quot;background_background&quot;:&quot;classic&quot;}\">\n\t\t\t<div class=\"elementor-widget-wrap elementor-element-populated\">\n\t\t\t\t\t\t<div class=\"elementor-element elementor-element-7c8a420 elementor-widget elementor-widget-image\" data-id=\"7c8a420\" data-element_type=\"widget\" data-e-type=\"widget\" data-widget_type=\"image.default\">\n\t\t\t\t<div class=\"elementor-widget-container\">\n\t\t\t\t\t\t\t\t\t\t\t\t\t\t\t<img fetchpriority=\"high\" decoding=\"async\" width=\"800\" height=\"600\" src=\"https:\/\/madridtravelprivatetours.com\/wp-content\/uploads\/2021\/02\/las-dos.jpg\" class=\"attachment-large size-large wp-image-2362\" alt=\"\" srcset=\"https:\/\/madridtravelprivatetours.com\/wp-content\/uploads\/2021\/02\/las-dos.jpg 1000w, https:\/\/madridtravelprivatetours.com\/wp-content\/uploads\/2021\/02\/las-dos-300x225.jpg 300w, https:\/\/madridtravelprivatetours.com\/wp-content\/uploads\/2021\/02\/las-dos-768x576.jpg 768w\" sizes=\"(max-width: 800px) 100vw, 800px\" \/>\t\t\t\t\t\t\t\t\t\t\t\t\t\t\t<\/div>\n\t\t\t\t<\/div>\n\t\t\t\t\t<\/div>\n\t\t<\/div>\n\t\t\t\t<div class=\"elementor-column elementor-col-50 elementor-top-column elementor-element elementor-element-f193144\" data-id=\"f193144\" data-element_type=\"column\" data-e-type=\"column\">\n\t\t\t<div class=\"elementor-widget-wrap elementor-element-populated\">\n\t\t\t\t\t\t<div class=\"elementor-element elementor-element-e1b8501 elementor-widget elementor-widget-heading\" data-id=\"e1b8501\" data-element_type=\"widget\" data-e-type=\"widget\" data-widget_type=\"heading.default\">\n\t\t\t\t<div class=\"elementor-widget-container\">\n\t\t\t\t\t<h4 class=\"elementor-heading-title elementor-size-default\">By the end of the tour, we want you to feel and see Madrid the way \u201cmadrile\u00f1os\u201d do<\/h4>\t\t\t\t<\/div>\n\t\t\t\t<\/div>\n\t\t\t\t<div class=\"elementor-element elementor-element-ffaa84e elementor-widget-divider--view-line elementor-widget elementor-widget-divider\" data-id=\"ffaa84e\" data-element_type=\"widget\" data-e-type=\"widget\" data-widget_type=\"divider.default\">\n\t\t\t\t<div class=\"elementor-widget-container\">\n\t\t\t\t\t\t\t<div class=\"elementor-divider\">\n\t\t\t<span class=\"elementor-divider-separator\">\n\t\t\t\t\t\t<\/span>\n\t\t<\/div>\n\t\t\t\t\t\t<\/div>\n\t\t\t\t<\/div>\n\t\t\t\t<div class=\"elementor-element elementor-element-e3a297f elementor-widget elementor-widget-text-editor\" data-id=\"e3a297f\" data-element_type=\"widget\" data-e-type=\"widget\" data-widget_type=\"text-editor.default\">\n\t\t\t\t<div class=\"elementor-widget-container\">\n\t\t\t\t\t\t\t\t\t<p>Every traveler is a world in its own, with different concerns and needs. We customize our tours to accommodate your wishes. You&#8217;re UNIQUE. Your tour will become a UNIQUE EXPERIENCE.<\/p><p>We will tell you about history and art, but also about stories and fun facts, our everyday life, the local cuisine, shopping areas, leisure-time offerings, etc<\/p><p>\u201c<em>When you get to know Madrid, it is the most Spanish of all cities, the best<\/em><\/p><p><em>to live in, the finest people\u2026<\/em>\u201d. Ernest Hemingway.<\/p>\t\t\t\t\t\t\t\t<\/div>\n\t\t\t\t<\/div>\n\t\t\t\t<section class=\"elementor-section elementor-inner-section elementor-element elementor-element-7e7add3 elementor-section-boxed elementor-section-height-default elementor-section-height-default\" data-id=\"7e7add3\" data-element_type=\"section\" data-e-type=\"section\">\n\t\t\t\t\t\t<div class=\"elementor-container elementor-column-gap-default\">\n\t\t\t\t\t<div class=\"elementor-column elementor-col-50 elementor-inner-column elementor-element elementor-element-880fbb0\" data-id=\"880fbb0\" data-element_type=\"column\" data-e-type=\"column\">\n\t\t\t<div class=\"elementor-widget-wrap elementor-element-populated\">\n\t\t\t\t\t\t<div class=\"elementor-element elementor-element-7696282 elementor-widget elementor-widget-button\" data-id=\"7696282\" data-element_type=\"widget\" data-e-type=\"widget\" data-widget_type=\"button.default\">\n\t\t\t\t<div class=\"elementor-widget-container\">\n\t\t\t\t\t\t\t\t\t<div class=\"elementor-button-wrapper\">\n\t\t\t\t\t<a class=\"elementor-button elementor-button-link elementor-size-sm\" href=\"https:\/\/madridtravelprivatetours.com\/en\/private-tours\/\">\n\t\t\t\t\t\t<span class=\"elementor-button-content-wrapper\">\n\t\t\t\t\t\t\t\t\t<span class=\"elementor-button-text\">Private tours <\/span>\n\t\t\t\t\t<\/span>\n\t\t\t\t\t<\/a>\n\t\t\t\t<\/div>\n\t\t\t\t\t\t\t\t<\/div>\n\t\t\t\t<\/div>\n\t\t\t\t\t<\/div>\n\t\t<\/div>\n\t\t\t\t<div class=\"elementor-column elementor-col-50 elementor-inner-column elementor-element elementor-element-bd7f1e9\" data-id=\"bd7f1e9\" data-element_type=\"column\" data-e-type=\"column\">\n\t\t\t<div class=\"elementor-widget-wrap elementor-element-populated\">\n\t\t\t\t\t\t<div class=\"elementor-element elementor-element-ad3fbd2 elementor-align-left elementor-widget elementor-widget-button\" data-id=\"ad3fbd2\" data-element_type=\"widget\" data-e-type=\"widget\" data-widget_type=\"button.default\">\n\t\t\t\t<div class=\"elementor-widget-container\">\n\t\t\t\t\t\t\t\t\t<div class=\"elementor-button-wrapper\">\n\t\t\t\t\t<a class=\"elementor-button elementor-button-link elementor-size-sm\" href=\"https:\/\/madridtravelprivatetours.com\/en\/travel-agents\/\">\n\t\t\t\t\t\t<span class=\"elementor-button-content-wrapper\">\n\t\t\t\t\t\t\t\t\t<span class=\"elementor-button-text\">Travel Agents<\/span>\n\t\t\t\t\t<\/span>\n\t\t\t\t\t<\/a>\n\t\t\t\t<\/div>\n\t\t\t\t\t\t\t\t<\/div>\n\t\t\t\t<\/div>\n\t\t\t\t\t<\/div>\n\t\t<\/div>\n\t\t\t\t\t<\/div>\n\t\t<\/section>\n\t\t\t\t\t<\/div>\n\t\t<\/div>\n\t\t\t\t\t<\/div>\n\t\t<\/section>\n\t\t\t\t<section class=\"elementor-section elementor-top-section elementor-element elementor-element-6d26ad1a elementor-section-content-middle elementor-section-boxed elementor-section-height-default elementor-section-height-default\" data-id=\"6d26ad1a\" data-element_type=\"section\" data-e-type=\"section\" data-settings=\"{&quot;background_background&quot;:&quot;classic&quot;}\">\n\t\t\t\t\t\t<div class=\"elementor-container elementor-column-gap-no\">\n\t\t\t\t\t<div class=\"elementor-column elementor-col-100 elementor-top-column elementor-element elementor-element-525bf63f\" data-id=\"525bf63f\" data-element_type=\"column\" data-e-type=\"column\">\n\t\t\t<div class=\"elementor-widget-wrap elementor-element-populated\">\n\t\t\t\t\t\t<div class=\"elementor-element elementor-element-7f3d0bb7 elementor-widget elementor-widget-heading\" data-id=\"7f3d0bb7\" data-element_type=\"widget\" data-e-type=\"widget\" data-widget_type=\"heading.default\">\n\t\t\t\t<div class=\"elementor-widget-container\">\n\t\t\t\t\t<h4 class=\"elementor-heading-title elementor-size-default\">OUR PRIVATE TOURS<\/h4>\t\t\t\t<\/div>\n\t\t\t\t<\/div>\n\t\t\t\t<div class=\"elementor-element elementor-element-4d83ea71 elementor-widget elementor-widget-heading\" data-id=\"4d83ea71\" data-element_type=\"widget\" data-e-type=\"widget\" data-widget_type=\"heading.default\">\n\t\t\t\t<div class=\"elementor-widget-container\">\n\t\t\t\t\t<h5 class=\"elementor-heading-title elementor-size-default\">These are our best-selling tours<\/h5>\t\t\t\t<\/div>\n\t\t\t\t<\/div>\n\t\t\t\t<div class=\"elementor-element elementor-element-2d03ba5 elementor-widget-divider--view-line elementor-widget elementor-widget-divider\" data-id=\"2d03ba5\" data-element_type=\"widget\" data-e-type=\"widget\" data-widget_type=\"divider.default\">\n\t\t\t\t<div class=\"elementor-widget-container\">\n\t\t\t\t\t\t\t<div class=\"elementor-divider\">\n\t\t\t<span class=\"elementor-divider-separator\">\n\t\t\t\t\t\t<\/span>\n\t\t<\/div>\n\t\t\t\t\t\t<\/div>\n\t\t\t\t<\/div>\n\t\t\t\t<section class=\"elementor-section elementor-inner-section elementor-element elementor-element-343f0b80 elementor-section-boxed elementor-section-height-default elementor-section-height-default\" data-id=\"343f0b80\" data-element_type=\"section\" data-e-type=\"section\">\n\t\t\t\t\t\t<div class=\"elementor-container elementor-column-gap-default\">\n\t\t\t\t\t<div class=\"elementor-column elementor-col-33 elementor-inner-column elementor-element elementor-element-f520391\" data-id=\"f520391\" data-element_type=\"column\" data-e-type=\"column\">\n\t\t\t<div class=\"elementor-widget-wrap elementor-element-populated\">\n\t\t\t\t\t\t<div class=\"elementor-element elementor-element-e79f119 elementor-widget elementor-widget-image\" data-id=\"e79f119\" data-element_type=\"widget\" data-e-type=\"widget\" data-widget_type=\"image.default\">\n\t\t\t\t<div class=\"elementor-widget-container\">\n\t\t\t\t\t\t\t\t\t\t\t\t\t\t\t\t<a href=\"https:\/\/madridtravelprivatetours.com\/en\/royal-palace-old-town-walking-tour\/\">\n\t\t\t\t\t\t\t<img decoding=\"async\" width=\"800\" height=\"600\" src=\"https:\/\/madridtravelprivatetours.com\/wp-content\/uploads\/2021\/03\/PORTADA-mini-1024x768.jpg\" class=\"attachment-large size-large wp-image-2368\" alt=\"\" srcset=\"https:\/\/madridtravelprivatetours.com\/wp-content\/uploads\/2021\/03\/PORTADA-mini-1024x768.jpg 1024w, https:\/\/madridtravelprivatetours.com\/wp-content\/uploads\/2021\/03\/PORTADA-mini-300x225.jpg 300w, https:\/\/madridtravelprivatetours.com\/wp-content\/uploads\/2021\/03\/PORTADA-mini-768x576.jpg 768w, https:\/\/madridtravelprivatetours.com\/wp-content\/uploads\/2021\/03\/PORTADA-mini-1536x1152.jpg 1536w, https:\/\/madridtravelprivatetours.com\/wp-content\/uploads\/2021\/03\/PORTADA-mini.jpg 1600w\" sizes=\"(max-width: 800px) 100vw, 800px\" \/>\t\t\t\t\t\t\t\t<\/a>\n\t\t\t\t\t\t\t\t\t\t\t\t\t\t\t<\/div>\n\t\t\t\t<\/div>\n\t\t\t\t<div class=\"elementor-element elementor-element-7897de3 elementor-widget elementor-widget-heading\" data-id=\"7897de3\" data-element_type=\"widget\" data-e-type=\"widget\" data-widget_type=\"heading.default\">\n\t\t\t\t<div class=\"elementor-widget-container\">\n\t\t\t\t\t<h2 class=\"elementor-heading-title elementor-size-default\"><a href=\"https:\/\/madridtravelprivatetours.com\/en\/royal-palace-old-town-walking-tour\/\">ROYAL PALACE &amp; OLD TOWN<\/a><\/h2>\t\t\t\t<\/div>\n\t\t\t\t<\/div>\n\t\t\t\t\t<\/div>\n\t\t<\/div>\n\t\t\t\t<div class=\"elementor-column elementor-col-33 elementor-inner-column elementor-element elementor-element-c0c995e\" data-id=\"c0c995e\" data-element_type=\"column\" data-e-type=\"column\">\n\t\t\t<div class=\"elementor-widget-wrap elementor-element-populated\">\n\t\t\t\t\t\t<div class=\"elementor-element elementor-element-9a943cc elementor-widget elementor-widget-image\" data-id=\"9a943cc\" data-element_type=\"widget\" data-e-type=\"widget\" data-widget_type=\"image.default\">\n\t\t\t\t<div class=\"elementor-widget-container\">\n\t\t\t\t\t\t\t\t\t\t\t\t\t\t\t\t<a href=\"https:\/\/madridtravelprivatetours.com\/en\/the-prado-museum-surrounding-historical-area\/\">\n\t\t\t\t\t\t\t<img decoding=\"async\" width=\"800\" height=\"600\" src=\"https:\/\/madridtravelprivatetours.com\/wp-content\/uploads\/2021\/03\/PORTADA-mini-2-1024x768.jpg\" class=\"attachment-large size-large wp-image-2370\" alt=\"\" srcset=\"https:\/\/madridtravelprivatetours.com\/wp-content\/uploads\/2021\/03\/PORTADA-mini-2-1024x768.jpg 1024w, https:\/\/madridtravelprivatetours.com\/wp-content\/uploads\/2021\/03\/PORTADA-mini-2-300x225.jpg 300w, https:\/\/madridtravelprivatetours.com\/wp-content\/uploads\/2021\/03\/PORTADA-mini-2-768x576.jpg 768w, https:\/\/madridtravelprivatetours.com\/wp-content\/uploads\/2021\/03\/PORTADA-mini-2-1536x1152.jpg 1536w, https:\/\/madridtravelprivatetours.com\/wp-content\/uploads\/2021\/03\/PORTADA-mini-2.jpg 1600w\" sizes=\"(max-width: 800px) 100vw, 800px\" \/>\t\t\t\t\t\t\t\t<\/a>\n\t\t\t\t\t\t\t\t\t\t\t\t\t\t\t<\/div>\n\t\t\t\t<\/div>\n\t\t\t\t<div class=\"elementor-element elementor-element-1657b2e elementor-widget elementor-widget-heading\" data-id=\"1657b2e\" data-element_type=\"widget\" data-e-type=\"widget\" data-widget_type=\"heading.default\">\n\t\t\t\t<div class=\"elementor-widget-container\">\n\t\t\t\t\t<h2 class=\"elementor-heading-title elementor-size-default\"><a href=\"https:\/\/madridtravelprivatetours.com\/en\/the-prado-museum-surrounding-historical-area\/\">PRADO MUSEUM &amp; SURROUNDING HISTORICAL AREA <\/a><\/h2>\t\t\t\t<\/div>\n\t\t\t\t<\/div>\n\t\t\t\t\t<\/div>\n\t\t<\/div>\n\t\t\t\t<div class=\"elementor-column elementor-col-33 elementor-inner-column elementor-element elementor-element-7be8be3e\" data-id=\"7be8be3e\" data-element_type=\"column\" data-e-type=\"column\">\n\t\t\t<div class=\"elementor-widget-wrap elementor-element-populated\">\n\t\t\t\t\t\t<div class=\"elementor-element elementor-element-c3f6b15 elementor-widget elementor-widget-image\" data-id=\"c3f6b15\" data-element_type=\"widget\" data-e-type=\"widget\" data-widget_type=\"image.default\">\n\t\t\t\t<div class=\"elementor-widget-container\">\n\t\t\t\t\t\t\t\t\t\t\t\t\t\t\t\t<a href=\"https:\/\/madridtravelprivatetours.com\/en\/toledo-fullday\/\">\n\t\t\t\t\t\t\t<img loading=\"lazy\" decoding=\"async\" width=\"800\" height=\"600\" src=\"https:\/\/madridtravelprivatetours.com\/wp-content\/uploads\/2021\/03\/PORTADA-mini-5-1024x768.jpg\" class=\"attachment-large size-large wp-image-2373\" alt=\"\" srcset=\"https:\/\/madridtravelprivatetours.com\/wp-content\/uploads\/2021\/03\/PORTADA-mini-5-1024x768.jpg 1024w, https:\/\/madridtravelprivatetours.com\/wp-content\/uploads\/2021\/03\/PORTADA-mini-5-300x225.jpg 300w, https:\/\/madridtravelprivatetours.com\/wp-content\/uploads\/2021\/03\/PORTADA-mini-5-768x576.jpg 768w, https:\/\/madridtravelprivatetours.com\/wp-content\/uploads\/2021\/03\/PORTADA-mini-5-1536x1152.jpg 1536w, https:\/\/madridtravelprivatetours.com\/wp-content\/uploads\/2021\/03\/PORTADA-mini-5.jpg 1600w\" sizes=\"(max-width: 800px) 100vw, 800px\" \/>\t\t\t\t\t\t\t\t<\/a>\n\t\t\t\t\t\t\t\t\t\t\t\t\t\t\t<\/div>\n\t\t\t\t<\/div>\n\t\t\t\t<div class=\"elementor-element elementor-element-8884e24 elementor-widget elementor-widget-heading\" data-id=\"8884e24\" data-element_type=\"widget\" data-e-type=\"widget\" data-widget_type=\"heading.default\">\n\t\t\t\t<div class=\"elementor-widget-container\">\n\t\t\t\t\t<h2 class=\"elementor-heading-title elementor-size-default\"><a href=\"https:\/\/madridtravelprivatetours.com\/en\/toledo-fullday\/\">TOLEDO FULL-DAY TOUR<\/a><\/h2>\t\t\t\t<\/div>\n\t\t\t\t<\/div>\n\t\t\t\t\t<\/div>\n\t\t<\/div>\n\t\t\t\t\t<\/div>\n\t\t<\/section>\n\t\t\t\t<section class=\"elementor-section elementor-inner-section elementor-element elementor-element-44f3bb8 elementor-section-boxed elementor-section-height-default elementor-section-height-default\" data-id=\"44f3bb8\" data-element_type=\"section\" data-e-type=\"section\">\n\t\t\t\t\t\t<div class=\"elementor-container elementor-column-gap-default\">\n\t\t\t\t\t<div class=\"elementor-column elementor-col-33 elementor-inner-column elementor-element elementor-element-e40da2a\" data-id=\"e40da2a\" data-element_type=\"column\" data-e-type=\"column\">\n\t\t\t<div class=\"elementor-widget-wrap elementor-element-populated\">\n\t\t\t\t\t\t<div class=\"elementor-element elementor-element-3c5c106 elementor-widget elementor-widget-image\" data-id=\"3c5c106\" data-element_type=\"widget\" data-e-type=\"widget\" data-widget_type=\"image.default\">\n\t\t\t\t<div class=\"elementor-widget-container\">\n\t\t\t\t\t\t\t\t\t\t\t\t\t\t\t\t<a href=\"https:\/\/madridtravelprivatetours.com\/en\/segovia-full-day\/\">\n\t\t\t\t\t\t\t<img loading=\"lazy\" decoding=\"async\" width=\"800\" height=\"600\" src=\"https:\/\/madridtravelprivatetours.com\/wp-content\/uploads\/2021\/03\/PORTADA-mini-6-1024x768.jpg\" class=\"attachment-large size-large wp-image-2374\" alt=\"\" srcset=\"https:\/\/madridtravelprivatetours.com\/wp-content\/uploads\/2021\/03\/PORTADA-mini-6-1024x768.jpg 1024w, https:\/\/madridtravelprivatetours.com\/wp-content\/uploads\/2021\/03\/PORTADA-mini-6-300x225.jpg 300w, https:\/\/madridtravelprivatetours.com\/wp-content\/uploads\/2021\/03\/PORTADA-mini-6-768x576.jpg 768w, https:\/\/madridtravelprivatetours.com\/wp-content\/uploads\/2021\/03\/PORTADA-mini-6-1536x1152.jpg 1536w, https:\/\/madridtravelprivatetours.com\/wp-content\/uploads\/2021\/03\/PORTADA-mini-6.jpg 1600w\" sizes=\"(max-width: 800px) 100vw, 800px\" \/>\t\t\t\t\t\t\t\t<\/a>\n\t\t\t\t\t\t\t\t\t\t\t\t\t\t\t<\/div>\n\t\t\t\t<\/div>\n\t\t\t\t<div class=\"elementor-element elementor-element-f54aac1 elementor-widget elementor-widget-heading\" data-id=\"f54aac1\" data-element_type=\"widget\" data-e-type=\"widget\" data-widget_type=\"heading.default\">\n\t\t\t\t<div class=\"elementor-widget-container\">\n\t\t\t\t\t<h2 class=\"elementor-heading-title elementor-size-default\"><a href=\"https:\/\/madridtravelprivatetours.com\/en\/segovia-full-day\/\">SEGOVIA FULL-DAY TOUR<\/a><\/h2>\t\t\t\t<\/div>\n\t\t\t\t<\/div>\n\t\t\t\t\t<\/div>\n\t\t<\/div>\n\t\t\t\t<div class=\"elementor-column elementor-col-33 elementor-inner-column elementor-element elementor-element-f776303\" data-id=\"f776303\" data-element_type=\"column\" data-e-type=\"column\">\n\t\t\t<div class=\"elementor-widget-wrap elementor-element-populated\">\n\t\t\t\t\t\t<div class=\"elementor-element elementor-element-42f8b21 elementor-widget elementor-widget-image\" data-id=\"42f8b21\" data-element_type=\"widget\" data-e-type=\"widget\" data-widget_type=\"image.default\">\n\t\t\t\t<div class=\"elementor-widget-container\">\n\t\t\t\t\t\t\t\t\t\t\t\t\t\t\t\t<a href=\"https:\/\/madridtravelprivatetours.com\/en\/essential-madrid\/\">\n\t\t\t\t\t\t\t<img loading=\"lazy\" decoding=\"async\" width=\"800\" height=\"600\" src=\"https:\/\/madridtravelprivatetours.com\/wp-content\/uploads\/2021\/03\/PORTADA-mini-4-1024x768.jpg\" class=\"attachment-large size-large wp-image-2372\" alt=\"\" srcset=\"https:\/\/madridtravelprivatetours.com\/wp-content\/uploads\/2021\/03\/PORTADA-mini-4-1024x768.jpg 1024w, https:\/\/madridtravelprivatetours.com\/wp-content\/uploads\/2021\/03\/PORTADA-mini-4-300x225.jpg 300w, https:\/\/madridtravelprivatetours.com\/wp-content\/uploads\/2021\/03\/PORTADA-mini-4-768x576.jpg 768w, https:\/\/madridtravelprivatetours.com\/wp-content\/uploads\/2021\/03\/PORTADA-mini-4-1536x1152.jpg 1536w, https:\/\/madridtravelprivatetours.com\/wp-content\/uploads\/2021\/03\/PORTADA-mini-4.jpg 1600w\" sizes=\"(max-width: 800px) 100vw, 800px\" \/>\t\t\t\t\t\t\t\t<\/a>\n\t\t\t\t\t\t\t\t\t\t\t\t\t\t\t<\/div>\n\t\t\t\t<\/div>\n\t\t\t\t<div class=\"elementor-element elementor-element-6ee7c7b elementor-widget elementor-widget-heading\" data-id=\"6ee7c7b\" data-element_type=\"widget\" data-e-type=\"widget\" data-widget_type=\"heading.default\">\n\t\t\t\t<div class=\"elementor-widget-container\">\n\t\t\t\t\t<h2 class=\"elementor-heading-title elementor-size-default\"><a href=\"https:\/\/madridtravelprivatetours.com\/en\/essential-madrid\/\">ESSENTIAL MADRID<\/a><\/h2>\t\t\t\t<\/div>\n\t\t\t\t<\/div>\n\t\t\t\t\t<\/div>\n\t\t<\/div>\n\t\t\t\t<div class=\"elementor-column elementor-col-33 elementor-inner-column elementor-element elementor-element-1c10e06\" data-id=\"1c10e06\" data-element_type=\"column\" data-e-type=\"column\">\n\t\t\t<div class=\"elementor-widget-wrap elementor-element-populated\">\n\t\t\t\t\t\t<div class=\"elementor-element elementor-element-de8eafd elementor-widget elementor-widget-image\" data-id=\"de8eafd\" data-element_type=\"widget\" data-e-type=\"widget\" data-widget_type=\"image.default\">\n\t\t\t\t<div class=\"elementor-widget-container\">\n\t\t\t\t\t\t\t\t\t\t\t\t\t\t\t\t<a href=\"https:\/\/madridtravelprivatetours.com\/en\/museums-in-madrid\/\">\n\t\t\t\t\t\t\t<img loading=\"lazy\" decoding=\"async\" width=\"800\" height=\"600\" src=\"https:\/\/madridtravelprivatetours.com\/wp-content\/uploads\/2021\/03\/PORTADA-mini-3-1024x768.jpg\" class=\"attachment-large size-large wp-image-2371\" alt=\"\" srcset=\"https:\/\/madridtravelprivatetours.com\/wp-content\/uploads\/2021\/03\/PORTADA-mini-3-1024x768.jpg 1024w, https:\/\/madridtravelprivatetours.com\/wp-content\/uploads\/2021\/03\/PORTADA-mini-3-300x225.jpg 300w, https:\/\/madridtravelprivatetours.com\/wp-content\/uploads\/2021\/03\/PORTADA-mini-3-768x576.jpg 768w, https:\/\/madridtravelprivatetours.com\/wp-content\/uploads\/2021\/03\/PORTADA-mini-3-1536x1152.jpg 1536w, https:\/\/madridtravelprivatetours.com\/wp-content\/uploads\/2021\/03\/PORTADA-mini-3.jpg 1600w\" sizes=\"(max-width: 800px) 100vw, 800px\" \/>\t\t\t\t\t\t\t\t<\/a>\n\t\t\t\t\t\t\t\t\t\t\t\t\t\t\t<\/div>\n\t\t\t\t<\/div>\n\t\t\t\t<div class=\"elementor-element elementor-element-90ce120 elementor-widget elementor-widget-heading\" data-id=\"90ce120\" data-element_type=\"widget\" data-e-type=\"widget\" data-widget_type=\"heading.default\">\n\t\t\t\t<div class=\"elementor-widget-container\">\n\t\t\t\t\t<h2 class=\"elementor-heading-title elementor-size-default\"><a href=\"https:\/\/madridtravelprivatetours.com\/en\/museums-in-madrid\/\">MADRID MUSEUMS<\/a><\/h2>\t\t\t\t<\/div>\n\t\t\t\t<\/div>\n\t\t\t\t\t<\/div>\n\t\t<\/div>\n\t\t\t\t\t<\/div>\n\t\t<\/section>\n\t\t\t\t\t<\/div>\n\t\t<\/div>\n\t\t\t\t\t<\/div>\n\t\t<\/section>\n\t\t\t\t<section class=\"elementor-section elementor-top-section elementor-element elementor-element-e0ddb20 elementor-section-boxed elementor-section-height-default elementor-section-height-default\" data-id=\"e0ddb20\" data-element_type=\"section\" data-e-type=\"section\">\n\t\t\t\t\t\t<div class=\"elementor-container elementor-column-gap-default\">\n\t\t\t\t\t<div class=\"elementor-column elementor-col-100 elementor-top-column elementor-element elementor-element-4ee6b2f\" data-id=\"4ee6b2f\" data-element_type=\"column\" data-e-type=\"column\">\n\t\t\t<div class=\"elementor-widget-wrap elementor-element-populated\">\n\t\t\t\t\t\t<div class=\"elementor-element elementor-element-3009f59 elementor-align-center elementor-widget elementor-widget-button\" data-id=\"3009f59\" data-element_type=\"widget\" data-e-type=\"widget\" data-widget_type=\"button.default\">\n\t\t\t\t<div class=\"elementor-widget-container\">\n\t\t\t\t\t\t\t\t\t<div class=\"elementor-button-wrapper\">\n\t\t\t\t\t<a class=\"elementor-button elementor-button-link elementor-size-sm\" href=\"https:\/\/madridtravelprivatetours.com\/en\/private-tours\/\">\n\t\t\t\t\t\t<span class=\"elementor-button-content-wrapper\">\n\t\t\t\t\t\t\t\t\t<span class=\"elementor-button-text\">See all tours<\/span>\n\t\t\t\t\t<\/span>\n\t\t\t\t\t<\/a>\n\t\t\t\t<\/div>\n\t\t\t\t\t\t\t\t<\/div>\n\t\t\t\t<\/div>\n\t\t\t\t<div class=\"elementor-element elementor-element-eccf412 elementor-widget elementor-widget-spacer\" data-id=\"eccf412\" data-element_type=\"widget\" data-e-type=\"widget\" data-widget_type=\"spacer.default\">\n\t\t\t\t<div class=\"elementor-widget-container\">\n\t\t\t\t\t\t\t<div class=\"elementor-spacer\">\n\t\t\t<div class=\"elementor-spacer-inner\"><\/div>\n\t\t<\/div>\n\t\t\t\t\t\t<\/div>\n\t\t\t\t<\/div>\n\t\t\t\t\t<\/div>\n\t\t<\/div>\n\t\t\t\t\t<\/div>\n\t\t<\/section>\n\t\t\t\t<section class=\"elementor-section elementor-top-section elementor-element elementor-element-783c6ff0 elementor-section-content-middle elementor-section-boxed elementor-section-height-default elementor-section-height-default\" data-id=\"783c6ff0\" data-element_type=\"section\" data-e-type=\"section\" data-settings=\"{&quot;background_background&quot;:&quot;classic&quot;}\">\n\t\t\t\t\t\t\t<div class=\"elementor-background-overlay\"><\/div>\n\t\t\t\t\t\t\t<div class=\"elementor-container elementor-column-gap-no\">\n\t\t\t\t\t<div class=\"elementor-column elementor-col-100 elementor-top-column elementor-element elementor-element-26996b2\" data-id=\"26996b2\" data-element_type=\"column\" data-e-type=\"column\">\n\t\t\t<div class=\"elementor-widget-wrap elementor-element-populated\">\n\t\t\t\t\t\t<div class=\"elementor-element elementor-element-20a13794 elementor-widget elementor-widget-text-editor\" data-id=\"20a13794\" data-element_type=\"widget\" data-e-type=\"widget\" data-widget_type=\"text-editor.default\">\n\t\t\t\t<div class=\"elementor-widget-container\">\n\t\t\t\t\t\t\t\t\t<p>Customer reviews<\/p>\t\t\t\t\t\t\t\t<\/div>\n\t\t\t\t<\/div>\n\t\t\t\t<div class=\"elementor-element elementor-element-1ebb442e elementor-widget elementor-widget-heading\" data-id=\"1ebb442e\" data-element_type=\"widget\" data-e-type=\"widget\" data-widget_type=\"heading.default\">\n\t\t\t\t<div class=\"elementor-widget-container\">\n\t\t\t\t\t<h4 class=\"elementor-heading-title elementor-size-default\">What our customers say about us<\/h4>\t\t\t\t<\/div>\n\t\t\t\t<\/div>\n\t\t\t\t<section class=\"elementor-section elementor-inner-section elementor-element elementor-element-1248bb23 elementor-section-boxed elementor-section-height-default elementor-section-height-default\" data-id=\"1248bb23\" data-element_type=\"section\" data-e-type=\"section\">\n\t\t\t\t\t\t<div class=\"elementor-container elementor-column-gap-no\">\n\t\t\t\t\t<div class=\"elementor-column elementor-col-100 elementor-inner-column elementor-element elementor-element-468c5cd5\" data-id=\"468c5cd5\" data-element_type=\"column\" data-e-type=\"column\">\n\t\t\t<div class=\"elementor-widget-wrap elementor-element-populated\">\n\t\t\t\t\t\t<div class=\"elementor-element elementor-element-581c0122 elementor-testimonial--skin-bubble elementor-testimonial--align-left elementor-testimonial--layout-image_inline elementor-arrows-yes elementor-pagination-type-bullets elementor-widget elementor-widget-testimonial-carousel\" data-id=\"581c0122\" data-element_type=\"widget\" data-e-type=\"widget\" data-settings=\"{&quot;space_between&quot;:{&quot;unit&quot;:&quot;px&quot;,&quot;size&quot;:28,&quot;sizes&quot;:[]},&quot;slides_per_view&quot;:&quot;3&quot;,&quot;space_between_tablet&quot;:{&quot;unit&quot;:&quot;px&quot;,&quot;size&quot;:9,&quot;sizes&quot;:[]},&quot;show_arrows&quot;:&quot;yes&quot;,&quot;pagination&quot;:&quot;bullets&quot;,&quot;speed&quot;:500,&quot;autoplay&quot;:&quot;yes&quot;,&quot;autoplay_speed&quot;:5000,&quot;loop&quot;:&quot;yes&quot;,&quot;pause_on_hover&quot;:&quot;yes&quot;,&quot;pause_on_interaction&quot;:&quot;yes&quot;,&quot;space_between_mobile&quot;:{&quot;unit&quot;:&quot;px&quot;,&quot;size&quot;:10,&quot;sizes&quot;:[]}}\" data-widget_type=\"testimonial-carousel.default\">\n\t\t\t\t<div class=\"elementor-widget-container\">\n\t\t\t\t\t\t\t\t\t<div class=\"elementor-swiper\">\n\t\t\t\t\t<div class=\"elementor-main-swiper swiper\" role=\"region\" aria-roledescription=\"carousel\" aria-label=\"Diapositivas\">\n\t\t\t\t<div class=\"swiper-wrapper\">\n\t\t\t\t\t\t\t\t\t\t\t<div class=\"swiper-slide\" role=\"group\" aria-roledescription=\"slide\">\n\t\t\t\t\t\t\t\t\t<div class=\"elementor-testimonial\">\n\t\t\t\t\t\t\t<div class=\"elementor-testimonial__content\">\n\t\t\t\t\t<div class=\"elementor-testimonial__text\">\n\t\t\t\t\t\tAbsolutely stellar tour. Jacqueline (one of the owners) gave us an \u201cEssential Madrid\u201d experience that was equal parts history, hidden gems, and local flavor. Clear storytelling, easy pacing, and fantastic food & neighborhood recs. We left feeling oriented, inspired, and in love with Madrid. 5\/5!\t\t\t\t\t<\/div>\n\t\t\t\t\t\t\t\t\t<\/div>\n\t\t\t\t\t\t<div class=\"elementor-testimonial__footer\">\n\t\t\t\t\t\t\t\t<cite class=\"elementor-testimonial__cite\"><span class=\"elementor-testimonial__name\">GAIL PALMER<\/span><span class=\"elementor-testimonial__title\">USA<br> OCTOBER 11, 2025<\/span><\/cite>\t\t\t<\/div>\n\t\t<\/div>\n\t\t\t\t\t\t\t\t<\/div>\n\t\t\t\t\t\t\t\t\t\t\t<div class=\"swiper-slide\" role=\"group\" aria-roledescription=\"slide\">\n\t\t\t\t\t\t\t\t\t<div class=\"elementor-testimonial\">\n\t\t\t\t\t\t\t<div class=\"elementor-testimonial__content\">\n\t\t\t\t\t<div class=\"elementor-testimonial__text\">\n\t\t\t\t\t\tBook with ABSOLUTE CONFIDENCE! Mariluz was wonderful.<br>\n\nMariluz was absolutely magnificent. It was a delight to be with her for our entire family. We also did the Palace tour and the Reina Sofia tour with her. She is extremely knowledgeable and we learned fascinating insights with every tour. Equally important- she is kind and fun to be with. Simply a delight. She is our favorite tour guide from all our travels throughout Europe!\t\t\t\t\t<\/div>\n\t\t\t\t\t\t\t\t\t<\/div>\n\t\t\t\t\t\t<div class=\"elementor-testimonial__footer\">\n\t\t\t\t\t\t\t\t<cite class=\"elementor-testimonial__cite\"><span class=\"elementor-testimonial__name\">Jeffrey Wipfli<\/span><span class=\"elementor-testimonial__title\">USA<br>JULY, 2024<\/span><\/cite>\t\t\t<\/div>\n\t\t<\/div>\n\t\t\t\t\t\t\t\t<\/div>\n\t\t\t\t\t\t\t\t\t\t\t<div class=\"swiper-slide\" role=\"group\" aria-roledescription=\"slide\">\n\t\t\t\t\t\t\t\t\t<div class=\"elementor-testimonial\">\n\t\t\t\t\t\t\t<div class=\"elementor-testimonial__content\">\n\t\t\t\t\t<div class=\"elementor-testimonial__text\">\n\t\t\t\t\t\tThis tour had all the hallmarks of a great tour- communication was excellent from the very beginning, it was adjusted to suit our needs and interests, and both the driver and guide were friendly, highly professional and made sure we really enjoyed ourselves. Mariluz our wonderful guide, is very knowledgeable and has excellent communication skills. The sights she showed us in Toledo were incredible and she helped us find a wonderful restaurant for a delicious and authentic Spanish lunch. Mariluz made sure that the pace of the tour suited our needs. Thank you Mariluz for ensuring we had a memorable day.\t\t\t\t\t<\/div>\n\t\t\t\t\t\t\t\t\t<\/div>\n\t\t\t\t\t\t<div class=\"elementor-testimonial__footer\">\n\t\t\t\t\t\t\t\t<cite class=\"elementor-testimonial__cite\"><span class=\"elementor-testimonial__name\">GERARDINE OLENNICK<\/span><span class=\"elementor-testimonial__title\">AUSTRALIA<br>JULY  2025<\/span><\/cite>\t\t\t<\/div>\n\t\t<\/div>\n\t\t\t\t\t\t\t\t<\/div>\n\t\t\t\t\t\t\t\t\t\t\t<div class=\"swiper-slide\" role=\"group\" aria-roledescription=\"slide\">\n\t\t\t\t\t\t\t\t\t<div class=\"elementor-testimonial\">\n\t\t\t\t\t\t\t<div class=\"elementor-testimonial__content\">\n\t\t\t\t\t<div class=\"elementor-testimonial__text\">\n\t\t\t\t\t\tWe had an absolutely wonderful visit to Toledo and our tour guide Jacqueline was fantastic.  She showed us all the key spots but also gave us the historical background that enabled us to understand and appreciate the city so very much. We learned so very much about not just the city but also Spain itself and everything from its basic foundation to its current trials and tribulations. She also explained Toledo\u2018s importance as a seat of power and the role it played in the development of Spain. We truly enjoyed her so very much and the ride to and from Toledo was wonderful.\t\t\t\t\t<\/div>\n\t\t\t\t\t\t\t\t\t<\/div>\n\t\t\t\t\t\t<div class=\"elementor-testimonial__footer\">\n\t\t\t\t\t\t\t\t<cite class=\"elementor-testimonial__cite\"><span class=\"elementor-testimonial__name\">Joan McEntee<\/span><span class=\"elementor-testimonial__title\">USA<br> JAN 2, 2025<\/span><\/cite>\t\t\t<\/div>\n\t\t<\/div>\n\t\t\t\t\t\t\t\t<\/div>\n\t\t\t\t\t\t\t\t\t\t\t<div class=\"swiper-slide\" role=\"group\" aria-roledescription=\"slide\">\n\t\t\t\t\t\t\t\t\t<div class=\"elementor-testimonial\">\n\t\t\t\t\t\t\t<div class=\"elementor-testimonial__content\">\n\t\t\t\t\t<div class=\"elementor-testimonial__text\">\n\t\t\t\t\t\t\nOttima esperienza con Jacqueline, guida molto preparata e professionale e persona empatica e molto disponibile. Se ritorneremo, la contatteremo sicuramente!!!! Grazie!!!\t\t\t\t\t<\/div>\n\t\t\t\t\t\t\t\t\t<\/div>\n\t\t\t\t\t\t<div class=\"elementor-testimonial__footer\">\n\t\t\t\t\t\t\t\t<cite class=\"elementor-testimonial__cite\"><span class=\"elementor-testimonial__name\">LARA MANTERO<\/span><span class=\"elementor-testimonial__title\">ITALIA<br> DIC, 8  2025<\/span><\/cite>\t\t\t<\/div>\n\t\t<\/div>\n\t\t\t\t\t\t\t\t<\/div>\n\t\t\t\t\t\t\t\t\t\t\t<div class=\"swiper-slide\" role=\"group\" aria-roledescription=\"slide\">\n\t\t\t\t\t\t\t\t\t<div class=\"elementor-testimonial\">\n\t\t\t\t\t\t\t<div class=\"elementor-testimonial__content\">\n\t\t\t\t\t<div class=\"elementor-testimonial__text\">\n\t\t\t\t\t\tMariLuz is an encyclopedia of Spanish history and culture.<BR> We took day trips from Madrid to Salamanca and Avila and Segovia and had a fantastic time. It was a seamless process to book the trip and we were picked up and dropped off at our hotel each day. I highly recommend Madrid private travel tours for your next visit to Spain.\n\t\t\t\t\t<\/div>\n\t\t\t\t\t\t\t\t\t<\/div>\n\t\t\t\t\t\t<div class=\"elementor-testimonial__footer\">\n\t\t\t\t\t\t\t\t<cite class=\"elementor-testimonial__cite\"><span class=\"elementor-testimonial__name\">MIRIAM P.<\/span><span class=\"elementor-testimonial__title\">USA<br>JULY   2025<\/span><\/cite>\t\t\t<\/div>\n\t\t<\/div>\n\t\t\t\t\t\t\t\t<\/div>\n\t\t\t\t\t\t\t\t\t<\/div>\n\t\t\t\t\t\t\t\t\t\t\t\t\t\t\t<div class=\"elementor-swiper-button elementor-swiper-button-prev\" role=\"button\" tabindex=\"0\" aria-label=\"Previous\">\n\t\t\t\t\t\t\t<i aria-hidden=\"true\" class=\"eicon-chevron-left\"><\/i>\t\t\t\t\t\t<\/div>\n\t\t\t\t\t\t<div class=\"elementor-swiper-button elementor-swiper-button-next\" role=\"button\" tabindex=\"0\" aria-label=\"Next\">\n\t\t\t\t\t\t\t<i aria-hidden=\"true\" class=\"eicon-chevron-right\"><\/i>\t\t\t\t\t\t<\/div>\n\t\t\t\t\t\t\t\t\t\t\t\t\t\t\t\t<div class=\"swiper-pagination\"><\/div>\n\t\t\t\t\t\t\t\t\t\t\t\t<\/div>\n\t\t\t\t<\/div>\n\t\t\t\t\t\t\t\t<\/div>\n\t\t\t\t<\/div>\n\t\t\t\t<div class=\"elementor-element elementor-element-6d66e63 elementor-align-center elementor-widget elementor-widget-button\" data-id=\"6d66e63\" data-element_type=\"widget\" data-e-type=\"widget\" data-widget_type=\"button.default\">\n\t\t\t\t<div class=\"elementor-widget-container\">\n\t\t\t\t\t\t\t\t\t<div class=\"elementor-button-wrapper\">\n\t\t\t\t\t<a class=\"elementor-button elementor-button-link elementor-size-sm\" href=\"https:\/\/madridtravelprivatetours.com\/en\/more-comments\/\">\n\t\t\t\t\t\t<span class=\"elementor-button-content-wrapper\">\n\t\t\t\t\t\t\t\t\t<span class=\"elementor-button-text\">View more<\/span>\n\t\t\t\t\t<\/span>\n\t\t\t\t\t<\/a>\n\t\t\t\t<\/div>\n\t\t\t\t\t\t\t\t<\/div>\n\t\t\t\t<\/div>\n\t\t\t\t\t<\/div>\n\t\t<\/div>\n\t\t\t\t\t<\/div>\n\t\t<\/section>\n\t\t\t\t\t<\/div>\n\t\t<\/div>\n\t\t\t\t\t<\/div>\n\t\t<\/section>\n\t\t\t\t<section class=\"elementor-section elementor-top-section elementor-element elementor-element-6849cf3 elementor-section-boxed elementor-section-height-default elementor-section-height-default\" data-id=\"6849cf3\" data-element_type=\"section\" data-e-type=\"section\">\n\t\t\t\t\t\t<div class=\"elementor-container elementor-column-gap-default\">\n\t\t\t\t\t<div class=\"elementor-column elementor-col-100 elementor-top-column elementor-element elementor-element-2d06e64\" data-id=\"2d06e64\" data-element_type=\"column\" data-e-type=\"column\">\n\t\t\t<div class=\"elementor-widget-wrap elementor-element-populated\">\n\t\t\t\t\t\t<div class=\"elementor-element elementor-element-129322a elementor-widget elementor-widget-shortcode\" data-id=\"129322a\" data-element_type=\"widget\" data-e-type=\"widget\" data-widget_type=\"shortcode.default\">\n\t\t\t\t<div class=\"elementor-widget-container\">\n\t\t\t\t\t\t\t<div class=\"elementor-shortcode\"><div class=\"zoom-instagram feed-11647 layout-grid columns-3 with-lightbox spacing-10 perpage-3\"><header class=\"zoom-instagram-widget__header\"><div class=\"zoom-instagram-widget__header-column-left\"><img decoding=\"async\" src=\"https:\/\/madridtravelprivatetours.com\/wp-content\/uploads\/2025\/11\/201804777_498622628022570_8458539387686347215_n-2-150x150.jpg\" alt=\"@madridtravelprivatetours\" width=\"70\" \/><\/div><div class=\"zoom-instagram-widget__header-column-right\"><h5 class=\"zoom-instagram-widget__header-name\">Madrid Travel Private Tours<\/h5><p class=\"zoom-instagram-widget__header-user\"><a href=\"https:\/\/www.instagram.com\/madridtravelprivatetours\" target=\"_blank\" rel=\"nofollow\">@madridtravelprivatetours<\/a><\/p><div class=\"zoom-instagram-widget__header-bio\">Somos gu\u00edas oficiales de Madrid. Ofrecemos visitas guiadas privadas. We are licensed guides. We offer private guided tours.<\/div><\/div><\/header><div class=\"zoom-instagram-widget__items-wrapper\"><ul class=\"zoom-instagram-widget__items zoom-instagram-widget__items--no-js layout-grid\" data-layout=\"grid\" data-lightbox=\"1\" data-spacing=\"10\" data-perpage=\"3\"><li class=\"zoom-instagram-widget__item media-icons-normal media-icons-hover\" data-media-type=\"carousel_album\"><div class=\"zoom-instagram-widget__item-inner-wrap\"><img loading=\"lazy\" class=\"zoom-instagram-link zoom-instagram-link-new\"  data-src=\"https:\/\/madridtravelprivatetours.com\/wp-content\/uploads\/2021\/02\/749542620_1359329626402433_95519573965167264_n-196-512x640.jpg\" data-mfp-src=\"17878849077500653\" width=\"512\" height=\"640\" alt=\"\ud83d\ude0e\u00bfBuscas un plan diferente para escapar del calor en Madrid?\n\n\ud83c\udfaf Descubre el Refugio Clim\u00e1tico del C\u00edrculo de Bellas Artes, un espacio gratuito y fresco donde jugar con los ni\u00f1os, descansar, leer o hacer una pausa durante las horas de m\u00e1s calor.\n\n\ud83e\udef5 Tanto si eres madrile\u00f1o como si visitas la ciudad, es una forma diferente de disfrutar de uno de los edificios m\u00e1s emblem\u00e1ticos de Madrid. Y ya que est\u00e1s all\u00ed, aprovecha su cafeter\u00eda, sus exposiciones y su espectacular terraza con vistas a la ciudad.  #madridespa\u00f1a #madridcity #madrid #madridspain #refugioclimaticocirculobellasartes #refugioclim\u00e1tico #summerinmadrid #circulodebellasartes #climaterefugees\" \/><div class=\"hover-layout zoom-instagram-widget__overlay zoom-instagram-widget__black \"><svg class=\"svg-icon\" shape-rendering=\"geometricPrecision\"><use xlink:href=\"https:\/\/madridtravelprivatetours.com\/wp-content\/plugins\/instagram-widget-by-wpzoom\/dist\/images\/frontend\/wpzoom-instagram-icons.svg#carousel_album\"><\/use><\/svg><div class=\"zoom-instagram-icon-wrap\"><a class=\"zoom-svg-instagram-stroke\" href=\"https:\/\/www.instagram.com\/p\/DbJXbs3GpQj\/\" rel=\"noopener nofollow\" target=\"_blank\" title=\"\ud83d\ude0e\u00bfBuscas un plan diferente para escapar del calor en Madrid?\n\n\ud83c\udfaf Descubre el Refugio Clim\u00e1tico del C\u00edrculo de Bellas Artes, un espacio gratuito y fresco donde jugar con los ni\u00f1os, descansar, leer o hacer una pausa durante las horas de m\u00e1s calor.\n\n\ud83e\udef5 Tanto si eres madrile\u00f1o como si visitas la ciudad, es una forma diferente de disfrutar de uno de los edificios m\u00e1s emblem\u00e1ticos de Madrid. Y ya que est\u00e1s all\u00ed, aprovecha su cafeter\u00eda, sus exposiciones y su espectacular terraza con vistas a la ciudad.  #madridespa\u00f1a #madridcity #madrid #madridspain #refugioclimaticocirculobellasartes #refugioclim\u00e1tico #summerinmadrid #circulodebellasartes #climaterefugees\"><\/a><\/div><a class=\"zoom-instagram-link\" data-src=\"https:\/\/madridtravelprivatetours.com\/wp-content\/uploads\/2021\/02\/749542620_1359329626402433_95519573965167264_n-196-512x640.jpg\" data-mfp-src=\"17878849077500653\" href=\"https:\/\/www.instagram.com\/p\/DbJXbs3GpQj\/\" target=\"_blank\" rel=\"noopener nofollow\" title=\"\ud83d\ude0e\u00bfBuscas un plan diferente para escapar del calor en Madrid?\n\n\ud83c\udfaf Descubre el Refugio Clim\u00e1tico del C\u00edrculo de Bellas Artes, un espacio gratuito y fresco donde jugar con los ni\u00f1os, descansar, leer o hacer una pausa durante las horas de m\u00e1s calor.\n\n\ud83e\udef5 Tanto si eres madrile\u00f1o como si visitas la ciudad, es una forma diferente de disfrutar de uno de los edificios m\u00e1s emblem\u00e1ticos de Madrid. Y ya que est\u00e1s all\u00ed, aprovecha su cafeter\u00eda, sus exposiciones y su espectacular terraza con vistas a la ciudad.  #madridespa\u00f1a #madridcity #madrid #madridspain #refugioclimaticocirculobellasartes #refugioclim\u00e1tico #summerinmadrid #circulodebellasartes #climaterefugees\"><\/a><\/div><\/div><\/li><li class=\"zoom-instagram-widget__item media-icons-normal media-icons-hover\" data-media-type=\"carousel_album\"><div class=\"zoom-instagram-widget__item-inner-wrap\"><img loading=\"lazy\" class=\"zoom-instagram-link zoom-instagram-link-new\"  data-src=\"https:\/\/madridtravelprivatetours.com\/wp-content\/uploads\/2021\/02\/736964579_1349925660676163_1573079335306731117_n-295-640x640.jpg\" data-mfp-src=\"17920048071399412\" width=\"640\" height=\"640\" alt=\"In Madrid Travel Private Tours, we are happy to wish you a nice summer!\n\nAfter a long spring season , full of experiences and meeting different travelers, we put an end to this part of the high season in our city with this wonderful family group, from  USA. Ruriko and her husband are musicians and live in LA, and they took profit of some vacations to meet the rest of her  family living in Japan and other places in the USA,  in Madrid. \n\nRuriko chose us to supply them some private tours to Toledo and to The Royal Monastery of Escorial and the Valley of the Fallen (Cuelgamuros).\n\nDespite the high temperatures in Madrid, we were able to experience the magic of these twoo destinations on a day tour from Madrid.\n\nThey were particularly impressed by the amazing Library of Escorial.\n\nAnd of course, they also wanted to experience the local cuisine in our country.\n\nWe wish all of you , a nice summer!!\n\nComing back in September.... #thebestdaytourspain #madrid #privatetours #madridspain #madridconguiaoficial #MadridesCultura #Gu\u00edasOficiales #TurismoCultural #tailorpremiumtoursmadrid #HeritageSites #TheBestToursinMadrid #enjoymadrid #Madrid\" \/><div class=\"hover-layout zoom-instagram-widget__overlay zoom-instagram-widget__black \"><svg class=\"svg-icon\" shape-rendering=\"geometricPrecision\"><use xlink:href=\"https:\/\/madridtravelprivatetours.com\/wp-content\/plugins\/instagram-widget-by-wpzoom\/dist\/images\/frontend\/wpzoom-instagram-icons.svg#carousel_album\"><\/use><\/svg><div class=\"zoom-instagram-icon-wrap\"><a class=\"zoom-svg-instagram-stroke\" href=\"https:\/\/www.instagram.com\/p\/DaYkSaNjc6h\/\" rel=\"noopener nofollow\" target=\"_blank\" title=\"In Madrid Travel Private Tours, we are happy to wish you a nice summer!\n\nAfter a long spring season , full of experiences and meeting different travelers, we put an end to this part of the high season in our city with this wonderful family group, from  USA. Ruriko and her husband are musicians and live in LA, and they took profit of some vacations to meet the rest of her  family living in Japan and other places in the USA,  in Madrid. \n\nRuriko chose us to supply them some private tours to Toledo and to The Royal Monastery of Escorial and the Valley of the Fallen (Cuelgamuros).\n\nDespite the high temperatures in Madrid, we were able to experience the magic of these twoo destinations on a day tour from Madrid.\n\nThey were particularly impressed by the amazing Library of Escorial.\n\nAnd of course, they also wanted to experience the local cuisine in our country.\n\nWe wish all of you , a nice summer!!\n\nComing back in September.... #thebestdaytourspain #madrid #privatetours #madridspain #madridconguiaoficial #MadridesCultura #Gu\u00edasOficiales #TurismoCultural #tailorpremiumtoursmadrid #HeritageSites #TheBestToursinMadrid #enjoymadrid #Madrid\"><\/a><\/div><a class=\"zoom-instagram-link\" data-src=\"https:\/\/madridtravelprivatetours.com\/wp-content\/uploads\/2021\/02\/736964579_1349925660676163_1573079335306731117_n-295-640x640.jpg\" data-mfp-src=\"17920048071399412\" href=\"https:\/\/www.instagram.com\/p\/DaYkSaNjc6h\/\" target=\"_blank\" rel=\"noopener nofollow\" title=\"In Madrid Travel Private Tours, we are happy to wish you a nice summer!\n\nAfter a long spring season , full of experiences and meeting different travelers, we put an end to this part of the high season in our city with this wonderful family group, from  USA. Ruriko and her husband are musicians and live in LA, and they took profit of some vacations to meet the rest of her  family living in Japan and other places in the USA,  in Madrid. \n\nRuriko chose us to supply them some private tours to Toledo and to The Royal Monastery of Escorial and the Valley of the Fallen (Cuelgamuros).\n\nDespite the high temperatures in Madrid, we were able to experience the magic of these twoo destinations on a day tour from Madrid.\n\nThey were particularly impressed by the amazing Library of Escorial.\n\nAnd of course, they also wanted to experience the local cuisine in our country.\n\nWe wish all of you , a nice summer!!\n\nComing back in September.... #thebestdaytourspain #madrid #privatetours #madridspain #madridconguiaoficial #MadridesCultura #Gu\u00edasOficiales #TurismoCultural #tailorpremiumtoursmadrid #HeritageSites #TheBestToursinMadrid #enjoymadrid #Madrid\"><\/a><\/div><\/div><\/li><li class=\"zoom-instagram-widget__item media-icons-normal media-icons-hover\" data-media-type=\"carousel_album\"><div class=\"zoom-instagram-widget__item-inner-wrap\"><img loading=\"lazy\" class=\"zoom-instagram-link zoom-instagram-link-new\"  data-src=\"https:\/\/madridtravelprivatetours.com\/wp-content\/uploads\/2021\/02\/732863881_1342527201416009_7409012179936915594_n-419-516x640.jpg\" data-mfp-src=\"18120415867796130\" width=\"516\" height=\"640\" alt=\"Segovia no es solo su impresionante Acueducto , su catedral y su majestuoso Alc\u00e1zar. \n\n\u203c\ufe0fLa ciudad tambi\u00e9n esconde maravillosos rincones naturales, como los valles del Clamores y del Eresma, donde se puede disfrutar de agradables paseos entre r\u00edos, vegetaci\u00f3n y unas vistas \u00fanicas.\n\n\ud83c\udfafSi os apetece descubrir una Segovia diferente, m\u00e1s tranquila y aut\u00e9ntica, estaremos encantados de ense\u00f1aros estas joyas escondidas. \ud83c\udf3f\ud83c\udff0\u2728\n#privatetours #madridtravelprivatetours #segovia #valledelclamores #valledeleresma #visitspain #arteynaturaleza\" \/><div class=\"hover-layout zoom-instagram-widget__overlay zoom-instagram-widget__black \"><svg class=\"svg-icon\" shape-rendering=\"geometricPrecision\"><use xlink:href=\"https:\/\/madridtravelprivatetours.com\/wp-content\/plugins\/instagram-widget-by-wpzoom\/dist\/images\/frontend\/wpzoom-instagram-icons.svg#carousel_album\"><\/use><\/svg><div class=\"zoom-instagram-icon-wrap\"><a class=\"zoom-svg-instagram-stroke\" href=\"https:\/\/www.instagram.com\/p\/DaCmXFzgOh0\/\" rel=\"noopener nofollow\" target=\"_blank\" title=\"Segovia no es solo su impresionante Acueducto , su catedral y su majestuoso Alc\u00e1zar. \n\n\u203c\ufe0fLa ciudad tambi\u00e9n esconde maravillosos rincones naturales, como los valles del Clamores y del Eresma, donde se puede disfrutar de agradables paseos entre r\u00edos, vegetaci\u00f3n y unas vistas \u00fanicas.\n\n\ud83c\udfafSi os apetece descubrir una Segovia diferente, m\u00e1s tranquila y aut\u00e9ntica, estaremos encantados de ense\u00f1aros estas joyas escondidas. \ud83c\udf3f\ud83c\udff0\u2728\n#privatetours #madridtravelprivatetours #segovia #valledelclamores #valledeleresma #visitspain #arteynaturaleza\"><\/a><\/div><a class=\"zoom-instagram-link\" data-src=\"https:\/\/madridtravelprivatetours.com\/wp-content\/uploads\/2021\/02\/732863881_1342527201416009_7409012179936915594_n-419-516x640.jpg\" data-mfp-src=\"18120415867796130\" href=\"https:\/\/www.instagram.com\/p\/DaCmXFzgOh0\/\" target=\"_blank\" rel=\"noopener nofollow\" title=\"Segovia no es solo su impresionante Acueducto , su catedral y su majestuoso Alc\u00e1zar. \n\n\u203c\ufe0fLa ciudad tambi\u00e9n esconde maravillosos rincones naturales, como los valles del Clamores y del Eresma, donde se puede disfrutar de agradables paseos entre r\u00edos, vegetaci\u00f3n y unas vistas \u00fanicas.\n\n\ud83c\udfafSi os apetece descubrir una Segovia diferente, m\u00e1s tranquila y aut\u00e9ntica, estaremos encantados de ense\u00f1aros estas joyas escondidas. \ud83c\udf3f\ud83c\udff0\u2728\n#privatetours #madridtravelprivatetours #segovia #valledelclamores #valledeleresma #visitspain #arteynaturaleza\"><\/a><\/div><\/div><\/li><li class=\"zoom-instagram-widget__item media-icons-normal media-icons-hover\" data-media-type=\"carousel_album\"><div class=\"zoom-instagram-widget__item-inner-wrap\"><img loading=\"lazy\" class=\"zoom-instagram-link zoom-instagram-link-new\"  data-src=\"https:\/\/madridtravelprivatetours.com\/wp-content\/uploads\/2021\/02\/725015832_1335425222126207_4862053618323939366_n-454-640x640.jpg\" data-mfp-src=\"18142500256521938\" width=\"640\" height=\"640\" alt=\"Sombrereria Medrano: \u00a1una de las tiendas centenarias del Madrid de los Austrias!\n\nCuando paseamos por el Madrid de los Austrias, una de las cosas que m\u00e1s les gusta a nuestros clientes es explorar alguna de sus tiendas centenarias e ic\u00f3nicas: esas que siguen siendo aut\u00e9nticas y merece la pena visitar.\n\nEn este caso hemos visitado la  Sombrerer\u00eda Medrano, un rinc\u00f3n m\u00e1gico fundado en 1832 por Bernardino Abial y Roda. Ubicada en la Calle Imperial, 12 (al lado de la Plaza Mayor)  este negocio familiar ha visto pasar casi dos siglos de historia sin perder un \u00e1pice de su esencia.\n\n\ud83e\uddf5 Artesan\u00eda pura: Contin\u00faan confeccionando sus piezas a mano en su propio taller subterr\u00e1neo.\n\n\ud83c\udfac  Sus creaciones visten a particulares, pero tambi\u00e9n a grandes producciones de cine, teatro, clero y Reales Academias.\n\n\ud83d\udc52 Variedad infinita: Desde las castizas &quot;parpusas&quot;  o gorras madrile\u00f1as hasta chisteras, bombines o sombreros Panam\u00e1 para el verano.\n\n\u00a1Imprescindible para visitar la ciudad en estos dias de sol veraniego!\n\n#Madrid#MadridMola#MadridSecreto#TurismoMadrid#PlanesMadrid#MadridCentro#MadridDeLosAustrias#InstaMadrid#madridturismo #thebestprivatetoursmadrid\" \/><div class=\"hover-layout zoom-instagram-widget__overlay zoom-instagram-widget__black \"><svg class=\"svg-icon\" shape-rendering=\"geometricPrecision\"><use xlink:href=\"https:\/\/madridtravelprivatetours.com\/wp-content\/plugins\/instagram-widget-by-wpzoom\/dist\/images\/frontend\/wpzoom-instagram-icons.svg#carousel_album\"><\/use><\/svg><div class=\"zoom-instagram-icon-wrap\"><a class=\"zoom-svg-instagram-stroke\" href=\"https:\/\/www.instagram.com\/p\/DZsr_6JjcTA\/\" rel=\"noopener nofollow\" target=\"_blank\" title=\"Sombrereria Medrano: \u00a1una de las tiendas centenarias del Madrid de los Austrias!\n\nCuando paseamos por el Madrid de los Austrias, una de las cosas que m\u00e1s les gusta a nuestros clientes es explorar alguna de sus tiendas centenarias e ic\u00f3nicas: esas que siguen siendo aut\u00e9nticas y merece la pena visitar.\n\nEn este caso hemos visitado la  Sombrerer\u00eda Medrano, un rinc\u00f3n m\u00e1gico fundado en 1832 por Bernardino Abial y Roda. Ubicada en la Calle Imperial, 12 (al lado de la Plaza Mayor)  este negocio familiar ha visto pasar casi dos siglos de historia sin perder un \u00e1pice de su esencia.\n\n\ud83e\uddf5 Artesan\u00eda pura: Contin\u00faan confeccionando sus piezas a mano en su propio taller subterr\u00e1neo.\n\n\ud83c\udfac  Sus creaciones visten a particulares, pero tambi\u00e9n a grandes producciones de cine, teatro, clero y Reales Academias.\n\n\ud83d\udc52 Variedad infinita: Desde las castizas &quot;parpusas&quot;  o gorras madrile\u00f1as hasta chisteras, bombines o sombreros Panam\u00e1 para el verano.\n\n\u00a1Imprescindible para visitar la ciudad en estos dias de sol veraniego!\n\n#Madrid#MadridMola#MadridSecreto#TurismoMadrid#PlanesMadrid#MadridCentro#MadridDeLosAustrias#InstaMadrid#madridturismo #thebestprivatetoursmadrid\"><\/a><\/div><a class=\"zoom-instagram-link\" data-src=\"https:\/\/madridtravelprivatetours.com\/wp-content\/uploads\/2021\/02\/725015832_1335425222126207_4862053618323939366_n-454-640x640.jpg\" data-mfp-src=\"18142500256521938\" href=\"https:\/\/www.instagram.com\/p\/DZsr_6JjcTA\/\" target=\"_blank\" rel=\"noopener nofollow\" title=\"Sombrereria Medrano: \u00a1una de las tiendas centenarias del Madrid de los Austrias!\n\nCuando paseamos por el Madrid de los Austrias, una de las cosas que m\u00e1s les gusta a nuestros clientes es explorar alguna de sus tiendas centenarias e ic\u00f3nicas: esas que siguen siendo aut\u00e9nticas y merece la pena visitar.\n\nEn este caso hemos visitado la  Sombrerer\u00eda Medrano, un rinc\u00f3n m\u00e1gico fundado en 1832 por Bernardino Abial y Roda. Ubicada en la Calle Imperial, 12 (al lado de la Plaza Mayor)  este negocio familiar ha visto pasar casi dos siglos de historia sin perder un \u00e1pice de su esencia.\n\n\ud83e\uddf5 Artesan\u00eda pura: Contin\u00faan confeccionando sus piezas a mano en su propio taller subterr\u00e1neo.\n\n\ud83c\udfac  Sus creaciones visten a particulares, pero tambi\u00e9n a grandes producciones de cine, teatro, clero y Reales Academias.\n\n\ud83d\udc52 Variedad infinita: Desde las castizas &quot;parpusas&quot;  o gorras madrile\u00f1as hasta chisteras, bombines o sombreros Panam\u00e1 para el verano.\n\n\u00a1Imprescindible para visitar la ciudad en estos dias de sol veraniego!\n\n#Madrid#MadridMola#MadridSecreto#TurismoMadrid#PlanesMadrid#MadridCentro#MadridDeLosAustrias#InstaMadrid#madridturismo #thebestprivatetoursmadrid\"><\/a><\/div><\/div><\/li><li class=\"zoom-instagram-widget__item media-icons-normal media-icons-hover\" data-media-type=\"carousel_album\"><div class=\"zoom-instagram-widget__item-inner-wrap\"><img loading=\"lazy\" class=\"zoom-instagram-link zoom-instagram-link-new\"  data-src=\"https:\/\/madridtravelprivatetours.com\/wp-content\/uploads\/2021\/02\/720245033_1331602349175161_4279275619559436417_n-449-512x640.jpg\" data-mfp-src=\"17859742167644433\" width=\"512\" height=\"640\" alt=\"Arte monumental gratis en un entorno exclusivo.\n\n\ud83c\udfafCon motivo del Centenario de la Banca March, tienes la oportunidad \u00fanica de entrar a sus jardines privados para descubrir la obra del escultor brit\u00e1nico Thomas Houseago.\n\n\u203c\ufe0fSiete esculturas monumentales donde la tradici\u00f3n y la industria se abrazan. Bronce, aluminio y yeso combinados con varillas de hierro y c\u00e1\u00f1amo.\n\n\u23f0 Jueves de 19:00 a 23:00.\nS\u00e1bados y domingos de 12:00 a 19:00.\nHasta el 31 de octubre. #Banca #March #bancamarch #madridturismo #exposicionesmadrid #enjoymadrid\" \/><div class=\"hover-layout zoom-instagram-widget__overlay zoom-instagram-widget__black \"><svg class=\"svg-icon\" shape-rendering=\"geometricPrecision\"><use xlink:href=\"https:\/\/madridtravelprivatetours.com\/wp-content\/plugins\/instagram-widget-by-wpzoom\/dist\/images\/frontend\/wpzoom-instagram-icons.svg#carousel_album\"><\/use><\/svg><div class=\"zoom-instagram-icon-wrap\"><a class=\"zoom-svg-instagram-stroke\" href=\"https:\/\/www.instagram.com\/p\/DZhFRd_oKlB\/\" rel=\"noopener nofollow\" target=\"_blank\" title=\"Arte monumental gratis en un entorno exclusivo.\n\n\ud83c\udfafCon motivo del Centenario de la Banca March, tienes la oportunidad \u00fanica de entrar a sus jardines privados para descubrir la obra del escultor brit\u00e1nico Thomas Houseago.\n\n\u203c\ufe0fSiete esculturas monumentales donde la tradici\u00f3n y la industria se abrazan. Bronce, aluminio y yeso combinados con varillas de hierro y c\u00e1\u00f1amo.\n\n\u23f0 Jueves de 19:00 a 23:00.\nS\u00e1bados y domingos de 12:00 a 19:00.\nHasta el 31 de octubre. #Banca #March #bancamarch #madridturismo #exposicionesmadrid #enjoymadrid\"><\/a><\/div><a class=\"zoom-instagram-link\" data-src=\"https:\/\/madridtravelprivatetours.com\/wp-content\/uploads\/2021\/02\/720245033_1331602349175161_4279275619559436417_n-449-512x640.jpg\" data-mfp-src=\"17859742167644433\" href=\"https:\/\/www.instagram.com\/p\/DZhFRd_oKlB\/\" target=\"_blank\" rel=\"noopener nofollow\" title=\"Arte monumental gratis en un entorno exclusivo.\n\n\ud83c\udfafCon motivo del Centenario de la Banca March, tienes la oportunidad \u00fanica de entrar a sus jardines privados para descubrir la obra del escultor brit\u00e1nico Thomas Houseago.\n\n\u203c\ufe0fSiete esculturas monumentales donde la tradici\u00f3n y la industria se abrazan. Bronce, aluminio y yeso combinados con varillas de hierro y c\u00e1\u00f1amo.\n\n\u23f0 Jueves de 19:00 a 23:00.\nS\u00e1bados y domingos de 12:00 a 19:00.\nHasta el 31 de octubre. #Banca #March #bancamarch #madridturismo #exposicionesmadrid #enjoymadrid\"><\/a><\/div><\/div><\/li><li class=\"zoom-instagram-widget__item media-icons-normal media-icons-hover\" data-media-type=\"carousel_album\"><div class=\"zoom-instagram-widget__item-inner-wrap\"><img loading=\"lazy\" class=\"zoom-instagram-link zoom-instagram-link-new\"  data-src=\"https:\/\/madridtravelprivatetours.com\/wp-content\/uploads\/2021\/02\/717006388_1326030823065647_7453876067432464292_n-448-640x640.jpg\" data-mfp-src=\"17887072941559268\" width=\"640\" height=\"640\" alt=\"\u00a1La llegada del Papa Leon XIV viste a Madrid de blanco y amarillo!\n\nMadrid est\u00e1 viviendo un momento hist\u00f3rico con la  visita apost\u00f3lica del Papa Le\u00f3n XIV.  La ciudad se ha transformado por completo para recibir a miles de peregrinos de todo el mundo. \n\nEl acto central: la Santa Misa y Procesi\u00f3n del Corpus Christi en la emblem\u00e1tica Plaza de Cibeles, donde se calcula que asistir\u00e1n un mill\u00f3n de personas.\n\nY para cerrar con broche de oro, el Estadio Santiago Bernab\u00e9u se transformar\u00e1 en una gigantesca catedral para acoger la gran fiesta de la fe diocesana.\n\n\u00a1Bienvenido a Madrid!\n\n#Madrid#visitasprivadasenMadrid#Espa\u00f1a\n#PapaLeonXIV #MadridConElPapa #VisitaApostolica #AlzadLaMirada #IglesiaCatolica #MadridSacro #CorpusChristi #SantiagoBernabeu #PapaEnMadrid #Fieles #juventudcatolica\" \/><div class=\"hover-layout zoom-instagram-widget__overlay zoom-instagram-widget__black \"><svg class=\"svg-icon\" shape-rendering=\"geometricPrecision\"><use xlink:href=\"https:\/\/madridtravelprivatetours.com\/wp-content\/plugins\/instagram-widget-by-wpzoom\/dist\/images\/frontend\/wpzoom-instagram-icons.svg#carousel_album\"><\/use><\/svg><div class=\"zoom-instagram-icon-wrap\"><a class=\"zoom-svg-instagram-stroke\" href=\"https:\/\/www.instagram.com\/p\/DZQRSDWlnJq\/\" rel=\"noopener nofollow\" target=\"_blank\" title=\"\u00a1La llegada del Papa Leon XIV viste a Madrid de blanco y amarillo!\n\nMadrid est\u00e1 viviendo un momento hist\u00f3rico con la  visita apost\u00f3lica del Papa Le\u00f3n XIV.  La ciudad se ha transformado por completo para recibir a miles de peregrinos de todo el mundo. \n\nEl acto central: la Santa Misa y Procesi\u00f3n del Corpus Christi en la emblem\u00e1tica Plaza de Cibeles, donde se calcula que asistir\u00e1n un mill\u00f3n de personas.\n\nY para cerrar con broche de oro, el Estadio Santiago Bernab\u00e9u se transformar\u00e1 en una gigantesca catedral para acoger la gran fiesta de la fe diocesana.\n\n\u00a1Bienvenido a Madrid!\n\n#Madrid#visitasprivadasenMadrid#Espa\u00f1a\n#PapaLeonXIV #MadridConElPapa #VisitaApostolica #AlzadLaMirada #IglesiaCatolica #MadridSacro #CorpusChristi #SantiagoBernabeu #PapaEnMadrid #Fieles #juventudcatolica\"><\/a><\/div><a class=\"zoom-instagram-link\" data-src=\"https:\/\/madridtravelprivatetours.com\/wp-content\/uploads\/2021\/02\/717006388_1326030823065647_7453876067432464292_n-448-640x640.jpg\" data-mfp-src=\"17887072941559268\" href=\"https:\/\/www.instagram.com\/p\/DZQRSDWlnJq\/\" target=\"_blank\" rel=\"noopener nofollow\" title=\"\u00a1La llegada del Papa Leon XIV viste a Madrid de blanco y amarillo!\n\nMadrid est\u00e1 viviendo un momento hist\u00f3rico con la  visita apost\u00f3lica del Papa Le\u00f3n XIV.  La ciudad se ha transformado por completo para recibir a miles de peregrinos de todo el mundo. \n\nEl acto central: la Santa Misa y Procesi\u00f3n del Corpus Christi en la emblem\u00e1tica Plaza de Cibeles, donde se calcula que asistir\u00e1n un mill\u00f3n de personas.\n\nY para cerrar con broche de oro, el Estadio Santiago Bernab\u00e9u se transformar\u00e1 en una gigantesca catedral para acoger la gran fiesta de la fe diocesana.\n\n\u00a1Bienvenido a Madrid!\n\n#Madrid#visitasprivadasenMadrid#Espa\u00f1a\n#PapaLeonXIV #MadridConElPapa #VisitaApostolica #AlzadLaMirada #IglesiaCatolica #MadridSacro #CorpusChristi #SantiagoBernabeu #PapaEnMadrid #Fieles #juventudcatolica\"><\/a><\/div><\/div><\/li><li class=\"zoom-instagram-widget__item media-icons-normal media-icons-hover\" data-media-type=\"carousel_album\"><div class=\"zoom-instagram-widget__item-inner-wrap\"><img loading=\"lazy\" class=\"zoom-instagram-link zoom-instagram-link-new\"  data-src=\"https:\/\/madridtravelprivatetours.com\/wp-content\/uploads\/2021\/02\/706489612_1317483943920335_2521303132270597104_n-450-512x640.jpg\" data-mfp-src=\"18213694753325868\" width=\"512\" height=\"640\" alt=\"\u00a1Toledo est\u00e1 espectacular estos d\u00edas!\ud83d\ude0d\n\n\ud83c\udfafLas calles decoradas para el Corpus y el ambiente en toda la ciudad hacen que sea uno de los mejores momentos del a\u00f1o para visitarla.\n\n\u203c\ufe0fAdem\u00e1s, este a\u00f1o se celebran los 800 a\u00f1os del inicio de la construcci\u00f3n de la Catedral Primada de Toledo.  Historia, tradici\u00f3n y una ciudad m\u00e1s bonita que nunca. #toledo #corpustoledo2026 #toledoturismo #catedraltoledo800a\u00f1os\" \/><div class=\"hover-layout zoom-instagram-widget__overlay zoom-instagram-widget__black \"><svg class=\"svg-icon\" shape-rendering=\"geometricPrecision\"><use xlink:href=\"https:\/\/madridtravelprivatetours.com\/wp-content\/plugins\/instagram-widget-by-wpzoom\/dist\/images\/frontend\/wpzoom-instagram-icons.svg#carousel_album\"><\/use><\/svg><div class=\"zoom-instagram-icon-wrap\"><a class=\"zoom-svg-instagram-stroke\" href=\"https:\/\/www.instagram.com\/p\/DY3xzI7jG-b\/\" rel=\"noopener nofollow\" target=\"_blank\" title=\"\u00a1Toledo est\u00e1 espectacular estos d\u00edas!\ud83d\ude0d\n\n\ud83c\udfafLas calles decoradas para el Corpus y el ambiente en toda la ciudad hacen que sea uno de los mejores momentos del a\u00f1o para visitarla.\n\n\u203c\ufe0fAdem\u00e1s, este a\u00f1o se celebran los 800 a\u00f1os del inicio de la construcci\u00f3n de la Catedral Primada de Toledo.  Historia, tradici\u00f3n y una ciudad m\u00e1s bonita que nunca. #toledo #corpustoledo2026 #toledoturismo #catedraltoledo800a\u00f1os\"><\/a><\/div><a class=\"zoom-instagram-link\" data-src=\"https:\/\/madridtravelprivatetours.com\/wp-content\/uploads\/2021\/02\/706489612_1317483943920335_2521303132270597104_n-450-512x640.jpg\" data-mfp-src=\"18213694753325868\" href=\"https:\/\/www.instagram.com\/p\/DY3xzI7jG-b\/\" target=\"_blank\" rel=\"noopener nofollow\" title=\"\u00a1Toledo est\u00e1 espectacular estos d\u00edas!\ud83d\ude0d\n\n\ud83c\udfafLas calles decoradas para el Corpus y el ambiente en toda la ciudad hacen que sea uno de los mejores momentos del a\u00f1o para visitarla.\n\n\u203c\ufe0fAdem\u00e1s, este a\u00f1o se celebran los 800 a\u00f1os del inicio de la construcci\u00f3n de la Catedral Primada de Toledo.  Historia, tradici\u00f3n y una ciudad m\u00e1s bonita que nunca. #toledo #corpustoledo2026 #toledoturismo #catedraltoledo800a\u00f1os\"><\/a><\/div><\/div><\/li><li class=\"zoom-instagram-widget__item media-icons-normal media-icons-hover\" data-media-type=\"carousel_album\"><div class=\"zoom-instagram-widget__item-inner-wrap\"><img loading=\"lazy\" class=\"zoom-instagram-link zoom-instagram-link-new\"  data-src=\"https:\/\/madridtravelprivatetours.com\/wp-content\/uploads\/2021\/02\/703907187_1312096514459078_1387742446803628745_n-450-512x640.jpg\" data-mfp-src=\"18029589437814545\" width=\"512\" height=\"640\" alt=\"\u00a1Bienvenidos a la Real Armeria del Palacio de Oriente!\n\n\u2694\ufe0f Descubre la Real Armer\u00eda de Madrid, una de las colecciones de armas y armaduras m\u00e1s importantes del mundo. Situada en el Palacio Real, acaba de reabrir sus puertas tras una espectacular renovaci\u00f3n integral. \n\nEn su interior te esperan las armaduras reales y piezas originales que Carlos V y Felipe II vistieron en batallas hist\u00f3ricas. \n\n \u00a1Un viaje imprescindible al coraz\u00f3n de la historia! \ud83c\udfdb\ufe0f\u2728\n#Madrid #visitasprivadas\n#RealArmeria#PalacioRealDeMadrid#MadridTurismo#PatrimonioNacional#MadridSecreto\n#HistoriaDeEspa\u00f1a#ArmadurasReales#MuseosMadrid#ArteEHistoria#TurismoCultural  #MadridGrafias#DescubreMadrid#ViajarPorEspa\u00f1a#QueHacerEnMadrid\" \/><div class=\"hover-layout zoom-instagram-widget__overlay zoom-instagram-widget__black \"><svg class=\"svg-icon\" shape-rendering=\"geometricPrecision\"><use xlink:href=\"https:\/\/madridtravelprivatetours.com\/wp-content\/plugins\/instagram-widget-by-wpzoom\/dist\/images\/frontend\/wpzoom-instagram-icons.svg#carousel_album\"><\/use><\/svg><div class=\"zoom-instagram-icon-wrap\"><a class=\"zoom-svg-instagram-stroke\" href=\"https:\/\/www.instagram.com\/p\/DYnBOQ1jQTU\/\" rel=\"noopener nofollow\" target=\"_blank\" title=\"\u00a1Bienvenidos a la Real Armeria del Palacio de Oriente!\n\n\u2694\ufe0f Descubre la Real Armer\u00eda de Madrid, una de las colecciones de armas y armaduras m\u00e1s importantes del mundo. Situada en el Palacio Real, acaba de reabrir sus puertas tras una espectacular renovaci\u00f3n integral. \n\nEn su interior te esperan las armaduras reales y piezas originales que Carlos V y Felipe II vistieron en batallas hist\u00f3ricas. \n\n \u00a1Un viaje imprescindible al coraz\u00f3n de la historia! \ud83c\udfdb\ufe0f\u2728\n#Madrid #visitasprivadas\n#RealArmeria#PalacioRealDeMadrid#MadridTurismo#PatrimonioNacional#MadridSecreto\n#HistoriaDeEspa\u00f1a#ArmadurasReales#MuseosMadrid#ArteEHistoria#TurismoCultural  #MadridGrafias#DescubreMadrid#ViajarPorEspa\u00f1a#QueHacerEnMadrid\"><\/a><\/div><a class=\"zoom-instagram-link\" data-src=\"https:\/\/madridtravelprivatetours.com\/wp-content\/uploads\/2021\/02\/703907187_1312096514459078_1387742446803628745_n-450-512x640.jpg\" data-mfp-src=\"18029589437814545\" href=\"https:\/\/www.instagram.com\/p\/DYnBOQ1jQTU\/\" target=\"_blank\" rel=\"noopener nofollow\" title=\"\u00a1Bienvenidos a la Real Armeria del Palacio de Oriente!\n\n\u2694\ufe0f Descubre la Real Armer\u00eda de Madrid, una de las colecciones de armas y armaduras m\u00e1s importantes del mundo. Situada en el Palacio Real, acaba de reabrir sus puertas tras una espectacular renovaci\u00f3n integral. \n\nEn su interior te esperan las armaduras reales y piezas originales que Carlos V y Felipe II vistieron en batallas hist\u00f3ricas. \n\n \u00a1Un viaje imprescindible al coraz\u00f3n de la historia! \ud83c\udfdb\ufe0f\u2728\n#Madrid #visitasprivadas\n#RealArmeria#PalacioRealDeMadrid#MadridTurismo#PatrimonioNacional#MadridSecreto\n#HistoriaDeEspa\u00f1a#ArmadurasReales#MuseosMadrid#ArteEHistoria#TurismoCultural  #MadridGrafias#DescubreMadrid#ViajarPorEspa\u00f1a#QueHacerEnMadrid\"><\/a><\/div><\/div><\/li><li class=\"zoom-instagram-widget__item media-icons-normal media-icons-hover\" data-media-type=\"carousel_album\"><div class=\"zoom-instagram-widget__item-inner-wrap\"><img loading=\"lazy\" class=\"zoom-instagram-link zoom-instagram-link-new\"  data-src=\"https:\/\/madridtravelprivatetours.com\/wp-content\/uploads\/2021\/02\/700378194_1307685714900158_1904503868792845745_n-449-512x640.jpg\" data-mfp-src=\"18131245621576730\" width=\"512\" height=\"640\" alt=\"\u00a1Madrid se viste de gala: San Isidro 2026! \n\nAs\u00ed nos divertimos, as\u00ed bailamos y as\u00ed sentimos nuestra ciudad. \u00a1Esto es Madrid! \ud83c\udf39\n\n #SanIsidroLabrador #PhotographyMadrid. #SanIsidro2026 #madridmola #MadridesCultura #fiestasdemadrid #castizo\" \/><div class=\"hover-layout zoom-instagram-widget__overlay zoom-instagram-widget__black \"><svg class=\"svg-icon\" shape-rendering=\"geometricPrecision\"><use xlink:href=\"https:\/\/madridtravelprivatetours.com\/wp-content\/plugins\/instagram-widget-by-wpzoom\/dist\/images\/frontend\/wpzoom-instagram-icons.svg#carousel_album\"><\/use><\/svg><div class=\"zoom-instagram-icon-wrap\"><a class=\"zoom-svg-instagram-stroke\" href=\"https:\/\/www.instagram.com\/p\/DYZ60YwDHJZ\/\" rel=\"noopener nofollow\" target=\"_blank\" title=\"\u00a1Madrid se viste de gala: San Isidro 2026! \n\nAs\u00ed nos divertimos, as\u00ed bailamos y as\u00ed sentimos nuestra ciudad. \u00a1Esto es Madrid! \ud83c\udf39\n\n #SanIsidroLabrador #PhotographyMadrid. #SanIsidro2026 #madridmola #MadridesCultura #fiestasdemadrid #castizo\"><\/a><\/div><a class=\"zoom-instagram-link\" data-src=\"https:\/\/madridtravelprivatetours.com\/wp-content\/uploads\/2021\/02\/700378194_1307685714900158_1904503868792845745_n-449-512x640.jpg\" data-mfp-src=\"18131245621576730\" href=\"https:\/\/www.instagram.com\/p\/DYZ60YwDHJZ\/\" target=\"_blank\" rel=\"noopener nofollow\" title=\"\u00a1Madrid se viste de gala: San Isidro 2026! \n\nAs\u00ed nos divertimos, as\u00ed bailamos y as\u00ed sentimos nuestra ciudad. \u00a1Esto es Madrid! \ud83c\udf39\n\n #SanIsidroLabrador #PhotographyMadrid. #SanIsidro2026 #madridmola #MadridesCultura #fiestasdemadrid #castizo\"><\/a><\/div><\/div><\/li><\/ul><\/div><div class=\"zoom-instagram-widget__footer\"><a href=\"https:\/\/www.instagram.com\/madridtravelprivatetours\" target=\"_blank\" rel=\"noopener nofollow\" class=\"wpz-button wpz-button-primary wpz-insta-view-on-insta-button\"><span class=\"button-icon zoom-svg-instagram-stroke\"><\/span> View on Instagram<\/a><\/div><div class=\"wpz-insta-lightbox-wrapper mfp-hide\"><div class=\"swiper\"><div class=\"swiper-wrapper\"><div data-uid=\"17878849077500653\" class=\"swiper-slide wpz-insta-lightbox-item\"><div class=\"wpz-insta-lightbox\"><div class=\"image-wrapper\"><div class=\"swiper\" style=\"height: 100%;\"><div class=\"swiper-wrapper wpz-insta-album-images\"><div class=\"swiper-slide wpz-insta-album-image\" data-media-type=\"image\"><img class=\"wpzoom-swiper-image swiper-lazy\" data-src=\"https:\/\/scontent-mad1-1.cdninstagram.com\/v\/t39.30808-6\/749542620_1359329626402433_95519573965167264_n.jpg?stp=dst-jpg_e35_tt6&#038;_nc_cat=100&#038;ccb=7-5&#038;_nc_sid=18de74&#038;efg=eyJlZmdfdGFnIjoiQ0FST1VTRUxfSVRFTS5iZXN0X2ltYWdlX3VybGdlbi5DMiJ9&#038;_nc_ohc=-Q44ER7ZXOYQ7kNvwFyDYXp&#038;_nc_oc=Adrv0OGYtL7e9HzpJl30W4eDrAGjGeJVoGm2QR3uCBw2BOqkYOhE9tpYgzedePPFqHQ&#038;_nc_zt=23&#038;_nc_ht=scontent-mad1-1.cdninstagram.com&#038;edm=ANo9K5cEAAAA&#038;_nc_gid=DeLaL07sKnoJ3biAh5SSYg&#038;_nc_tpa=Q5bMBQIw6DpC7aJogw02GqK4VNPxGnaSVx9BNZJrUbVfbuAGf4nYtcRsOZNzmtLzyM-qv8FrFJBzDKzu&#038;oh=00_AQIkwGMx3g08ly2HrlZVasVL-T-ZiKtGavh9g0bSaRcKWw&#038;oe=6A9FC888\" alt=\"\ud83d\ude0e\u00bfBuscas un plan diferente para escapar del calor en Madrid?\n\n\ud83c\udfaf Descubre el Refugio Clim\u00e1tico del C\u00edrculo de Bellas Artes, un espacio gratuito y fresco donde jugar con los ni\u00f1os, descansar, leer o hacer una pausa durante las horas de m\u00e1s calor.\n\n\ud83e\udef5 Tanto si eres madrile\u00f1o como si visitas la ciudad, es una forma diferente de disfrutar de uno de los edificios m\u00e1s emblem\u00e1ticos de Madrid. Y ya que est\u00e1s all\u00ed, aprovecha su cafeter\u00eda, sus exposiciones y su espectacular terraza con vistas a la ciudad.  #madridespa\u00f1a #madridcity #madrid #madridspain #refugioclimaticocirculobellasartes #refugioclim\u00e1tico #summerinmadrid #circulodebellasartes #climaterefugees\"\/><div class=\"swiper-lazy-preloader swiper-lazy-preloader-white\"><\/div><\/div><div class=\"swiper-slide wpz-insta-album-image\" data-media-type=\"image\"><img class=\"wpzoom-swiper-image swiper-lazy\" data-src=\"https:\/\/scontent-mad1-1.cdninstagram.com\/v\/t39.30808-6\/748597629_1359329649735764_4406646923501134382_n.jpg?stp=dst-jpg_e35_tt6&#038;_nc_cat=102&#038;ccb=7-5&#038;_nc_sid=18de74&#038;efg=eyJlZmdfdGFnIjoiQ0FST1VTRUxfSVRFTS5iZXN0X2ltYWdlX3VybGdlbi5DMiJ9&#038;_nc_ohc=EymwoEzrkz4Q7kNvwE0ElTl&#038;_nc_oc=AdozIlvftRcRxg5iaDGO2B7H9azETgYjs-5j8LVxXhOk8nY4jcCs9q4EKJ_VKNrB35o&#038;_nc_zt=23&#038;_nc_ht=scontent-mad1-1.cdninstagram.com&#038;edm=ANo9K5cEAAAA&#038;_nc_gid=DeLaL07sKnoJ3biAh5SSYg&#038;_nc_tpa=Q5bMBQLtjn5cHX6K4MISk6oCKmwC7AqGwDx1hfCww2tMHL7as91u61MIw1UvSwGFfh_0IFPRrNGa1enz&#038;oh=00_AQKrmv0t21oLf7d8wNu70BemqXPiiHvlX3SIv4zkO7MFtA&#038;oe=6A9FD346\" alt=\"\ud83d\ude0e\u00bfBuscas un plan diferente para escapar del calor en Madrid?\n\n\ud83c\udfaf Descubre el Refugio Clim\u00e1tico del C\u00edrculo de Bellas Artes, un espacio gratuito y fresco donde jugar con los ni\u00f1os, descansar, leer o hacer una pausa durante las horas de m\u00e1s calor.\n\n\ud83e\udef5 Tanto si eres madrile\u00f1o como si visitas la ciudad, es una forma diferente de disfrutar de uno de los edificios m\u00e1s emblem\u00e1ticos de Madrid. Y ya que est\u00e1s all\u00ed, aprovecha su cafeter\u00eda, sus exposiciones y su espectacular terraza con vistas a la ciudad.  #madridespa\u00f1a #madridcity #madrid #madridspain #refugioclimaticocirculobellasartes #refugioclim\u00e1tico #summerinmadrid #circulodebellasartes #climaterefugees\"\/><div class=\"swiper-lazy-preloader swiper-lazy-preloader-white\"><\/div><\/div><div class=\"swiper-slide wpz-insta-album-image\" data-media-type=\"image\"><img class=\"wpzoom-swiper-image swiper-lazy\" data-src=\"https:\/\/scontent-mad1-1.cdninstagram.com\/v\/t39.30808-6\/745940858_1359329839735745_6143721113405753418_n.jpg?stp=dst-jpg_e35_tt6&#038;_nc_cat=105&#038;ccb=7-5&#038;_nc_sid=18de74&#038;efg=eyJlZmdfdGFnIjoiQ0FST1VTRUxfSVRFTS5iZXN0X2ltYWdlX3VybGdlbi5DMiJ9&#038;_nc_ohc=l52NdmbUqu8Q7kNvwFIz25_&#038;_nc_oc=Ado5bLVaHJeN8IeB8t0TXHUpAUqW0EXVuJUM2EwmyWAVJMhACqEpcDe_aeqOoQ1Smkw&#038;_nc_zt=23&#038;_nc_ht=scontent-mad1-1.cdninstagram.com&#038;edm=ANo9K5cEAAAA&#038;_nc_gid=DeLaL07sKnoJ3biAh5SSYg&#038;_nc_tpa=Q5bMBQJrirS9kKtV8BBzCSUUuLVyB0b7thNEB94EUKc9xOTa9y0RUyg14kXMOu7GhAehgjaY6hxf8Gu0&#038;oh=00_AQLwo6cUDgyQaE1YAUDoNCf4BJ6b3u9PZglCM5GdSjNBog&#038;oe=6A9FAF98\" alt=\"\ud83d\ude0e\u00bfBuscas un plan diferente para escapar del calor en Madrid?\n\n\ud83c\udfaf Descubre el Refugio Clim\u00e1tico del C\u00edrculo de Bellas Artes, un espacio gratuito y fresco donde jugar con los ni\u00f1os, descansar, leer o hacer una pausa durante las horas de m\u00e1s calor.\n\n\ud83e\udef5 Tanto si eres madrile\u00f1o como si visitas la ciudad, es una forma diferente de disfrutar de uno de los edificios m\u00e1s emblem\u00e1ticos de Madrid. Y ya que est\u00e1s all\u00ed, aprovecha su cafeter\u00eda, sus exposiciones y su espectacular terraza con vistas a la ciudad.  #madridespa\u00f1a #madridcity #madrid #madridspain #refugioclimaticocirculobellasartes #refugioclim\u00e1tico #summerinmadrid #circulodebellasartes #climaterefugees\"\/><div class=\"swiper-lazy-preloader swiper-lazy-preloader-white\"><\/div><\/div><div class=\"swiper-slide wpz-insta-album-image\" data-media-type=\"image\"><img class=\"wpzoom-swiper-image swiper-lazy\" data-src=\"https:\/\/scontent-mad2-1.cdninstagram.com\/v\/t39.30808-6\/749270140_1359329786402417_1832391856290579250_n.jpg?stp=dst-jpg_e35_tt6&#038;_nc_cat=111&#038;ccb=7-5&#038;_nc_sid=18de74&#038;efg=eyJlZmdfdGFnIjoiQ0FST1VTRUxfSVRFTS5iZXN0X2ltYWdlX3VybGdlbi5DMiJ9&#038;_nc_ohc=40hD-LU_XboQ7kNvwHm-FXB&#038;_nc_oc=AdoiwyHn4ZBS4GElEDsdac540vt7rlmFS0R62dtxM_VZp0X9hNwJTGqFhTma1E15Fus&#038;_nc_zt=23&#038;_nc_ht=scontent-mad2-1.cdninstagram.com&#038;edm=ANo9K5cEAAAA&#038;_nc_gid=DeLaL07sKnoJ3biAh5SSYg&#038;_nc_tpa=Q5bMBQJyJwJpiAQUK498KcqOAqpjuVsBEVUvkzan2Y09hM2KltbXEf-hctx0QrOE3Yg03-4EGuXB8suD&#038;oh=00_AQK-zmHwiV7tBOELXAmscTLLtx3vRRD4W217fSNU6RqswA&#038;oe=6A9FB6AC\" alt=\"\ud83d\ude0e\u00bfBuscas un plan diferente para escapar del calor en Madrid?\n\n\ud83c\udfaf Descubre el Refugio Clim\u00e1tico del C\u00edrculo de Bellas Artes, un espacio gratuito y fresco donde jugar con los ni\u00f1os, descansar, leer o hacer una pausa durante las horas de m\u00e1s calor.\n\n\ud83e\udef5 Tanto si eres madrile\u00f1o como si visitas la ciudad, es una forma diferente de disfrutar de uno de los edificios m\u00e1s emblem\u00e1ticos de Madrid. Y ya que est\u00e1s all\u00ed, aprovecha su cafeter\u00eda, sus exposiciones y su espectacular terraza con vistas a la ciudad.  #madridespa\u00f1a #madridcity #madrid #madridspain #refugioclimaticocirculobellasartes #refugioclim\u00e1tico #summerinmadrid #circulodebellasartes #climaterefugees\"\/><div class=\"swiper-lazy-preloader swiper-lazy-preloader-white\"><\/div><\/div><div class=\"swiper-slide wpz-insta-album-image\" data-media-type=\"image\"><img class=\"wpzoom-swiper-image swiper-lazy\" data-src=\"https:\/\/scontent-mad1-1.cdninstagram.com\/v\/t39.30808-6\/749270139_1359329753069087_2403733687043717992_n.jpg?stp=dst-jpg_e35_tt6&#038;_nc_cat=100&#038;ccb=7-5&#038;_nc_sid=18de74&#038;efg=eyJlZmdfdGFnIjoiQ0FST1VTRUxfSVRFTS5iZXN0X2ltYWdlX3VybGdlbi5DMiJ9&#038;_nc_ohc=UQvI3XLnzq4Q7kNvwExd-E0&#038;_nc_oc=AdpRXvXWzcavuV-4Gc6PMS8n-JWxE2CzYJpsuby1-bSibolyt1wFq-Hgn3_xSKOKVJM&#038;_nc_zt=23&#038;_nc_ht=scontent-mad1-1.cdninstagram.com&#038;edm=ANo9K5cEAAAA&#038;_nc_gid=DeLaL07sKnoJ3biAh5SSYg&#038;_nc_tpa=Q5bMBQIwWUkkN0ATlNcfk19eiE6R5wyWJPNFY7q68HrSD3HF6f9xDnc-aSjA7GjEEzhTJeiTid1N-8Lb&#038;oh=00_AQIwO0oyX0-kPkAk8LUiFoaMrWkumRqDtA-KQHfFVD8Gog&#038;oe=6A9FB28F\" alt=\"\ud83d\ude0e\u00bfBuscas un plan diferente para escapar del calor en Madrid?\n\n\ud83c\udfaf Descubre el Refugio Clim\u00e1tico del C\u00edrculo de Bellas Artes, un espacio gratuito y fresco donde jugar con los ni\u00f1os, descansar, leer o hacer una pausa durante las horas de m\u00e1s calor.\n\n\ud83e\udef5 Tanto si eres madrile\u00f1o como si visitas la ciudad, es una forma diferente de disfrutar de uno de los edificios m\u00e1s emblem\u00e1ticos de Madrid. Y ya que est\u00e1s all\u00ed, aprovecha su cafeter\u00eda, sus exposiciones y su espectacular terraza con vistas a la ciudad.  #madridespa\u00f1a #madridcity #madrid #madridspain #refugioclimaticocirculobellasartes #refugioclim\u00e1tico #summerinmadrid #circulodebellasartes #climaterefugees\"\/><div class=\"swiper-lazy-preloader swiper-lazy-preloader-white\"><\/div><\/div><div class=\"swiper-slide wpz-insta-album-image\" data-media-type=\"image\"><img class=\"wpzoom-swiper-image swiper-lazy\" data-src=\"https:\/\/scontent-mad1-1.cdninstagram.com\/v\/t39.30808-6\/747839853_1359329709735758_5091650930514590835_n.jpg?stp=dst-jpg_e35_tt6&#038;_nc_cat=106&#038;ccb=7-5&#038;_nc_sid=18de74&#038;efg=eyJlZmdfdGFnIjoiQ0FST1VTRUxfSVRFTS5iZXN0X2ltYWdlX3VybGdlbi5DMiJ9&#038;_nc_ohc=8cLjiWl7mkEQ7kNvwEJGtlv&#038;_nc_oc=AdryyVLGN7zoJCj60SmIi9uWygzbNn2C4WjmRycSgCqr8o9OxLMDLm6Umyc3WUMHDv4&#038;_nc_zt=23&#038;_nc_ht=scontent-mad1-1.cdninstagram.com&#038;edm=ANo9K5cEAAAA&#038;_nc_gid=DeLaL07sKnoJ3biAh5SSYg&#038;_nc_tpa=Q5bMBQIOw7SLXvkr5MOElvpqeEyndsnpvvq-7ghoN9s-cwspufWYovmwjv1uoXn9p8lQbFPqr2b_yz2X&#038;oh=00_AQJXKeQbhAB0mtTQYGqfdaSa9sNhK4zYcyyGj9zyiJqx2g&#038;oe=6A9FCDAD\" alt=\"\ud83d\ude0e\u00bfBuscas un plan diferente para escapar del calor en Madrid?\n\n\ud83c\udfaf Descubre el Refugio Clim\u00e1tico del C\u00edrculo de Bellas Artes, un espacio gratuito y fresco donde jugar con los ni\u00f1os, descansar, leer o hacer una pausa durante las horas de m\u00e1s calor.\n\n\ud83e\udef5 Tanto si eres madrile\u00f1o como si visitas la ciudad, es una forma diferente de disfrutar de uno de los edificios m\u00e1s emblem\u00e1ticos de Madrid. Y ya que est\u00e1s all\u00ed, aprovecha su cafeter\u00eda, sus exposiciones y su espectacular terraza con vistas a la ciudad.  #madridespa\u00f1a #madridcity #madrid #madridspain #refugioclimaticocirculobellasartes #refugioclim\u00e1tico #summerinmadrid #circulodebellasartes #climaterefugees\"\/><div class=\"swiper-lazy-preloader swiper-lazy-preloader-white\"><\/div><\/div><div class=\"swiper-slide wpz-insta-album-image\" data-media-type=\"image\"><img class=\"wpzoom-swiper-image swiper-lazy\" data-src=\"https:\/\/scontent-mad1-1.cdninstagram.com\/v\/t39.30808-6\/745908337_1359329806402415_6794634691783806553_n.jpg?stp=dst-jpg_e35_tt6&#038;_nc_cat=103&#038;ccb=7-5&#038;_nc_sid=18de74&#038;efg=eyJlZmdfdGFnIjoiQ0FST1VTRUxfSVRFTS5iZXN0X2ltYWdlX3VybGdlbi5DMiJ9&#038;_nc_ohc=pE8dJeFyfzoQ7kNvwFr_zGV&#038;_nc_oc=AdoYdI9ZOFmoBlvVX68SHoJeYhG4UjOdeHv42guaFSLMbE4S_3uJTD8Y4VIzcdpsrgw&#038;_nc_zt=23&#038;_nc_ht=scontent-mad1-1.cdninstagram.com&#038;edm=ANo9K5cEAAAA&#038;_nc_gid=DeLaL07sKnoJ3biAh5SSYg&#038;_nc_tpa=Q5bMBQJIGvBLJu0Ksby-vF9Y2h0Exb0FhUDLfT9sBig-sZjgTcPAXkReMywXBT2LNvhW7iFW0_oQ9-xB&#038;oh=00_AQJ6nBP2_j_VkyWsUkjvUXl5GUiEAJzh9wBgJjo48a9CZg&#038;oe=6A9FD131\" alt=\"\ud83d\ude0e\u00bfBuscas un plan diferente para escapar del calor en Madrid?\n\n\ud83c\udfaf Descubre el Refugio Clim\u00e1tico del C\u00edrculo de Bellas Artes, un espacio gratuito y fresco donde jugar con los ni\u00f1os, descansar, leer o hacer una pausa durante las horas de m\u00e1s calor.\n\n\ud83e\udef5 Tanto si eres madrile\u00f1o como si visitas la ciudad, es una forma diferente de disfrutar de uno de los edificios m\u00e1s emblem\u00e1ticos de Madrid. Y ya que est\u00e1s all\u00ed, aprovecha su cafeter\u00eda, sus exposiciones y su espectacular terraza con vistas a la ciudad.  #madridespa\u00f1a #madridcity #madrid #madridspain #refugioclimaticocirculobellasartes #refugioclim\u00e1tico #summerinmadrid #circulodebellasartes #climaterefugees\"\/><div class=\"swiper-lazy-preloader swiper-lazy-preloader-white\"><\/div><\/div><div class=\"swiper-slide wpz-insta-album-image\" data-media-type=\"image\"><img class=\"wpzoom-swiper-image swiper-lazy\" data-src=\"https:\/\/scontent-mad1-1.cdninstagram.com\/v\/t39.30808-6\/749119742_1359329883069074_8257773543545738773_n.jpg?stp=dst-jpg_e35_tt6&#038;_nc_cat=103&#038;ccb=7-5&#038;_nc_sid=18de74&#038;efg=eyJlZmdfdGFnIjoiQ0FST1VTRUxfSVRFTS5iZXN0X2ltYWdlX3VybGdlbi5DMiJ9&#038;_nc_ohc=Agyy1W1LlREQ7kNvwHIkIwf&#038;_nc_oc=AdrdPWESb0vjNP9ZL05GBXULP94b6yHByFomUi_BXh_RVlyXEOHhEdpctKwQ-1FZ67k&#038;_nc_zt=23&#038;_nc_ht=scontent-mad1-1.cdninstagram.com&#038;edm=ANo9K5cEAAAA&#038;_nc_gid=DeLaL07sKnoJ3biAh5SSYg&#038;_nc_tpa=Q5bMBQI2rq8BwJSKO2Dmmz1KTXRycTHvb5rbCRijHBI77DBTjGCB48sOWq9knsToSjyy9ftvh-rNAIKJ&#038;oh=00_AQLze_NRKXuWCIMXyCWz8KFFZw_5h2kQrSGngwr1yz1uJg&#038;oe=6A9FD741\" alt=\"\ud83d\ude0e\u00bfBuscas un plan diferente para escapar del calor en Madrid?\n\n\ud83c\udfaf Descubre el Refugio Clim\u00e1tico del C\u00edrculo de Bellas Artes, un espacio gratuito y fresco donde jugar con los ni\u00f1os, descansar, leer o hacer una pausa durante las horas de m\u00e1s calor.\n\n\ud83e\udef5 Tanto si eres madrile\u00f1o como si visitas la ciudad, es una forma diferente de disfrutar de uno de los edificios m\u00e1s emblem\u00e1ticos de Madrid. Y ya que est\u00e1s all\u00ed, aprovecha su cafeter\u00eda, sus exposiciones y su espectacular terraza con vistas a la ciudad.  #madridespa\u00f1a #madridcity #madrid #madridspain #refugioclimaticocirculobellasartes #refugioclim\u00e1tico #summerinmadrid #circulodebellasartes #climaterefugees\"\/><div class=\"swiper-lazy-preloader swiper-lazy-preloader-white\"><\/div><\/div><div class=\"swiper-slide wpz-insta-album-image\" data-media-type=\"image\"><img class=\"wpzoom-swiper-image swiper-lazy\" data-src=\"https:\/\/scontent-mad2-1.cdninstagram.com\/v\/t39.30808-6\/745908352_1359329683069094_5053536037269064538_n.jpg?stp=dst-jpg_e35_tt6&#038;_nc_cat=109&#038;ccb=7-5&#038;_nc_sid=18de74&#038;efg=eyJlZmdfdGFnIjoiQ0FST1VTRUxfSVRFTS5iZXN0X2ltYWdlX3VybGdlbi5DMiJ9&#038;_nc_ohc=Q37iogrGz-sQ7kNvwFzcFQJ&#038;_nc_oc=AdqUXEmmEu6ozU-oklpOYpzpEFiIkJo6JkUC9D9aGAl0xvw_hrSYwIhY6tceKWGgLPM&#038;_nc_zt=23&#038;_nc_ht=scontent-mad2-1.cdninstagram.com&#038;edm=ANo9K5cEAAAA&#038;_nc_gid=DeLaL07sKnoJ3biAh5SSYg&#038;_nc_tpa=Q5bMBQLmdmzhRvJ493m1pQKjapdEH8BIUTeu8487lg2ZcSW4WhTYvLjC9H8qxW3-H7e3vyGjmOzYD_rC&#038;oh=00_AQKjlrs3BmYnUmbh-nGRTUcP0_uOM2w-E0rcuY_rorUwCw&#038;oe=6A9FD28F\" alt=\"\ud83d\ude0e\u00bfBuscas un plan diferente para escapar del calor en Madrid?\n\n\ud83c\udfaf Descubre el Refugio Clim\u00e1tico del C\u00edrculo de Bellas Artes, un espacio gratuito y fresco donde jugar con los ni\u00f1os, descansar, leer o hacer una pausa durante las horas de m\u00e1s calor.\n\n\ud83e\udef5 Tanto si eres madrile\u00f1o como si visitas la ciudad, es una forma diferente de disfrutar de uno de los edificios m\u00e1s emblem\u00e1ticos de Madrid. Y ya que est\u00e1s all\u00ed, aprovecha su cafeter\u00eda, sus exposiciones y su espectacular terraza con vistas a la ciudad.  #madridespa\u00f1a #madridcity #madrid #madridspain #refugioclimaticocirculobellasartes #refugioclim\u00e1tico #summerinmadrid #circulodebellasartes #climaterefugees\"\/><div class=\"swiper-lazy-preloader swiper-lazy-preloader-white\"><\/div><\/div><div class=\"swiper-slide wpz-insta-album-image\" data-media-type=\"image\"><img class=\"wpzoom-swiper-image swiper-lazy\" data-src=\"https:\/\/scontent-mad1-1.cdninstagram.com\/v\/t39.30808-6\/747736632_1359329913069071_8357729740262343777_n.jpg?stp=dst-jpg_e35_tt6&#038;_nc_cat=101&#038;ccb=7-5&#038;_nc_sid=18de74&#038;efg=eyJlZmdfdGFnIjoiQ0FST1VTRUxfSVRFTS5iZXN0X2ltYWdlX3VybGdlbi5DMiJ9&#038;_nc_ohc=SNMIYrfwDJ4Q7kNvwF-BZtx&#038;_nc_oc=AdrHOjQdQzQi0OGbH24HzCgsPWsT9a1jGlqOzko8SYkh5ZifsEWvIfOLd9p8YpyWoqY&#038;_nc_zt=23&#038;_nc_ht=scontent-mad1-1.cdninstagram.com&#038;edm=ANo9K5cEAAAA&#038;_nc_gid=DeLaL07sKnoJ3biAh5SSYg&#038;_nc_tpa=Q5bMBQLEi4Sbm3qRM1tvJXZN9IuvLdfgC_WTA43_4HY2-zkfGRUORd_g3H7IRWOc9QUxXI21l1Rj8axA&#038;oh=00_AQJouUxnlBuIj6iM6mGqqx-E8zpu3OnfuhDL9iq6xIvuEg&#038;oe=6A9FC75F\" alt=\"\ud83d\ude0e\u00bfBuscas un plan diferente para escapar del calor en Madrid?\n\n\ud83c\udfaf Descubre el Refugio Clim\u00e1tico del C\u00edrculo de Bellas Artes, un espacio gratuito y fresco donde jugar con los ni\u00f1os, descansar, leer o hacer una pausa durante las horas de m\u00e1s calor.\n\n\ud83e\udef5 Tanto si eres madrile\u00f1o como si visitas la ciudad, es una forma diferente de disfrutar de uno de los edificios m\u00e1s emblem\u00e1ticos de Madrid. Y ya que est\u00e1s all\u00ed, aprovecha su cafeter\u00eda, sus exposiciones y su espectacular terraza con vistas a la ciudad.  #madridespa\u00f1a #madridcity #madrid #madridspain #refugioclimaticocirculobellasartes #refugioclim\u00e1tico #summerinmadrid #circulodebellasartes #climaterefugees\"\/><div class=\"swiper-lazy-preloader swiper-lazy-preloader-white\"><\/div><\/div><\/div><div class=\"swiper-pagination\"><\/div><div class=\"swiper-button-prev\"><\/div><div class=\"swiper-button-next\"><\/div><\/div><\/div>\n\t\t\t\t\t<div class=\"details-wrapper\">\n\t\t\t\t\t<div class=\"wpz-insta-header\">\n\t\t\t\t\t\t<div class=\"wpz-insta-avatar\">\n\t\t\t\t\t\t\t<img loading=\"lazy\" decoding=\"async\" src=\"https:\/\/madridtravelprivatetours.com\/wp-content\/uploads\/2025\/11\/201804777_498622628022570_8458539387686347215_n-2-150x150.jpg\" alt=\"@madridtravelprivatetours\" width=\"42\" height=\"42\"\/>\n\t\t\t\t\t\t<\/div>\n\t\t\t\t\t\t<div class=\"wpz-insta-buttons\">\n\t\t\t\t\t\t\t<div class=\"wpz-insta-username\">\n\t\t\t\t\t\t\t\t<a rel=\"noopener\" target=\"_blank\" href=\"https:\/\/instagram.com\/madridtravelprivatetours\">@madridtravelprivatetours<\/a>\n\t\t\t\t\t\t\t<\/div>\n\t\t\t\t\t\t\t<div>&bull;<\/div>\n\t\t\t\t\t\t\t<div class=\"wpz-insta-follow\">\n\t\t\t\t\t\t\t\t<a target=\"_blank\" rel=\"noopener\"\n\t\t\t\t\t\t\t\thref=\"https:\/\/instagram.com\/madridtravelprivatetours?ref=badge\">\n\t\t\t\t\t\t\t\t\tFollow\n\t\t\t\t\t\t\t\t<\/a>\n\t\t\t\t\t\t\t<\/div>\n\t\t\t\t\t\t<\/div>\n\t\t\t\t\t<\/div><div class=\"wpz-insta-caption\">\ud83d\ude0e\u00bfBuscas un plan diferente para escapar del calor en Madrid?\n\n\ud83c\udfaf Descubre el Refugio Clim\u00e1tico del C\u00edrculo de Bellas Artes, un espacio gratuito y fresco donde jugar con los ni\u00f1os, descansar, leer o hacer una pausa durante las horas de m\u00e1s calor.\n\n\ud83e\udef5 Tanto si eres madrile\u00f1o como si visitas la ciudad, es una forma diferente de disfrutar de uno de los edificios m\u00e1s emblem\u00e1ticos de Madrid. Y ya que est\u00e1s all\u00ed, aprovecha su cafeter\u00eda, sus exposiciones y su espectacular terraza con vistas a la ciudad.  #madridespa\u00f1a #madridcity #madrid #madridspain #refugioclimaticocirculobellasartes #refugioclim\u00e1tico #summerinmadrid #circulodebellasartes #climaterefugees<\/div><div class=\"wpz-insta-date\">1 month ago<\/div><div class=\"view-post\">\n\t\t\t\t\t<a href=\"https:\/\/www.instagram.com\/p\/DbJXbs3GpQj\/\" target=\"_blank\" rel=\"noopener\"><span class=\"dashicons dashicons-instagram\"><\/span>View on Instagram<\/a>\n\t\t\t\t\t<span class=\"delimiter\">|<\/span>\n\t\t\t\t\t<div class=\"wpz-insta-pagination\">1\/9<\/div>\n\t\t\t\t\t<\/div><\/div><\/div><\/div><div data-uid=\"17920048071399412\" class=\"swiper-slide wpz-insta-lightbox-item\"><div class=\"wpz-insta-lightbox\"><div class=\"image-wrapper\"><div class=\"swiper\" style=\"height: 100%;\"><div class=\"swiper-wrapper wpz-insta-album-images\"><div class=\"swiper-slide wpz-insta-album-image\" data-media-type=\"image\"><img class=\"wpzoom-swiper-image swiper-lazy\" data-src=\"https:\/\/scontent-mad2-1.cdninstagram.com\/v\/t39.30808-6\/736964579_1349925660676163_1573079335306731117_n.jpg?stp=dst-jpg_e35_tt6&#038;_nc_cat=110&#038;ccb=7-5&#038;_nc_sid=18de74&#038;efg=eyJlZmdfdGFnIjoiQ0FST1VTRUxfSVRFTS5iZXN0X2ltYWdlX3VybGdlbi5DMiJ9&#038;_nc_ohc=zwPuA6ql52kQ7kNvwHwXphU&#038;_nc_oc=AdoHEv_X22BcFezogjWWuj-WFqRx7qiBzRQJNTB-Ft86p69yE2fcX493P4Cm-bRZcP8&#038;_nc_zt=23&#038;_nc_ht=scontent-mad2-1.cdninstagram.com&#038;edm=ANo9K5cEAAAA&#038;_nc_gid=DeLaL07sKnoJ3biAh5SSYg&#038;_nc_tpa=Q5bMBQI-yT31YAZz6lPJY4QH52NOyvEQi4FLx7H9fHCMRpUGjwfJSIgiVyZZN4F-l3txpXw1SDvIaZXA&#038;oh=00_AQI3pDcA-cSBwp5hBnfkvdbj6XZK0DXO-WSoc-Ks_jcC0g&#038;oe=6A9FB0C5\" alt=\"In Madrid Travel Private Tours, we are happy to wish you a nice summer!\n\nAfter a long spring season , full of experiences and meeting different travelers, we put an end to this part of the high season in our city with this wonderful family group, from  USA. Ruriko and her husband are musicians and live in LA, and they took profit of some vacations to meet the rest of her  family living in Japan and other places in the USA,  in Madrid. \n\nRuriko chose us to supply them some private tours to Toledo and to The Royal Monastery of Escorial and the Valley of the Fallen (Cuelgamuros).\n\nDespite the high temperatures in Madrid, we were able to experience the magic of these twoo destinations on a day tour from Madrid.\n\nThey were particularly impressed by the amazing Library of Escorial.\n\nAnd of course, they also wanted to experience the local cuisine in our country.\n\nWe wish all of you , a nice summer!!\n\nComing back in September.... #thebestdaytourspain #madrid #privatetours #madridspain #madridconguiaoficial #MadridesCultura #Gu\u00edasOficiales #TurismoCultural #tailorpremiumtoursmadrid #HeritageSites #TheBestToursinMadrid #enjoymadrid #Madrid\"\/><div class=\"swiper-lazy-preloader swiper-lazy-preloader-white\"><\/div><\/div><div class=\"swiper-slide wpz-insta-album-image\" data-media-type=\"image\"><img class=\"wpzoom-swiper-image swiper-lazy\" data-src=\"https:\/\/scontent-mad2-1.cdninstagram.com\/v\/t39.30808-6\/737401578_1349925914009471_7978638994343392876_n.jpg?stp=dst-jpg_e35_tt6&#038;_nc_cat=110&#038;ccb=7-5&#038;_nc_sid=18de74&#038;efg=eyJlZmdfdGFnIjoiQ0FST1VTRUxfSVRFTS5iZXN0X2ltYWdlX3VybGdlbi5DMiJ9&#038;_nc_ohc=7cNaEVZe9ZMQ7kNvwHzIpQP&#038;_nc_oc=AdrxY51FgVlM4m9T7Mb1mUNggMTyDdY0UUPckDgzUzE9mRKxLetk2-Bp5Uv3C6egkTY&#038;_nc_zt=23&#038;_nc_ht=scontent-mad2-1.cdninstagram.com&#038;edm=ANo9K5cEAAAA&#038;_nc_gid=DeLaL07sKnoJ3biAh5SSYg&#038;_nc_tpa=Q5bMBQJiox8XlFCVtP44QIFT032tNgEQdK-tTIutQT4umarGu1vyU9irsgQgLnnXScu0Q5JL3jrBkO22&#038;oh=00_AQK0uAq3Ba3KnXs6KtgHRnlilLjrrS94vwvfm21Yj_O8rA&#038;oe=6A9FD31A\" alt=\"In Madrid Travel Private Tours, we are happy to wish you a nice summer!\n\nAfter a long spring season , full of experiences and meeting different travelers, we put an end to this part of the high season in our city with this wonderful family group, from  USA. Ruriko and her husband are musicians and live in LA, and they took profit of some vacations to meet the rest of her  family living in Japan and other places in the USA,  in Madrid. \n\nRuriko chose us to supply them some private tours to Toledo and to The Royal Monastery of Escorial and the Valley of the Fallen (Cuelgamuros).\n\nDespite the high temperatures in Madrid, we were able to experience the magic of these twoo destinations on a day tour from Madrid.\n\nThey were particularly impressed by the amazing Library of Escorial.\n\nAnd of course, they also wanted to experience the local cuisine in our country.\n\nWe wish all of you , a nice summer!!\n\nComing back in September.... #thebestdaytourspain #madrid #privatetours #madridspain #madridconguiaoficial #MadridesCultura #Gu\u00edasOficiales #TurismoCultural #tailorpremiumtoursmadrid #HeritageSites #TheBestToursinMadrid #enjoymadrid #Madrid\"\/><div class=\"swiper-lazy-preloader swiper-lazy-preloader-white\"><\/div><\/div><div class=\"swiper-slide wpz-insta-album-image\" data-media-type=\"image\"><img class=\"wpzoom-swiper-image swiper-lazy\" data-src=\"https:\/\/scontent-mad2-1.cdninstagram.com\/v\/t39.30808-6\/734846216_1349926747342721_5033443851868410943_n.jpg?stp=dst-jpg_e35_tt6&#038;_nc_cat=108&#038;ccb=7-5&#038;_nc_sid=18de74&#038;efg=eyJlZmdfdGFnIjoiQ0FST1VTRUxfSVRFTS5iZXN0X2ltYWdlX3VybGdlbi5DMiJ9&#038;_nc_ohc=tIGA435zqIMQ7kNvwHhpF3Z&#038;_nc_oc=AdoBDBWclO3GkaT3GB3r59b9HDmuQCZoeOAXLf73SnUslGxNCh8wduMmneRznBsuHCU&#038;_nc_zt=23&#038;_nc_ht=scontent-mad2-1.cdninstagram.com&#038;edm=ANo9K5cEAAAA&#038;_nc_gid=DeLaL07sKnoJ3biAh5SSYg&#038;_nc_tpa=Q5bMBQIqByksJsN7qcQimbnn7OEDXREgplcy6ePGPLgmzPIIj15ekgjKhe72o91XLoMGlS0r5ZZBflJy&#038;oh=00_AQJwL2gqHD-nCVo7UdpaIrh9a1JOw2M1ortxORuTmQOFiw&#038;oe=6A9FD8B9\" alt=\"In Madrid Travel Private Tours, we are happy to wish you a nice summer!\n\nAfter a long spring season , full of experiences and meeting different travelers, we put an end to this part of the high season in our city with this wonderful family group, from  USA. Ruriko and her husband are musicians and live in LA, and they took profit of some vacations to meet the rest of her  family living in Japan and other places in the USA,  in Madrid. \n\nRuriko chose us to supply them some private tours to Toledo and to The Royal Monastery of Escorial and the Valley of the Fallen (Cuelgamuros).\n\nDespite the high temperatures in Madrid, we were able to experience the magic of these twoo destinations on a day tour from Madrid.\n\nThey were particularly impressed by the amazing Library of Escorial.\n\nAnd of course, they also wanted to experience the local cuisine in our country.\n\nWe wish all of you , a nice summer!!\n\nComing back in September.... #thebestdaytourspain #madrid #privatetours #madridspain #madridconguiaoficial #MadridesCultura #Gu\u00edasOficiales #TurismoCultural #tailorpremiumtoursmadrid #HeritageSites #TheBestToursinMadrid #enjoymadrid #Madrid\"\/><div class=\"swiper-lazy-preloader swiper-lazy-preloader-white\"><\/div><\/div><div class=\"swiper-slide wpz-insta-album-image\" data-media-type=\"image\"><img class=\"wpzoom-swiper-image swiper-lazy\" data-src=\"https:\/\/scontent-mad2-1.cdninstagram.com\/v\/t39.30808-6\/738625370_1349927010676028_8293195876758439716_n.jpg?stp=dst-jpg_e35_tt6&#038;_nc_cat=108&#038;ccb=7-5&#038;_nc_sid=18de74&#038;efg=eyJlZmdfdGFnIjoiQ0FST1VTRUxfSVRFTS5iZXN0X2ltYWdlX3VybGdlbi5DMiJ9&#038;_nc_ohc=UymRdW1rSAMQ7kNvwFb2IeC&#038;_nc_oc=AdoGgF2Hf0EdtLtimda_HbKsDRmJQ48KcO61gipcDi2yYFXs00qKpl7cCmepdW4P1pE&#038;_nc_zt=23&#038;_nc_ht=scontent-mad2-1.cdninstagram.com&#038;edm=ANo9K5cEAAAA&#038;_nc_gid=DeLaL07sKnoJ3biAh5SSYg&#038;_nc_tpa=Q5bMBQL0OF3pn6GMbm1h7hnUD2TIDul4QamFOr-aUaWbjVJkPqUQnFMHdMfg0FSvg1bGRSjYClzpmv69&#038;oh=00_AQK4E0x4KMTImCrCEwBBDsywHpA5QoJV_mzHr-ZtBguzxQ&#038;oe=6A9FCEDF\" alt=\"In Madrid Travel Private Tours, we are happy to wish you a nice summer!\n\nAfter a long spring season , full of experiences and meeting different travelers, we put an end to this part of the high season in our city with this wonderful family group, from  USA. Ruriko and her husband are musicians and live in LA, and they took profit of some vacations to meet the rest of her  family living in Japan and other places in the USA,  in Madrid. \n\nRuriko chose us to supply them some private tours to Toledo and to The Royal Monastery of Escorial and the Valley of the Fallen (Cuelgamuros).\n\nDespite the high temperatures in Madrid, we were able to experience the magic of these twoo destinations on a day tour from Madrid.\n\nThey were particularly impressed by the amazing Library of Escorial.\n\nAnd of course, they also wanted to experience the local cuisine in our country.\n\nWe wish all of you , a nice summer!!\n\nComing back in September.... #thebestdaytourspain #madrid #privatetours #madridspain #madridconguiaoficial #MadridesCultura #Gu\u00edasOficiales #TurismoCultural #tailorpremiumtoursmadrid #HeritageSites #TheBestToursinMadrid #enjoymadrid #Madrid\"\/><div class=\"swiper-lazy-preloader swiper-lazy-preloader-white\"><\/div><\/div><div class=\"swiper-slide wpz-insta-album-image\" data-media-type=\"image\"><img class=\"wpzoom-swiper-image swiper-lazy\" data-src=\"https:\/\/scontent-mad1-1.cdninstagram.com\/v\/t39.30808-6\/734067720_1349927174009345_9009455720792667393_n.jpg?stp=dst-jpg_e35_tt6&#038;_nc_cat=107&#038;ccb=7-5&#038;_nc_sid=18de74&#038;efg=eyJlZmdfdGFnIjoiQ0FST1VTRUxfSVRFTS5iZXN0X2ltYWdlX3VybGdlbi5DMiJ9&#038;_nc_ohc=rz7CPEjp-ZUQ7kNvwG__e6P&#038;_nc_oc=AdqNI-XmOzN_6jhLJ3Ky5xuHgo8SAIwk76NU2dM9168VZCgIAWOF4kZ-6rAiP_qEIjI&#038;_nc_zt=23&#038;_nc_ht=scontent-mad1-1.cdninstagram.com&#038;edm=ANo9K5cEAAAA&#038;_nc_gid=DeLaL07sKnoJ3biAh5SSYg&#038;_nc_tpa=Q5bMBQLbpGNIPs801XqYeFre9RrvPTg4MN26mQpfFpRALona0hP89RTw-9MOi6uAzKlEtof_bYi_FO-q&#038;oh=00_AQIfU0c8yjH7leAOkxb524FZn59N0chZFz3F8MQN1XH5EQ&#038;oe=6A9FC29D\" alt=\"In Madrid Travel Private Tours, we are happy to wish you a nice summer!\n\nAfter a long spring season , full of experiences and meeting different travelers, we put an end to this part of the high season in our city with this wonderful family group, from  USA. Ruriko and her husband are musicians and live in LA, and they took profit of some vacations to meet the rest of her  family living in Japan and other places in the USA,  in Madrid. \n\nRuriko chose us to supply them some private tours to Toledo and to The Royal Monastery of Escorial and the Valley of the Fallen (Cuelgamuros).\n\nDespite the high temperatures in Madrid, we were able to experience the magic of these twoo destinations on a day tour from Madrid.\n\nThey were particularly impressed by the amazing Library of Escorial.\n\nAnd of course, they also wanted to experience the local cuisine in our country.\n\nWe wish all of you , a nice summer!!\n\nComing back in September.... #thebestdaytourspain #madrid #privatetours #madridspain #madridconguiaoficial #MadridesCultura #Gu\u00edasOficiales #TurismoCultural #tailorpremiumtoursmadrid #HeritageSites #TheBestToursinMadrid #enjoymadrid #Madrid\"\/><div class=\"swiper-lazy-preloader swiper-lazy-preloader-white\"><\/div><\/div><div class=\"swiper-slide wpz-insta-album-image\" data-media-type=\"image\"><img class=\"wpzoom-swiper-image swiper-lazy\" data-src=\"https:\/\/scontent-mad2-1.cdninstagram.com\/v\/t39.30808-6\/734314031_1349927294009333_8090432336822771192_n.jpg?stp=dst-jpg_e35_tt6&#038;_nc_cat=104&#038;ccb=7-5&#038;_nc_sid=18de74&#038;efg=eyJlZmdfdGFnIjoiQ0FST1VTRUxfSVRFTS5iZXN0X2ltYWdlX3VybGdlbi5DMiJ9&#038;_nc_ohc=npsMfTJgXS8Q7kNvwHeVT3o&#038;_nc_oc=AdrOe4kW1YaokwYoRXQUR3RHLkIGOaBshUo78ACPNJ53AsdV9qCzye9YbH6XNq_tow4&#038;_nc_zt=23&#038;_nc_ht=scontent-mad2-1.cdninstagram.com&#038;edm=ANo9K5cEAAAA&#038;_nc_gid=DeLaL07sKnoJ3biAh5SSYg&#038;_nc_tpa=Q5bMBQJ_Kd-tGiXu5_e33bGs29TpIlI_i9dzTk9NHmweoP-fENrRuwSXlGJlSuZGJlUBn8fkJfVzeLpl&#038;oh=00_AQIH4jzsNNV9h2zp3c8ZvkC5puzzguLpVG_wm-BRPnfThQ&#038;oe=6A9FDA65\" alt=\"In Madrid Travel Private Tours, we are happy to wish you a nice summer!\n\nAfter a long spring season , full of experiences and meeting different travelers, we put an end to this part of the high season in our city with this wonderful family group, from  USA. Ruriko and her husband are musicians and live in LA, and they took profit of some vacations to meet the rest of her  family living in Japan and other places in the USA,  in Madrid. \n\nRuriko chose us to supply them some private tours to Toledo and to The Royal Monastery of Escorial and the Valley of the Fallen (Cuelgamuros).\n\nDespite the high temperatures in Madrid, we were able to experience the magic of these twoo destinations on a day tour from Madrid.\n\nThey were particularly impressed by the amazing Library of Escorial.\n\nAnd of course, they also wanted to experience the local cuisine in our country.\n\nWe wish all of you , a nice summer!!\n\nComing back in September.... #thebestdaytourspain #madrid #privatetours #madridspain #madridconguiaoficial #MadridesCultura #Gu\u00edasOficiales #TurismoCultural #tailorpremiumtoursmadrid #HeritageSites #TheBestToursinMadrid #enjoymadrid #Madrid\"\/><div class=\"swiper-lazy-preloader swiper-lazy-preloader-white\"><\/div><\/div><div class=\"swiper-slide wpz-insta-album-image\" data-media-type=\"image\"><img class=\"wpzoom-swiper-image swiper-lazy\" data-src=\"https:\/\/scontent-mad2-1.cdninstagram.com\/v\/t39.30808-6\/736896763_1349927517342644_4568377091428348208_n.jpg?stp=dst-jpg_e35_tt6&#038;_nc_cat=111&#038;ccb=7-5&#038;_nc_sid=18de74&#038;efg=eyJlZmdfdGFnIjoiQ0FST1VTRUxfSVRFTS5iZXN0X2ltYWdlX3VybGdlbi5DMiJ9&#038;_nc_ohc=jx1VkIlmFbMQ7kNvwHsmUHs&#038;_nc_oc=AdqAT_E2tSoYVeSFdGKSEZW8_bHK3RaU6k8eAelg3Xonkeiu31akPhLFDXBea5vhclI&#038;_nc_zt=23&#038;_nc_ht=scontent-mad2-1.cdninstagram.com&#038;edm=ANo9K5cEAAAA&#038;_nc_gid=DeLaL07sKnoJ3biAh5SSYg&#038;_nc_tpa=Q5bMBQIglbZ3_jxcmMfzAq3u7zKbPsXeOhECu-LzXbBIAhYl16ttBjgwdz2U69ZMcKhgUwXAQRBN6LUE&#038;oh=00_AQIHiqyaj3-6R03bm-VM-JXZ_nROszDmsQN5LBy3woQ5bg&#038;oe=6A9FD608\" alt=\"In Madrid Travel Private Tours, we are happy to wish you a nice summer!\n\nAfter a long spring season , full of experiences and meeting different travelers, we put an end to this part of the high season in our city with this wonderful family group, from  USA. Ruriko and her husband are musicians and live in LA, and they took profit of some vacations to meet the rest of her  family living in Japan and other places in the USA,  in Madrid. \n\nRuriko chose us to supply them some private tours to Toledo and to The Royal Monastery of Escorial and the Valley of the Fallen (Cuelgamuros).\n\nDespite the high temperatures in Madrid, we were able to experience the magic of these twoo destinations on a day tour from Madrid.\n\nThey were particularly impressed by the amazing Library of Escorial.\n\nAnd of course, they also wanted to experience the local cuisine in our country.\n\nWe wish all of you , a nice summer!!\n\nComing back in September.... #thebestdaytourspain #madrid #privatetours #madridspain #madridconguiaoficial #MadridesCultura #Gu\u00edasOficiales #TurismoCultural #tailorpremiumtoursmadrid #HeritageSites #TheBestToursinMadrid #enjoymadrid #Madrid\"\/><div class=\"swiper-lazy-preloader swiper-lazy-preloader-white\"><\/div><\/div><\/div><div class=\"swiper-pagination\"><\/div><div class=\"swiper-button-prev\"><\/div><div class=\"swiper-button-next\"><\/div><\/div><\/div>\n\t\t\t\t\t<div class=\"details-wrapper\">\n\t\t\t\t\t<div class=\"wpz-insta-header\">\n\t\t\t\t\t\t<div class=\"wpz-insta-avatar\">\n\t\t\t\t\t\t\t<img loading=\"lazy\" decoding=\"async\" src=\"https:\/\/madridtravelprivatetours.com\/wp-content\/uploads\/2025\/11\/201804777_498622628022570_8458539387686347215_n-2-150x150.jpg\" alt=\"@madridtravelprivatetours\" width=\"42\" height=\"42\"\/>\n\t\t\t\t\t\t<\/div>\n\t\t\t\t\t\t<div class=\"wpz-insta-buttons\">\n\t\t\t\t\t\t\t<div class=\"wpz-insta-username\">\n\t\t\t\t\t\t\t\t<a rel=\"noopener\" target=\"_blank\" href=\"https:\/\/instagram.com\/madridtravelprivatetours\">@madridtravelprivatetours<\/a>\n\t\t\t\t\t\t\t<\/div>\n\t\t\t\t\t\t\t<div>&bull;<\/div>\n\t\t\t\t\t\t\t<div class=\"wpz-insta-follow\">\n\t\t\t\t\t\t\t\t<a target=\"_blank\" rel=\"noopener\"\n\t\t\t\t\t\t\t\thref=\"https:\/\/instagram.com\/madridtravelprivatetours?ref=badge\">\n\t\t\t\t\t\t\t\t\tFollow\n\t\t\t\t\t\t\t\t<\/a>\n\t\t\t\t\t\t\t<\/div>\n\t\t\t\t\t\t<\/div>\n\t\t\t\t\t<\/div><div class=\"wpz-insta-caption\">In Madrid Travel Private Tours, we are happy to wish you a nice summer!\n\nAfter a long spring season , full of experiences and meeting different travelers, we put an end to this part of the high season in our city with this wonderful family group, from  USA. Ruriko and her husband are musicians and live in LA, and they took profit of some vacations to meet the rest of her  family living in Japan and other places in the USA,  in Madrid. \n\nRuriko chose us to supply them some private tours to Toledo and to The Royal Monastery of Escorial and the Valley of the Fallen (Cuelgamuros).\n\nDespite the high temperatures in Madrid, we were able to experience the magic of these twoo destinations on a day tour from Madrid.\n\nThey were particularly impressed by the amazing Library of Escorial.\n\nAnd of course, they also wanted to experience the local cuisine in our country.\n\nWe wish all of you , a nice summer!!\n\nComing back in September.... #thebestdaytourspain #madrid #privatetours #madridspain #madridconguiaoficial #MadridesCultura #Gu\u00edasOficiales #TurismoCultural #tailorpremiumtoursmadrid #HeritageSites #TheBestToursinMadrid #enjoymadrid #Madrid<\/div><div class=\"wpz-insta-date\">2 months ago<\/div><div class=\"view-post\">\n\t\t\t\t\t<a href=\"https:\/\/www.instagram.com\/p\/DaYkSaNjc6h\/\" target=\"_blank\" rel=\"noopener\"><span class=\"dashicons dashicons-instagram\"><\/span>View on Instagram<\/a>\n\t\t\t\t\t<span class=\"delimiter\">|<\/span>\n\t\t\t\t\t<div class=\"wpz-insta-pagination\">2\/9<\/div>\n\t\t\t\t\t<\/div><\/div><\/div><\/div><div data-uid=\"18120415867796130\" class=\"swiper-slide wpz-insta-lightbox-item\"><div class=\"wpz-insta-lightbox\"><div class=\"image-wrapper\"><div class=\"swiper\" style=\"height: 100%;\"><div class=\"swiper-wrapper wpz-insta-album-images\"><div class=\"swiper-slide wpz-insta-album-image\" data-media-type=\"image\"><img class=\"wpzoom-swiper-image swiper-lazy\" data-src=\"https:\/\/scontent-mad2-1.cdninstagram.com\/v\/t39.30808-6\/732863881_1342527201416009_7409012179936915594_n.jpg?stp=dst-jpg_e35_tt6&#038;_nc_cat=111&#038;ccb=7-5&#038;_nc_sid=18de74&#038;efg=eyJlZmdfdGFnIjoiQ0FST1VTRUxfSVRFTS5iZXN0X2ltYWdlX3VybGdlbi5DMiJ9&#038;_nc_ohc=cPqJ5D2w-2cQ7kNvwE8KN3-&#038;_nc_oc=AdoDOT3bpU_siTsOyCCSfaIm9KOzsoGmwmtdquOD1E_FtBLiIFxbSAsqDXMFfn8KMq4&#038;_nc_zt=23&#038;_nc_ht=scontent-mad2-1.cdninstagram.com&#038;edm=ANo9K5cEAAAA&#038;_nc_gid=DeLaL07sKnoJ3biAh5SSYg&#038;_nc_tpa=Q5bMBQI3IDvOSmFdpWC5ybhMX4jvSbM-uBFml0vj6mqeOoKRq7_yeqrJkGpGZDXNfxB9b5fuBCRkud32&#038;oh=00_AQKlZDBkT5-tq1RiVk3WqVmLTlXZOnFHn80OKqjDYmODXw&#038;oe=6A9FB6D3\" alt=\"Segovia no es solo su impresionante Acueducto , su catedral y su majestuoso Alc\u00e1zar. \n\n\u203c\ufe0fLa ciudad tambi\u00e9n esconde maravillosos rincones naturales, como los valles del Clamores y del Eresma, donde se puede disfrutar de agradables paseos entre r\u00edos, vegetaci\u00f3n y unas vistas \u00fanicas.\n\n\ud83c\udfafSi os apetece descubrir una Segovia diferente, m\u00e1s tranquila y aut\u00e9ntica, estaremos encantados de ense\u00f1aros estas joyas escondidas. \ud83c\udf3f\ud83c\udff0\u2728\n#privatetours #madridtravelprivatetours #segovia #valledelclamores #valledeleresma #visitspain #arteynaturaleza\"\/><div class=\"swiper-lazy-preloader swiper-lazy-preloader-white\"><\/div><\/div><div class=\"swiper-slide wpz-insta-album-image\" data-media-type=\"image\"><img class=\"wpzoom-swiper-image swiper-lazy\" data-src=\"https:\/\/scontent-mad1-1.cdninstagram.com\/v\/t39.30808-6\/729115769_1342527388082657_5111470940259235678_n.jpg?stp=dst-jpg_e35_tt6&#038;_nc_cat=107&#038;ccb=7-5&#038;_nc_sid=18de74&#038;efg=eyJlZmdfdGFnIjoiQ0FST1VTRUxfSVRFTS5iZXN0X2ltYWdlX3VybGdlbi5DMiJ9&#038;_nc_ohc=DBpZ4izqdEcQ7kNvwH2_COI&#038;_nc_oc=AdrI0MkaR9BE53QTrwFy41VDxmjZSGJb5v8XLEgkG9557U6AA9sShjdgVg6QabgPRCU&#038;_nc_zt=23&#038;_nc_ht=scontent-mad1-1.cdninstagram.com&#038;edm=ANo9K5cEAAAA&#038;_nc_gid=DeLaL07sKnoJ3biAh5SSYg&#038;_nc_tpa=Q5bMBQLI660Y31vI1jKsF4U7P44_vqBRNrp9VKUo3TCUgw6pQ5FB4NDansI8Tn9YfMoPzHihDcKMMwoe&#038;oh=00_AQKsWjymVDqcUWilUoVyRULq1kTb6bDfUmpykvAAaKY5Jw&#038;oe=6A9FB612\" alt=\"Segovia no es solo su impresionante Acueducto , su catedral y su majestuoso Alc\u00e1zar. \n\n\u203c\ufe0fLa ciudad tambi\u00e9n esconde maravillosos rincones naturales, como los valles del Clamores y del Eresma, donde se puede disfrutar de agradables paseos entre r\u00edos, vegetaci\u00f3n y unas vistas \u00fanicas.\n\n\ud83c\udfafSi os apetece descubrir una Segovia diferente, m\u00e1s tranquila y aut\u00e9ntica, estaremos encantados de ense\u00f1aros estas joyas escondidas. \ud83c\udf3f\ud83c\udff0\u2728\n#privatetours #madridtravelprivatetours #segovia #valledelclamores #valledeleresma #visitspain #arteynaturaleza\"\/><div class=\"swiper-lazy-preloader swiper-lazy-preloader-white\"><\/div><\/div><div class=\"swiper-slide wpz-insta-album-image\" data-media-type=\"image\"><img class=\"wpzoom-swiper-image swiper-lazy\" data-src=\"https:\/\/scontent-mad1-1.cdninstagram.com\/v\/t39.30808-6\/731702825_1342527468082649_1688817960998205488_n.jpg?stp=dst-jpg_e35_tt6&#038;_nc_cat=106&#038;ccb=7-5&#038;_nc_sid=18de74&#038;efg=eyJlZmdfdGFnIjoiQ0FST1VTRUxfSVRFTS5iZXN0X2ltYWdlX3VybGdlbi5DMiJ9&#038;_nc_ohc=c0c0OqKoTGQQ7kNvwE2Zif1&#038;_nc_oc=AdrtJqVwFggEvFw2dKoD3TkdInyEKWVYVZD0HBE86T8Egr8YGQAYNXk4slYXy3z7swA&#038;_nc_zt=23&#038;_nc_ht=scontent-mad1-1.cdninstagram.com&#038;edm=ANo9K5cEAAAA&#038;_nc_gid=DeLaL07sKnoJ3biAh5SSYg&#038;_nc_tpa=Q5bMBQJRSUk6IDhxImL6pAN26oSkdwx5R-DH6teICxdA_z3iSDCUwrUEW9BWA0OAD8mbDQ9lByVcfkHN&#038;oh=00_AQJrMTrtEQrKKHjXotjJ2zd0WQTQso_5BKOCJVBKAt1zOQ&#038;oe=6A9FE134\" alt=\"Segovia no es solo su impresionante Acueducto , su catedral y su majestuoso Alc\u00e1zar. \n\n\u203c\ufe0fLa ciudad tambi\u00e9n esconde maravillosos rincones naturales, como los valles del Clamores y del Eresma, donde se puede disfrutar de agradables paseos entre r\u00edos, vegetaci\u00f3n y unas vistas \u00fanicas.\n\n\ud83c\udfafSi os apetece descubrir una Segovia diferente, m\u00e1s tranquila y aut\u00e9ntica, estaremos encantados de ense\u00f1aros estas joyas escondidas. \ud83c\udf3f\ud83c\udff0\u2728\n#privatetours #madridtravelprivatetours #segovia #valledelclamores #valledeleresma #visitspain #arteynaturaleza\"\/><div class=\"swiper-lazy-preloader swiper-lazy-preloader-white\"><\/div><\/div><div class=\"swiper-slide wpz-insta-album-image\" data-media-type=\"image\"><img class=\"wpzoom-swiper-image swiper-lazy\" data-src=\"https:\/\/scontent-mad1-1.cdninstagram.com\/v\/t39.30808-6\/731037789_1342527331415996_5656117771747749031_n.jpg?stp=dst-jpg_e35_tt6&#038;_nc_cat=100&#038;ccb=7-5&#038;_nc_sid=18de74&#038;efg=eyJlZmdfdGFnIjoiQ0FST1VTRUxfSVRFTS5iZXN0X2ltYWdlX3VybGdlbi5DMiJ9&#038;_nc_ohc=aH3FbGX8ozsQ7kNvwF7lqY2&#038;_nc_oc=Adq4CdkGTvWFt-BzrG3kHnnzjjqLSJ9OS1G-UIjJ4MCfS9BmFKBK3l2A7_UahOz2stg&#038;_nc_zt=23&#038;_nc_ht=scontent-mad1-1.cdninstagram.com&#038;edm=ANo9K5cEAAAA&#038;_nc_gid=DeLaL07sKnoJ3biAh5SSYg&#038;_nc_tpa=Q5bMBQL39LzAf3MFvLek3PXykGCuyXXH2Aohn2Av_YwLHqz_8vJicz120xSwMCEYbXjA8mU4Slx3wNfe&#038;oh=00_AQIyoWcN2rT6fR5YtNRvd8EBJMrP1E9li5Js3sSfQJ8O5Q&#038;oe=6A9FC959\" alt=\"Segovia no es solo su impresionante Acueducto , su catedral y su majestuoso Alc\u00e1zar. \n\n\u203c\ufe0fLa ciudad tambi\u00e9n esconde maravillosos rincones naturales, como los valles del Clamores y del Eresma, donde se puede disfrutar de agradables paseos entre r\u00edos, vegetaci\u00f3n y unas vistas \u00fanicas.\n\n\ud83c\udfafSi os apetece descubrir una Segovia diferente, m\u00e1s tranquila y aut\u00e9ntica, estaremos encantados de ense\u00f1aros estas joyas escondidas. \ud83c\udf3f\ud83c\udff0\u2728\n#privatetours #madridtravelprivatetours #segovia #valledelclamores #valledeleresma #visitspain #arteynaturaleza\"\/><div class=\"swiper-lazy-preloader swiper-lazy-preloader-white\"><\/div><\/div><div class=\"swiper-slide wpz-insta-album-image\" data-media-type=\"image\"><img class=\"wpzoom-swiper-image swiper-lazy\" data-src=\"https:\/\/scontent-mad1-1.cdninstagram.com\/v\/t39.30808-6\/730628749_1342527218082674_375832256692536937_n.jpg?stp=dst-jpg_e35_tt6&#038;_nc_cat=106&#038;ccb=7-5&#038;_nc_sid=18de74&#038;efg=eyJlZmdfdGFnIjoiQ0FST1VTRUxfSVRFTS5iZXN0X2ltYWdlX3VybGdlbi5DMiJ9&#038;_nc_ohc=R9Gehh4fJgYQ7kNvwEWGNKz&#038;_nc_oc=AdopJRDc9zA5K7hhbCvyea26bNs08hW7iFF6FtsAG-1hK2JKavIf_74DqhIR69dHlvU&#038;_nc_zt=23&#038;_nc_ht=scontent-mad1-1.cdninstagram.com&#038;edm=ANo9K5cEAAAA&#038;_nc_gid=DeLaL07sKnoJ3biAh5SSYg&#038;_nc_tpa=Q5bMBQLSHDBmc5pdAij1wyWjiWyvu12s8ylxP7j7Kwy_B2ip4ay-bFtLwYQx-Qm-j3mIZL_stxMh08vq&#038;oh=00_AQLIK3oUCCOH5QhT9qf6cmyvyFgwUiN1lhZR7IEh3Jqxkw&#038;oe=6A9FCAD1\" alt=\"Segovia no es solo su impresionante Acueducto , su catedral y su majestuoso Alc\u00e1zar. \n\n\u203c\ufe0fLa ciudad tambi\u00e9n esconde maravillosos rincones naturales, como los valles del Clamores y del Eresma, donde se puede disfrutar de agradables paseos entre r\u00edos, vegetaci\u00f3n y unas vistas \u00fanicas.\n\n\ud83c\udfafSi os apetece descubrir una Segovia diferente, m\u00e1s tranquila y aut\u00e9ntica, estaremos encantados de ense\u00f1aros estas joyas escondidas. \ud83c\udf3f\ud83c\udff0\u2728\n#privatetours #madridtravelprivatetours #segovia #valledelclamores #valledeleresma #visitspain #arteynaturaleza\"\/><div class=\"swiper-lazy-preloader swiper-lazy-preloader-white\"><\/div><\/div><div class=\"swiper-slide wpz-insta-album-image\" data-media-type=\"image\"><img class=\"wpzoom-swiper-image swiper-lazy\" data-src=\"https:\/\/scontent-mad1-1.cdninstagram.com\/v\/t39.30808-6\/731310324_1342527404749322_4806590071941285312_n.jpg?stp=dst-jpg_e35_tt6&#038;_nc_cat=105&#038;ccb=7-5&#038;_nc_sid=18de74&#038;efg=eyJlZmdfdGFnIjoiQ0FST1VTRUxfSVRFTS5iZXN0X2ltYWdlX3VybGdlbi5DMiJ9&#038;_nc_ohc=dUyFHNJgKAsQ7kNvwF8HFTa&#038;_nc_oc=AdpGRYFWFnWlvY2FymEpajRcc-D4eh-R2Mfo7_UCtU-bJR4a8TXkeCzrxXKHSS8RnJw&#038;_nc_zt=23&#038;_nc_ht=scontent-mad1-1.cdninstagram.com&#038;edm=ANo9K5cEAAAA&#038;_nc_gid=DeLaL07sKnoJ3biAh5SSYg&#038;_nc_tpa=Q5bMBQI0KY2XzVGZL-9LFNrUekBKDmsPOFjlNhTOsVkXYAo3qTlPQ3x-lN2jfBTnpyFqXEVOjRGuaLW8&#038;oh=00_AQIWVUOvScm3IkR8nAACB6k6x_BEY60DPKiJncHtD81jzg&#038;oe=6A9FBA47\" alt=\"Segovia no es solo su impresionante Acueducto , su catedral y su majestuoso Alc\u00e1zar. \n\n\u203c\ufe0fLa ciudad tambi\u00e9n esconde maravillosos rincones naturales, como los valles del Clamores y del Eresma, donde se puede disfrutar de agradables paseos entre r\u00edos, vegetaci\u00f3n y unas vistas \u00fanicas.\n\n\ud83c\udfafSi os apetece descubrir una Segovia diferente, m\u00e1s tranquila y aut\u00e9ntica, estaremos encantados de ense\u00f1aros estas joyas escondidas. \ud83c\udf3f\ud83c\udff0\u2728\n#privatetours #madridtravelprivatetours #segovia #valledelclamores #valledeleresma #visitspain #arteynaturaleza\"\/><div class=\"swiper-lazy-preloader swiper-lazy-preloader-white\"><\/div><\/div><div class=\"swiper-slide wpz-insta-album-image\" data-media-type=\"image\"><img class=\"wpzoom-swiper-image swiper-lazy\" data-src=\"https:\/\/scontent-mad1-1.cdninstagram.com\/v\/t39.30808-6\/730571285_1342527488082647_5197958144333422843_n.jpg?stp=dst-jpg_e35_tt6&#038;_nc_cat=103&#038;ccb=7-5&#038;_nc_sid=18de74&#038;efg=eyJlZmdfdGFnIjoiQ0FST1VTRUxfSVRFTS5iZXN0X2ltYWdlX3VybGdlbi5DMiJ9&#038;_nc_ohc=yjGh3-6XrLwQ7kNvwEwgl5P&#038;_nc_oc=Adq_FHDgXtMi3MpjIRRyk4aQ7bYDKO5MquwtRrmpdPxFFCmw5008r9EObZDS3ImTiBg&#038;_nc_zt=23&#038;_nc_ht=scontent-mad1-1.cdninstagram.com&#038;edm=ANo9K5cEAAAA&#038;_nc_gid=DeLaL07sKnoJ3biAh5SSYg&#038;_nc_tpa=Q5bMBQLQjZQank2s4OYDWbge3JOr5Ts0ZYPHdF-uPjKgpd79CTLOIQNmNbzkKJGmZz8MEn1mZO0z9OPS&#038;oh=00_AQK7dnnJSdrR_dgrl0ENkvQwEGLbvv5OktJTBTFA9ge4Eg&#038;oe=6A9FDE9F\" alt=\"Segovia no es solo su impresionante Acueducto , su catedral y su majestuoso Alc\u00e1zar. \n\n\u203c\ufe0fLa ciudad tambi\u00e9n esconde maravillosos rincones naturales, como los valles del Clamores y del Eresma, donde se puede disfrutar de agradables paseos entre r\u00edos, vegetaci\u00f3n y unas vistas \u00fanicas.\n\n\ud83c\udfafSi os apetece descubrir una Segovia diferente, m\u00e1s tranquila y aut\u00e9ntica, estaremos encantados de ense\u00f1aros estas joyas escondidas. \ud83c\udf3f\ud83c\udff0\u2728\n#privatetours #madridtravelprivatetours #segovia #valledelclamores #valledeleresma #visitspain #arteynaturaleza\"\/><div class=\"swiper-lazy-preloader swiper-lazy-preloader-white\"><\/div><\/div><div class=\"swiper-slide wpz-insta-album-image\" data-media-type=\"image\"><img class=\"wpzoom-swiper-image swiper-lazy\" data-src=\"https:\/\/scontent-mad2-1.cdninstagram.com\/v\/t39.30808-6\/730320862_1342527318082664_5346745302908362315_n.jpg?stp=dst-jpg_e35_tt6&#038;_nc_cat=110&#038;ccb=7-5&#038;_nc_sid=18de74&#038;efg=eyJlZmdfdGFnIjoiQ0FST1VTRUxfSVRFTS5iZXN0X2ltYWdlX3VybGdlbi5DMiJ9&#038;_nc_ohc=lj3JtbE5KFsQ7kNvwE9pw7b&#038;_nc_oc=AdqPyM08-V8i7gOn5LD3z2-noWUeYZZyYsTR39ndK3K_VPPKOxo23DVHdUR4Ljg0AQQ&#038;_nc_zt=23&#038;_nc_ht=scontent-mad2-1.cdninstagram.com&#038;edm=ANo9K5cEAAAA&#038;_nc_gid=DeLaL07sKnoJ3biAh5SSYg&#038;_nc_tpa=Q5bMBQKigCXj4lFk7r2wQdhXSozvZ9YUFEKaXAjmD7C_6D3uQdUgGtQeMcUz4piV2WI_kpMYUvYH4vS_&#038;oh=00_AQLt6CX0EHLEA1KskeF5lZxKXVM4AXgX0NStqXclMm-8Ig&#038;oe=6A9FB7CB\" alt=\"Segovia no es solo su impresionante Acueducto , su catedral y su majestuoso Alc\u00e1zar. \n\n\u203c\ufe0fLa ciudad tambi\u00e9n esconde maravillosos rincones naturales, como los valles del Clamores y del Eresma, donde se puede disfrutar de agradables paseos entre r\u00edos, vegetaci\u00f3n y unas vistas \u00fanicas.\n\n\ud83c\udfafSi os apetece descubrir una Segovia diferente, m\u00e1s tranquila y aut\u00e9ntica, estaremos encantados de ense\u00f1aros estas joyas escondidas. \ud83c\udf3f\ud83c\udff0\u2728\n#privatetours #madridtravelprivatetours #segovia #valledelclamores #valledeleresma #visitspain #arteynaturaleza\"\/><div class=\"swiper-lazy-preloader swiper-lazy-preloader-white\"><\/div><\/div><div class=\"swiper-slide wpz-insta-album-image\" data-media-type=\"image\"><img class=\"wpzoom-swiper-image swiper-lazy\" data-src=\"https:\/\/scontent-mad1-1.cdninstagram.com\/v\/t39.30808-6\/731200025_1342527268082669_5285107700683224650_n.jpg?stp=dst-jpg_e35_tt6&#038;_nc_cat=107&#038;ccb=7-5&#038;_nc_sid=18de74&#038;efg=eyJlZmdfdGFnIjoiQ0FST1VTRUxfSVRFTS5iZXN0X2ltYWdlX3VybGdlbi5DMiJ9&#038;_nc_ohc=yNRjC20pl_EQ7kNvwHPRlCn&#038;_nc_oc=AdovJGtza7UxyCpJy6Liazdhfatpk5MLHSIbW3dmW18M5lGNcOOhYwLfu9FPKXGpP3A&#038;_nc_zt=23&#038;_nc_ht=scontent-mad1-1.cdninstagram.com&#038;edm=ANo9K5cEAAAA&#038;_nc_gid=DeLaL07sKnoJ3biAh5SSYg&#038;_nc_tpa=Q5bMBQIupylf-_pAwmWW2epL360_L9qBKzOVGmhAbkl7L-XzVzBppiLhwsstCyxy2V2ldNhkHrKgYQIT&#038;oh=00_AQI-yQPEVBt8AmHzHpv1dxBorWFv4h0ofmTiRykcfWoA4A&#038;oe=6A9FB77B\" alt=\"Segovia no es solo su impresionante Acueducto , su catedral y su majestuoso Alc\u00e1zar. \n\n\u203c\ufe0fLa ciudad tambi\u00e9n esconde maravillosos rincones naturales, como los valles del Clamores y del Eresma, donde se puede disfrutar de agradables paseos entre r\u00edos, vegetaci\u00f3n y unas vistas \u00fanicas.\n\n\ud83c\udfafSi os apetece descubrir una Segovia diferente, m\u00e1s tranquila y aut\u00e9ntica, estaremos encantados de ense\u00f1aros estas joyas escondidas. \ud83c\udf3f\ud83c\udff0\u2728\n#privatetours #madridtravelprivatetours #segovia #valledelclamores #valledeleresma #visitspain #arteynaturaleza\"\/><div class=\"swiper-lazy-preloader swiper-lazy-preloader-white\"><\/div><\/div><div class=\"swiper-slide wpz-insta-album-image\" data-media-type=\"image\"><img class=\"wpzoom-swiper-image swiper-lazy\" data-src=\"https:\/\/scontent-mad1-1.cdninstagram.com\/v\/t39.30808-6\/730294759_1342527264749336_2922176368134706624_n.jpg?stp=dst-jpg_e35_tt6&#038;_nc_cat=101&#038;ccb=7-5&#038;_nc_sid=18de74&#038;efg=eyJlZmdfdGFnIjoiQ0FST1VTRUxfSVRFTS5iZXN0X2ltYWdlX3VybGdlbi5DMiJ9&#038;_nc_ohc=_CilF0B_qPYQ7kNvwGE3uD6&#038;_nc_oc=AdqrfLiEwr-ldtc7TYQiy-g2hejYSRlenD0U6RDN0g62a02GFvgkLRTinXAy8KmvEdc&#038;_nc_zt=23&#038;_nc_ht=scontent-mad1-1.cdninstagram.com&#038;edm=ANo9K5cEAAAA&#038;_nc_gid=DeLaL07sKnoJ3biAh5SSYg&#038;_nc_tpa=Q5bMBQKuQRFCClpgaH7RDFKdhufqAKxIzfEjTyjz-_EaBLU7blIHTMzk36NMUaaF-1F6u8UPp_qo1jWD&#038;oh=00_AQKlYhWttePFiOb2tSnkNEj6qDlyY4jNrVTY-PEgfCVQzA&#038;oe=6A9FB294\" alt=\"Segovia no es solo su impresionante Acueducto , su catedral y su majestuoso Alc\u00e1zar. \n\n\u203c\ufe0fLa ciudad tambi\u00e9n esconde maravillosos rincones naturales, como los valles del Clamores y del Eresma, donde se puede disfrutar de agradables paseos entre r\u00edos, vegetaci\u00f3n y unas vistas \u00fanicas.\n\n\ud83c\udfafSi os apetece descubrir una Segovia diferente, m\u00e1s tranquila y aut\u00e9ntica, estaremos encantados de ense\u00f1aros estas joyas escondidas. \ud83c\udf3f\ud83c\udff0\u2728\n#privatetours #madridtravelprivatetours #segovia #valledelclamores #valledeleresma #visitspain #arteynaturaleza\"\/><div class=\"swiper-lazy-preloader swiper-lazy-preloader-white\"><\/div><\/div><\/div><div class=\"swiper-pagination\"><\/div><div class=\"swiper-button-prev\"><\/div><div class=\"swiper-button-next\"><\/div><\/div><\/div>\n\t\t\t\t\t<div class=\"details-wrapper\">\n\t\t\t\t\t<div class=\"wpz-insta-header\">\n\t\t\t\t\t\t<div class=\"wpz-insta-avatar\">\n\t\t\t\t\t\t\t<img loading=\"lazy\" decoding=\"async\" src=\"https:\/\/madridtravelprivatetours.com\/wp-content\/uploads\/2025\/11\/201804777_498622628022570_8458539387686347215_n-2-150x150.jpg\" alt=\"@madridtravelprivatetours\" width=\"42\" height=\"42\"\/>\n\t\t\t\t\t\t<\/div>\n\t\t\t\t\t\t<div class=\"wpz-insta-buttons\">\n\t\t\t\t\t\t\t<div class=\"wpz-insta-username\">\n\t\t\t\t\t\t\t\t<a rel=\"noopener\" target=\"_blank\" href=\"https:\/\/instagram.com\/madridtravelprivatetours\">@madridtravelprivatetours<\/a>\n\t\t\t\t\t\t\t<\/div>\n\t\t\t\t\t\t\t<div>&bull;<\/div>\n\t\t\t\t\t\t\t<div class=\"wpz-insta-follow\">\n\t\t\t\t\t\t\t\t<a target=\"_blank\" rel=\"noopener\"\n\t\t\t\t\t\t\t\thref=\"https:\/\/instagram.com\/madridtravelprivatetours?ref=badge\">\n\t\t\t\t\t\t\t\t\tFollow\n\t\t\t\t\t\t\t\t<\/a>\n\t\t\t\t\t\t\t<\/div>\n\t\t\t\t\t\t<\/div>\n\t\t\t\t\t<\/div><div class=\"wpz-insta-caption\">Segovia no es solo su impresionante Acueducto , su catedral y su majestuoso Alc\u00e1zar. \n\n\u203c\ufe0fLa ciudad tambi\u00e9n esconde maravillosos rincones naturales, como los valles del Clamores y del Eresma, donde se puede disfrutar de agradables paseos entre r\u00edos, vegetaci\u00f3n y unas vistas \u00fanicas.\n\n\ud83c\udfafSi os apetece descubrir una Segovia diferente, m\u00e1s tranquila y aut\u00e9ntica, estaremos encantados de ense\u00f1aros estas joyas escondidas. \ud83c\udf3f\ud83c\udff0\u2728\n#privatetours #madridtravelprivatetours #segovia #valledelclamores #valledeleresma #visitspain #arteynaturaleza<\/div><div class=\"wpz-insta-date\">2 months ago<\/div><div class=\"view-post\">\n\t\t\t\t\t<a href=\"https:\/\/www.instagram.com\/p\/DaCmXFzgOh0\/\" target=\"_blank\" rel=\"noopener\"><span class=\"dashicons dashicons-instagram\"><\/span>View on Instagram<\/a>\n\t\t\t\t\t<span class=\"delimiter\">|<\/span>\n\t\t\t\t\t<div class=\"wpz-insta-pagination\">3\/9<\/div>\n\t\t\t\t\t<\/div><\/div><\/div><\/div><div data-uid=\"18142500256521938\" class=\"swiper-slide wpz-insta-lightbox-item\"><div class=\"wpz-insta-lightbox\"><div class=\"image-wrapper\"><div class=\"swiper\" style=\"height: 100%;\"><div class=\"swiper-wrapper wpz-insta-album-images\"><div class=\"swiper-slide wpz-insta-album-image\" data-media-type=\"image\"><img class=\"wpzoom-swiper-image swiper-lazy\" data-src=\"https:\/\/scontent-mad1-1.cdninstagram.com\/v\/t39.30808-6\/725015832_1335425222126207_4862053618323939366_n.jpg?stp=dst-jpg_e35_tt6&#038;_nc_cat=105&#038;ccb=7-5&#038;_nc_sid=18de74&#038;efg=eyJlZmdfdGFnIjoiQ0FST1VTRUxfSVRFTS5iZXN0X2ltYWdlX3VybGdlbi5DMiJ9&#038;_nc_ohc=5ufLhnb0vQAQ7kNvwG2VrBY&#038;_nc_oc=AdqPo8iSnBtZ0hjBR8-bu2sdkdaQNmaiFDiPDKh2uT-p9HPkTWiMxv7cTfGYuhel_EI&#038;_nc_zt=23&#038;_nc_ht=scontent-mad1-1.cdninstagram.com&#038;edm=ANo9K5cEAAAA&#038;_nc_gid=DeLaL07sKnoJ3biAh5SSYg&#038;_nc_tpa=Q5bMBQKvDYnPvT-bEvsZKI1JIoVOlkNriy1S8tujhkC8BrBdYsJov8JCakE5YTzROKZofPNBRnTjUzRS&#038;oh=00_AQKFmIJ5RrQtmPEwl7t2_Ay1-BkPmJPxRZvKHmpZMinL6w&#038;oe=6A9FB25E\" alt=\"Sombrereria Medrano: \u00a1una de las tiendas centenarias del Madrid de los Austrias!\n\nCuando paseamos por el Madrid de los Austrias, una de las cosas que m\u00e1s les gusta a nuestros clientes es explorar alguna de sus tiendas centenarias e ic\u00f3nicas: esas que siguen siendo aut\u00e9nticas y merece la pena visitar.\n\nEn este caso hemos visitado la  Sombrerer\u00eda Medrano, un rinc\u00f3n m\u00e1gico fundado en 1832 por Bernardino Abial y Roda. Ubicada en la Calle Imperial, 12 (al lado de la Plaza Mayor)  este negocio familiar ha visto pasar casi dos siglos de historia sin perder un \u00e1pice de su esencia.\n\n\ud83e\uddf5 Artesan\u00eda pura: Contin\u00faan confeccionando sus piezas a mano en su propio taller subterr\u00e1neo.\n\n\ud83c\udfac  Sus creaciones visten a particulares, pero tambi\u00e9n a grandes producciones de cine, teatro, clero y Reales Academias.\n\n\ud83d\udc52 Variedad infinita: Desde las castizas &quot;parpusas&quot;  o gorras madrile\u00f1as hasta chisteras, bombines o sombreros Panam\u00e1 para el verano.\n\n\u00a1Imprescindible para visitar la ciudad en estos dias de sol veraniego!\n\n#Madrid#MadridMola#MadridSecreto#TurismoMadrid#PlanesMadrid#MadridCentro#MadridDeLosAustrias#InstaMadrid#madridturismo #thebestprivatetoursmadrid\"\/><div class=\"swiper-lazy-preloader swiper-lazy-preloader-white\"><\/div><\/div><div class=\"swiper-slide wpz-insta-album-image\" data-media-type=\"image\"><img class=\"wpzoom-swiper-image swiper-lazy\" data-src=\"https:\/\/scontent-mad1-1.cdninstagram.com\/v\/t39.30808-6\/722860064_1335425415459521_4174754217989446583_n.jpg?stp=dst-jpg_e35_tt6&#038;_nc_cat=100&#038;ccb=7-5&#038;_nc_sid=18de74&#038;efg=eyJlZmdfdGFnIjoiQ0FST1VTRUxfSVRFTS5iZXN0X2ltYWdlX3VybGdlbi5DMiJ9&#038;_nc_ohc=68ZLOhSspU0Q7kNvwHDHa9l&#038;_nc_oc=AdpqiCZoQsdW1GZ-PKA8upIQMGWAwS-ubLnEin6tAoTD9ZivNl6-QkPN-u3FHOd-33A&#038;_nc_zt=23&#038;_nc_ht=scontent-mad1-1.cdninstagram.com&#038;edm=ANo9K5cEAAAA&#038;_nc_gid=DeLaL07sKnoJ3biAh5SSYg&#038;_nc_tpa=Q5bMBQL9uf3HxR1FR7k_AbyYZxbygT1uwP_xsVBCvhqpGQmRREp-iSHPjc3nVgcno0lAvgB_0VJY5MK7&#038;oh=00_AQKo-wFJkeRM5A_V0vPGxkAth4DwLl8878SNElyGZKxC-Q&#038;oe=6A9FBCD4\" alt=\"Sombrereria Medrano: \u00a1una de las tiendas centenarias del Madrid de los Austrias!\n\nCuando paseamos por el Madrid de los Austrias, una de las cosas que m\u00e1s les gusta a nuestros clientes es explorar alguna de sus tiendas centenarias e ic\u00f3nicas: esas que siguen siendo aut\u00e9nticas y merece la pena visitar.\n\nEn este caso hemos visitado la  Sombrerer\u00eda Medrano, un rinc\u00f3n m\u00e1gico fundado en 1832 por Bernardino Abial y Roda. Ubicada en la Calle Imperial, 12 (al lado de la Plaza Mayor)  este negocio familiar ha visto pasar casi dos siglos de historia sin perder un \u00e1pice de su esencia.\n\n\ud83e\uddf5 Artesan\u00eda pura: Contin\u00faan confeccionando sus piezas a mano en su propio taller subterr\u00e1neo.\n\n\ud83c\udfac  Sus creaciones visten a particulares, pero tambi\u00e9n a grandes producciones de cine, teatro, clero y Reales Academias.\n\n\ud83d\udc52 Variedad infinita: Desde las castizas &quot;parpusas&quot;  o gorras madrile\u00f1as hasta chisteras, bombines o sombreros Panam\u00e1 para el verano.\n\n\u00a1Imprescindible para visitar la ciudad en estos dias de sol veraniego!\n\n#Madrid#MadridMola#MadridSecreto#TurismoMadrid#PlanesMadrid#MadridCentro#MadridDeLosAustrias#InstaMadrid#madridturismo #thebestprivatetoursmadrid\"\/><div class=\"swiper-lazy-preloader swiper-lazy-preloader-white\"><\/div><\/div><div class=\"swiper-slide wpz-insta-album-image\" data-media-type=\"image\"><img class=\"wpzoom-swiper-image swiper-lazy\" data-src=\"https:\/\/scontent-mad2-1.cdninstagram.com\/v\/t39.30808-6\/725191734_1335425675459495_104622176808558494_n.jpg?stp=dst-jpg_e35_tt6&#038;_nc_cat=104&#038;ccb=7-5&#038;_nc_sid=18de74&#038;efg=eyJlZmdfdGFnIjoiQ0FST1VTRUxfSVRFTS5iZXN0X2ltYWdlX3VybGdlbi5DMiJ9&#038;_nc_ohc=of-ey_8v7BgQ7kNvwERxWcL&#038;_nc_oc=AdqMd7EzKZxAMhGE0R237YVbYinTWhQoHh32J40DtA1RPNsDrR3cHSoER-sN-z1nhLk&#038;_nc_zt=23&#038;_nc_ht=scontent-mad2-1.cdninstagram.com&#038;edm=ANo9K5cEAAAA&#038;_nc_gid=DeLaL07sKnoJ3biAh5SSYg&#038;_nc_tpa=Q5bMBQKU1tmHrEKcPp_H8UIQFhiMZErExY84Y8I808-R6Sj4PGHigWEYxPa7KbutDZ18IKRbusDJ_WoS&#038;oh=00_AQJbvFUmjqeiBWz-kydlDgxcTA2wGcBErCnyH3LI3Yr2Vg&#038;oe=6A9FAE0D\" alt=\"Sombrereria Medrano: \u00a1una de las tiendas centenarias del Madrid de los Austrias!\n\nCuando paseamos por el Madrid de los Austrias, una de las cosas que m\u00e1s les gusta a nuestros clientes es explorar alguna de sus tiendas centenarias e ic\u00f3nicas: esas que siguen siendo aut\u00e9nticas y merece la pena visitar.\n\nEn este caso hemos visitado la  Sombrerer\u00eda Medrano, un rinc\u00f3n m\u00e1gico fundado en 1832 por Bernardino Abial y Roda. Ubicada en la Calle Imperial, 12 (al lado de la Plaza Mayor)  este negocio familiar ha visto pasar casi dos siglos de historia sin perder un \u00e1pice de su esencia.\n\n\ud83e\uddf5 Artesan\u00eda pura: Contin\u00faan confeccionando sus piezas a mano en su propio taller subterr\u00e1neo.\n\n\ud83c\udfac  Sus creaciones visten a particulares, pero tambi\u00e9n a grandes producciones de cine, teatro, clero y Reales Academias.\n\n\ud83d\udc52 Variedad infinita: Desde las castizas &quot;parpusas&quot;  o gorras madrile\u00f1as hasta chisteras, bombines o sombreros Panam\u00e1 para el verano.\n\n\u00a1Imprescindible para visitar la ciudad en estos dias de sol veraniego!\n\n#Madrid#MadridMola#MadridSecreto#TurismoMadrid#PlanesMadrid#MadridCentro#MadridDeLosAustrias#InstaMadrid#madridturismo #thebestprivatetoursmadrid\"\/><div class=\"swiper-lazy-preloader swiper-lazy-preloader-white\"><\/div><\/div><div class=\"swiper-slide wpz-insta-album-image\" data-media-type=\"image\"><img class=\"wpzoom-swiper-image swiper-lazy\" data-src=\"https:\/\/scontent-mad1-1.cdninstagram.com\/v\/t39.30808-6\/725838508_1335425902126139_7089287506172845832_n.jpg?stp=dst-jpg_e35_tt6&#038;_nc_cat=101&#038;ccb=7-5&#038;_nc_sid=18de74&#038;efg=eyJlZmdfdGFnIjoiQ0FST1VTRUxfSVRFTS5iZXN0X2ltYWdlX3VybGdlbi5DMiJ9&#038;_nc_ohc=6r5B6oYAvfwQ7kNvwHLKD06&#038;_nc_oc=AdraAZdWCF8Qy8MnfKMR6Pn25nVRsiIh-l9VA07YEUIac6msGveQeELNk9UWevRGaxg&#038;_nc_zt=23&#038;_nc_ht=scontent-mad1-1.cdninstagram.com&#038;edm=ANo9K5cEAAAA&#038;_nc_gid=DeLaL07sKnoJ3biAh5SSYg&#038;_nc_tpa=Q5bMBQKnEh8OC4WteedM3rc97NII0P46U1UfvCXIWBob5Hyg421UobQK88rE3ezfnIkcP2-EOtVGsKw2&#038;oh=00_AQKz90acMKFzFmbbY7ZJ6Q_NVXjvrnyqELqI19hA-YlTpA&#038;oe=6A9FAB6C\" alt=\"Sombrereria Medrano: \u00a1una de las tiendas centenarias del Madrid de los Austrias!\n\nCuando paseamos por el Madrid de los Austrias, una de las cosas que m\u00e1s les gusta a nuestros clientes es explorar alguna de sus tiendas centenarias e ic\u00f3nicas: esas que siguen siendo aut\u00e9nticas y merece la pena visitar.\n\nEn este caso hemos visitado la  Sombrerer\u00eda Medrano, un rinc\u00f3n m\u00e1gico fundado en 1832 por Bernardino Abial y Roda. Ubicada en la Calle Imperial, 12 (al lado de la Plaza Mayor)  este negocio familiar ha visto pasar casi dos siglos de historia sin perder un \u00e1pice de su esencia.\n\n\ud83e\uddf5 Artesan\u00eda pura: Contin\u00faan confeccionando sus piezas a mano en su propio taller subterr\u00e1neo.\n\n\ud83c\udfac  Sus creaciones visten a particulares, pero tambi\u00e9n a grandes producciones de cine, teatro, clero y Reales Academias.\n\n\ud83d\udc52 Variedad infinita: Desde las castizas &quot;parpusas&quot;  o gorras madrile\u00f1as hasta chisteras, bombines o sombreros Panam\u00e1 para el verano.\n\n\u00a1Imprescindible para visitar la ciudad en estos dias de sol veraniego!\n\n#Madrid#MadridMola#MadridSecreto#TurismoMadrid#PlanesMadrid#MadridCentro#MadridDeLosAustrias#InstaMadrid#madridturismo #thebestprivatetoursmadrid\"\/><div class=\"swiper-lazy-preloader swiper-lazy-preloader-white\"><\/div><\/div><div class=\"swiper-slide wpz-insta-album-image\" data-media-type=\"image\"><img class=\"wpzoom-swiper-image swiper-lazy\" data-src=\"https:\/\/scontent-mad2-1.cdninstagram.com\/v\/t39.30808-6\/725787111_1335426218792774_5207953016476242755_n.jpg?stp=dst-jpg_e35_tt6&#038;_nc_cat=111&#038;ccb=7-5&#038;_nc_sid=18de74&#038;efg=eyJlZmdfdGFnIjoiQ0FST1VTRUxfSVRFTS5iZXN0X2ltYWdlX3VybGdlbi5DMiJ9&#038;_nc_ohc=6GH4oqZT-wYQ7kNvwEsXyNh&#038;_nc_oc=AdpoAkPaX2uyzyDbag2qWHfj55adn1TEt59de7T8RH4aTY2bmUWp7qXJQ9i_UMBUEHs&#038;_nc_zt=23&#038;_nc_ht=scontent-mad2-1.cdninstagram.com&#038;edm=ANo9K5cEAAAA&#038;_nc_gid=DeLaL07sKnoJ3biAh5SSYg&#038;_nc_tpa=Q5bMBQKtAf2Rzgrc-FIbNPBGBdsq7IjBQrZk0eHj-I3ZHE_vccWIu729F1iS_a9YzKFsC-3IIq2KV0CC&#038;oh=00_AQL7Dt_fo38ByiBaaF1QwOMLDmGYvODDelX9K1tO9ObQpw&#038;oe=6A9FD893\" alt=\"Sombrereria Medrano: \u00a1una de las tiendas centenarias del Madrid de los Austrias!\n\nCuando paseamos por el Madrid de los Austrias, una de las cosas que m\u00e1s les gusta a nuestros clientes es explorar alguna de sus tiendas centenarias e ic\u00f3nicas: esas que siguen siendo aut\u00e9nticas y merece la pena visitar.\n\nEn este caso hemos visitado la  Sombrerer\u00eda Medrano, un rinc\u00f3n m\u00e1gico fundado en 1832 por Bernardino Abial y Roda. Ubicada en la Calle Imperial, 12 (al lado de la Plaza Mayor)  este negocio familiar ha visto pasar casi dos siglos de historia sin perder un \u00e1pice de su esencia.\n\n\ud83e\uddf5 Artesan\u00eda pura: Contin\u00faan confeccionando sus piezas a mano en su propio taller subterr\u00e1neo.\n\n\ud83c\udfac  Sus creaciones visten a particulares, pero tambi\u00e9n a grandes producciones de cine, teatro, clero y Reales Academias.\n\n\ud83d\udc52 Variedad infinita: Desde las castizas &quot;parpusas&quot;  o gorras madrile\u00f1as hasta chisteras, bombines o sombreros Panam\u00e1 para el verano.\n\n\u00a1Imprescindible para visitar la ciudad en estos dias de sol veraniego!\n\n#Madrid#MadridMola#MadridSecreto#TurismoMadrid#PlanesMadrid#MadridCentro#MadridDeLosAustrias#InstaMadrid#madridturismo #thebestprivatetoursmadrid\"\/><div class=\"swiper-lazy-preloader swiper-lazy-preloader-white\"><\/div><\/div><div class=\"swiper-slide wpz-insta-album-image\" data-media-type=\"image\"><img class=\"wpzoom-swiper-image swiper-lazy\" data-src=\"https:\/\/scontent-mad2-1.cdninstagram.com\/v\/t39.30808-6\/725756395_1335426488792747_4989261315701790987_n.jpg?stp=dst-jpg_e35_tt6&#038;_nc_cat=110&#038;ccb=7-5&#038;_nc_sid=18de74&#038;efg=eyJlZmdfdGFnIjoiQ0FST1VTRUxfSVRFTS5iZXN0X2ltYWdlX3VybGdlbi5DMiJ9&#038;_nc_ohc=dOij1CN7ANUQ7kNvwEoR5Uv&#038;_nc_oc=AdpK-RUgfWR4qIwRuGdr6r4h2KUlopSRGPevaeay4hSO_GBMvghrRVGW-ZoB1gdVtV8&#038;_nc_zt=23&#038;_nc_ht=scontent-mad2-1.cdninstagram.com&#038;edm=ANo9K5cEAAAA&#038;_nc_gid=DeLaL07sKnoJ3biAh5SSYg&#038;_nc_tpa=Q5bMBQLtlVRtBt0tuh5q1anXvoDZi7n5ThA16SpPpMSeFSOUc_hdH_TOxW_uQE5UiZITipmwCMH8K-HF&#038;oh=00_AQLazy8V__W1RSfwJvA2Er-UD2LWEfOgCINK2jpUdS5zcg&#038;oe=6A9FD083\" alt=\"Sombrereria Medrano: \u00a1una de las tiendas centenarias del Madrid de los Austrias!\n\nCuando paseamos por el Madrid de los Austrias, una de las cosas que m\u00e1s les gusta a nuestros clientes es explorar alguna de sus tiendas centenarias e ic\u00f3nicas: esas que siguen siendo aut\u00e9nticas y merece la pena visitar.\n\nEn este caso hemos visitado la  Sombrerer\u00eda Medrano, un rinc\u00f3n m\u00e1gico fundado en 1832 por Bernardino Abial y Roda. Ubicada en la Calle Imperial, 12 (al lado de la Plaza Mayor)  este negocio familiar ha visto pasar casi dos siglos de historia sin perder un \u00e1pice de su esencia.\n\n\ud83e\uddf5 Artesan\u00eda pura: Contin\u00faan confeccionando sus piezas a mano en su propio taller subterr\u00e1neo.\n\n\ud83c\udfac  Sus creaciones visten a particulares, pero tambi\u00e9n a grandes producciones de cine, teatro, clero y Reales Academias.\n\n\ud83d\udc52 Variedad infinita: Desde las castizas &quot;parpusas&quot;  o gorras madrile\u00f1as hasta chisteras, bombines o sombreros Panam\u00e1 para el verano.\n\n\u00a1Imprescindible para visitar la ciudad en estos dias de sol veraniego!\n\n#Madrid#MadridMola#MadridSecreto#TurismoMadrid#PlanesMadrid#MadridCentro#MadridDeLosAustrias#InstaMadrid#madridturismo #thebestprivatetoursmadrid\"\/><div class=\"swiper-lazy-preloader swiper-lazy-preloader-white\"><\/div><\/div><div class=\"swiper-slide wpz-insta-album-image\" data-media-type=\"image\"><img class=\"wpzoom-swiper-image swiper-lazy\" data-src=\"https:\/\/scontent-mad1-1.cdninstagram.com\/v\/t39.30808-6\/723240601_1335426748792721_1984107838476202256_n.jpg?stp=dst-jpg_e35_tt6&#038;_nc_cat=106&#038;ccb=7-5&#038;_nc_sid=18de74&#038;efg=eyJlZmdfdGFnIjoiQ0FST1VTRUxfSVRFTS5iZXN0X2ltYWdlX3VybGdlbi5DMiJ9&#038;_nc_ohc=nKkEAfmesSwQ7kNvwHgUzIz&#038;_nc_oc=AdqpF9Xt10Kre4Re7vSfZCoNv_ki4ezJULr1wrsMX_zJS8XPWxcBFxuoB-2AVcASpsA&#038;_nc_zt=23&#038;_nc_ht=scontent-mad1-1.cdninstagram.com&#038;edm=ANo9K5cEAAAA&#038;_nc_gid=DeLaL07sKnoJ3biAh5SSYg&#038;_nc_tpa=Q5bMBQJM7wHSfqpJbTWcE96C2Vn55pS3QlLTJIZAOnEx4_O4FMNEVF2JwhU5aiVithtBs8Tn9-GERuzw&#038;oh=00_AQI9KgNPBo-mrGxQtukTmLsrOnH_WEKiW-Ica9OTUPDgrQ&#038;oe=6A9FBAED\" alt=\"Sombrereria Medrano: \u00a1una de las tiendas centenarias del Madrid de los Austrias!\n\nCuando paseamos por el Madrid de los Austrias, una de las cosas que m\u00e1s les gusta a nuestros clientes es explorar alguna de sus tiendas centenarias e ic\u00f3nicas: esas que siguen siendo aut\u00e9nticas y merece la pena visitar.\n\nEn este caso hemos visitado la  Sombrerer\u00eda Medrano, un rinc\u00f3n m\u00e1gico fundado en 1832 por Bernardino Abial y Roda. Ubicada en la Calle Imperial, 12 (al lado de la Plaza Mayor)  este negocio familiar ha visto pasar casi dos siglos de historia sin perder un \u00e1pice de su esencia.\n\n\ud83e\uddf5 Artesan\u00eda pura: Contin\u00faan confeccionando sus piezas a mano en su propio taller subterr\u00e1neo.\n\n\ud83c\udfac  Sus creaciones visten a particulares, pero tambi\u00e9n a grandes producciones de cine, teatro, clero y Reales Academias.\n\n\ud83d\udc52 Variedad infinita: Desde las castizas &quot;parpusas&quot;  o gorras madrile\u00f1as hasta chisteras, bombines o sombreros Panam\u00e1 para el verano.\n\n\u00a1Imprescindible para visitar la ciudad en estos dias de sol veraniego!\n\n#Madrid#MadridMola#MadridSecreto#TurismoMadrid#PlanesMadrid#MadridCentro#MadridDeLosAustrias#InstaMadrid#madridturismo #thebestprivatetoursmadrid\"\/><div class=\"swiper-lazy-preloader swiper-lazy-preloader-white\"><\/div><\/div><div class=\"swiper-slide wpz-insta-album-image\" data-media-type=\"image\"><img class=\"wpzoom-swiper-image swiper-lazy\" data-src=\"https:\/\/scontent-mad2-1.cdninstagram.com\/v\/t39.30808-6\/725860391_1335427028792693_4983077904488736641_n.jpg?stp=dst-jpg_e35_tt6&#038;_nc_cat=111&#038;ccb=7-5&#038;_nc_sid=18de74&#038;efg=eyJlZmdfdGFnIjoiQ0FST1VTRUxfSVRFTS5iZXN0X2ltYWdlX3VybGdlbi5DMiJ9&#038;_nc_ohc=pv1uh2iIa3kQ7kNvwGDkghR&#038;_nc_oc=AdpWK1Iave_TNDffpkFJaIvZvLVPg2hEIUl7ZVeIdVlXNQeeEx2HJrp1T4_K1Uvmfm8&#038;_nc_zt=23&#038;_nc_ht=scontent-mad2-1.cdninstagram.com&#038;edm=ANo9K5cEAAAA&#038;_nc_gid=DeLaL07sKnoJ3biAh5SSYg&#038;_nc_tpa=Q5bMBQJ5OSHqkL2rk-v6eTREP5iEnuxSRtW3uJ4aLYpPvxag19wjgiTyQ5Vp9wptUthn4MJGb4jBlEfg&#038;oh=00_AQILbsJHxALqtBu9W1e1ZzZTRt9jCEyVONan5ZWVdwiuTg&#038;oe=6A9FD3EC\" alt=\"Sombrereria Medrano: \u00a1una de las tiendas centenarias del Madrid de los Austrias!\n\nCuando paseamos por el Madrid de los Austrias, una de las cosas que m\u00e1s les gusta a nuestros clientes es explorar alguna de sus tiendas centenarias e ic\u00f3nicas: esas que siguen siendo aut\u00e9nticas y merece la pena visitar.\n\nEn este caso hemos visitado la  Sombrerer\u00eda Medrano, un rinc\u00f3n m\u00e1gico fundado en 1832 por Bernardino Abial y Roda. Ubicada en la Calle Imperial, 12 (al lado de la Plaza Mayor)  este negocio familiar ha visto pasar casi dos siglos de historia sin perder un \u00e1pice de su esencia.\n\n\ud83e\uddf5 Artesan\u00eda pura: Contin\u00faan confeccionando sus piezas a mano en su propio taller subterr\u00e1neo.\n\n\ud83c\udfac  Sus creaciones visten a particulares, pero tambi\u00e9n a grandes producciones de cine, teatro, clero y Reales Academias.\n\n\ud83d\udc52 Variedad infinita: Desde las castizas &quot;parpusas&quot;  o gorras madrile\u00f1as hasta chisteras, bombines o sombreros Panam\u00e1 para el verano.\n\n\u00a1Imprescindible para visitar la ciudad en estos dias de sol veraniego!\n\n#Madrid#MadridMola#MadridSecreto#TurismoMadrid#PlanesMadrid#MadridCentro#MadridDeLosAustrias#InstaMadrid#madridturismo #thebestprivatetoursmadrid\"\/><div class=\"swiper-lazy-preloader swiper-lazy-preloader-white\"><\/div><\/div><div class=\"swiper-slide wpz-insta-album-image\" data-media-type=\"image\"><img class=\"wpzoom-swiper-image swiper-lazy\" data-src=\"https:\/\/scontent-mad1-1.cdninstagram.com\/v\/t39.30808-6\/724666150_1335427172126012_3285082358994539359_n.jpg?stp=dst-jpg_e35_tt6&#038;_nc_cat=107&#038;ccb=7-5&#038;_nc_sid=18de74&#038;efg=eyJlZmdfdGFnIjoiQ0FST1VTRUxfSVRFTS5iZXN0X2ltYWdlX3VybGdlbi5DMiJ9&#038;_nc_ohc=dpHD66lxD3IQ7kNvwH64ECK&#038;_nc_oc=AdpbfVTFjssefz3VaYWOMHWb7ZrJQHb8puVxeDJF6r84utSN_DFHirUQoq-_iYH0pFg&#038;_nc_zt=23&#038;_nc_ht=scontent-mad1-1.cdninstagram.com&#038;edm=ANo9K5cEAAAA&#038;_nc_gid=DeLaL07sKnoJ3biAh5SSYg&#038;_nc_tpa=Q5bMBQLlMtMUriUvH5h2AbzNksmt2wmRBIo2XHp5SUDnu7xvXM0gOSQxxaKma_1HwMkfLpcPbnMU6wGQ&#038;oh=00_AQKQ13U36TdP1GW1OrmTk3FzCMeiONsTmptFwmBx4sO9NQ&#038;oe=6A9FBBE6\" alt=\"Sombrereria Medrano: \u00a1una de las tiendas centenarias del Madrid de los Austrias!\n\nCuando paseamos por el Madrid de los Austrias, una de las cosas que m\u00e1s les gusta a nuestros clientes es explorar alguna de sus tiendas centenarias e ic\u00f3nicas: esas que siguen siendo aut\u00e9nticas y merece la pena visitar.\n\nEn este caso hemos visitado la  Sombrerer\u00eda Medrano, un rinc\u00f3n m\u00e1gico fundado en 1832 por Bernardino Abial y Roda. Ubicada en la Calle Imperial, 12 (al lado de la Plaza Mayor)  este negocio familiar ha visto pasar casi dos siglos de historia sin perder un \u00e1pice de su esencia.\n\n\ud83e\uddf5 Artesan\u00eda pura: Contin\u00faan confeccionando sus piezas a mano en su propio taller subterr\u00e1neo.\n\n\ud83c\udfac  Sus creaciones visten a particulares, pero tambi\u00e9n a grandes producciones de cine, teatro, clero y Reales Academias.\n\n\ud83d\udc52 Variedad infinita: Desde las castizas &quot;parpusas&quot;  o gorras madrile\u00f1as hasta chisteras, bombines o sombreros Panam\u00e1 para el verano.\n\n\u00a1Imprescindible para visitar la ciudad en estos dias de sol veraniego!\n\n#Madrid#MadridMola#MadridSecreto#TurismoMadrid#PlanesMadrid#MadridCentro#MadridDeLosAustrias#InstaMadrid#madridturismo #thebestprivatetoursmadrid\"\/><div class=\"swiper-lazy-preloader swiper-lazy-preloader-white\"><\/div><\/div><div class=\"swiper-slide wpz-insta-album-image\" data-media-type=\"image\"><img class=\"wpzoom-swiper-image swiper-lazy\" data-src=\"https:\/\/scontent-mad1-1.cdninstagram.com\/v\/t39.30808-6\/725015828_1335427922125937_5616887690065364348_n.jpg?stp=dst-jpg_e35_tt6&#038;_nc_cat=105&#038;ccb=7-5&#038;_nc_sid=18de74&#038;efg=eyJlZmdfdGFnIjoiQ0FST1VTRUxfSVRFTS5iZXN0X2ltYWdlX3VybGdlbi5DMiJ9&#038;_nc_ohc=cUoI6yiyOQAQ7kNvwFxxEjV&#038;_nc_oc=AdpeyuZFRQeI1yGwyc12FDI_e_T1uAwrnpeWdX6LerAnMsStkYgmB9L0BkcOsHlY5cY&#038;_nc_zt=23&#038;_nc_ht=scontent-mad1-1.cdninstagram.com&#038;edm=ANo9K5cEAAAA&#038;_nc_gid=DeLaL07sKnoJ3biAh5SSYg&#038;_nc_tpa=Q5bMBQLCjfUSdFsNqLbwQ7myj6rp2_P8ddZw9K2NiyS6zAGp6glS4xPJM_39qmEBSWOoVztL-ykII8Tf&#038;oh=00_AQIshvEIvJtJK1wf85S-VW92zuWUCnQk15rVq2PSe5kRzg&#038;oe=6A9FD7E9\" alt=\"Sombrereria Medrano: \u00a1una de las tiendas centenarias del Madrid de los Austrias!\n\nCuando paseamos por el Madrid de los Austrias, una de las cosas que m\u00e1s les gusta a nuestros clientes es explorar alguna de sus tiendas centenarias e ic\u00f3nicas: esas que siguen siendo aut\u00e9nticas y merece la pena visitar.\n\nEn este caso hemos visitado la  Sombrerer\u00eda Medrano, un rinc\u00f3n m\u00e1gico fundado en 1832 por Bernardino Abial y Roda. Ubicada en la Calle Imperial, 12 (al lado de la Plaza Mayor)  este negocio familiar ha visto pasar casi dos siglos de historia sin perder un \u00e1pice de su esencia.\n\n\ud83e\uddf5 Artesan\u00eda pura: Contin\u00faan confeccionando sus piezas a mano en su propio taller subterr\u00e1neo.\n\n\ud83c\udfac  Sus creaciones visten a particulares, pero tambi\u00e9n a grandes producciones de cine, teatro, clero y Reales Academias.\n\n\ud83d\udc52 Variedad infinita: Desde las castizas &quot;parpusas&quot;  o gorras madrile\u00f1as hasta chisteras, bombines o sombreros Panam\u00e1 para el verano.\n\n\u00a1Imprescindible para visitar la ciudad en estos dias de sol veraniego!\n\n#Madrid#MadridMola#MadridSecreto#TurismoMadrid#PlanesMadrid#MadridCentro#MadridDeLosAustrias#InstaMadrid#madridturismo #thebestprivatetoursmadrid\"\/><div class=\"swiper-lazy-preloader swiper-lazy-preloader-white\"><\/div><\/div><\/div><div class=\"swiper-pagination\"><\/div><div class=\"swiper-button-prev\"><\/div><div class=\"swiper-button-next\"><\/div><\/div><\/div>\n\t\t\t\t\t<div class=\"details-wrapper\">\n\t\t\t\t\t<div class=\"wpz-insta-header\">\n\t\t\t\t\t\t<div class=\"wpz-insta-avatar\">\n\t\t\t\t\t\t\t<img loading=\"lazy\" decoding=\"async\" src=\"https:\/\/madridtravelprivatetours.com\/wp-content\/uploads\/2025\/11\/201804777_498622628022570_8458539387686347215_n-2-150x150.jpg\" alt=\"@madridtravelprivatetours\" width=\"42\" height=\"42\"\/>\n\t\t\t\t\t\t<\/div>\n\t\t\t\t\t\t<div class=\"wpz-insta-buttons\">\n\t\t\t\t\t\t\t<div class=\"wpz-insta-username\">\n\t\t\t\t\t\t\t\t<a rel=\"noopener\" target=\"_blank\" href=\"https:\/\/instagram.com\/madridtravelprivatetours\">@madridtravelprivatetours<\/a>\n\t\t\t\t\t\t\t<\/div>\n\t\t\t\t\t\t\t<div>&bull;<\/div>\n\t\t\t\t\t\t\t<div class=\"wpz-insta-follow\">\n\t\t\t\t\t\t\t\t<a target=\"_blank\" rel=\"noopener\"\n\t\t\t\t\t\t\t\thref=\"https:\/\/instagram.com\/madridtravelprivatetours?ref=badge\">\n\t\t\t\t\t\t\t\t\tFollow\n\t\t\t\t\t\t\t\t<\/a>\n\t\t\t\t\t\t\t<\/div>\n\t\t\t\t\t\t<\/div>\n\t\t\t\t\t<\/div><div class=\"wpz-insta-caption\">Sombrereria Medrano: \u00a1una de las tiendas centenarias del Madrid de los Austrias!\n\nCuando paseamos por el Madrid de los Austrias, una de las cosas que m\u00e1s les gusta a nuestros clientes es explorar alguna de sus tiendas centenarias e ic\u00f3nicas: esas que siguen siendo aut\u00e9nticas y merece la pena visitar.\n\nEn este caso hemos visitado la  Sombrerer\u00eda Medrano, un rinc\u00f3n m\u00e1gico fundado en 1832 por Bernardino Abial y Roda. Ubicada en la Calle Imperial, 12 (al lado de la Plaza Mayor)  este negocio familiar ha visto pasar casi dos siglos de historia sin perder un \u00e1pice de su esencia.\n\n\ud83e\uddf5 Artesan\u00eda pura: Contin\u00faan confeccionando sus piezas a mano en su propio taller subterr\u00e1neo.\n\n\ud83c\udfac  Sus creaciones visten a particulares, pero tambi\u00e9n a grandes producciones de cine, teatro, clero y Reales Academias.\n\n\ud83d\udc52 Variedad infinita: Desde las castizas &quot;parpusas&quot;  o gorras madrile\u00f1as hasta chisteras, bombines o sombreros Panam\u00e1 para el verano.\n\n\u00a1Imprescindible para visitar la ciudad en estos dias de sol veraniego!\n\n#Madrid#MadridMola#MadridSecreto#TurismoMadrid#PlanesMadrid#MadridCentro#MadridDeLosAustrias#InstaMadrid#madridturismo #thebestprivatetoursmadrid<\/div><div class=\"wpz-insta-date\">3 months ago<\/div><div class=\"view-post\">\n\t\t\t\t\t<a href=\"https:\/\/www.instagram.com\/p\/DZsr_6JjcTA\/\" target=\"_blank\" rel=\"noopener\"><span class=\"dashicons dashicons-instagram\"><\/span>View on Instagram<\/a>\n\t\t\t\t\t<span class=\"delimiter\">|<\/span>\n\t\t\t\t\t<div class=\"wpz-insta-pagination\">4\/9<\/div>\n\t\t\t\t\t<\/div><\/div><\/div><\/div><div data-uid=\"17859742167644433\" class=\"swiper-slide wpz-insta-lightbox-item\"><div class=\"wpz-insta-lightbox\"><div class=\"image-wrapper\"><div class=\"swiper\" style=\"height: 100%;\"><div class=\"swiper-wrapper wpz-insta-album-images\"><div class=\"swiper-slide wpz-insta-album-image\" data-media-type=\"image\"><img class=\"wpzoom-swiper-image swiper-lazy\" data-src=\"https:\/\/scontent-mad2-1.cdninstagram.com\/v\/t39.30808-6\/720245033_1331602349175161_4279275619559436417_n.jpg?stp=dst-jpg_e35_tt6&#038;_nc_cat=108&#038;ccb=7-5&#038;_nc_sid=18de74&#038;efg=eyJlZmdfdGFnIjoiQ0FST1VTRUxfSVRFTS5iZXN0X2ltYWdlX3VybGdlbi5DMiJ9&#038;_nc_ohc=TIs5F6C9TKoQ7kNvwF9KcZo&#038;_nc_oc=AdrSYA1BaONAB2Mv5HwM2-1_F1hjYRBAYXURTY5tSoPihHjkk_WqWAaf1-vrbcajCBw&#038;_nc_zt=23&#038;_nc_ht=scontent-mad2-1.cdninstagram.com&#038;edm=ANo9K5cEAAAA&#038;_nc_gid=DeLaL07sKnoJ3biAh5SSYg&#038;_nc_tpa=Q5bMBQJHOPo_rnUKuWoQxvBokfI-b8f5hmFDHYnC4jORekD_xi77BYkH073U3f6oVMdUHnSN6KCiuN5A&#038;oh=00_AQKfNvCg_NM_1FW0EeGsZPGuasvbfFFE4z5UYNJqxTrsxg&#038;oe=6A9FC734\" alt=\"Arte monumental gratis en un entorno exclusivo.\n\n\ud83c\udfafCon motivo del Centenario de la Banca March, tienes la oportunidad \u00fanica de entrar a sus jardines privados para descubrir la obra del escultor brit\u00e1nico Thomas Houseago.\n\n\u203c\ufe0fSiete esculturas monumentales donde la tradici\u00f3n y la industria se abrazan. Bronce, aluminio y yeso combinados con varillas de hierro y c\u00e1\u00f1amo.\n\n\u23f0 Jueves de 19:00 a 23:00.\nS\u00e1bados y domingos de 12:00 a 19:00.\nHasta el 31 de octubre. #Banca #March #bancamarch #madridturismo #exposicionesmadrid #enjoymadrid\"\/><div class=\"swiper-lazy-preloader swiper-lazy-preloader-white\"><\/div><\/div><div class=\"swiper-slide wpz-insta-album-image\" data-media-type=\"image\"><img class=\"wpzoom-swiper-image swiper-lazy\" data-src=\"https:\/\/scontent-mad1-1.cdninstagram.com\/v\/t39.30808-6\/721956021_1331602405841822_6940597881837863419_n.jpg?stp=dst-jpg_e35_tt6&#038;_nc_cat=105&#038;ccb=7-5&#038;_nc_sid=18de74&#038;efg=eyJlZmdfdGFnIjoiQ0FST1VTRUxfSVRFTS5iZXN0X2ltYWdlX3VybGdlbi5DMiJ9&#038;_nc_ohc=V-SYTM3zSq0Q7kNvwFsHGfi&#038;_nc_oc=AdqujrO-yVpzHIqumreqwW_F3c_BpCR8ADRoTn_ezcZmjhPohTSrArhcxjOdpXcd7n0&#038;_nc_zt=23&#038;_nc_ht=scontent-mad1-1.cdninstagram.com&#038;edm=ANo9K5cEAAAA&#038;_nc_gid=DeLaL07sKnoJ3biAh5SSYg&#038;_nc_tpa=Q5bMBQLNqRoTs84tE-SEdhQOnClBr2m5zMOE2IDf_XA6I2pJivdZcgd5z4O99Ur_PPoQq1E4wrhf30dN&#038;oh=00_AQIDpIwzWkFRzHowiO7_SNzlUZCcibPGN_jEoFCVRKJ0cg&#038;oe=6A9FC34B\" alt=\"Arte monumental gratis en un entorno exclusivo.\n\n\ud83c\udfafCon motivo del Centenario de la Banca March, tienes la oportunidad \u00fanica de entrar a sus jardines privados para descubrir la obra del escultor brit\u00e1nico Thomas Houseago.\n\n\u203c\ufe0fSiete esculturas monumentales donde la tradici\u00f3n y la industria se abrazan. Bronce, aluminio y yeso combinados con varillas de hierro y c\u00e1\u00f1amo.\n\n\u23f0 Jueves de 19:00 a 23:00.\nS\u00e1bados y domingos de 12:00 a 19:00.\nHasta el 31 de octubre. #Banca #March #bancamarch #madridturismo #exposicionesmadrid #enjoymadrid\"\/><div class=\"swiper-lazy-preloader swiper-lazy-preloader-white\"><\/div><\/div><div class=\"swiper-slide wpz-insta-album-image\" data-media-type=\"image\"><img class=\"wpzoom-swiper-image swiper-lazy\" data-src=\"https:\/\/scontent-mad2-1.cdninstagram.com\/v\/t39.30808-6\/723528833_1331602422508487_6563572276845056992_n.jpg?stp=dst-jpg_e35_tt6&#038;_nc_cat=111&#038;ccb=7-5&#038;_nc_sid=18de74&#038;efg=eyJlZmdfdGFnIjoiQ0FST1VTRUxfSVRFTS5iZXN0X2ltYWdlX3VybGdlbi5DMiJ9&#038;_nc_ohc=Lk2fvUD42YwQ7kNvwG-RA5V&#038;_nc_oc=AdpAMqoUIftwPDt9si6S68AjT4vM_72klmIcZv4bA5T1kx5WN5Id1wAm4tnAdBoU620&#038;_nc_zt=23&#038;_nc_ht=scontent-mad2-1.cdninstagram.com&#038;edm=ANo9K5cEAAAA&#038;_nc_gid=DeLaL07sKnoJ3biAh5SSYg&#038;_nc_tpa=Q5bMBQL1YyNajuViuQrfZypnhQXO0A_Wm-mCUHw0KKxiZjmVunZcEejG2yOMSmOIQ6ws1J54Rhb2JxIt&#038;oh=00_AQKavs-cT9-axLX986Aen0GdyWvXF0gQaSGL85ljejvohg&#038;oe=6A9FBA51\" alt=\"Arte monumental gratis en un entorno exclusivo.\n\n\ud83c\udfafCon motivo del Centenario de la Banca March, tienes la oportunidad \u00fanica de entrar a sus jardines privados para descubrir la obra del escultor brit\u00e1nico Thomas Houseago.\n\n\u203c\ufe0fSiete esculturas monumentales donde la tradici\u00f3n y la industria se abrazan. Bronce, aluminio y yeso combinados con varillas de hierro y c\u00e1\u00f1amo.\n\n\u23f0 Jueves de 19:00 a 23:00.\nS\u00e1bados y domingos de 12:00 a 19:00.\nHasta el 31 de octubre. #Banca #March #bancamarch #madridturismo #exposicionesmadrid #enjoymadrid\"\/><div class=\"swiper-lazy-preloader swiper-lazy-preloader-white\"><\/div><\/div><div class=\"swiper-slide wpz-insta-album-image\" data-media-type=\"image\"><img class=\"wpzoom-swiper-image swiper-lazy\" data-src=\"https:\/\/scontent-mad2-1.cdninstagram.com\/v\/t39.30808-6\/723626650_1331602595841803_4309648449958793640_n.jpg?stp=dst-jpg_e35_tt6&#038;_nc_cat=111&#038;ccb=7-5&#038;_nc_sid=18de74&#038;efg=eyJlZmdfdGFnIjoiQ0FST1VTRUxfSVRFTS5iZXN0X2ltYWdlX3VybGdlbi5DMiJ9&#038;_nc_ohc=FHz6Z0VJHpQQ7kNvwFIYNlR&#038;_nc_oc=AdqT8Hyv8E1OQAjRKPKAhrD22t_8xsZ0yiisWhM_sbSphTYHSCzxeT3ArV3sBNT_4LE&#038;_nc_zt=23&#038;_nc_ht=scontent-mad2-1.cdninstagram.com&#038;edm=ANo9K5cEAAAA&#038;_nc_gid=DeLaL07sKnoJ3biAh5SSYg&#038;_nc_tpa=Q5bMBQIDZ6LtimSCJXfAHmsBGgpGOhz70CmW6d-THfKD8hyfDwgwfesnxaXnVmXeLNH6YB9dVkXADFlg&#038;oh=00_AQJU7NxtL2_s2mowTbC8WDckUurxyuH9PIlljVlklF6mBw&#038;oe=6A9FAFC6\" alt=\"Arte monumental gratis en un entorno exclusivo.\n\n\ud83c\udfafCon motivo del Centenario de la Banca March, tienes la oportunidad \u00fanica de entrar a sus jardines privados para descubrir la obra del escultor brit\u00e1nico Thomas Houseago.\n\n\u203c\ufe0fSiete esculturas monumentales donde la tradici\u00f3n y la industria se abrazan. Bronce, aluminio y yeso combinados con varillas de hierro y c\u00e1\u00f1amo.\n\n\u23f0 Jueves de 19:00 a 23:00.\nS\u00e1bados y domingos de 12:00 a 19:00.\nHasta el 31 de octubre. #Banca #March #bancamarch #madridturismo #exposicionesmadrid #enjoymadrid\"\/><div class=\"swiper-lazy-preloader swiper-lazy-preloader-white\"><\/div><\/div><div class=\"swiper-slide wpz-insta-album-image\" data-media-type=\"image\"><img class=\"wpzoom-swiper-image swiper-lazy\" data-src=\"https:\/\/scontent-mad1-1.cdninstagram.com\/v\/t39.30808-6\/723612579_1331602529175143_6457301915074233548_n.jpg?stp=dst-jpg_e35_tt6&#038;_nc_cat=102&#038;ccb=7-5&#038;_nc_sid=18de74&#038;efg=eyJlZmdfdGFnIjoiQ0FST1VTRUxfSVRFTS5iZXN0X2ltYWdlX3VybGdlbi5DMiJ9&#038;_nc_ohc=83V4Ygws0gEQ7kNvwG80x_L&#038;_nc_oc=Adov05c7O_sHkoE8Vgw9X_KqPwgdAZqr4jYN1AUX34MbTDAEabHf6LB7sWYM3lqh5-c&#038;_nc_zt=23&#038;_nc_ht=scontent-mad1-1.cdninstagram.com&#038;edm=ANo9K5cEAAAA&#038;_nc_gid=DeLaL07sKnoJ3biAh5SSYg&#038;_nc_tpa=Q5bMBQLS_TBst2w58qtw02iABDJsBqBzG3jDodNQxgRMq9hwjFr0O26xJ17yWMxTjOlg0WHyuRByawf0&#038;oh=00_AQLExjRfkh3Ix66u3jBW_uVD-_eJ4yDjeOKSkDlqyTXiGg&#038;oe=6A9FC3A7\" alt=\"Arte monumental gratis en un entorno exclusivo.\n\n\ud83c\udfafCon motivo del Centenario de la Banca March, tienes la oportunidad \u00fanica de entrar a sus jardines privados para descubrir la obra del escultor brit\u00e1nico Thomas Houseago.\n\n\u203c\ufe0fSiete esculturas monumentales donde la tradici\u00f3n y la industria se abrazan. Bronce, aluminio y yeso combinados con varillas de hierro y c\u00e1\u00f1amo.\n\n\u23f0 Jueves de 19:00 a 23:00.\nS\u00e1bados y domingos de 12:00 a 19:00.\nHasta el 31 de octubre. #Banca #March #bancamarch #madridturismo #exposicionesmadrid #enjoymadrid\"\/><div class=\"swiper-lazy-preloader swiper-lazy-preloader-white\"><\/div><\/div><div class=\"swiper-slide wpz-insta-album-image\" data-media-type=\"image\"><img class=\"wpzoom-swiper-image swiper-lazy\" data-src=\"https:\/\/scontent-mad2-1.cdninstagram.com\/v\/t39.30808-6\/720486815_1331602579175138_7389288925466325169_n.jpg?stp=dst-jpg_e35_tt6&#038;_nc_cat=111&#038;ccb=7-5&#038;_nc_sid=18de74&#038;efg=eyJlZmdfdGFnIjoiQ0FST1VTRUxfSVRFTS5iZXN0X2ltYWdlX3VybGdlbi5DMiJ9&#038;_nc_ohc=2dYkx_VaJfcQ7kNvwEmeFYE&#038;_nc_oc=Adq11XqhaA5P0pMAaKyzfYiCyDvl7M1vczYF5beJCbLUkT9v6EvBjFK3teU48PhotXk&#038;_nc_zt=23&#038;_nc_ht=scontent-mad2-1.cdninstagram.com&#038;edm=ANo9K5cEAAAA&#038;_nc_gid=DeLaL07sKnoJ3biAh5SSYg&#038;_nc_tpa=Q5bMBQLe_1Q5Ln_W4BOouwS666s929LF2mkWDp0GroyDnj18fQ4Rwu7hhIArA2TFd8dFdUkGnD41WHHP&#038;oh=00_AQIvVtcAt7xsKZ7XJ8gPJ9wVauuE9i1_xE0M-pHuTrV0Kg&#038;oe=6A9FCDE7\" alt=\"Arte monumental gratis en un entorno exclusivo.\n\n\ud83c\udfafCon motivo del Centenario de la Banca March, tienes la oportunidad \u00fanica de entrar a sus jardines privados para descubrir la obra del escultor brit\u00e1nico Thomas Houseago.\n\n\u203c\ufe0fSiete esculturas monumentales donde la tradici\u00f3n y la industria se abrazan. Bronce, aluminio y yeso combinados con varillas de hierro y c\u00e1\u00f1amo.\n\n\u23f0 Jueves de 19:00 a 23:00.\nS\u00e1bados y domingos de 12:00 a 19:00.\nHasta el 31 de octubre. #Banca #March #bancamarch #madridturismo #exposicionesmadrid #enjoymadrid\"\/><div class=\"swiper-lazy-preloader swiper-lazy-preloader-white\"><\/div><\/div><div class=\"swiper-slide wpz-insta-album-image\" data-media-type=\"image\"><img class=\"wpzoom-swiper-image swiper-lazy\" data-src=\"https:\/\/scontent-mad2-1.cdninstagram.com\/v\/t39.30808-6\/723716419_1331602482508481_877054906365775723_n.jpg?stp=dst-jpg_e35_tt6&#038;_nc_cat=109&#038;ccb=7-5&#038;_nc_sid=18de74&#038;efg=eyJlZmdfdGFnIjoiQ0FST1VTRUxfSVRFTS5iZXN0X2ltYWdlX3VybGdlbi5DMiJ9&#038;_nc_ohc=cVbFiHrfjp4Q7kNvwFqVUO1&#038;_nc_oc=AdpQSucq8IN_bTGlobRAWtgZGXeUju82lC6-qqz8w7c3T_ZyTZ-ACjvqPlxlLow167s&#038;_nc_zt=23&#038;_nc_ht=scontent-mad2-1.cdninstagram.com&#038;edm=ANo9K5cEAAAA&#038;_nc_gid=DeLaL07sKnoJ3biAh5SSYg&#038;_nc_tpa=Q5bMBQKM2RmmXAdXMSmXshKIifP8voX8KjCFkR5UYziGo5hLv-VNzjoBPmQ9JKkgXC0al7pVm8Tbhupz&#038;oh=00_AQLDuFvWryInAQG3ufAqdIeIhklDdzb5Wf5zHfV4uaNhHQ&#038;oe=6A9FC48F\" alt=\"Arte monumental gratis en un entorno exclusivo.\n\n\ud83c\udfafCon motivo del Centenario de la Banca March, tienes la oportunidad \u00fanica de entrar a sus jardines privados para descubrir la obra del escultor brit\u00e1nico Thomas Houseago.\n\n\u203c\ufe0fSiete esculturas monumentales donde la tradici\u00f3n y la industria se abrazan. Bronce, aluminio y yeso combinados con varillas de hierro y c\u00e1\u00f1amo.\n\n\u23f0 Jueves de 19:00 a 23:00.\nS\u00e1bados y domingos de 12:00 a 19:00.\nHasta el 31 de octubre. #Banca #March #bancamarch #madridturismo #exposicionesmadrid #enjoymadrid\"\/><div class=\"swiper-lazy-preloader swiper-lazy-preloader-white\"><\/div><\/div><div class=\"swiper-slide wpz-insta-album-image\" data-media-type=\"image\"><img class=\"wpzoom-swiper-image swiper-lazy\" data-src=\"https:\/\/scontent-mad2-1.cdninstagram.com\/v\/t39.30808-6\/720041875_1331602465841816_6121168870748554032_n.jpg?stp=dst-jpg_e35_tt6&#038;_nc_cat=109&#038;ccb=7-5&#038;_nc_sid=18de74&#038;efg=eyJlZmdfdGFnIjoiQ0FST1VTRUxfSVRFTS5iZXN0X2ltYWdlX3VybGdlbi5DMiJ9&#038;_nc_ohc=uZLnNx-B-M0Q7kNvwGp_DPG&#038;_nc_oc=Adp8Xt0QwI3Uiosk0_hAeg-EQtfLXGf28UwOJ5I9B1wwdmFr830-9eyqDzoXopOd9is&#038;_nc_zt=23&#038;_nc_ht=scontent-mad2-1.cdninstagram.com&#038;edm=ANo9K5cEAAAA&#038;_nc_gid=DeLaL07sKnoJ3biAh5SSYg&#038;_nc_tpa=Q5bMBQKJNW175Gi4xalU48w9wfiFT7fs1AWy2t0d7nhSyrOsZdIBMCOoGCW3nPDc_n5HkSMOUFs0xgO5&#038;oh=00_AQLfKB1PCxIspr9va_7oS0KNifc5rwfB7egmvAqzYlj-zg&#038;oe=6A9FBF0B\" alt=\"Arte monumental gratis en un entorno exclusivo.\n\n\ud83c\udfafCon motivo del Centenario de la Banca March, tienes la oportunidad \u00fanica de entrar a sus jardines privados para descubrir la obra del escultor brit\u00e1nico Thomas Houseago.\n\n\u203c\ufe0fSiete esculturas monumentales donde la tradici\u00f3n y la industria se abrazan. Bronce, aluminio y yeso combinados con varillas de hierro y c\u00e1\u00f1amo.\n\n\u23f0 Jueves de 19:00 a 23:00.\nS\u00e1bados y domingos de 12:00 a 19:00.\nHasta el 31 de octubre. #Banca #March #bancamarch #madridturismo #exposicionesmadrid #enjoymadrid\"\/><div class=\"swiper-lazy-preloader swiper-lazy-preloader-white\"><\/div><\/div><div class=\"swiper-slide wpz-insta-album-image\" data-media-type=\"image\"><img class=\"wpzoom-swiper-image swiper-lazy\" data-src=\"https:\/\/scontent-mad1-1.cdninstagram.com\/v\/t39.30808-6\/723655819_1331602352508494_5462960081078660998_n.jpg?stp=dst-jpg_e35_tt6&#038;_nc_cat=101&#038;ccb=7-5&#038;_nc_sid=18de74&#038;efg=eyJlZmdfdGFnIjoiQ0FST1VTRUxfSVRFTS5iZXN0X2ltYWdlX3VybGdlbi5DMiJ9&#038;_nc_ohc=IfE12mZ-6jgQ7kNvwGHLjRa&#038;_nc_oc=AdqCRUPu3U75MHXVX276Iq22f7_G1Np6Wi1EO7T3Jxk7t6hWuQWuaqZWty2t41Y3bqc&#038;_nc_zt=23&#038;_nc_ht=scontent-mad1-1.cdninstagram.com&#038;edm=ANo9K5cEAAAA&#038;_nc_gid=DeLaL07sKnoJ3biAh5SSYg&#038;_nc_tpa=Q5bMBQLllXNads1qBtNOxJUCYe2s3oqGl1CcWNkUU4dgXx726A4yYP6n00RMqeiifTgk78rEVQ_g6vQg&#038;oh=00_AQJoSXxIqc1FjxvEJClyYXHHRr9WOD77DJAwDhz8As-s6g&#038;oe=6A9FBC27\" alt=\"Arte monumental gratis en un entorno exclusivo.\n\n\ud83c\udfafCon motivo del Centenario de la Banca March, tienes la oportunidad \u00fanica de entrar a sus jardines privados para descubrir la obra del escultor brit\u00e1nico Thomas Houseago.\n\n\u203c\ufe0fSiete esculturas monumentales donde la tradici\u00f3n y la industria se abrazan. Bronce, aluminio y yeso combinados con varillas de hierro y c\u00e1\u00f1amo.\n\n\u23f0 Jueves de 19:00 a 23:00.\nS\u00e1bados y domingos de 12:00 a 19:00.\nHasta el 31 de octubre. #Banca #March #bancamarch #madridturismo #exposicionesmadrid #enjoymadrid\"\/><div class=\"swiper-lazy-preloader swiper-lazy-preloader-white\"><\/div><\/div><div class=\"swiper-slide wpz-insta-album-image\" data-media-type=\"image\"><img class=\"wpzoom-swiper-image swiper-lazy\" data-src=\"https:\/\/scontent-mad1-1.cdninstagram.com\/v\/t39.30808-6\/723675052_1331602545841808_1044468725805613991_n.jpg?stp=dst-jpg_e35_tt6&#038;_nc_cat=105&#038;ccb=7-5&#038;_nc_sid=18de74&#038;efg=eyJlZmdfdGFnIjoiQ0FST1VTRUxfSVRFTS5iZXN0X2ltYWdlX3VybGdlbi5DMiJ9&#038;_nc_ohc=SY2EhaABOlcQ7kNvwEzM0uc&#038;_nc_oc=AdqH4OKJZjSgOMYBY0pFm-e_S1UwGOmDS4SiNfr9f_ikLnxhlyniJj0rbDs_ZjuRVDE&#038;_nc_zt=23&#038;_nc_ht=scontent-mad1-1.cdninstagram.com&#038;edm=ANo9K5cEAAAA&#038;_nc_gid=DeLaL07sKnoJ3biAh5SSYg&#038;_nc_tpa=Q5bMBQJNBOfwUKBoIEIACzt96x_PYDgnyF6P9WM0XocyBsrvx74EHqy74o0-14SoH_-Snq4Qf0BE8o8F&#038;oh=00_AQLcYVUMCm2nhhhqAIgCNdC65Wx-gKWRiIJbhRkNITqqGA&#038;oe=6A9FD9C8\" alt=\"Arte monumental gratis en un entorno exclusivo.\n\n\ud83c\udfafCon motivo del Centenario de la Banca March, tienes la oportunidad \u00fanica de entrar a sus jardines privados para descubrir la obra del escultor brit\u00e1nico Thomas Houseago.\n\n\u203c\ufe0fSiete esculturas monumentales donde la tradici\u00f3n y la industria se abrazan. Bronce, aluminio y yeso combinados con varillas de hierro y c\u00e1\u00f1amo.\n\n\u23f0 Jueves de 19:00 a 23:00.\nS\u00e1bados y domingos de 12:00 a 19:00.\nHasta el 31 de octubre. #Banca #March #bancamarch #madridturismo #exposicionesmadrid #enjoymadrid\"\/><div class=\"swiper-lazy-preloader swiper-lazy-preloader-white\"><\/div><\/div><\/div><div class=\"swiper-pagination\"><\/div><div class=\"swiper-button-prev\"><\/div><div class=\"swiper-button-next\"><\/div><\/div><\/div>\n\t\t\t\t\t<div class=\"details-wrapper\">\n\t\t\t\t\t<div class=\"wpz-insta-header\">\n\t\t\t\t\t\t<div class=\"wpz-insta-avatar\">\n\t\t\t\t\t\t\t<img loading=\"lazy\" decoding=\"async\" src=\"https:\/\/madridtravelprivatetours.com\/wp-content\/uploads\/2025\/11\/201804777_498622628022570_8458539387686347215_n-2-150x150.jpg\" alt=\"@madridtravelprivatetours\" width=\"42\" height=\"42\"\/>\n\t\t\t\t\t\t<\/div>\n\t\t\t\t\t\t<div class=\"wpz-insta-buttons\">\n\t\t\t\t\t\t\t<div class=\"wpz-insta-username\">\n\t\t\t\t\t\t\t\t<a rel=\"noopener\" target=\"_blank\" href=\"https:\/\/instagram.com\/madridtravelprivatetours\">@madridtravelprivatetours<\/a>\n\t\t\t\t\t\t\t<\/div>\n\t\t\t\t\t\t\t<div>&bull;<\/div>\n\t\t\t\t\t\t\t<div class=\"wpz-insta-follow\">\n\t\t\t\t\t\t\t\t<a target=\"_blank\" rel=\"noopener\"\n\t\t\t\t\t\t\t\thref=\"https:\/\/instagram.com\/madridtravelprivatetours?ref=badge\">\n\t\t\t\t\t\t\t\t\tFollow\n\t\t\t\t\t\t\t\t<\/a>\n\t\t\t\t\t\t\t<\/div>\n\t\t\t\t\t\t<\/div>\n\t\t\t\t\t<\/div><div class=\"wpz-insta-caption\">Arte monumental gratis en un entorno exclusivo.\n\n\ud83c\udfafCon motivo del Centenario de la Banca March, tienes la oportunidad \u00fanica de entrar a sus jardines privados para descubrir la obra del escultor brit\u00e1nico Thomas Houseago.\n\n\u203c\ufe0fSiete esculturas monumentales donde la tradici\u00f3n y la industria se abrazan. Bronce, aluminio y yeso combinados con varillas de hierro y c\u00e1\u00f1amo.\n\n\u23f0 Jueves de 19:00 a 23:00.\nS\u00e1bados y domingos de 12:00 a 19:00.\nHasta el 31 de octubre. #Banca #March #bancamarch #madridturismo #exposicionesmadrid #enjoymadrid<\/div><div class=\"wpz-insta-date\">3 months ago<\/div><div class=\"view-post\">\n\t\t\t\t\t<a href=\"https:\/\/www.instagram.com\/p\/DZhFRd_oKlB\/\" target=\"_blank\" rel=\"noopener\"><span class=\"dashicons dashicons-instagram\"><\/span>View on Instagram<\/a>\n\t\t\t\t\t<span class=\"delimiter\">|<\/span>\n\t\t\t\t\t<div class=\"wpz-insta-pagination\">5\/9<\/div>\n\t\t\t\t\t<\/div><\/div><\/div><\/div><div data-uid=\"17887072941559268\" class=\"swiper-slide wpz-insta-lightbox-item\"><div class=\"wpz-insta-lightbox\"><div class=\"image-wrapper\"><div class=\"swiper\" style=\"height: 100%;\"><div class=\"swiper-wrapper wpz-insta-album-images\"><div class=\"swiper-slide wpz-insta-album-image\" data-media-type=\"image\"><img class=\"wpzoom-swiper-image swiper-lazy\" data-src=\"https:\/\/scontent-mad1-1.cdninstagram.com\/v\/t39.30808-6\/717006388_1326030823065647_7453876067432464292_n.jpg?stp=dst-jpg_e35_tt6&#038;_nc_cat=100&#038;ccb=7-5&#038;_nc_sid=18de74&#038;efg=eyJlZmdfdGFnIjoiQ0FST1VTRUxfSVRFTS5iZXN0X2ltYWdlX3VybGdlbi5DMiJ9&#038;_nc_ohc=4dV6hsceNz0Q7kNvwGr4e-G&#038;_nc_oc=Ado3YjEv8dNcqBEXt-h-eKmUEabxAW36AmUFTIstbn8gvicdidyi3tSwVy8XWvUP5w4&#038;_nc_zt=23&#038;_nc_ht=scontent-mad1-1.cdninstagram.com&#038;edm=ANo9K5cEAAAA&#038;_nc_gid=DeLaL07sKnoJ3biAh5SSYg&#038;_nc_tpa=Q5bMBQI6xIxlsQskjBHqWWvZf2FfEZt9NlpJm97ID-qsd2foQ7eiAxMaOLJ2SgBmbnXZ3o9bTjx0UogN&#038;oh=00_AQLhM8MYReV0C1fuBVT-YT-utcDtZTAJbv4lfaYSRueX1Q&#038;oe=6A9FC55E\" alt=\"\u00a1La llegada del Papa Leon XIV viste a Madrid de blanco y amarillo!\n\nMadrid est\u00e1 viviendo un momento hist\u00f3rico con la  visita apost\u00f3lica del Papa Le\u00f3n XIV.  La ciudad se ha transformado por completo para recibir a miles de peregrinos de todo el mundo. \n\nEl acto central: la Santa Misa y Procesi\u00f3n del Corpus Christi en la emblem\u00e1tica Plaza de Cibeles, donde se calcula que asistir\u00e1n un mill\u00f3n de personas.\n\nY para cerrar con broche de oro, el Estadio Santiago Bernab\u00e9u se transformar\u00e1 en una gigantesca catedral para acoger la gran fiesta de la fe diocesana.\n\n\u00a1Bienvenido a Madrid!\n\n#Madrid#visitasprivadasenMadrid#Espa\u00f1a\n#PapaLeonXIV #MadridConElPapa #VisitaApostolica #AlzadLaMirada #IglesiaCatolica #MadridSacro #CorpusChristi #SantiagoBernabeu #PapaEnMadrid #Fieles #juventudcatolica\"\/><div class=\"swiper-lazy-preloader swiper-lazy-preloader-white\"><\/div><\/div><div class=\"swiper-slide wpz-insta-album-image\" data-media-type=\"image\"><img class=\"wpzoom-swiper-image swiper-lazy\" data-src=\"https:\/\/scontent-mad2-1.cdninstagram.com\/v\/t39.30808-6\/716897875_1326030963065633_2460677046331138150_n.jpg?stp=dst-jpg_e35_tt6&#038;_nc_cat=104&#038;ccb=7-5&#038;_nc_sid=18de74&#038;efg=eyJlZmdfdGFnIjoiQ0FST1VTRUxfSVRFTS5iZXN0X2ltYWdlX3VybGdlbi5DMiJ9&#038;_nc_ohc=oH61CK4bPTAQ7kNvwGO6Utd&#038;_nc_oc=AdoJr4FiopA8vgNxeFhNgk-_htpbqDF8TtQQsE_EHJ5pJ9KP-ud4Guqw4Q-Zr4qrJj0&#038;_nc_zt=23&#038;_nc_ht=scontent-mad2-1.cdninstagram.com&#038;edm=ANo9K5cEAAAA&#038;_nc_gid=DeLaL07sKnoJ3biAh5SSYg&#038;_nc_tpa=Q5bMBQKToM0ExLgpJFdAyy1ErMXoV4GOs-lxFFlA9atyr2cXwXN-HPOlH36bbUBsUFF3rCbS0Oxwdp7S&#038;oh=00_AQI8-VndeYF40jWI29gTaw2LgXmgStdkV9zS63KaeOGFvQ&#038;oe=6A9FBFE5\" alt=\"\u00a1La llegada del Papa Leon XIV viste a Madrid de blanco y amarillo!\n\nMadrid est\u00e1 viviendo un momento hist\u00f3rico con la  visita apost\u00f3lica del Papa Le\u00f3n XIV.  La ciudad se ha transformado por completo para recibir a miles de peregrinos de todo el mundo. \n\nEl acto central: la Santa Misa y Procesi\u00f3n del Corpus Christi en la emblem\u00e1tica Plaza de Cibeles, donde se calcula que asistir\u00e1n un mill\u00f3n de personas.\n\nY para cerrar con broche de oro, el Estadio Santiago Bernab\u00e9u se transformar\u00e1 en una gigantesca catedral para acoger la gran fiesta de la fe diocesana.\n\n\u00a1Bienvenido a Madrid!\n\n#Madrid#visitasprivadasenMadrid#Espa\u00f1a\n#PapaLeonXIV #MadridConElPapa #VisitaApostolica #AlzadLaMirada #IglesiaCatolica #MadridSacro #CorpusChristi #SantiagoBernabeu #PapaEnMadrid #Fieles #juventudcatolica\"\/><div class=\"swiper-lazy-preloader swiper-lazy-preloader-white\"><\/div><\/div><div class=\"swiper-slide wpz-insta-album-image\" data-media-type=\"image\"><img class=\"wpzoom-swiper-image swiper-lazy\" data-src=\"https:\/\/scontent-mad2-1.cdninstagram.com\/v\/t39.30808-6\/717438007_1326031203065609_3441196073245095337_n.jpg?stp=dst-jpg_e35_tt6&#038;_nc_cat=104&#038;ccb=7-5&#038;_nc_sid=18de74&#038;efg=eyJlZmdfdGFnIjoiQ0FST1VTRUxfSVRFTS5iZXN0X2ltYWdlX3VybGdlbi5DMiJ9&#038;_nc_ohc=R73-W86nVAsQ7kNvwG0KaUC&#038;_nc_oc=AdpZ6cmQ7qwlVTC1fmavJs494_Q-0oBhLtxrCikayI442MWSYr9dalkXRGoE1DMhm_A&#038;_nc_zt=23&#038;_nc_ht=scontent-mad2-1.cdninstagram.com&#038;edm=ANo9K5cEAAAA&#038;_nc_gid=DeLaL07sKnoJ3biAh5SSYg&#038;_nc_tpa=Q5bMBQKq1e5GPqc6fIbibp25Ridp-YVo9XVJP8YQ0dUq4rjEpwwArg8z9b4vMntxq7MKmbSvA6XMfodk&#038;oh=00_AQKmHSSwzQe5jS33E3m08T5HkzSSWF9nuqiv0r6Tsv5SPQ&#038;oe=6A9FC7A0\" alt=\"\u00a1La llegada del Papa Leon XIV viste a Madrid de blanco y amarillo!\n\nMadrid est\u00e1 viviendo un momento hist\u00f3rico con la  visita apost\u00f3lica del Papa Le\u00f3n XIV.  La ciudad se ha transformado por completo para recibir a miles de peregrinos de todo el mundo. \n\nEl acto central: la Santa Misa y Procesi\u00f3n del Corpus Christi en la emblem\u00e1tica Plaza de Cibeles, donde se calcula que asistir\u00e1n un mill\u00f3n de personas.\n\nY para cerrar con broche de oro, el Estadio Santiago Bernab\u00e9u se transformar\u00e1 en una gigantesca catedral para acoger la gran fiesta de la fe diocesana.\n\n\u00a1Bienvenido a Madrid!\n\n#Madrid#visitasprivadasenMadrid#Espa\u00f1a\n#PapaLeonXIV #MadridConElPapa #VisitaApostolica #AlzadLaMirada #IglesiaCatolica #MadridSacro #CorpusChristi #SantiagoBernabeu #PapaEnMadrid #Fieles #juventudcatolica\"\/><div class=\"swiper-lazy-preloader swiper-lazy-preloader-white\"><\/div><\/div><div class=\"swiper-slide wpz-insta-album-image\" data-media-type=\"image\"><img class=\"wpzoom-swiper-image swiper-lazy\" data-src=\"https:\/\/scontent-mad1-1.cdninstagram.com\/v\/t39.30808-6\/717287281_1326031433065586_1577879419674715239_n.jpg?stp=dst-jpg_e35_tt6&#038;_nc_cat=106&#038;ccb=7-5&#038;_nc_sid=18de74&#038;efg=eyJlZmdfdGFnIjoiQ0FST1VTRUxfSVRFTS5iZXN0X2ltYWdlX3VybGdlbi5DMiJ9&#038;_nc_ohc=U019xQzFBCAQ7kNvwGcgnNy&#038;_nc_oc=Adq0Mb_4YXA7GFFOXUG8v6bKUf0fqPxW3mclGWunQQfnfQgvt0fU8IWKNg5ER4dtQOw&#038;_nc_zt=23&#038;_nc_ht=scontent-mad1-1.cdninstagram.com&#038;edm=ANo9K5cEAAAA&#038;_nc_gid=DeLaL07sKnoJ3biAh5SSYg&#038;_nc_tpa=Q5bMBQJYME847GhN3q3CmymziSfYOSVhifdDn6OY0F2zA1mqDgmXwcV_ESRJJt0e1fILGJ3mNnhvEhh0&#038;oh=00_AQIwxTyhRHNCp0Zg07Q_zejR-1z9KMF-7DJWzCl8Md49-w&#038;oe=6A9FBB44\" alt=\"\u00a1La llegada del Papa Leon XIV viste a Madrid de blanco y amarillo!\n\nMadrid est\u00e1 viviendo un momento hist\u00f3rico con la  visita apost\u00f3lica del Papa Le\u00f3n XIV.  La ciudad se ha transformado por completo para recibir a miles de peregrinos de todo el mundo. \n\nEl acto central: la Santa Misa y Procesi\u00f3n del Corpus Christi en la emblem\u00e1tica Plaza de Cibeles, donde se calcula que asistir\u00e1n un mill\u00f3n de personas.\n\nY para cerrar con broche de oro, el Estadio Santiago Bernab\u00e9u se transformar\u00e1 en una gigantesca catedral para acoger la gran fiesta de la fe diocesana.\n\n\u00a1Bienvenido a Madrid!\n\n#Madrid#visitasprivadasenMadrid#Espa\u00f1a\n#PapaLeonXIV #MadridConElPapa #VisitaApostolica #AlzadLaMirada #IglesiaCatolica #MadridSacro #CorpusChristi #SantiagoBernabeu #PapaEnMadrid #Fieles #juventudcatolica\"\/><div class=\"swiper-lazy-preloader swiper-lazy-preloader-white\"><\/div><\/div><div class=\"swiper-slide wpz-insta-album-image\" data-media-type=\"image\"><img class=\"wpzoom-swiper-image swiper-lazy\" data-src=\"https:\/\/scontent-mad2-1.cdninstagram.com\/v\/t39.30808-6\/717477694_1326031793065550_1770400315715316378_n.jpg?stp=dst-jpg_e35_tt6&#038;_nc_cat=108&#038;ccb=7-5&#038;_nc_sid=18de74&#038;efg=eyJlZmdfdGFnIjoiQ0FST1VTRUxfSVRFTS5iZXN0X2ltYWdlX3VybGdlbi5DMiJ9&#038;_nc_ohc=tuOie9WkzkkQ7kNvwF4GbOi&#038;_nc_oc=AdoNbJi9ZkPSO3qUGOq21agoNx3iyTb9OegZ3SCa_zi3rXSgJWAX0N2htkyvIFaQuj8&#038;_nc_zt=23&#038;_nc_ht=scontent-mad2-1.cdninstagram.com&#038;edm=ANo9K5cEAAAA&#038;_nc_gid=DeLaL07sKnoJ3biAh5SSYg&#038;_nc_tpa=Q5bMBQL5gmMWH4DilzlOG0IF2Q27hZBwjjyIqwXgE72VTHmdaBzkAlshW1eDza1eWVB5OM4l4Kk_xMgb&#038;oh=00_AQLS25Cd8tQBDZ_aorjo0Zcozyv1FQP7ln9YkgBA8oMczQ&#038;oe=6A9FD0FE\" alt=\"\u00a1La llegada del Papa Leon XIV viste a Madrid de blanco y amarillo!\n\nMadrid est\u00e1 viviendo un momento hist\u00f3rico con la  visita apost\u00f3lica del Papa Le\u00f3n XIV.  La ciudad se ha transformado por completo para recibir a miles de peregrinos de todo el mundo. \n\nEl acto central: la Santa Misa y Procesi\u00f3n del Corpus Christi en la emblem\u00e1tica Plaza de Cibeles, donde se calcula que asistir\u00e1n un mill\u00f3n de personas.\n\nY para cerrar con broche de oro, el Estadio Santiago Bernab\u00e9u se transformar\u00e1 en una gigantesca catedral para acoger la gran fiesta de la fe diocesana.\n\n\u00a1Bienvenido a Madrid!\n\n#Madrid#visitasprivadasenMadrid#Espa\u00f1a\n#PapaLeonXIV #MadridConElPapa #VisitaApostolica #AlzadLaMirada #IglesiaCatolica #MadridSacro #CorpusChristi #SantiagoBernabeu #PapaEnMadrid #Fieles #juventudcatolica\"\/><div class=\"swiper-lazy-preloader swiper-lazy-preloader-white\"><\/div><\/div><div class=\"swiper-slide wpz-insta-album-image\" data-media-type=\"image\"><img class=\"wpzoom-swiper-image swiper-lazy\" data-src=\"https:\/\/scontent-mad2-1.cdninstagram.com\/v\/t39.30808-6\/717186910_1326032196398843_6129248642775638981_n.jpg?stp=dst-jpg_e35_tt6&#038;_nc_cat=110&#038;ccb=7-5&#038;_nc_sid=18de74&#038;efg=eyJlZmdfdGFnIjoiQ0FST1VTRUxfSVRFTS5iZXN0X2ltYWdlX3VybGdlbi5DMiJ9&#038;_nc_ohc=OaoeCrOHBtgQ7kNvwGwf865&#038;_nc_oc=AdqZ4kmYI8Zl6buvdJKKOG6OckH8mADOlw7avnlYZQuxhtmL2bXi4_bJmhEOAbkqdLE&#038;_nc_zt=23&#038;_nc_ht=scontent-mad2-1.cdninstagram.com&#038;edm=ANo9K5cEAAAA&#038;_nc_gid=DeLaL07sKnoJ3biAh5SSYg&#038;_nc_tpa=Q5bMBQJbNEvOQX7bQDFl1HjVU-C8gZsNdNT2KOREN2BKMRIvzXSc6LvuRU3q4JF-BSx6vXGxL11I6voM&#038;oh=00_AQKtNSnY3PLkb3S9pclWokvwfne2wTJUuHMUK4L5DvLhQw&#038;oe=6A9FD021\" alt=\"\u00a1La llegada del Papa Leon XIV viste a Madrid de blanco y amarillo!\n\nMadrid est\u00e1 viviendo un momento hist\u00f3rico con la  visita apost\u00f3lica del Papa Le\u00f3n XIV.  La ciudad se ha transformado por completo para recibir a miles de peregrinos de todo el mundo. \n\nEl acto central: la Santa Misa y Procesi\u00f3n del Corpus Christi en la emblem\u00e1tica Plaza de Cibeles, donde se calcula que asistir\u00e1n un mill\u00f3n de personas.\n\nY para cerrar con broche de oro, el Estadio Santiago Bernab\u00e9u se transformar\u00e1 en una gigantesca catedral para acoger la gran fiesta de la fe diocesana.\n\n\u00a1Bienvenido a Madrid!\n\n#Madrid#visitasprivadasenMadrid#Espa\u00f1a\n#PapaLeonXIV #MadridConElPapa #VisitaApostolica #AlzadLaMirada #IglesiaCatolica #MadridSacro #CorpusChristi #SantiagoBernabeu #PapaEnMadrid #Fieles #juventudcatolica\"\/><div class=\"swiper-lazy-preloader swiper-lazy-preloader-white\"><\/div><\/div><div class=\"swiper-slide wpz-insta-album-image\" data-media-type=\"image\"><img class=\"wpzoom-swiper-image swiper-lazy\" data-src=\"https:\/\/scontent-mad2-1.cdninstagram.com\/v\/t39.30808-6\/717298593_1326032369732159_7616035178316716855_n.jpg?stp=dst-jpg_e35_tt6&#038;_nc_cat=109&#038;ccb=7-5&#038;_nc_sid=18de74&#038;efg=eyJlZmdfdGFnIjoiQ0FST1VTRUxfSVRFTS5iZXN0X2ltYWdlX3VybGdlbi5DMiJ9&#038;_nc_ohc=pEYmv8jgkUwQ7kNvwHM5kY9&#038;_nc_oc=AdqUBjQmNuumLrOUpJrnsyC9YtfNi6DNTX9AaZyXY8NKSvxPKG716YGmE2xB7cr42q4&#038;_nc_zt=23&#038;_nc_ht=scontent-mad2-1.cdninstagram.com&#038;edm=ANo9K5cEAAAA&#038;_nc_gid=DeLaL07sKnoJ3biAh5SSYg&#038;_nc_tpa=Q5bMBQJ0BkKYC6-ug5kBHRo__-dWYc5PLnrccrkPINiipW59P9HqUfLsv7UIlqUbN_29TqdkDcWSDn3a&#038;oh=00_AQLLr1CnDvHUFsYDbggC-4qNIy6k8UTILF1gaWy5Iynwqg&#038;oe=6A9FDAD6\" alt=\"\u00a1La llegada del Papa Leon XIV viste a Madrid de blanco y amarillo!\n\nMadrid est\u00e1 viviendo un momento hist\u00f3rico con la  visita apost\u00f3lica del Papa Le\u00f3n XIV.  La ciudad se ha transformado por completo para recibir a miles de peregrinos de todo el mundo. \n\nEl acto central: la Santa Misa y Procesi\u00f3n del Corpus Christi en la emblem\u00e1tica Plaza de Cibeles, donde se calcula que asistir\u00e1n un mill\u00f3n de personas.\n\nY para cerrar con broche de oro, el Estadio Santiago Bernab\u00e9u se transformar\u00e1 en una gigantesca catedral para acoger la gran fiesta de la fe diocesana.\n\n\u00a1Bienvenido a Madrid!\n\n#Madrid#visitasprivadasenMadrid#Espa\u00f1a\n#PapaLeonXIV #MadridConElPapa #VisitaApostolica #AlzadLaMirada #IglesiaCatolica #MadridSacro #CorpusChristi #SantiagoBernabeu #PapaEnMadrid #Fieles #juventudcatolica\"\/><div class=\"swiper-lazy-preloader swiper-lazy-preloader-white\"><\/div><\/div><div class=\"swiper-slide wpz-insta-album-image\" data-media-type=\"image\"><img class=\"wpzoom-swiper-image swiper-lazy\" data-src=\"https:\/\/scontent-mad2-1.cdninstagram.com\/v\/t39.30808-6\/717298677_1326032649732131_3425127383300001859_n.jpg?stp=dst-jpg_e35_tt6&#038;_nc_cat=104&#038;ccb=7-5&#038;_nc_sid=18de74&#038;efg=eyJlZmdfdGFnIjoiQ0FST1VTRUxfSVRFTS5iZXN0X2ltYWdlX3VybGdlbi5DMiJ9&#038;_nc_ohc=lkgWclxmVM8Q7kNvwEPew4q&#038;_nc_oc=AdpV2mt6dqRhB6woQ8BycC2tTwKaN3XhmtgFJNvpsjFwBQ7znaM6CAqowyqJt7l-GuQ&#038;_nc_zt=23&#038;_nc_ht=scontent-mad2-1.cdninstagram.com&#038;edm=ANo9K5cEAAAA&#038;_nc_gid=DeLaL07sKnoJ3biAh5SSYg&#038;_nc_tpa=Q5bMBQLd6SAZ522dsSH7E3FWT7D4zBnnyV5Agpy5x705af8Y2BBRtVU42AioVSSuqjg6hnnFFssnyfll&#038;oh=00_AQJjX5td54_OjlC4y1IOCewFdMK17xm7JY9VICbHgJsU9g&#038;oe=6A9FB9C6\" alt=\"\u00a1La llegada del Papa Leon XIV viste a Madrid de blanco y amarillo!\n\nMadrid est\u00e1 viviendo un momento hist\u00f3rico con la  visita apost\u00f3lica del Papa Le\u00f3n XIV.  La ciudad se ha transformado por completo para recibir a miles de peregrinos de todo el mundo. \n\nEl acto central: la Santa Misa y Procesi\u00f3n del Corpus Christi en la emblem\u00e1tica Plaza de Cibeles, donde se calcula que asistir\u00e1n un mill\u00f3n de personas.\n\nY para cerrar con broche de oro, el Estadio Santiago Bernab\u00e9u se transformar\u00e1 en una gigantesca catedral para acoger la gran fiesta de la fe diocesana.\n\n\u00a1Bienvenido a Madrid!\n\n#Madrid#visitasprivadasenMadrid#Espa\u00f1a\n#PapaLeonXIV #MadridConElPapa #VisitaApostolica #AlzadLaMirada #IglesiaCatolica #MadridSacro #CorpusChristi #SantiagoBernabeu #PapaEnMadrid #Fieles #juventudcatolica\"\/><div class=\"swiper-lazy-preloader swiper-lazy-preloader-white\"><\/div><\/div><div class=\"swiper-slide wpz-insta-album-image\" data-media-type=\"image\"><img class=\"wpzoom-swiper-image swiper-lazy\" data-src=\"https:\/\/scontent-mad1-1.cdninstagram.com\/v\/t39.30808-6\/718264902_1326032786398784_3906778375574597038_n.jpg?stp=dst-jpg_e35_tt6&#038;_nc_cat=107&#038;ccb=7-5&#038;_nc_sid=18de74&#038;efg=eyJlZmdfdGFnIjoiQ0FST1VTRUxfSVRFTS5iZXN0X2ltYWdlX3VybGdlbi5DMiJ9&#038;_nc_ohc=0h0JUGPofSoQ7kNvwF1uSg0&#038;_nc_oc=AdomwqCz5JZgFqASo4zxrwD1z_p6scG-No9mrKdYnf3U80mQRhiws0ehKyExuRGOE0c&#038;_nc_zt=23&#038;_nc_ht=scontent-mad1-1.cdninstagram.com&#038;edm=ANo9K5cEAAAA&#038;_nc_gid=DeLaL07sKnoJ3biAh5SSYg&#038;_nc_tpa=Q5bMBQKhyY1HKlpIRrwM-SHSY9CL7GXGjTQIL2lJx7nr_up92T2a_eIMtNM88d7DgzkOnNh_BYgsQyKx&#038;oh=00_AQJauFdqFQY6uoUEfJ70kyyhyI86qK208EFK-Fcu7LlCIQ&#038;oe=6A9FC60D\" alt=\"\u00a1La llegada del Papa Leon XIV viste a Madrid de blanco y amarillo!\n\nMadrid est\u00e1 viviendo un momento hist\u00f3rico con la  visita apost\u00f3lica del Papa Le\u00f3n XIV.  La ciudad se ha transformado por completo para recibir a miles de peregrinos de todo el mundo. \n\nEl acto central: la Santa Misa y Procesi\u00f3n del Corpus Christi en la emblem\u00e1tica Plaza de Cibeles, donde se calcula que asistir\u00e1n un mill\u00f3n de personas.\n\nY para cerrar con broche de oro, el Estadio Santiago Bernab\u00e9u se transformar\u00e1 en una gigantesca catedral para acoger la gran fiesta de la fe diocesana.\n\n\u00a1Bienvenido a Madrid!\n\n#Madrid#visitasprivadasenMadrid#Espa\u00f1a\n#PapaLeonXIV #MadridConElPapa #VisitaApostolica #AlzadLaMirada #IglesiaCatolica #MadridSacro #CorpusChristi #SantiagoBernabeu #PapaEnMadrid #Fieles #juventudcatolica\"\/><div class=\"swiper-lazy-preloader swiper-lazy-preloader-white\"><\/div><\/div><div class=\"swiper-slide wpz-insta-album-image\" data-media-type=\"image\"><img class=\"wpzoom-swiper-image swiper-lazy\" data-src=\"https:\/\/scontent-mad2-1.cdninstagram.com\/v\/t39.30808-6\/717402550_1326033826398680_8643610647424896769_n.jpg?stp=dst-jpg_e35_tt6&#038;_nc_cat=111&#038;ccb=7-5&#038;_nc_sid=18de74&#038;efg=eyJlZmdfdGFnIjoiQ0FST1VTRUxfSVRFTS5iZXN0X2ltYWdlX3VybGdlbi5DMiJ9&#038;_nc_ohc=iywBN0mfAj0Q7kNvwGROgde&#038;_nc_oc=AdqMcycznfsBp7sBKOkjdz-sZ2ozevD2ppnml0VJSX7Bm0y6W2lHssqXIvhYE94jZwc&#038;_nc_zt=23&#038;_nc_ht=scontent-mad2-1.cdninstagram.com&#038;edm=ANo9K5cEAAAA&#038;_nc_gid=DeLaL07sKnoJ3biAh5SSYg&#038;_nc_tpa=Q5bMBQIQA4_bSeCPgmi4bfyL51_A0BDV06ZqWKdCinQ8zVoU1NJ4XLVJKBG66Zr3-Ln3l5kxrCgNuK-w&#038;oh=00_AQIeVgQN7NCnNpin7Bs4xlhKfB4C12izfu3zuapEr4Gd1g&#038;oe=6A9FC1F0\" alt=\"\u00a1La llegada del Papa Leon XIV viste a Madrid de blanco y amarillo!\n\nMadrid est\u00e1 viviendo un momento hist\u00f3rico con la  visita apost\u00f3lica del Papa Le\u00f3n XIV.  La ciudad se ha transformado por completo para recibir a miles de peregrinos de todo el mundo. \n\nEl acto central: la Santa Misa y Procesi\u00f3n del Corpus Christi en la emblem\u00e1tica Plaza de Cibeles, donde se calcula que asistir\u00e1n un mill\u00f3n de personas.\n\nY para cerrar con broche de oro, el Estadio Santiago Bernab\u00e9u se transformar\u00e1 en una gigantesca catedral para acoger la gran fiesta de la fe diocesana.\n\n\u00a1Bienvenido a Madrid!\n\n#Madrid#visitasprivadasenMadrid#Espa\u00f1a\n#PapaLeonXIV #MadridConElPapa #VisitaApostolica #AlzadLaMirada #IglesiaCatolica #MadridSacro #CorpusChristi #SantiagoBernabeu #PapaEnMadrid #Fieles #juventudcatolica\"\/><div class=\"swiper-lazy-preloader swiper-lazy-preloader-white\"><\/div><\/div><\/div><div class=\"swiper-pagination\"><\/div><div class=\"swiper-button-prev\"><\/div><div class=\"swiper-button-next\"><\/div><\/div><\/div>\n\t\t\t\t\t<div class=\"details-wrapper\">\n\t\t\t\t\t<div class=\"wpz-insta-header\">\n\t\t\t\t\t\t<div class=\"wpz-insta-avatar\">\n\t\t\t\t\t\t\t<img loading=\"lazy\" decoding=\"async\" src=\"https:\/\/madridtravelprivatetours.com\/wp-content\/uploads\/2025\/11\/201804777_498622628022570_8458539387686347215_n-2-150x150.jpg\" alt=\"@madridtravelprivatetours\" width=\"42\" height=\"42\"\/>\n\t\t\t\t\t\t<\/div>\n\t\t\t\t\t\t<div class=\"wpz-insta-buttons\">\n\t\t\t\t\t\t\t<div class=\"wpz-insta-username\">\n\t\t\t\t\t\t\t\t<a rel=\"noopener\" target=\"_blank\" href=\"https:\/\/instagram.com\/madridtravelprivatetours\">@madridtravelprivatetours<\/a>\n\t\t\t\t\t\t\t<\/div>\n\t\t\t\t\t\t\t<div>&bull;<\/div>\n\t\t\t\t\t\t\t<div class=\"wpz-insta-follow\">\n\t\t\t\t\t\t\t\t<a target=\"_blank\" rel=\"noopener\"\n\t\t\t\t\t\t\t\thref=\"https:\/\/instagram.com\/madridtravelprivatetours?ref=badge\">\n\t\t\t\t\t\t\t\t\tFollow\n\t\t\t\t\t\t\t\t<\/a>\n\t\t\t\t\t\t\t<\/div>\n\t\t\t\t\t\t<\/div>\n\t\t\t\t\t<\/div><div class=\"wpz-insta-caption\">\u00a1La llegada del Papa Leon XIV viste a Madrid de blanco y amarillo!\n\nMadrid est\u00e1 viviendo un momento hist\u00f3rico con la  visita apost\u00f3lica del Papa Le\u00f3n XIV.  La ciudad se ha transformado por completo para recibir a miles de peregrinos de todo el mundo. \n\nEl acto central: la Santa Misa y Procesi\u00f3n del Corpus Christi en la emblem\u00e1tica Plaza de Cibeles, donde se calcula que asistir\u00e1n un mill\u00f3n de personas.\n\nY para cerrar con broche de oro, el Estadio Santiago Bernab\u00e9u se transformar\u00e1 en una gigantesca catedral para acoger la gran fiesta de la fe diocesana.\n\n\u00a1Bienvenido a Madrid!\n\n#Madrid#visitasprivadasenMadrid#Espa\u00f1a\n#PapaLeonXIV #MadridConElPapa #VisitaApostolica #AlzadLaMirada #IglesiaCatolica #MadridSacro #CorpusChristi #SantiagoBernabeu #PapaEnMadrid #Fieles #juventudcatolica<\/div><div class=\"wpz-insta-date\">3 months ago<\/div><div class=\"view-post\">\n\t\t\t\t\t<a href=\"https:\/\/www.instagram.com\/p\/DZQRSDWlnJq\/\" target=\"_blank\" rel=\"noopener\"><span class=\"dashicons dashicons-instagram\"><\/span>View on Instagram<\/a>\n\t\t\t\t\t<span class=\"delimiter\">|<\/span>\n\t\t\t\t\t<div class=\"wpz-insta-pagination\">6\/9<\/div>\n\t\t\t\t\t<\/div><\/div><\/div><\/div><div data-uid=\"18213694753325868\" class=\"swiper-slide wpz-insta-lightbox-item\"><div class=\"wpz-insta-lightbox\"><div class=\"image-wrapper\"><div class=\"swiper\" style=\"height: 100%;\"><div class=\"swiper-wrapper wpz-insta-album-images\"><div class=\"swiper-slide wpz-insta-album-image\" data-media-type=\"image\"><img class=\"wpzoom-swiper-image swiper-lazy\" data-src=\"https:\/\/scontent-mad2-1.cdninstagram.com\/v\/t39.30808-6\/706489612_1317483943920335_2521303132270597104_n.jpg?stp=dst-jpg_e35_tt6&#038;_nc_cat=110&#038;ccb=7-5&#038;_nc_sid=18de74&#038;efg=eyJlZmdfdGFnIjoiQ0FST1VTRUxfSVRFTS5iZXN0X2ltYWdlX3VybGdlbi5DMiJ9&#038;_nc_ohc=2ATR3Nez1FsQ7kNvwE50J1U&#038;_nc_oc=AdrYEGMjkLzIldoZ4KRONXTGbHgTg4HDSgqpBCV3UEABCrvtPUbJGSfvZKmkuA_CeRE&#038;_nc_zt=23&#038;_nc_ht=scontent-mad2-1.cdninstagram.com&#038;edm=ANo9K5cEAAAA&#038;_nc_gid=DeLaL07sKnoJ3biAh5SSYg&#038;_nc_tpa=Q5bMBQKy2LdF9vesbwgA6Z0d9TLPhjB8HPF5S7eYnlCdtBlEViaVoxCs6Q3gLmnoPXVLSHcziDDzS_8o&#038;oh=00_AQL_VnHMeH-lwbBhRJpl-Ll29JXlxJBuoqwtokLCsMb_yw&#038;oe=6A9FDC87\" alt=\"\u00a1Toledo est\u00e1 espectacular estos d\u00edas!\ud83d\ude0d\n\n\ud83c\udfafLas calles decoradas para el Corpus y el ambiente en toda la ciudad hacen que sea uno de los mejores momentos del a\u00f1o para visitarla.\n\n\u203c\ufe0fAdem\u00e1s, este a\u00f1o se celebran los 800 a\u00f1os del inicio de la construcci\u00f3n de la Catedral Primada de Toledo.  Historia, tradici\u00f3n y una ciudad m\u00e1s bonita que nunca. #toledo #corpustoledo2026 #toledoturismo #catedraltoledo800a\u00f1os\"\/><div class=\"swiper-lazy-preloader swiper-lazy-preloader-white\"><\/div><\/div><div class=\"swiper-slide wpz-insta-album-image\" data-media-type=\"image\"><img class=\"wpzoom-swiper-image swiper-lazy\" data-src=\"https:\/\/scontent-mad1-1.cdninstagram.com\/v\/t39.30808-6\/707581386_1317484327253630_5950234482126036661_n.jpg?stp=dst-jpg_e35_tt6&#038;_nc_cat=106&#038;ccb=7-5&#038;_nc_sid=18de74&#038;efg=eyJlZmdfdGFnIjoiQ0FST1VTRUxfSVRFTS5iZXN0X2ltYWdlX3VybGdlbi5DMiJ9&#038;_nc_ohc=EZA-P_cGgY8Q7kNvwH36RxO&#038;_nc_oc=Adq3BkB1rjSBDnA_2_NDfbi6o02fwByHDxa72dvCwrBKywXnE-o4G99wIUXpLiVuXmI&#038;_nc_zt=23&#038;_nc_ht=scontent-mad1-1.cdninstagram.com&#038;edm=ANo9K5cEAAAA&#038;_nc_gid=DeLaL07sKnoJ3biAh5SSYg&#038;_nc_tpa=Q5bMBQJpJciFCwc5aUG0dUpm8dDR3gr8goRtb8YkKDK9ozknDziklJfJRVqzpip-6YFIyR0gbRLDm_Dv&#038;oh=00_AQKDoxd_R9mW6j2pvONxnEC67RgdoMoMBrB_a3Z9jXvxZA&#038;oe=6A9FD40D\" alt=\"\u00a1Toledo est\u00e1 espectacular estos d\u00edas!\ud83d\ude0d\n\n\ud83c\udfafLas calles decoradas para el Corpus y el ambiente en toda la ciudad hacen que sea uno de los mejores momentos del a\u00f1o para visitarla.\n\n\u203c\ufe0fAdem\u00e1s, este a\u00f1o se celebran los 800 a\u00f1os del inicio de la construcci\u00f3n de la Catedral Primada de Toledo.  Historia, tradici\u00f3n y una ciudad m\u00e1s bonita que nunca. #toledo #corpustoledo2026 #toledoturismo #catedraltoledo800a\u00f1os\"\/><div class=\"swiper-lazy-preloader swiper-lazy-preloader-white\"><\/div><\/div><div class=\"swiper-slide wpz-insta-album-image\" data-media-type=\"image\"><img class=\"wpzoom-swiper-image swiper-lazy\" data-src=\"https:\/\/scontent-mad2-1.cdninstagram.com\/v\/t39.30808-6\/706704975_1317484183920311_5933505123860950489_n.jpg?stp=dst-jpg_e35_tt6&#038;_nc_cat=109&#038;ccb=7-5&#038;_nc_sid=18de74&#038;efg=eyJlZmdfdGFnIjoiQ0FST1VTRUxfSVRFTS5iZXN0X2ltYWdlX3VybGdlbi5DMiJ9&#038;_nc_ohc=hkoDJw4obEMQ7kNvwEoH42d&#038;_nc_oc=AdqWp_BCGTnn3k9FT0brCVlydrRk80aF__6bu5hmtI33eniJzUhfcfx9-jw4bNZJfJ0&#038;_nc_zt=23&#038;_nc_ht=scontent-mad2-1.cdninstagram.com&#038;edm=ANo9K5cEAAAA&#038;_nc_gid=DeLaL07sKnoJ3biAh5SSYg&#038;_nc_tpa=Q5bMBQLg0bYgm5T3kMGt7FO-zXrdC0ng4aDF_KB7nkKRFU9duNR1HA89siRGAYc0c3u2D1hmyTGh-ixL&#038;oh=00_AQJoRPddO-QA1pq9lSeW4gfw1TTlmZPPFY7cQyGRn2IVQQ&#038;oe=6A9FCAEB\" alt=\"\u00a1Toledo est\u00e1 espectacular estos d\u00edas!\ud83d\ude0d\n\n\ud83c\udfafLas calles decoradas para el Corpus y el ambiente en toda la ciudad hacen que sea uno de los mejores momentos del a\u00f1o para visitarla.\n\n\u203c\ufe0fAdem\u00e1s, este a\u00f1o se celebran los 800 a\u00f1os del inicio de la construcci\u00f3n de la Catedral Primada de Toledo.  Historia, tradici\u00f3n y una ciudad m\u00e1s bonita que nunca. #toledo #corpustoledo2026 #toledoturismo #catedraltoledo800a\u00f1os\"\/><div class=\"swiper-lazy-preloader swiper-lazy-preloader-white\"><\/div><\/div><div class=\"swiper-slide wpz-insta-album-image\" data-media-type=\"image\"><img class=\"wpzoom-swiper-image swiper-lazy\" data-src=\"https:\/\/scontent-mad1-1.cdninstagram.com\/v\/t39.30808-6\/707464872_1317484210586975_596903612654996395_n.jpg?stp=dst-jpg_e35_tt6&#038;_nc_cat=100&#038;ccb=7-5&#038;_nc_sid=18de74&#038;efg=eyJlZmdfdGFnIjoiQ0FST1VTRUxfSVRFTS5iZXN0X2ltYWdlX3VybGdlbi5DMiJ9&#038;_nc_ohc=HghsM7kAnnIQ7kNvwH-l5w3&#038;_nc_oc=AdomxFCKBJKK3Zl4DAFgt9iBjRGuiaXUhXiEhfx2PEIgKl1uX7Aiah5PzFg8CnPPzVQ&#038;_nc_zt=23&#038;_nc_ht=scontent-mad1-1.cdninstagram.com&#038;edm=ANo9K5cEAAAA&#038;_nc_gid=DeLaL07sKnoJ3biAh5SSYg&#038;_nc_tpa=Q5bMBQLpuiZv8izZsnKVRfkQfqT2Q-CsFgWnXeo08DuQKb3IvR7usS0qV2DcWhcTQApGS7xf7-yn-bSd&#038;oh=00_AQIb_AE1TyeNSi3ss6-4_A2y3B2WQy7nO24gWjjGCu4c4w&#038;oe=6A9FCD2D\" alt=\"\u00a1Toledo est\u00e1 espectacular estos d\u00edas!\ud83d\ude0d\n\n\ud83c\udfafLas calles decoradas para el Corpus y el ambiente en toda la ciudad hacen que sea uno de los mejores momentos del a\u00f1o para visitarla.\n\n\u203c\ufe0fAdem\u00e1s, este a\u00f1o se celebran los 800 a\u00f1os del inicio de la construcci\u00f3n de la Catedral Primada de Toledo.  Historia, tradici\u00f3n y una ciudad m\u00e1s bonita que nunca. #toledo #corpustoledo2026 #toledoturismo #catedraltoledo800a\u00f1os\"\/><div class=\"swiper-lazy-preloader swiper-lazy-preloader-white\"><\/div><\/div><div class=\"swiper-slide wpz-insta-album-image\" data-media-type=\"image\"><img class=\"wpzoom-swiper-image swiper-lazy\" data-src=\"https:\/\/scontent-mad1-1.cdninstagram.com\/v\/t39.30808-6\/706318362_1317483997253663_7687361989454267511_n.jpg?stp=dst-jpg_e35_tt6&#038;_nc_cat=103&#038;ccb=7-5&#038;_nc_sid=18de74&#038;efg=eyJlZmdfdGFnIjoiQ0FST1VTRUxfSVRFTS5iZXN0X2ltYWdlX3VybGdlbi5DMiJ9&#038;_nc_ohc=1Zhb3jvMS5sQ7kNvwHIsF9N&#038;_nc_oc=AdpmIkuK8247uVlxviYXuyKOYeitlX7HI_ciPn8T5XyY7qip30gl72b55v-56jw3lYs&#038;_nc_zt=23&#038;_nc_ht=scontent-mad1-1.cdninstagram.com&#038;edm=ANo9K5cEAAAA&#038;_nc_gid=DeLaL07sKnoJ3biAh5SSYg&#038;_nc_tpa=Q5bMBQJEa0MI-ReDMR46rX8x-4OykDSQY9LTLI5Ew04xAFxYN0n8J0o-HFazB5M397Qc_udKAqV8f2Ze&#038;oh=00_AQJkyrnuB1oTSC8GtvpiQl7W7w5VMfcx2k1SFB32GRCmdg&#038;oe=6A9FCB7A\" alt=\"\u00a1Toledo est\u00e1 espectacular estos d\u00edas!\ud83d\ude0d\n\n\ud83c\udfafLas calles decoradas para el Corpus y el ambiente en toda la ciudad hacen que sea uno de los mejores momentos del a\u00f1o para visitarla.\n\n\u203c\ufe0fAdem\u00e1s, este a\u00f1o se celebran los 800 a\u00f1os del inicio de la construcci\u00f3n de la Catedral Primada de Toledo.  Historia, tradici\u00f3n y una ciudad m\u00e1s bonita que nunca. #toledo #corpustoledo2026 #toledoturismo #catedraltoledo800a\u00f1os\"\/><div class=\"swiper-lazy-preloader swiper-lazy-preloader-white\"><\/div><\/div><div class=\"swiper-slide wpz-insta-album-image\" data-media-type=\"image\"><img class=\"wpzoom-swiper-image swiper-lazy\" data-src=\"https:\/\/scontent-mad2-1.cdninstagram.com\/v\/t39.30808-6\/706649950_1317484097253653_340726326808833649_n.jpg?stp=dst-jpg_e35_tt6&#038;_nc_cat=109&#038;ccb=7-5&#038;_nc_sid=18de74&#038;efg=eyJlZmdfdGFnIjoiQ0FST1VTRUxfSVRFTS5iZXN0X2ltYWdlX3VybGdlbi5DMiJ9&#038;_nc_ohc=OHcXtMz6XUEQ7kNvwGmlxY6&#038;_nc_oc=Adp4X9lymo5yv60-o_Jk4Gz12y6VwCm6nLw6e5pzio75UjISob8Z4am67ga8-qZROTk&#038;_nc_zt=23&#038;_nc_ht=scontent-mad2-1.cdninstagram.com&#038;edm=ANo9K5cEAAAA&#038;_nc_gid=DeLaL07sKnoJ3biAh5SSYg&#038;_nc_tpa=Q5bMBQLQ3ipV6tGoCpqOC7IcLvVymA80PofflshHa0qqJPqX4ZFR1F6TeI9F20BFOFXIh0dBaLUqi34n&#038;oh=00_AQISyMiuug2j7YJpxQFZ8NPipWEtW_5tYSt94cXDmfJ8Nw&#038;oe=6A9FD9C2\" alt=\"\u00a1Toledo est\u00e1 espectacular estos d\u00edas!\ud83d\ude0d\n\n\ud83c\udfafLas calles decoradas para el Corpus y el ambiente en toda la ciudad hacen que sea uno de los mejores momentos del a\u00f1o para visitarla.\n\n\u203c\ufe0fAdem\u00e1s, este a\u00f1o se celebran los 800 a\u00f1os del inicio de la construcci\u00f3n de la Catedral Primada de Toledo.  Historia, tradici\u00f3n y una ciudad m\u00e1s bonita que nunca. #toledo #corpustoledo2026 #toledoturismo #catedraltoledo800a\u00f1os\"\/><div class=\"swiper-lazy-preloader swiper-lazy-preloader-white\"><\/div><\/div><div class=\"swiper-slide wpz-insta-album-image\" data-media-type=\"image\"><img class=\"wpzoom-swiper-image swiper-lazy\" data-src=\"https:\/\/scontent-mad2-1.cdninstagram.com\/v\/t39.30808-6\/707867394_1317484127253650_1687391885460317457_n.jpg?stp=dst-jpg_e35_tt6&#038;_nc_cat=110&#038;ccb=7-5&#038;_nc_sid=18de74&#038;efg=eyJlZmdfdGFnIjoiQ0FST1VTRUxfSVRFTS5iZXN0X2ltYWdlX3VybGdlbi5DMiJ9&#038;_nc_ohc=IVG-f3TVxgMQ7kNvwHJnnoC&#038;_nc_oc=AdpXvSB29yFe_7mhIqQ_53yJuni83i39FS5hnl2GX8sPtk3ijJmAkeR12PzaSDXOwHY&#038;_nc_zt=23&#038;_nc_ht=scontent-mad2-1.cdninstagram.com&#038;edm=ANo9K5cEAAAA&#038;_nc_gid=DeLaL07sKnoJ3biAh5SSYg&#038;_nc_tpa=Q5bMBQLWS-gjV3dR1zKZdMfrKEHoI2iXfiN2WKIzARMjTqkmbppvKVIfUyw7of5qLZ1iLHfL-hx-9EGS&#038;oh=00_AQLZ4kzV34fQLdyNnGa2cnErzOOfnLshGuup4qx5g_7sgA&#038;oe=6A9FC945\" alt=\"\u00a1Toledo est\u00e1 espectacular estos d\u00edas!\ud83d\ude0d\n\n\ud83c\udfafLas calles decoradas para el Corpus y el ambiente en toda la ciudad hacen que sea uno de los mejores momentos del a\u00f1o para visitarla.\n\n\u203c\ufe0fAdem\u00e1s, este a\u00f1o se celebran los 800 a\u00f1os del inicio de la construcci\u00f3n de la Catedral Primada de Toledo.  Historia, tradici\u00f3n y una ciudad m\u00e1s bonita que nunca. #toledo #corpustoledo2026 #toledoturismo #catedraltoledo800a\u00f1os\"\/><div class=\"swiper-lazy-preloader swiper-lazy-preloader-white\"><\/div><\/div><div class=\"swiper-slide wpz-insta-album-image\" data-media-type=\"image\"><img class=\"wpzoom-swiper-image swiper-lazy\" data-src=\"https:\/\/scontent-mad1-1.cdninstagram.com\/v\/t39.30808-6\/707947439_1317484247253638_1166457727594673814_n.jpg?stp=dst-jpg_e35_tt6&#038;_nc_cat=102&#038;ccb=7-5&#038;_nc_sid=18de74&#038;efg=eyJlZmdfdGFnIjoiQ0FST1VTRUxfSVRFTS5iZXN0X2ltYWdlX3VybGdlbi5DMiJ9&#038;_nc_ohc=09hwNLvUQssQ7kNvwE_GlYv&#038;_nc_oc=Adqn-OfxfbjoUhKjBci9YdCUwPsgN_cXK8qSlE5A3gL6AYyTCbmUNgP6rtMRMvmMVxc&#038;_nc_zt=23&#038;_nc_ht=scontent-mad1-1.cdninstagram.com&#038;edm=ANo9K5cEAAAA&#038;_nc_gid=DeLaL07sKnoJ3biAh5SSYg&#038;_nc_tpa=Q5bMBQLgdOiM3Hrry7H1IxiBo7lro2il2kbe2xyEeFYF82Y22qK8ILtvT35YBRzJ1X2hy0CumMgWJmjZ&#038;oh=00_AQKLNgzUut1dCtN7ki8jojAVwCVTmVKQGOMdzQoh7Mzlhg&#038;oe=6A9FAF71\" alt=\"\u00a1Toledo est\u00e1 espectacular estos d\u00edas!\ud83d\ude0d\n\n\ud83c\udfafLas calles decoradas para el Corpus y el ambiente en toda la ciudad hacen que sea uno de los mejores momentos del a\u00f1o para visitarla.\n\n\u203c\ufe0fAdem\u00e1s, este a\u00f1o se celebran los 800 a\u00f1os del inicio de la construcci\u00f3n de la Catedral Primada de Toledo.  Historia, tradici\u00f3n y una ciudad m\u00e1s bonita que nunca. #toledo #corpustoledo2026 #toledoturismo #catedraltoledo800a\u00f1os\"\/><div class=\"swiper-lazy-preloader swiper-lazy-preloader-white\"><\/div><\/div><div class=\"swiper-slide wpz-insta-album-image\" data-media-type=\"image\"><img class=\"wpzoom-swiper-image swiper-lazy\" data-src=\"https:\/\/scontent-mad1-1.cdninstagram.com\/v\/t39.30808-6\/707993454_1317484277253635_7436990044689177928_n.jpg?stp=dst-jpg_e35_tt6&#038;_nc_cat=106&#038;ccb=7-5&#038;_nc_sid=18de74&#038;efg=eyJlZmdfdGFnIjoiQ0FST1VTRUxfSVRFTS5iZXN0X2ltYWdlX3VybGdlbi5DMiJ9&#038;_nc_ohc=kKGTRGubMKsQ7kNvwGx0TEt&#038;_nc_oc=AdrpVrdE3P0kj6Ae8OMFMQaHeeGcKUx9IxCKcxacKrx--PXcg6cf0qojTiSYF1r_SHM&#038;_nc_zt=23&#038;_nc_ht=scontent-mad1-1.cdninstagram.com&#038;edm=ANo9K5cEAAAA&#038;_nc_gid=DeLaL07sKnoJ3biAh5SSYg&#038;_nc_tpa=Q5bMBQJbpw50xf6hwVQ76YLp4XncKEwh7MId44NzcmRFIaGKOIjZGAwxU4r_Z6woehJJP9XH-uNXzCxo&#038;oh=00_AQL6mBh3KIEiWCNhC_AGO6cQ8kZrnMIi1U8WETAQDUKqZg&#038;oe=6A9FC20A\" alt=\"\u00a1Toledo est\u00e1 espectacular estos d\u00edas!\ud83d\ude0d\n\n\ud83c\udfafLas calles decoradas para el Corpus y el ambiente en toda la ciudad hacen que sea uno de los mejores momentos del a\u00f1o para visitarla.\n\n\u203c\ufe0fAdem\u00e1s, este a\u00f1o se celebran los 800 a\u00f1os del inicio de la construcci\u00f3n de la Catedral Primada de Toledo.  Historia, tradici\u00f3n y una ciudad m\u00e1s bonita que nunca. #toledo #corpustoledo2026 #toledoturismo #catedraltoledo800a\u00f1os\"\/><div class=\"swiper-lazy-preloader swiper-lazy-preloader-white\"><\/div><\/div><div class=\"swiper-slide wpz-insta-album-image\" data-media-type=\"image\"><img class=\"wpzoom-swiper-image swiper-lazy\" data-src=\"https:\/\/scontent-mad2-1.cdninstagram.com\/v\/t39.30808-6\/706297469_1317484300586966_5954123180776742432_n.jpg?stp=dst-jpg_e35_tt6&#038;_nc_cat=110&#038;ccb=7-5&#038;_nc_sid=18de74&#038;efg=eyJlZmdfdGFnIjoiQ0FST1VTRUxfSVRFTS5iZXN0X2ltYWdlX3VybGdlbi5DMiJ9&#038;_nc_ohc=DDz33btxvJwQ7kNvwHDtKBa&#038;_nc_oc=AdqCx93sJ3IHpuQqQN5FoT4__iOZ7bSfwRUbrRDeWlOtIPCq2xm7bc8kEJ2FnDj9XXs&#038;_nc_zt=23&#038;_nc_ht=scontent-mad2-1.cdninstagram.com&#038;edm=ANo9K5cEAAAA&#038;_nc_gid=DeLaL07sKnoJ3biAh5SSYg&#038;_nc_tpa=Q5bMBQJRN3Pn-SI2fFE5-Ve63PoTJ7uq5vQH2QbjcddCOcs8lS5G5iuQZy7ynT4Vg8Q9MK1J1_lG7LFI&#038;oh=00_AQLtn65mVMOwrCz52PMejh_-2dh3N6O7MkQQtYHHJ7KINA&#038;oe=6A9FC7D8\" alt=\"\u00a1Toledo est\u00e1 espectacular estos d\u00edas!\ud83d\ude0d\n\n\ud83c\udfafLas calles decoradas para el Corpus y el ambiente en toda la ciudad hacen que sea uno de los mejores momentos del a\u00f1o para visitarla.\n\n\u203c\ufe0fAdem\u00e1s, este a\u00f1o se celebran los 800 a\u00f1os del inicio de la construcci\u00f3n de la Catedral Primada de Toledo.  Historia, tradici\u00f3n y una ciudad m\u00e1s bonita que nunca. #toledo #corpustoledo2026 #toledoturismo #catedraltoledo800a\u00f1os\"\/><div class=\"swiper-lazy-preloader swiper-lazy-preloader-white\"><\/div><\/div><\/div><div class=\"swiper-pagination\"><\/div><div class=\"swiper-button-prev\"><\/div><div class=\"swiper-button-next\"><\/div><\/div><\/div>\n\t\t\t\t\t<div class=\"details-wrapper\">\n\t\t\t\t\t<div class=\"wpz-insta-header\">\n\t\t\t\t\t\t<div class=\"wpz-insta-avatar\">\n\t\t\t\t\t\t\t<img loading=\"lazy\" decoding=\"async\" src=\"https:\/\/madridtravelprivatetours.com\/wp-content\/uploads\/2025\/11\/201804777_498622628022570_8458539387686347215_n-2-150x150.jpg\" alt=\"@madridtravelprivatetours\" width=\"42\" height=\"42\"\/>\n\t\t\t\t\t\t<\/div>\n\t\t\t\t\t\t<div class=\"wpz-insta-buttons\">\n\t\t\t\t\t\t\t<div class=\"wpz-insta-username\">\n\t\t\t\t\t\t\t\t<a rel=\"noopener\" target=\"_blank\" href=\"https:\/\/instagram.com\/madridtravelprivatetours\">@madridtravelprivatetours<\/a>\n\t\t\t\t\t\t\t<\/div>\n\t\t\t\t\t\t\t<div>&bull;<\/div>\n\t\t\t\t\t\t\t<div class=\"wpz-insta-follow\">\n\t\t\t\t\t\t\t\t<a target=\"_blank\" rel=\"noopener\"\n\t\t\t\t\t\t\t\thref=\"https:\/\/instagram.com\/madridtravelprivatetours?ref=badge\">\n\t\t\t\t\t\t\t\t\tFollow\n\t\t\t\t\t\t\t\t<\/a>\n\t\t\t\t\t\t\t<\/div>\n\t\t\t\t\t\t<\/div>\n\t\t\t\t\t<\/div><div class=\"wpz-insta-caption\">\u00a1Toledo est\u00e1 espectacular estos d\u00edas!\ud83d\ude0d\n\n\ud83c\udfafLas calles decoradas para el Corpus y el ambiente en toda la ciudad hacen que sea uno de los mejores momentos del a\u00f1o para visitarla.\n\n\u203c\ufe0fAdem\u00e1s, este a\u00f1o se celebran los 800 a\u00f1os del inicio de la construcci\u00f3n de la Catedral Primada de Toledo.  Historia, tradici\u00f3n y una ciudad m\u00e1s bonita que nunca. #toledo #corpustoledo2026 #toledoturismo #catedraltoledo800a\u00f1os<\/div><div class=\"wpz-insta-date\">3 months ago<\/div><div class=\"view-post\">\n\t\t\t\t\t<a href=\"https:\/\/www.instagram.com\/p\/DY3xzI7jG-b\/\" target=\"_blank\" rel=\"noopener\"><span class=\"dashicons dashicons-instagram\"><\/span>View on Instagram<\/a>\n\t\t\t\t\t<span class=\"delimiter\">|<\/span>\n\t\t\t\t\t<div class=\"wpz-insta-pagination\">7\/9<\/div>\n\t\t\t\t\t<\/div><\/div><\/div><\/div><div data-uid=\"18029589437814545\" class=\"swiper-slide wpz-insta-lightbox-item\"><div class=\"wpz-insta-lightbox\"><div class=\"image-wrapper\"><div class=\"swiper\" style=\"height: 100%;\"><div class=\"swiper-wrapper wpz-insta-album-images\"><div class=\"swiper-slide wpz-insta-album-image\" data-media-type=\"image\"><img class=\"wpzoom-swiper-image swiper-lazy\" data-src=\"https:\/\/scontent-mad2-1.cdninstagram.com\/v\/t39.30808-6\/703907187_1312096514459078_1387742446803628745_n.jpg?stp=dst-jpg_e35_tt6&#038;_nc_cat=111&#038;ccb=7-5&#038;_nc_sid=18de74&#038;efg=eyJlZmdfdGFnIjoiQ0FST1VTRUxfSVRFTS5iZXN0X2ltYWdlX3VybGdlbi5DMiJ9&#038;_nc_ohc=ca4z9VviViwQ7kNvwGJHEjq&#038;_nc_oc=AdpglwUDh8EnKUEUuSWmi-P4HCYqlBxomSu6r8tHpsegtzdyXQ1wbXfif1gAz6W28y0&#038;_nc_zt=23&#038;_nc_ht=scontent-mad2-1.cdninstagram.com&#038;edm=ANo9K5cEAAAA&#038;_nc_gid=DeLaL07sKnoJ3biAh5SSYg&#038;_nc_tpa=Q5bMBQLq5xm4RJ_C5NYlUpJUR9r5CYxsrOsWAIbAG0viyxQGpPiHjy50tDDp0r-6c0wdBgOIS8c-eeCi&#038;oh=00_AQKySJK9izntWX67oL5_fTg6icgQ8xypV-CKWTSD5wN6Gw&#038;oe=6A9FC052\" alt=\"\u00a1Bienvenidos a la Real Armeria del Palacio de Oriente!\n\n\u2694\ufe0f Descubre la Real Armer\u00eda de Madrid, una de las colecciones de armas y armaduras m\u00e1s importantes del mundo. Situada en el Palacio Real, acaba de reabrir sus puertas tras una espectacular renovaci\u00f3n integral. \n\nEn su interior te esperan las armaduras reales y piezas originales que Carlos V y Felipe II vistieron en batallas hist\u00f3ricas. \n\n \u00a1Un viaje imprescindible al coraz\u00f3n de la historia! \ud83c\udfdb\ufe0f\u2728\n#Madrid #visitasprivadas\n#RealArmeria#PalacioRealDeMadrid#MadridTurismo#PatrimonioNacional#MadridSecreto\n#HistoriaDeEspa\u00f1a#ArmadurasReales#MuseosMadrid#ArteEHistoria#TurismoCultural  #MadridGrafias#DescubreMadrid#ViajarPorEspa\u00f1a#QueHacerEnMadrid\"\/><div class=\"swiper-lazy-preloader swiper-lazy-preloader-white\"><\/div><\/div><div class=\"swiper-slide wpz-insta-album-image\" data-media-type=\"image\"><img class=\"wpzoom-swiper-image swiper-lazy\" data-src=\"https:\/\/scontent-mad1-1.cdninstagram.com\/v\/t39.30808-6\/702557239_1312096737792389_7646804708489813691_n.jpg?stp=dst-jpg_e35_tt6&#038;_nc_cat=106&#038;ccb=7-5&#038;_nc_sid=18de74&#038;efg=eyJlZmdfdGFnIjoiQ0FST1VTRUxfSVRFTS5iZXN0X2ltYWdlX3VybGdlbi5DMiJ9&#038;_nc_ohc=6EGHMKExIUQQ7kNvwFDNUi8&#038;_nc_oc=AdrUBlbaG3LznohIn14yXHWVJdwX-Dri2higxHFbXi-TjcAmxV2kZo2Oj4bfFroimQw&#038;_nc_zt=23&#038;_nc_ht=scontent-mad1-1.cdninstagram.com&#038;edm=ANo9K5cEAAAA&#038;_nc_gid=DeLaL07sKnoJ3biAh5SSYg&#038;_nc_tpa=Q5bMBQLzNtj_KtEkxG9-bQ8V2RChyY6SpJ44r_U3jUCR1_bY6REEc8Gbn9o8cf74UJjYZi6ZGrGE0McD&#038;oh=00_AQKfwIxdHnfBlJJlyJ__t1dgbED1kLqzxgEnSPgOdrNxeQ&#038;oe=6A9FAC88\" alt=\"\u00a1Bienvenidos a la Real Armeria del Palacio de Oriente!\n\n\u2694\ufe0f Descubre la Real Armer\u00eda de Madrid, una de las colecciones de armas y armaduras m\u00e1s importantes del mundo. Situada en el Palacio Real, acaba de reabrir sus puertas tras una espectacular renovaci\u00f3n integral. \n\nEn su interior te esperan las armaduras reales y piezas originales que Carlos V y Felipe II vistieron en batallas hist\u00f3ricas. \n\n \u00a1Un viaje imprescindible al coraz\u00f3n de la historia! \ud83c\udfdb\ufe0f\u2728\n#Madrid #visitasprivadas\n#RealArmeria#PalacioRealDeMadrid#MadridTurismo#PatrimonioNacional#MadridSecreto\n#HistoriaDeEspa\u00f1a#ArmadurasReales#MuseosMadrid#ArteEHistoria#TurismoCultural  #MadridGrafias#DescubreMadrid#ViajarPorEspa\u00f1a#QueHacerEnMadrid\"\/><div class=\"swiper-lazy-preloader swiper-lazy-preloader-white\"><\/div><\/div><div class=\"swiper-slide wpz-insta-album-image\" data-media-type=\"image\"><img class=\"wpzoom-swiper-image swiper-lazy\" data-src=\"https:\/\/scontent-mad2-1.cdninstagram.com\/v\/t39.30808-6\/703708384_1312098624458867_7116029267099995213_n.jpg?stp=dst-jpg_e35_tt6&#038;_nc_cat=108&#038;ccb=7-5&#038;_nc_sid=18de74&#038;efg=eyJlZmdfdGFnIjoiQ0FST1VTRUxfSVRFTS5iZXN0X2ltYWdlX3VybGdlbi5DMiJ9&#038;_nc_ohc=OFmQ0wNJq-EQ7kNvwEe5aMw&#038;_nc_oc=Adr_E34XfPuDtjhPD0r41u8ruMcq7DnrslPk76KX-8kn1Vl-Qcot8ZLLprg7vC4WejA&#038;_nc_zt=23&#038;_nc_ht=scontent-mad2-1.cdninstagram.com&#038;edm=ANo9K5cEAAAA&#038;_nc_gid=DeLaL07sKnoJ3biAh5SSYg&#038;_nc_tpa=Q5bMBQLxwU8Z8rcd9BQP-4bUYeT9ZP0pdNMT49prtgH2fWtpp6nLGFx9qIci8PtIAbMhVs3bfHmFyhzh&#038;oh=00_AQL11lwCQeN0cxTVfY1Kkm9adxv8bbfGLi-0iIV0XEeerg&#038;oe=6A9FC582\" alt=\"\u00a1Bienvenidos a la Real Armeria del Palacio de Oriente!\n\n\u2694\ufe0f Descubre la Real Armer\u00eda de Madrid, una de las colecciones de armas y armaduras m\u00e1s importantes del mundo. Situada en el Palacio Real, acaba de reabrir sus puertas tras una espectacular renovaci\u00f3n integral. \n\nEn su interior te esperan las armaduras reales y piezas originales que Carlos V y Felipe II vistieron en batallas hist\u00f3ricas. \n\n \u00a1Un viaje imprescindible al coraz\u00f3n de la historia! \ud83c\udfdb\ufe0f\u2728\n#Madrid #visitasprivadas\n#RealArmeria#PalacioRealDeMadrid#MadridTurismo#PatrimonioNacional#MadridSecreto\n#HistoriaDeEspa\u00f1a#ArmadurasReales#MuseosMadrid#ArteEHistoria#TurismoCultural  #MadridGrafias#DescubreMadrid#ViajarPorEspa\u00f1a#QueHacerEnMadrid\"\/><div class=\"swiper-lazy-preloader swiper-lazy-preloader-white\"><\/div><\/div><div class=\"swiper-slide wpz-insta-album-image\" data-media-type=\"image\"><img class=\"wpzoom-swiper-image swiper-lazy\" data-src=\"https:\/\/scontent-mad2-1.cdninstagram.com\/v\/t39.30808-6\/703433997_1312097084459021_2529883110922942485_n.jpg?stp=dst-jpg_e35_tt6&#038;_nc_cat=110&#038;ccb=7-5&#038;_nc_sid=18de74&#038;efg=eyJlZmdfdGFnIjoiQ0FST1VTRUxfSVRFTS5iZXN0X2ltYWdlX3VybGdlbi5DMiJ9&#038;_nc_ohc=Q-HJoRWBBYoQ7kNvwEdwN5h&#038;_nc_oc=AdrbrA_aAzgbOkU35RN6PUUsebmn3paAjW436eK6gRyXAm2xj4IZqDEOeRXF3Alem2g&#038;_nc_zt=23&#038;_nc_ht=scontent-mad2-1.cdninstagram.com&#038;edm=ANo9K5cEAAAA&#038;_nc_gid=DeLaL07sKnoJ3biAh5SSYg&#038;_nc_tpa=Q5bMBQIPtheN9umSvNdYo8ZCeW1-GOScoT_bZZmwNAvm16VROOTFRArJ5CT9PdbzhGk__aJuP898rpgt&#038;oh=00_AQIQ2QHU-chwwiQ197cqh-r_QqlQ6a4BD0QRAkFekGOH3w&#038;oe=6A9FC582\" alt=\"\u00a1Bienvenidos a la Real Armeria del Palacio de Oriente!\n\n\u2694\ufe0f Descubre la Real Armer\u00eda de Madrid, una de las colecciones de armas y armaduras m\u00e1s importantes del mundo. Situada en el Palacio Real, acaba de reabrir sus puertas tras una espectacular renovaci\u00f3n integral. \n\nEn su interior te esperan las armaduras reales y piezas originales que Carlos V y Felipe II vistieron en batallas hist\u00f3ricas. \n\n \u00a1Un viaje imprescindible al coraz\u00f3n de la historia! \ud83c\udfdb\ufe0f\u2728\n#Madrid #visitasprivadas\n#RealArmeria#PalacioRealDeMadrid#MadridTurismo#PatrimonioNacional#MadridSecreto\n#HistoriaDeEspa\u00f1a#ArmadurasReales#MuseosMadrid#ArteEHistoria#TurismoCultural  #MadridGrafias#DescubreMadrid#ViajarPorEspa\u00f1a#QueHacerEnMadrid\"\/><div class=\"swiper-lazy-preloader swiper-lazy-preloader-white\"><\/div><\/div><div class=\"swiper-slide wpz-insta-album-image\" data-media-type=\"image\"><img class=\"wpzoom-swiper-image swiper-lazy\" data-src=\"https:\/\/scontent-mad1-1.cdninstagram.com\/v\/t39.30808-6\/703896726_1312097374458992_5306291008402868478_n.jpg?stp=dst-jpg_e35_tt6&#038;_nc_cat=100&#038;ccb=7-5&#038;_nc_sid=18de74&#038;efg=eyJlZmdfdGFnIjoiQ0FST1VTRUxfSVRFTS5iZXN0X2ltYWdlX3VybGdlbi5DMiJ9&#038;_nc_ohc=s7qW6fGFf0MQ7kNvwEHS-sc&#038;_nc_oc=AdqBv7X-52MNrCZTbFh2IAZPVNt_INqbw76SbcIeCjrjv5cJQ4zsVg1BVYERG5Tiy9U&#038;_nc_zt=23&#038;_nc_ht=scontent-mad1-1.cdninstagram.com&#038;edm=ANo9K5cEAAAA&#038;_nc_gid=DeLaL07sKnoJ3biAh5SSYg&#038;_nc_tpa=Q5bMBQLLv9zd5R7nzY6LlBvcpEFATbJ2FsTlBmdnDoeXG9TYq4usBJCai_JFNpQkVx8eyV4aDhlEqHEF&#038;oh=00_AQJO4oShrlFIPJGeBGLzk15d1c727dh0cho9LigO9ZID5A&#038;oe=6A9FCE9B\" alt=\"\u00a1Bienvenidos a la Real Armeria del Palacio de Oriente!\n\n\u2694\ufe0f Descubre la Real Armer\u00eda de Madrid, una de las colecciones de armas y armaduras m\u00e1s importantes del mundo. Situada en el Palacio Real, acaba de reabrir sus puertas tras una espectacular renovaci\u00f3n integral. \n\nEn su interior te esperan las armaduras reales y piezas originales que Carlos V y Felipe II vistieron en batallas hist\u00f3ricas. \n\n \u00a1Un viaje imprescindible al coraz\u00f3n de la historia! \ud83c\udfdb\ufe0f\u2728\n#Madrid #visitasprivadas\n#RealArmeria#PalacioRealDeMadrid#MadridTurismo#PatrimonioNacional#MadridSecreto\n#HistoriaDeEspa\u00f1a#ArmadurasReales#MuseosMadrid#ArteEHistoria#TurismoCultural  #MadridGrafias#DescubreMadrid#ViajarPorEspa\u00f1a#QueHacerEnMadrid\"\/><div class=\"swiper-lazy-preloader swiper-lazy-preloader-white\"><\/div><\/div><div class=\"swiper-slide wpz-insta-album-image\" data-media-type=\"image\"><img class=\"wpzoom-swiper-image swiper-lazy\" data-src=\"https:\/\/scontent-mad2-1.cdninstagram.com\/v\/t39.30808-6\/704732123_1312097554458974_4481112222293505131_n.jpg?stp=dst-jpg_e35_tt6&#038;_nc_cat=108&#038;ccb=7-5&#038;_nc_sid=18de74&#038;efg=eyJlZmdfdGFnIjoiQ0FST1VTRUxfSVRFTS5iZXN0X2ltYWdlX3VybGdlbi5DMiJ9&#038;_nc_ohc=0NnC65rg6yMQ7kNvwE7D5vy&#038;_nc_oc=AdplvZmC1gspKs1OIx3g8swpiOl9RybaRqkgoiCJzl3MXah1h3_f-WE9k-WA7bbyXjk&#038;_nc_zt=23&#038;_nc_ht=scontent-mad2-1.cdninstagram.com&#038;edm=ANo9K5cEAAAA&#038;_nc_gid=DeLaL07sKnoJ3biAh5SSYg&#038;_nc_tpa=Q5bMBQLGUv4x2maiZWw0nk-lfPCbIkJ6PD2352XeCw0Yyod16tvnQVLet3VTtrjOos1uiR9GpCTlHq-Q&#038;oh=00_AQJtE2F8QsuS5_kqojyhvjAfRhEZvKi2LMhYjIeQeQtWog&#038;oe=6A9FC01B\" alt=\"\u00a1Bienvenidos a la Real Armeria del Palacio de Oriente!\n\n\u2694\ufe0f Descubre la Real Armer\u00eda de Madrid, una de las colecciones de armas y armaduras m\u00e1s importantes del mundo. Situada en el Palacio Real, acaba de reabrir sus puertas tras una espectacular renovaci\u00f3n integral. \n\nEn su interior te esperan las armaduras reales y piezas originales que Carlos V y Felipe II vistieron en batallas hist\u00f3ricas. \n\n \u00a1Un viaje imprescindible al coraz\u00f3n de la historia! \ud83c\udfdb\ufe0f\u2728\n#Madrid #visitasprivadas\n#RealArmeria#PalacioRealDeMadrid#MadridTurismo#PatrimonioNacional#MadridSecreto\n#HistoriaDeEspa\u00f1a#ArmadurasReales#MuseosMadrid#ArteEHistoria#TurismoCultural  #MadridGrafias#DescubreMadrid#ViajarPorEspa\u00f1a#QueHacerEnMadrid\"\/><div class=\"swiper-lazy-preloader swiper-lazy-preloader-white\"><\/div><\/div><div class=\"swiper-slide wpz-insta-album-image\" data-media-type=\"image\"><img class=\"wpzoom-swiper-image swiper-lazy\" data-src=\"https:\/\/scontent-mad2-1.cdninstagram.com\/v\/t39.30808-6\/703519752_1312097654458964_4835692592946784819_n.jpg?stp=dst-jpg_e35_tt6&#038;_nc_cat=111&#038;ccb=7-5&#038;_nc_sid=18de74&#038;efg=eyJlZmdfdGFnIjoiQ0FST1VTRUxfSVRFTS5iZXN0X2ltYWdlX3VybGdlbi5DMiJ9&#038;_nc_ohc=jxVLi6nDdY8Q7kNvwEURo0B&#038;_nc_oc=AdrLXFWHsCOIcVaALObbzNmrw6fkNT0LH8KMZc5kAMsbunDbgJzI5UK1BmZ4mQ08ENA&#038;_nc_zt=23&#038;_nc_ht=scontent-mad2-1.cdninstagram.com&#038;edm=ANo9K5cEAAAA&#038;_nc_gid=DeLaL07sKnoJ3biAh5SSYg&#038;_nc_tpa=Q5bMBQJqb19s0LZFTnpGqML6HLGzu61A3X18h_jEaz1fqbpL8vya9Ner-UgyEqGDKqELyzV-2coL9ANN&#038;oh=00_AQKdHvdzLOpqbc_yW0E8ukYHZZ6BPGz-8CfDJV8V7OH_jg&#038;oe=6A9FC384\" alt=\"\u00a1Bienvenidos a la Real Armeria del Palacio de Oriente!\n\n\u2694\ufe0f Descubre la Real Armer\u00eda de Madrid, una de las colecciones de armas y armaduras m\u00e1s importantes del mundo. Situada en el Palacio Real, acaba de reabrir sus puertas tras una espectacular renovaci\u00f3n integral. \n\nEn su interior te esperan las armaduras reales y piezas originales que Carlos V y Felipe II vistieron en batallas hist\u00f3ricas. \n\n \u00a1Un viaje imprescindible al coraz\u00f3n de la historia! \ud83c\udfdb\ufe0f\u2728\n#Madrid #visitasprivadas\n#RealArmeria#PalacioRealDeMadrid#MadridTurismo#PatrimonioNacional#MadridSecreto\n#HistoriaDeEspa\u00f1a#ArmadurasReales#MuseosMadrid#ArteEHistoria#TurismoCultural  #MadridGrafias#DescubreMadrid#ViajarPorEspa\u00f1a#QueHacerEnMadrid\"\/><div class=\"swiper-lazy-preloader swiper-lazy-preloader-white\"><\/div><\/div><div class=\"swiper-slide wpz-insta-album-image\" data-media-type=\"image\"><img class=\"wpzoom-swiper-image swiper-lazy\" data-src=\"https:\/\/scontent-mad2-1.cdninstagram.com\/v\/t39.30808-6\/705394682_1312097904458939_2395477817395489730_n.jpg?stp=dst-jpg_e35_tt6&#038;_nc_cat=110&#038;ccb=7-5&#038;_nc_sid=18de74&#038;efg=eyJlZmdfdGFnIjoiQ0FST1VTRUxfSVRFTS5iZXN0X2ltYWdlX3VybGdlbi5DMiJ9&#038;_nc_ohc=HKQIjrRcuhAQ7kNvwGpcA9L&#038;_nc_oc=AdqVr8o0Zt2VT23_ZU4Ch28jLp7JEdfXcSE24k7K09pj3UqfxjetfzUMJh5wS6WtkRw&#038;_nc_zt=23&#038;_nc_ht=scontent-mad2-1.cdninstagram.com&#038;edm=ANo9K5cEAAAA&#038;_nc_gid=DeLaL07sKnoJ3biAh5SSYg&#038;_nc_tpa=Q5bMBQJSm7rsUJXC6ua51r3XsprGG-VFi3CSdkiKkX1GfQLHeGelavIMXuGFMPtisTHdfre95ekYszV0&#038;oh=00_AQIuOatj35XwbRdP4KXazAuIqesAHyFMFlEFM-4o41YGbw&#038;oe=6A9FAC49\" alt=\"\u00a1Bienvenidos a la Real Armeria del Palacio de Oriente!\n\n\u2694\ufe0f Descubre la Real Armer\u00eda de Madrid, una de las colecciones de armas y armaduras m\u00e1s importantes del mundo. Situada en el Palacio Real, acaba de reabrir sus puertas tras una espectacular renovaci\u00f3n integral. \n\nEn su interior te esperan las armaduras reales y piezas originales que Carlos V y Felipe II vistieron en batallas hist\u00f3ricas. \n\n \u00a1Un viaje imprescindible al coraz\u00f3n de la historia! \ud83c\udfdb\ufe0f\u2728\n#Madrid #visitasprivadas\n#RealArmeria#PalacioRealDeMadrid#MadridTurismo#PatrimonioNacional#MadridSecreto\n#HistoriaDeEspa\u00f1a#ArmadurasReales#MuseosMadrid#ArteEHistoria#TurismoCultural  #MadridGrafias#DescubreMadrid#ViajarPorEspa\u00f1a#QueHacerEnMadrid\"\/><div class=\"swiper-lazy-preloader swiper-lazy-preloader-white\"><\/div><\/div><div class=\"swiper-slide wpz-insta-album-image\" data-media-type=\"image\"><img class=\"wpzoom-swiper-image swiper-lazy\" data-src=\"https:\/\/scontent-mad1-1.cdninstagram.com\/v\/t39.30808-6\/702947380_1312098071125589_2714065742702326744_n.jpg?stp=dst-jpg_e35_tt6&#038;_nc_cat=102&#038;ccb=7-5&#038;_nc_sid=18de74&#038;efg=eyJlZmdfdGFnIjoiQ0FST1VTRUxfSVRFTS5iZXN0X2ltYWdlX3VybGdlbi5DMiJ9&#038;_nc_ohc=CtiM-QttFokQ7kNvwHr6bIR&#038;_nc_oc=AdoSl9Qr-Y9Bjl17oqayX18qpWzh_Py_9PjEempUDRwu6bofev0WdIn95pK-0KDZGCQ&#038;_nc_zt=23&#038;_nc_ht=scontent-mad1-1.cdninstagram.com&#038;edm=ANo9K5cEAAAA&#038;_nc_gid=DeLaL07sKnoJ3biAh5SSYg&#038;_nc_tpa=Q5bMBQKNnZe7x8kVP4_PTkF-rKps25BYwBpeRDoLSI0F6mDPD0-HiZxUmYFz3yJpw0OAW9yk6zzQI8bd&#038;oh=00_AQIsF8bAHCv12JRbxWvQ57eEJE7NXG4j9NNstsx5w2U95Q&#038;oe=6A9FCA7A\" alt=\"\u00a1Bienvenidos a la Real Armeria del Palacio de Oriente!\n\n\u2694\ufe0f Descubre la Real Armer\u00eda de Madrid, una de las colecciones de armas y armaduras m\u00e1s importantes del mundo. Situada en el Palacio Real, acaba de reabrir sus puertas tras una espectacular renovaci\u00f3n integral. \n\nEn su interior te esperan las armaduras reales y piezas originales que Carlos V y Felipe II vistieron en batallas hist\u00f3ricas. \n\n \u00a1Un viaje imprescindible al coraz\u00f3n de la historia! \ud83c\udfdb\ufe0f\u2728\n#Madrid #visitasprivadas\n#RealArmeria#PalacioRealDeMadrid#MadridTurismo#PatrimonioNacional#MadridSecreto\n#HistoriaDeEspa\u00f1a#ArmadurasReales#MuseosMadrid#ArteEHistoria#TurismoCultural  #MadridGrafias#DescubreMadrid#ViajarPorEspa\u00f1a#QueHacerEnMadrid\"\/><div class=\"swiper-lazy-preloader swiper-lazy-preloader-white\"><\/div><\/div><\/div><div class=\"swiper-pagination\"><\/div><div class=\"swiper-button-prev\"><\/div><div class=\"swiper-button-next\"><\/div><\/div><\/div>\n\t\t\t\t\t<div class=\"details-wrapper\">\n\t\t\t\t\t<div class=\"wpz-insta-header\">\n\t\t\t\t\t\t<div class=\"wpz-insta-avatar\">\n\t\t\t\t\t\t\t<img loading=\"lazy\" decoding=\"async\" src=\"https:\/\/madridtravelprivatetours.com\/wp-content\/uploads\/2025\/11\/201804777_498622628022570_8458539387686347215_n-2-150x150.jpg\" alt=\"@madridtravelprivatetours\" width=\"42\" height=\"42\"\/>\n\t\t\t\t\t\t<\/div>\n\t\t\t\t\t\t<div class=\"wpz-insta-buttons\">\n\t\t\t\t\t\t\t<div class=\"wpz-insta-username\">\n\t\t\t\t\t\t\t\t<a rel=\"noopener\" target=\"_blank\" href=\"https:\/\/instagram.com\/madridtravelprivatetours\">@madridtravelprivatetours<\/a>\n\t\t\t\t\t\t\t<\/div>\n\t\t\t\t\t\t\t<div>&bull;<\/div>\n\t\t\t\t\t\t\t<div class=\"wpz-insta-follow\">\n\t\t\t\t\t\t\t\t<a target=\"_blank\" rel=\"noopener\"\n\t\t\t\t\t\t\t\thref=\"https:\/\/instagram.com\/madridtravelprivatetours?ref=badge\">\n\t\t\t\t\t\t\t\t\tFollow\n\t\t\t\t\t\t\t\t<\/a>\n\t\t\t\t\t\t\t<\/div>\n\t\t\t\t\t\t<\/div>\n\t\t\t\t\t<\/div><div class=\"wpz-insta-caption\">\u00a1Bienvenidos a la Real Armeria del Palacio de Oriente!\n\n\u2694\ufe0f Descubre la Real Armer\u00eda de Madrid, una de las colecciones de armas y armaduras m\u00e1s importantes del mundo. Situada en el Palacio Real, acaba de reabrir sus puertas tras una espectacular renovaci\u00f3n integral. \n\nEn su interior te esperan las armaduras reales y piezas originales que Carlos V y Felipe II vistieron en batallas hist\u00f3ricas. \n\n \u00a1Un viaje imprescindible al coraz\u00f3n de la historia! \ud83c\udfdb\ufe0f\u2728\n#Madrid #visitasprivadas\n#RealArmeria#PalacioRealDeMadrid#MadridTurismo#PatrimonioNacional#MadridSecreto\n#HistoriaDeEspa\u00f1a#ArmadurasReales#MuseosMadrid#ArteEHistoria#TurismoCultural  #MadridGrafias#DescubreMadrid#ViajarPorEspa\u00f1a#QueHacerEnMadrid<\/div><div class=\"wpz-insta-date\">4 months ago<\/div><div class=\"view-post\">\n\t\t\t\t\t<a href=\"https:\/\/www.instagram.com\/p\/DYnBOQ1jQTU\/\" target=\"_blank\" rel=\"noopener\"><span class=\"dashicons dashicons-instagram\"><\/span>View on Instagram<\/a>\n\t\t\t\t\t<span class=\"delimiter\">|<\/span>\n\t\t\t\t\t<div class=\"wpz-insta-pagination\">8\/9<\/div>\n\t\t\t\t\t<\/div><\/div><\/div><\/div><div data-uid=\"18131245621576730\" class=\"swiper-slide wpz-insta-lightbox-item\"><div class=\"wpz-insta-lightbox\"><div class=\"image-wrapper\"><div class=\"swiper\" style=\"height: 100%;\"><div class=\"swiper-wrapper wpz-insta-album-images\"><div class=\"swiper-slide wpz-insta-album-image\" data-media-type=\"image\"><img class=\"wpzoom-swiper-image swiper-lazy\" data-src=\"https:\/\/scontent-mad2-1.cdninstagram.com\/v\/t39.30808-6\/700378194_1307685714900158_1904503868792845745_n.jpg?stp=dst-jpg_e35_tt6&#038;_nc_cat=110&#038;ccb=7-5&#038;_nc_sid=18de74&#038;efg=eyJlZmdfdGFnIjoiQ0FST1VTRUxfSVRFTS5iZXN0X2ltYWdlX3VybGdlbi5DMiJ9&#038;_nc_ohc=J4C3Np-Wk5UQ7kNvwEyayx2&#038;_nc_oc=Ado2bCnguDwRMRVdsv66-onNSWn4AQ1TwiRIpXHd9Im0KKFKMAMLOrP6rRub2_q5AEU&#038;_nc_zt=23&#038;_nc_ht=scontent-mad2-1.cdninstagram.com&#038;edm=ANo9K5cEAAAA&#038;_nc_gid=DeLaL07sKnoJ3biAh5SSYg&#038;_nc_tpa=Q5bMBQKd2XkKA6VF4njDj1dvCFpxyMJ6srxOrCG_rhXSSvJ_Nsml-2PdJHNhaDEd52OPsUM63tUB8fYV&#038;oh=00_AQI9fWS_DlG5y5U8rVJ8-63T1h922ZR9fsufKq2dEg0vKQ&#038;oe=6A9FBC90\" alt=\"\u00a1Madrid se viste de gala: San Isidro 2026! \n\nAs\u00ed nos divertimos, as\u00ed bailamos y as\u00ed sentimos nuestra ciudad. \u00a1Esto es Madrid! \ud83c\udf39\n\n #SanIsidroLabrador #PhotographyMadrid. #SanIsidro2026 #madridmola #MadridesCultura #fiestasdemadrid #castizo\"\/><div class=\"swiper-lazy-preloader swiper-lazy-preloader-white\"><\/div><\/div><div class=\"swiper-slide wpz-insta-album-image\" data-media-type=\"image\"><img class=\"wpzoom-swiper-image swiper-lazy\" data-src=\"https:\/\/scontent-mad1-1.cdninstagram.com\/v\/t39.30808-6\/699533337_1307685774900152_1162767240167602082_n.jpg?stp=dst-jpg_e35_tt6&#038;_nc_cat=103&#038;ccb=7-5&#038;_nc_sid=18de74&#038;efg=eyJlZmdfdGFnIjoiQ0FST1VTRUxfSVRFTS5iZXN0X2ltYWdlX3VybGdlbi5DMiJ9&#038;_nc_ohc=82hWxVo2S58Q7kNvwG0BjmV&#038;_nc_oc=AdquwsueaYUARosCqmO1YGNiiNJ50XVDZPYMsiyXI0Vn6fbGnhFHA-KzY_A8Nvo-T4I&#038;_nc_zt=23&#038;_nc_ht=scontent-mad1-1.cdninstagram.com&#038;edm=ANo9K5cEAAAA&#038;_nc_gid=DeLaL07sKnoJ3biAh5SSYg&#038;_nc_tpa=Q5bMBQI_S-oCxGr9cCoby3jeGp2icutPdlY-djz4zbnx6DJb-SkSZeqdwkgIchOMjsob_3DpycJjqEgY&#038;oh=00_AQK36A_br-b7UbhepBjAyvdVHt2wGm4A4QPjoiSWltlY5Q&#038;oe=6A9FDAA0\" alt=\"\u00a1Madrid se viste de gala: San Isidro 2026! \n\nAs\u00ed nos divertimos, as\u00ed bailamos y as\u00ed sentimos nuestra ciudad. \u00a1Esto es Madrid! \ud83c\udf39\n\n #SanIsidroLabrador #PhotographyMadrid. #SanIsidro2026 #madridmola #MadridesCultura #fiestasdemadrid #castizo\"\/><div class=\"swiper-lazy-preloader swiper-lazy-preloader-white\"><\/div><\/div><div class=\"swiper-slide wpz-insta-album-image\" data-media-type=\"image\"><img class=\"wpzoom-swiper-image swiper-lazy\" data-src=\"https:\/\/scontent-mad2-1.cdninstagram.com\/v\/t39.30808-6\/700396451_1307685824900147_8151209522264729835_n.jpg?stp=dst-jpg_e35_tt6&#038;_nc_cat=109&#038;ccb=7-5&#038;_nc_sid=18de74&#038;efg=eyJlZmdfdGFnIjoiQ0FST1VTRUxfSVRFTS5iZXN0X2ltYWdlX3VybGdlbi5DMiJ9&#038;_nc_ohc=pHA8bYo1nsMQ7kNvwHpN5fl&#038;_nc_oc=AdpE5Luu7XyYlE1KCDnyiQ4hqYi24M8s-HA8njQGD2k61pHumuZrxiwwZ0xSXz4s1Co&#038;_nc_zt=23&#038;_nc_ht=scontent-mad2-1.cdninstagram.com&#038;edm=ANo9K5cEAAAA&#038;_nc_gid=DeLaL07sKnoJ3biAh5SSYg&#038;_nc_tpa=Q5bMBQI4jcMFubAxwcI4HDMmNqIGNkL6iPSHhUtvLA1ioot88jYwWlhE7jPe51smWQ-ENntCRvkpCceL&#038;oh=00_AQKo5wlV-smSpqLV3T6VVecfkzddMSzLK8j81Yw5pd4ToQ&#038;oe=6A9FE1F7\" alt=\"\u00a1Madrid se viste de gala: San Isidro 2026! \n\nAs\u00ed nos divertimos, as\u00ed bailamos y as\u00ed sentimos nuestra ciudad. \u00a1Esto es Madrid! \ud83c\udf39\n\n #SanIsidroLabrador #PhotographyMadrid. #SanIsidro2026 #madridmola #MadridesCultura #fiestasdemadrid #castizo\"\/><div class=\"swiper-lazy-preloader swiper-lazy-preloader-white\"><\/div><\/div><div class=\"swiper-slide wpz-insta-album-image\" data-media-type=\"image\"><img class=\"wpzoom-swiper-image swiper-lazy\" data-src=\"https:\/\/scontent-mad1-1.cdninstagram.com\/v\/t39.30808-6\/700908120_1307685758233487_9060666095026350401_n.jpg?stp=dst-jpg_e35_tt6&#038;_nc_cat=101&#038;ccb=7-5&#038;_nc_sid=18de74&#038;efg=eyJlZmdfdGFnIjoiQ0FST1VTRUxfSVRFTS5iZXN0X2ltYWdlX3VybGdlbi5DMiJ9&#038;_nc_ohc=SVUv2Y_HmFoQ7kNvwGy_EY1&#038;_nc_oc=AdrVrpbmOzkc2a-woAv6T7j9CjSMNXOMQQ-HjSWDRknVz_9XeC4IaoAK_c-qA0etc40&#038;_nc_zt=23&#038;_nc_ht=scontent-mad1-1.cdninstagram.com&#038;edm=ANo9K5cEAAAA&#038;_nc_gid=DeLaL07sKnoJ3biAh5SSYg&#038;_nc_tpa=Q5bMBQIpET7azpDCXHsTJvqNfiKvWT0vnMp2J6X5A24kODFVRTgyZq0PTbdPk-Mfh5H_bhGL-qhVFugK&#038;oh=00_AQL8VONQsjLsmVLzwr8tEoINCCDgYBIHs4fBD0SZ1TU7_Q&#038;oe=6A9FACB3\" alt=\"\u00a1Madrid se viste de gala: San Isidro 2026! \n\nAs\u00ed nos divertimos, as\u00ed bailamos y as\u00ed sentimos nuestra ciudad. \u00a1Esto es Madrid! \ud83c\udf39\n\n #SanIsidroLabrador #PhotographyMadrid. #SanIsidro2026 #madridmola #MadridesCultura #fiestasdemadrid #castizo\"\/><div class=\"swiper-lazy-preloader swiper-lazy-preloader-white\"><\/div><\/div><div class=\"swiper-slide wpz-insta-album-image\" data-media-type=\"image\"><img class=\"wpzoom-swiper-image swiper-lazy\" data-src=\"https:\/\/scontent-mad1-1.cdninstagram.com\/v\/t39.30808-6\/699398036_1307685881566808_9110434203043603846_n.jpg?stp=dst-jpg_e35_tt6&#038;_nc_cat=101&#038;ccb=7-5&#038;_nc_sid=18de74&#038;efg=eyJlZmdfdGFnIjoiQ0FST1VTRUxfSVRFTS5iZXN0X2ltYWdlX3VybGdlbi5DMiJ9&#038;_nc_ohc=y5Y6lf8wruUQ7kNvwHXZ_z2&#038;_nc_oc=AdpOlF5CdPU3kOoErtNvFyCNA9325eo_oyQMPPk2WYw217b8NcRdzdCyrGY6Wgt3jhk&#038;_nc_zt=23&#038;_nc_ht=scontent-mad1-1.cdninstagram.com&#038;edm=ANo9K5cEAAAA&#038;_nc_gid=DeLaL07sKnoJ3biAh5SSYg&#038;_nc_tpa=Q5bMBQLQXkLLWGC1sew1oY2TU5kgjPckS2NZ-oY5N30x9KFYwhvzst2oMnW7M2xv8gc58boyJv8yLIsK&#038;oh=00_AQLuK2H7wViGmY9ZFUFb888ogjDuxhDyEjGhvRYAR0u-3A&#038;oe=6A9FC19A\" alt=\"\u00a1Madrid se viste de gala: San Isidro 2026! \n\nAs\u00ed nos divertimos, as\u00ed bailamos y as\u00ed sentimos nuestra ciudad. \u00a1Esto es Madrid! \ud83c\udf39\n\n #SanIsidroLabrador #PhotographyMadrid. #SanIsidro2026 #madridmola #MadridesCultura #fiestasdemadrid #castizo\"\/><div class=\"swiper-lazy-preloader swiper-lazy-preloader-white\"><\/div><\/div><div class=\"swiper-slide wpz-insta-album-image\" data-media-type=\"image\"><img class=\"wpzoom-swiper-image swiper-lazy\" data-src=\"https:\/\/scontent-mad2-1.cdninstagram.com\/v\/t39.30808-6\/700581882_1307685894900140_2642921159625743537_n.jpg?stp=dst-jpg_e35_tt6&#038;_nc_cat=104&#038;ccb=7-5&#038;_nc_sid=18de74&#038;efg=eyJlZmdfdGFnIjoiQ0FST1VTRUxfSVRFTS5iZXN0X2ltYWdlX3VybGdlbi5DMiJ9&#038;_nc_ohc=F9F5Zaumvr8Q7kNvwFte4ZV&#038;_nc_oc=AdoKuV8N10uPObX8DuOkGYzYcAT_FJJmO8WQcRnGrhHOtIJX5bb9s-y9aQMMlJVtiOk&#038;_nc_zt=23&#038;_nc_ht=scontent-mad2-1.cdninstagram.com&#038;edm=ANo9K5cEAAAA&#038;_nc_gid=DeLaL07sKnoJ3biAh5SSYg&#038;_nc_tpa=Q5bMBQKBsZHHDCLeTdxINyQL3nKgYMgrgfhntXXHQmI-P2Vw4ciJzh6WaiXH0Vy-e2125PulbLf3xqSI&#038;oh=00_AQLJ63bisyVoO9-rlK-gb5xCkUR69EwG-xrXa33djUVsHg&#038;oe=6A9FB091\" alt=\"\u00a1Madrid se viste de gala: San Isidro 2026! \n\nAs\u00ed nos divertimos, as\u00ed bailamos y as\u00ed sentimos nuestra ciudad. \u00a1Esto es Madrid! \ud83c\udf39\n\n #SanIsidroLabrador #PhotographyMadrid. #SanIsidro2026 #madridmola #MadridesCultura #fiestasdemadrid #castizo\"\/><div class=\"swiper-lazy-preloader swiper-lazy-preloader-white\"><\/div><\/div><div class=\"swiper-slide wpz-insta-album-image\" data-media-type=\"image\"><img class=\"wpzoom-swiper-image swiper-lazy\" data-src=\"https:\/\/scontent-mad1-1.cdninstagram.com\/v\/t39.30808-6\/700272496_1307685811566815_4035787630338077768_n.jpg?stp=dst-jpg_e35_tt6&#038;_nc_cat=102&#038;ccb=7-5&#038;_nc_sid=18de74&#038;efg=eyJlZmdfdGFnIjoiQ0FST1VTRUxfSVRFTS5iZXN0X2ltYWdlX3VybGdlbi5DMiJ9&#038;_nc_ohc=0YSvfFS16qcQ7kNvwHP7gsE&#038;_nc_oc=Adr_zlQ3mAHUNPd6bxxEBh9wfqYz8Ia7Nv9k4v_Ie58fpTo73kJB0Pu4M9G_Cqedor0&#038;_nc_zt=23&#038;_nc_ht=scontent-mad1-1.cdninstagram.com&#038;edm=ANo9K5cEAAAA&#038;_nc_gid=DeLaL07sKnoJ3biAh5SSYg&#038;_nc_tpa=Q5bMBQLqD3f1NM6Eb9auO_x55rbSo1NqKYx1ZHmFVTi9OI6ScjkH4eJvBNbgwV1TTPJe8Du-NryL3knQ&#038;oh=00_AQKbEUfBMjqoWCdvb8GYOoq1fXJroI1_bF96pD-kehnhIA&#038;oe=6A9FAE65\" alt=\"\u00a1Madrid se viste de gala: San Isidro 2026! \n\nAs\u00ed nos divertimos, as\u00ed bailamos y as\u00ed sentimos nuestra ciudad. \u00a1Esto es Madrid! \ud83c\udf39\n\n #SanIsidroLabrador #PhotographyMadrid. #SanIsidro2026 #madridmola #MadridesCultura #fiestasdemadrid #castizo\"\/><div class=\"swiper-lazy-preloader swiper-lazy-preloader-white\"><\/div><\/div><div class=\"swiper-slide wpz-insta-album-image\" data-media-type=\"image\"><img class=\"wpzoom-swiper-image swiper-lazy\" data-src=\"https:\/\/scontent-mad2-1.cdninstagram.com\/v\/t39.30808-6\/699416481_1307685718233491_7986516953393854688_n.jpg?stp=dst-jpg_e35_tt6&#038;_nc_cat=108&#038;ccb=7-5&#038;_nc_sid=18de74&#038;efg=eyJlZmdfdGFnIjoiQ0FST1VTRUxfSVRFTS5iZXN0X2ltYWdlX3VybGdlbi5DMiJ9&#038;_nc_ohc=WFiYAU31mxwQ7kNvwG0nO6-&#038;_nc_oc=AdptKhXazcZXt9FeKvN0tvSrAVU_1dmFGLF0a3iVeq9K4Uhh4dtUC4vrx5TCuy2Syk0&#038;_nc_zt=23&#038;_nc_ht=scontent-mad2-1.cdninstagram.com&#038;edm=ANo9K5cEAAAA&#038;_nc_gid=DeLaL07sKnoJ3biAh5SSYg&#038;_nc_tpa=Q5bMBQLVRrM9F7WyknVYGKLPEUmFpLW6rFt_9nZxN0KuQJfKx4rkinPJ0iT6dMmAU7DL58TEtw6CH7Uk&#038;oh=00_AQKzgzVCSSmGZPRpIVgeDDI_IFmoGfpQK3Fm9qzFVVufPg&#038;oe=6A9FBB0B\" alt=\"\u00a1Madrid se viste de gala: San Isidro 2026! \n\nAs\u00ed nos divertimos, as\u00ed bailamos y as\u00ed sentimos nuestra ciudad. \u00a1Esto es Madrid! \ud83c\udf39\n\n #SanIsidroLabrador #PhotographyMadrid. #SanIsidro2026 #madridmola #MadridesCultura #fiestasdemadrid #castizo\"\/><div class=\"swiper-lazy-preloader swiper-lazy-preloader-white\"><\/div><\/div><div class=\"swiper-slide wpz-insta-album-image\" data-media-type=\"image\"><img class=\"wpzoom-swiper-image swiper-lazy\" data-src=\"https:\/\/scontent-mad1-1.cdninstagram.com\/v\/t39.30808-6\/700387369_1307685948233468_5422887557839673898_n.jpg?stp=dst-jpg_e35_tt6&#038;_nc_cat=102&#038;ccb=7-5&#038;_nc_sid=18de74&#038;efg=eyJlZmdfdGFnIjoiQ0FST1VTRUxfSVRFTS5iZXN0X2ltYWdlX3VybGdlbi5DMiJ9&#038;_nc_ohc=XHTcF94i-ncQ7kNvwF_lzns&#038;_nc_oc=Adr697V50GlObNTeFAjMYtRbnIkvQJnVEXcgurVm6028oQ8DFCg_aK_eXLC3t-hkzDk&#038;_nc_zt=23&#038;_nc_ht=scontent-mad1-1.cdninstagram.com&#038;edm=ANo9K5cEAAAA&#038;_nc_gid=DeLaL07sKnoJ3biAh5SSYg&#038;_nc_tpa=Q5bMBQLJd1wRK_g-YqgPmeuYS1tGymzhHvYZx84EqKtb28bctC3fOhX37ucsuigFhTTC5rDM9zAjIvHV&#038;oh=00_AQJkPEcNEGFivb9fEsTZHgUwbKJoB834G6YJMsM2qKBi7g&#038;oe=6A9FAC97\" alt=\"\u00a1Madrid se viste de gala: San Isidro 2026! \n\nAs\u00ed nos divertimos, as\u00ed bailamos y as\u00ed sentimos nuestra ciudad. \u00a1Esto es Madrid! \ud83c\udf39\n\n #SanIsidroLabrador #PhotographyMadrid. #SanIsidro2026 #madridmola #MadridesCultura #fiestasdemadrid #castizo\"\/><div class=\"swiper-lazy-preloader swiper-lazy-preloader-white\"><\/div><\/div><div class=\"swiper-slide wpz-insta-album-image\" data-media-type=\"image\"><img class=\"wpzoom-swiper-image swiper-lazy\" data-src=\"https:\/\/scontent-mad2-1.cdninstagram.com\/v\/t39.30808-6\/700103529_1307685944900135_3170402372123170121_n.jpg?stp=dst-jpg_e35_tt6&#038;_nc_cat=109&#038;ccb=7-5&#038;_nc_sid=18de74&#038;efg=eyJlZmdfdGFnIjoiQ0FST1VTRUxfSVRFTS5iZXN0X2ltYWdlX3VybGdlbi5DMiJ9&#038;_nc_ohc=8ubOVaiK3dMQ7kNvwG5OO17&#038;_nc_oc=AdriWlVT_8WvVTKILFrPcwPdY073qZGcWEgYVhLZtbANyKarDE9C5DCcWF_HHx-QKDk&#038;_nc_zt=23&#038;_nc_ht=scontent-mad2-1.cdninstagram.com&#038;edm=ANo9K5cEAAAA&#038;_nc_gid=DeLaL07sKnoJ3biAh5SSYg&#038;_nc_tpa=Q5bMBQK5Eqz0pfHA80YAZBF-OgHYDBHQRv_F3iwIhB0O7BQgxZMNEwJINPLT0IaorPb6qWoEtmZcCnnw&#038;oh=00_AQKQI0ol84NdZss8FFCR4-4i8ov3H6qAptV5lxoToYHOBw&#038;oe=6A9FB880\" alt=\"\u00a1Madrid se viste de gala: San Isidro 2026! \n\nAs\u00ed nos divertimos, as\u00ed bailamos y as\u00ed sentimos nuestra ciudad. \u00a1Esto es Madrid! \ud83c\udf39\n\n #SanIsidroLabrador #PhotographyMadrid. #SanIsidro2026 #madridmola #MadridesCultura #fiestasdemadrid #castizo\"\/><div class=\"swiper-lazy-preloader swiper-lazy-preloader-white\"><\/div><\/div><\/div><div class=\"swiper-pagination\"><\/div><div class=\"swiper-button-prev\"><\/div><div class=\"swiper-button-next\"><\/div><\/div><\/div>\n\t\t\t\t\t<div class=\"details-wrapper\">\n\t\t\t\t\t<div class=\"wpz-insta-header\">\n\t\t\t\t\t\t<div class=\"wpz-insta-avatar\">\n\t\t\t\t\t\t\t<img loading=\"lazy\" decoding=\"async\" src=\"https:\/\/madridtravelprivatetours.com\/wp-content\/uploads\/2025\/11\/201804777_498622628022570_8458539387686347215_n-2-150x150.jpg\" alt=\"@madridtravelprivatetours\" width=\"42\" height=\"42\"\/>\n\t\t\t\t\t\t<\/div>\n\t\t\t\t\t\t<div class=\"wpz-insta-buttons\">\n\t\t\t\t\t\t\t<div class=\"wpz-insta-username\">\n\t\t\t\t\t\t\t\t<a rel=\"noopener\" target=\"_blank\" href=\"https:\/\/instagram.com\/madridtravelprivatetours\">@madridtravelprivatetours<\/a>\n\t\t\t\t\t\t\t<\/div>\n\t\t\t\t\t\t\t<div>&bull;<\/div>\n\t\t\t\t\t\t\t<div class=\"wpz-insta-follow\">\n\t\t\t\t\t\t\t\t<a target=\"_blank\" rel=\"noopener\"\n\t\t\t\t\t\t\t\thref=\"https:\/\/instagram.com\/madridtravelprivatetours?ref=badge\">\n\t\t\t\t\t\t\t\t\tFollow\n\t\t\t\t\t\t\t\t<\/a>\n\t\t\t\t\t\t\t<\/div>\n\t\t\t\t\t\t<\/div>\n\t\t\t\t\t<\/div><div class=\"wpz-insta-caption\">\u00a1Madrid se viste de gala: San Isidro 2026! \n\nAs\u00ed nos divertimos, as\u00ed bailamos y as\u00ed sentimos nuestra ciudad. \u00a1Esto es Madrid! \ud83c\udf39\n\n #SanIsidroLabrador #PhotographyMadrid. #SanIsidro2026 #madridmola #MadridesCultura #fiestasdemadrid #castizo<\/div><div class=\"wpz-insta-date\">4 months ago<\/div><div class=\"view-post\">\n\t\t\t\t\t<a href=\"https:\/\/www.instagram.com\/p\/DYZ60YwDHJZ\/\" target=\"_blank\" rel=\"noopener\"><span class=\"dashicons dashicons-instagram\"><\/span>View on Instagram<\/a>\n\t\t\t\t\t<span class=\"delimiter\">|<\/span>\n\t\t\t\t\t<div class=\"wpz-insta-pagination\">9\/9<\/div>\n\t\t\t\t\t<\/div><\/div><\/div><\/div><\/div><div class=\"swiper-button-prev\"><\/div><div class=\"swiper-button-next\"><\/div><\/div><\/div><\/div>\n<style type=\"text\/css\">.zoom-instagram.feed-11647{font-size:14px!important;padding:1px!important;}.zoom-instagram.feed-11647 .zoom-instagram-widget__items{display:grid!important;grid-template-columns:repeat(3,1fr);}.zoom-instagram.feed-11647 .zoom-instagram-widget__items{gap:10px!important;}<\/style><\/div>\n\t\t\t\t\t\t<\/div>\n\t\t\t\t<\/div>\n\t\t\t\t\t<\/div>\n\t\t<\/div>\n\t\t\t\t\t<\/div>\n\t\t<\/section>\n\t\t\t\t<\/div>\n\t\t","protected":false},"excerpt":{"rendered":"<p>PRIVATE GUIDED TOURS \u201cNo visit to historic cities is complete without a guide. The buildings have no meaning if you don\u2019t know the history\u201d Alka Farner See our private tours WELCOME TO MADRID! https:\/\/www.youtube.com\/watch?v=9x7ScArrNEw We offer private guided tours in Madrid and its surroundings (Toledo, Segovia, Avila, Escorial, Aranjuez, Alcal\u00e1 de Henares&#8230;). We have a [&hellip;]<\/p>\n","protected":false},"author":1,"featured_media":0,"parent":0,"menu_order":0,"comment_status":"closed","ping_status":"closed","template":"","meta":{"footnotes":""},"class_list":["post-2589","page","type-page","status-publish","hentry"],"yoast_head":"<!-- This site is optimized with the Yoast SEO plugin v27.8 - https:\/\/yoast.com\/product\/yoast-seo-wordpress\/ -->\n<title>Private Guided Tours Madrid, Toledo, Segovia...<\/title>\n<meta name=\"description\" content=\"Ofrecemos visitas guiadas privadas en Madrid y alrededores (Toledo, Segovia, Avila, Escorial, Aranjuez, Alcal\u00e1 de Henares..)\" \/>\n<meta name=\"robots\" content=\"index, follow, max-snippet:-1, max-image-preview:large, max-video-preview:-1\" \/>\n<link rel=\"canonical\" href=\"https:\/\/madridtravelprivatetours.com\/\" \/>\n<meta property=\"og:locale\" content=\"en_US\" \/>\n<meta property=\"og:type\" content=\"article\" \/>\n<meta property=\"og:title\" content=\"Private Guided Tours Madrid, Toledo, Segovia...\" \/>\n<meta property=\"og:description\" content=\"Ofrecemos visitas guiadas privadas en Madrid y alrededores (Toledo, Segovia, Avila, Escorial, Aranjuez, Alcal\u00e1 de Henares..)\" \/>\n<meta property=\"og:url\" content=\"https:\/\/madridtravelprivatetours.com\/\" \/>\n<meta property=\"og:site_name\" content=\"Madrid Travel Private Tours\" \/>\n<meta property=\"article:modified_time\" content=\"2025-12-09T20:19:47+00:00\" \/>\n<meta property=\"og:image\" content=\"https:\/\/madridtravelprivatetours.com\/wp-content\/uploads\/2021\/02\/las-dos.jpg\" \/>\n\t<meta property=\"og:image:width\" content=\"1000\" \/>\n\t<meta property=\"og:image:height\" content=\"750\" \/>\n\t<meta property=\"og:image:type\" content=\"image\/jpeg\" \/>\n<meta name=\"twitter:card\" content=\"summary_large_image\" \/>\n<meta name=\"twitter:label1\" content=\"Est. reading time\" \/>\n\t<meta name=\"twitter:data1\" content=\"7 minutes\" \/>\n<script type=\"application\/ld+json\" class=\"yoast-schema-graph\">{\"@context\":\"https:\\\/\\\/schema.org\",\"@graph\":[{\"@type\":\"WebPage\",\"@id\":\"https:\\\/\\\/madridtravelprivatetours.com\\\/\",\"url\":\"https:\\\/\\\/madridtravelprivatetours.com\\\/\",\"name\":\"Private Guided Tours Madrid, Toledo, Segovia...\",\"isPartOf\":{\"@id\":\"https:\\\/\\\/madridtravelprivatetours.com\\\/#website\"},\"primaryImageOfPage\":{\"@id\":\"https:\\\/\\\/madridtravelprivatetours.com\\\/#primaryimage\"},\"image\":{\"@id\":\"https:\\\/\\\/madridtravelprivatetours.com\\\/#primaryimage\"},\"thumbnailUrl\":\"https:\\\/\\\/madridtravelprivatetours.com\\\/wp-content\\\/uploads\\\/2021\\\/02\\\/las-dos.jpg\",\"datePublished\":\"2021-02-26T15:03:12+00:00\",\"dateModified\":\"2025-12-09T20:19:47+00:00\",\"description\":\"Ofrecemos visitas guiadas privadas en Madrid y alrededores (Toledo, Segovia, Avila, Escorial, Aranjuez, Alcal\u00e1 de Henares..)\",\"breadcrumb\":{\"@id\":\"https:\\\/\\\/madridtravelprivatetours.com\\\/#breadcrumb\"},\"inLanguage\":\"en-US\",\"potentialAction\":[{\"@type\":\"ReadAction\",\"target\":[\"https:\\\/\\\/madridtravelprivatetours.com\\\/\"]}]},{\"@type\":\"ImageObject\",\"inLanguage\":\"en-US\",\"@id\":\"https:\\\/\\\/madridtravelprivatetours.com\\\/#primaryimage\",\"url\":\"https:\\\/\\\/madridtravelprivatetours.com\\\/wp-content\\\/uploads\\\/2021\\\/02\\\/las-dos.jpg\",\"contentUrl\":\"https:\\\/\\\/madridtravelprivatetours.com\\\/wp-content\\\/uploads\\\/2021\\\/02\\\/las-dos.jpg\"},{\"@type\":\"BreadcrumbList\",\"@id\":\"https:\\\/\\\/madridtravelprivatetours.com\\\/#breadcrumb\",\"itemListElement\":[{\"@type\":\"ListItem\",\"position\":1,\"name\":\"INICIO\",\"item\":\"https:\\\/\\\/madridtravelprivatetours.com\\\/\"},{\"@type\":\"ListItem\",\"position\":2,\"name\":\"Inicio\"}]},{\"@type\":\"WebSite\",\"@id\":\"https:\\\/\\\/madridtravelprivatetours.com\\\/#website\",\"url\":\"https:\\\/\\\/madridtravelprivatetours.com\\\/\",\"name\":\"Madrid Travel Private Tours\",\"description\":\"Ofrecemos visitas guiadas privadas en Madrid y alrededores\",\"potentialAction\":[{\"@type\":\"SearchAction\",\"target\":{\"@type\":\"EntryPoint\",\"urlTemplate\":\"https:\\\/\\\/madridtravelprivatetours.com\\\/?s={search_term_string}\"},\"query-input\":{\"@type\":\"PropertyValueSpecification\",\"valueRequired\":true,\"valueName\":\"search_term_string\"}}],\"inLanguage\":\"en-US\"}]}<\/script>\n<!-- \/ Yoast SEO plugin. -->","yoast_head_json":{"title":"Private Guided Tours Madrid, Toledo, Segovia...","description":"Ofrecemos visitas guiadas privadas en Madrid y alrededores (Toledo, Segovia, Avila, Escorial, Aranjuez, Alcal\u00e1 de Henares..)","robots":{"index":"index","follow":"follow","max-snippet":"max-snippet:-1","max-image-preview":"max-image-preview:large","max-video-preview":"max-video-preview:-1"},"canonical":"https:\/\/madridtravelprivatetours.com\/","og_locale":"en_US","og_type":"article","og_title":"Private Guided Tours Madrid, Toledo, Segovia...","og_description":"Ofrecemos visitas guiadas privadas en Madrid y alrededores (Toledo, Segovia, Avila, Escorial, Aranjuez, Alcal\u00e1 de Henares..)","og_url":"https:\/\/madridtravelprivatetours.com\/","og_site_name":"Madrid Travel Private Tours","article_modified_time":"2025-12-09T20:19:47+00:00","og_image":[{"width":1000,"height":750,"url":"https:\/\/madridtravelprivatetours.com\/wp-content\/uploads\/2021\/02\/las-dos.jpg","type":"image\/jpeg"}],"twitter_card":"summary_large_image","twitter_misc":{"Est. reading time":"7 minutes"},"schema":{"@context":"https:\/\/schema.org","@graph":[{"@type":"WebPage","@id":"https:\/\/madridtravelprivatetours.com\/","url":"https:\/\/madridtravelprivatetours.com\/","name":"Private Guided Tours Madrid, Toledo, Segovia...","isPartOf":{"@id":"https:\/\/madridtravelprivatetours.com\/#website"},"primaryImageOfPage":{"@id":"https:\/\/madridtravelprivatetours.com\/#primaryimage"},"image":{"@id":"https:\/\/madridtravelprivatetours.com\/#primaryimage"},"thumbnailUrl":"https:\/\/madridtravelprivatetours.com\/wp-content\/uploads\/2021\/02\/las-dos.jpg","datePublished":"2021-02-26T15:03:12+00:00","dateModified":"2025-12-09T20:19:47+00:00","description":"Ofrecemos visitas guiadas privadas en Madrid y alrededores (Toledo, Segovia, Avila, Escorial, Aranjuez, Alcal\u00e1 de Henares..)","breadcrumb":{"@id":"https:\/\/madridtravelprivatetours.com\/#breadcrumb"},"inLanguage":"en-US","potentialAction":[{"@type":"ReadAction","target":["https:\/\/madridtravelprivatetours.com\/"]}]},{"@type":"ImageObject","inLanguage":"en-US","@id":"https:\/\/madridtravelprivatetours.com\/#primaryimage","url":"https:\/\/madridtravelprivatetours.com\/wp-content\/uploads\/2021\/02\/las-dos.jpg","contentUrl":"https:\/\/madridtravelprivatetours.com\/wp-content\/uploads\/2021\/02\/las-dos.jpg"},{"@type":"BreadcrumbList","@id":"https:\/\/madridtravelprivatetours.com\/#breadcrumb","itemListElement":[{"@type":"ListItem","position":1,"name":"INICIO","item":"https:\/\/madridtravelprivatetours.com\/"},{"@type":"ListItem","position":2,"name":"Inicio"}]},{"@type":"WebSite","@id":"https:\/\/madridtravelprivatetours.com\/#website","url":"https:\/\/madridtravelprivatetours.com\/","name":"Madrid Travel Private Tours","description":"Ofrecemos visitas guiadas privadas en Madrid y alrededores","potentialAction":[{"@type":"SearchAction","target":{"@type":"EntryPoint","urlTemplate":"https:\/\/madridtravelprivatetours.com\/?s={search_term_string}"},"query-input":{"@type":"PropertyValueSpecification","valueRequired":true,"valueName":"search_term_string"}}],"inLanguage":"en-US"}]}},"_links":{"self":[{"href":"https:\/\/madridtravelprivatetours.com\/en\/wp-json\/wp\/v2\/pages\/2589","targetHints":{"allow":["GET"]}}],"collection":[{"href":"https:\/\/madridtravelprivatetours.com\/en\/wp-json\/wp\/v2\/pages"}],"about":[{"href":"https:\/\/madridtravelprivatetours.com\/en\/wp-json\/wp\/v2\/types\/page"}],"author":[{"embeddable":true,"href":"https:\/\/madridtravelprivatetours.com\/en\/wp-json\/wp\/v2\/users\/1"}],"replies":[{"embeddable":true,"href":"https:\/\/madridtravelprivatetours.com\/en\/wp-json\/wp\/v2\/comments?post=2589"}],"version-history":[{"count":262,"href":"https:\/\/madridtravelprivatetours.com\/en\/wp-json\/wp\/v2\/pages\/2589\/revisions"}],"predecessor-version":[{"id":12474,"href":"https:\/\/madridtravelprivatetours.com\/en\/wp-json\/wp\/v2\/pages\/2589\/revisions\/12474"}],"wp:attachment":[{"href":"https:\/\/madridtravelprivatetours.com\/en\/wp-json\/wp\/v2\/media?parent=2589"}],"curies":[{"name":"wp","href":"https:\/\/api.w.org\/{rel}","templated":true}]}}