{"id":3948,"date":"2021-02-26T16:03:29","date_gmt":"2021-02-26T15:03:29","guid":{"rendered":"https:\/\/madridtravelprivatetours.com\/visita\/"},"modified":"2024-01-10T10:21:01","modified_gmt":"2024-01-10T09:21:01","slug":"visites-guidees-privees","status":"publish","type":"page","link":"https:\/\/madridtravelprivatetours.com\/fr\/visites-guidees-privees\/","title":{"rendered":"VISITES GUID\u00c9ES PRIV\u00c9ES"},"content":{"rendered":"\t\t<div data-elementor-type=\"wp-page\" data-elementor-id=\"3948\" class=\"elementor elementor-3948 elementor-11\" data-elementor-post-type=\"page\">\n\t\t\t\t\t\t<section class=\"elementor-section elementor-top-section elementor-element elementor-element-7c6f7b4 elementor-section-height-min-height elementor-section-boxed elementor-section-height-default elementor-section-items-middle\" data-id=\"7c6f7b4\" data-element_type=\"section\" data-e-type=\"section\" data-settings=\"{&quot;background_background&quot;:&quot;classic&quot;}\">\n\t\t\t\t\t\t<div class=\"elementor-container elementor-column-gap-default\">\n\t\t\t\t\t<div class=\"elementor-column elementor-col-100 elementor-top-column elementor-element elementor-element-17f87f7\" data-id=\"17f87f7\" data-element_type=\"column\" data-e-type=\"column\">\n\t\t\t<div class=\"elementor-widget-wrap elementor-element-populated\">\n\t\t\t\t\t\t<div class=\"elementor-element elementor-element-621aa93 elementor-widget elementor-widget-heading\" data-id=\"621aa93\" data-element_type=\"widget\" data-e-type=\"widget\" data-widget_type=\"heading.default\">\n\t\t\t\t<div class=\"elementor-widget-container\">\n\t\t\t\t\t<h4 class=\"elementor-heading-title elementor-size-default\">VISITES GUID\u00c9ES <b>PRIV\u00c9ES<\/b><\/h4>\t\t\t\t<\/div>\n\t\t\t\t<\/div>\n\t\t\t\t\t<\/div>\n\t\t<\/div>\n\t\t\t\t\t<\/div>\n\t\t<\/section>\n\t\t\t\t<section class=\"elementor-section elementor-top-section elementor-element elementor-element-603fb27 elementor-section-boxed elementor-section-height-default elementor-section-height-default\" data-id=\"603fb27\" data-element_type=\"section\" data-e-type=\"section\">\n\t\t\t\t\t\t<div class=\"elementor-container elementor-column-gap-default\">\n\t\t\t\t\t<div class=\"elementor-column elementor-col-33 elementor-top-column elementor-element elementor-element-10d675c\" data-id=\"10d675c\" data-element_type=\"column\" data-e-type=\"column\">\n\t\t\t<div class=\"elementor-widget-wrap elementor-element-populated\">\n\t\t\t\t\t\t<div class=\"elementor-element elementor-element-d4baad6 elementor-widget elementor-widget-image\" data-id=\"d4baad6\" data-element_type=\"widget\" data-e-type=\"widget\" data-widget_type=\"image.default\">\n\t\t\t\t<div class=\"elementor-widget-container\">\n\t\t\t\t\t\t\t\t\t\t\t\t\t\t\t\t<a href=\"https:\/\/madridtravelprivatetours.com\/fr\/le-vieux-madrid\/\">\n\t\t\t\t\t\t\t<img fetchpriority=\"high\" decoding=\"async\" width=\"800\" height=\"600\" src=\"https:\/\/madridtravelprivatetours.com\/wp-content\/uploads\/2021\/03\/PORTADA-1024x768.jpeg\" class=\"attachment-large size-large wp-image-3949\" alt=\"\" srcset=\"https:\/\/madridtravelprivatetours.com\/wp-content\/uploads\/2021\/03\/PORTADA-1024x768.jpeg 1024w, https:\/\/madridtravelprivatetours.com\/wp-content\/uploads\/2021\/03\/PORTADA-300x225.jpeg 300w, https:\/\/madridtravelprivatetours.com\/wp-content\/uploads\/2021\/03\/PORTADA-768x576.jpeg 768w, https:\/\/madridtravelprivatetours.com\/wp-content\/uploads\/2021\/03\/PORTADA-1536x1152.jpeg 1536w, https:\/\/madridtravelprivatetours.com\/wp-content\/uploads\/2021\/03\/PORTADA.jpeg 1600w\" sizes=\"(max-width: 800px) 100vw, 800px\" \/>\t\t\t\t\t\t\t\t<\/a>\n\t\t\t\t\t\t\t\t\t\t\t\t\t\t\t<\/div>\n\t\t\t\t<\/div>\n\t\t\t\t<div class=\"elementor-element elementor-element-50fe558 elementor-widget elementor-widget-heading\" data-id=\"50fe558\" data-element_type=\"widget\" data-e-type=\"widget\" data-widget_type=\"heading.default\">\n\t\t\t\t<div class=\"elementor-widget-container\">\n\t\t\t\t\t<h2 class=\"elementor-heading-title elementor-size-default\"><a href=\"https:\/\/madridtravelprivatetours.com\/fr\/le-vieux-madrid\/\">BALADE  DANS LE VIEUX MADRID<\/a><\/h2>\t\t\t\t<\/div>\n\t\t\t\t<\/div>\n\t\t\t\t\t<\/div>\n\t\t<\/div>\n\t\t\t\t<div class=\"elementor-column elementor-col-33 elementor-top-column elementor-element elementor-element-2707f4a\" data-id=\"2707f4a\" data-element_type=\"column\" data-e-type=\"column\">\n\t\t\t<div class=\"elementor-widget-wrap elementor-element-populated\">\n\t\t\t\t\t\t<div class=\"elementor-element elementor-element-d3de7f5 elementor-widget elementor-widget-image\" data-id=\"d3de7f5\" data-element_type=\"widget\" data-e-type=\"widget\" data-widget_type=\"image.default\">\n\t\t\t\t<div class=\"elementor-widget-container\">\n\t\t\t\t\t\t\t\t\t\t\t\t\t\t\t\t<a href=\"https:\/\/madridtravelprivatetours.com\/fr\/le-palais-royal-et-le-vieux-madrid\/\">\n\t\t\t\t\t\t\t<img decoding=\"async\" width=\"800\" height=\"600\" src=\"https:\/\/madridtravelprivatetours.com\/wp-content\/uploads\/2021\/03\/PORTADA-mini-1024x768.jpg\" class=\"attachment-large size-large wp-image-3951\" alt=\"\" srcset=\"https:\/\/madridtravelprivatetours.com\/wp-content\/uploads\/2021\/03\/PORTADA-mini-1024x768.jpg 1024w, https:\/\/madridtravelprivatetours.com\/wp-content\/uploads\/2021\/03\/PORTADA-mini-300x225.jpg 300w, https:\/\/madridtravelprivatetours.com\/wp-content\/uploads\/2021\/03\/PORTADA-mini-768x576.jpg 768w, https:\/\/madridtravelprivatetours.com\/wp-content\/uploads\/2021\/03\/PORTADA-mini-1536x1152.jpg 1536w, https:\/\/madridtravelprivatetours.com\/wp-content\/uploads\/2021\/03\/PORTADA-mini.jpg 1600w\" sizes=\"(max-width: 800px) 100vw, 800px\" \/>\t\t\t\t\t\t\t\t<\/a>\n\t\t\t\t\t\t\t\t\t\t\t\t\t\t\t<\/div>\n\t\t\t\t<\/div>\n\t\t\t\t<div class=\"elementor-element elementor-element-127f6a7 elementor-widget elementor-widget-heading\" data-id=\"127f6a7\" data-element_type=\"widget\" data-e-type=\"widget\" data-widget_type=\"heading.default\">\n\t\t\t\t<div class=\"elementor-widget-container\">\n\t\t\t\t\t<h2 class=\"elementor-heading-title elementor-size-default\"><a href=\"https:\/\/madridtravelprivatetours.com\/fr\/le-palais-royal-et-le-vieux-madrid\/\">LE PALAIS ROYAL ET LE VIEUX MADRID<\/a><\/h2>\t\t\t\t<\/div>\n\t\t\t\t<\/div>\n\t\t\t\t\t<\/div>\n\t\t<\/div>\n\t\t\t\t<div class=\"elementor-column elementor-col-33 elementor-top-column elementor-element elementor-element-43e992e\" data-id=\"43e992e\" data-element_type=\"column\" data-e-type=\"column\">\n\t\t\t<div class=\"elementor-widget-wrap elementor-element-populated\">\n\t\t\t\t\t\t<div class=\"elementor-element elementor-element-9d3e2a9 elementor-widget elementor-widget-image\" data-id=\"9d3e2a9\" data-element_type=\"widget\" data-e-type=\"widget\" data-widget_type=\"image.default\">\n\t\t\t\t<div class=\"elementor-widget-container\">\n\t\t\t\t\t\t\t\t\t\t\t\t\t\t\t\t<a href=\"https:\/\/madridtravelprivatetours.com\/fr\/les-musees-du-prado-et-reina-sofia\/\">\n\t\t\t\t\t\t\t<img decoding=\"async\" width=\"800\" height=\"600\" src=\"https:\/\/madridtravelprivatetours.com\/wp-content\/uploads\/2021\/03\/PORTADA-mini-1-1024x768.jpg\" class=\"attachment-large size-large wp-image-3952\" alt=\"\" srcset=\"https:\/\/madridtravelprivatetours.com\/wp-content\/uploads\/2021\/03\/PORTADA-mini-1-1024x768.jpg 1024w, https:\/\/madridtravelprivatetours.com\/wp-content\/uploads\/2021\/03\/PORTADA-mini-1-300x225.jpg 300w, https:\/\/madridtravelprivatetours.com\/wp-content\/uploads\/2021\/03\/PORTADA-mini-1-768x576.jpg 768w, https:\/\/madridtravelprivatetours.com\/wp-content\/uploads\/2021\/03\/PORTADA-mini-1-1536x1152.jpg 1536w, https:\/\/madridtravelprivatetours.com\/wp-content\/uploads\/2021\/03\/PORTADA-mini-1.jpg 1600w\" sizes=\"(max-width: 800px) 100vw, 800px\" \/>\t\t\t\t\t\t\t\t<\/a>\n\t\t\t\t\t\t\t\t\t\t\t\t\t\t\t<\/div>\n\t\t\t\t<\/div>\n\t\t\t\t<div class=\"elementor-element elementor-element-15a090f elementor-widget elementor-widget-heading\" data-id=\"15a090f\" data-element_type=\"widget\" data-e-type=\"widget\" data-widget_type=\"heading.default\">\n\t\t\t\t<div class=\"elementor-widget-container\">\n\t\t\t\t\t<h2 class=\"elementor-heading-title elementor-size-default\"><a href=\"https:\/\/madridtravelprivatetours.com\/fr\/les-musees-du-prado-et-reina-sofia\/\">LES MUS\u00c9ES DU PRADO ET DU REINA SOFIA<\/a><\/h2>\t\t\t\t<\/div>\n\t\t\t\t<\/div>\n\t\t\t\t\t<\/div>\n\t\t<\/div>\n\t\t\t\t\t<\/div>\n\t\t<\/section>\n\t\t\t\t<section class=\"elementor-section elementor-top-section elementor-element elementor-element-13828e2 elementor-section-boxed elementor-section-height-default elementor-section-height-default\" data-id=\"13828e2\" data-element_type=\"section\" data-e-type=\"section\">\n\t\t\t\t\t\t<div class=\"elementor-container elementor-column-gap-default\">\n\t\t\t\t\t<div class=\"elementor-column elementor-col-33 elementor-top-column elementor-element elementor-element-f9a819d\" data-id=\"f9a819d\" data-element_type=\"column\" data-e-type=\"column\">\n\t\t\t<div class=\"elementor-widget-wrap elementor-element-populated\">\n\t\t\t\t\t\t<div class=\"elementor-element elementor-element-856f92d elementor-widget elementor-widget-image\" data-id=\"856f92d\" data-element_type=\"widget\" data-e-type=\"widget\" data-widget_type=\"image.default\">\n\t\t\t\t<div class=\"elementor-widget-container\">\n\t\t\t\t\t\t\t\t\t\t\t\t\t\t\t\t<a href=\"https:\/\/madridtravelprivatetours.com\/fr\/le-musee-du-prado-et-son-quartier-monumental\/\">\n\t\t\t\t\t\t\t<img loading=\"lazy\" decoding=\"async\" width=\"800\" height=\"600\" src=\"https:\/\/madridtravelprivatetours.com\/wp-content\/uploads\/2021\/03\/PORTADA-mini-2-1024x768.jpg\" class=\"attachment-large size-large wp-image-3953\" alt=\"\" srcset=\"https:\/\/madridtravelprivatetours.com\/wp-content\/uploads\/2021\/03\/PORTADA-mini-2-1024x768.jpg 1024w, https:\/\/madridtravelprivatetours.com\/wp-content\/uploads\/2021\/03\/PORTADA-mini-2-300x225.jpg 300w, https:\/\/madridtravelprivatetours.com\/wp-content\/uploads\/2021\/03\/PORTADA-mini-2-768x576.jpg 768w, https:\/\/madridtravelprivatetours.com\/wp-content\/uploads\/2021\/03\/PORTADA-mini-2-1536x1152.jpg 1536w, https:\/\/madridtravelprivatetours.com\/wp-content\/uploads\/2021\/03\/PORTADA-mini-2.jpg 1600w\" sizes=\"(max-width: 800px) 100vw, 800px\" \/>\t\t\t\t\t\t\t\t<\/a>\n\t\t\t\t\t\t\t\t\t\t\t\t\t\t\t<\/div>\n\t\t\t\t<\/div>\n\t\t\t\t<div class=\"elementor-element elementor-element-f7e0cf1 elementor-widget elementor-widget-heading\" data-id=\"f7e0cf1\" data-element_type=\"widget\" data-e-type=\"widget\" data-widget_type=\"heading.default\">\n\t\t\t\t<div class=\"elementor-widget-container\">\n\t\t\t\t\t<h2 class=\"elementor-heading-title elementor-size-default\"><a href=\"https:\/\/madridtravelprivatetours.com\/fr\/le-musee-du-prado-et-son-quartier-monumental\/\">LE MUS\u00c9E DU PRADO ET SON QUARTIER HISTORIQUE<\/a><\/h2>\t\t\t\t<\/div>\n\t\t\t\t<\/div>\n\t\t\t\t\t<\/div>\n\t\t<\/div>\n\t\t\t\t<div class=\"elementor-column elementor-col-33 elementor-top-column elementor-element elementor-element-a3671ba\" data-id=\"a3671ba\" data-element_type=\"column\" data-e-type=\"column\">\n\t\t\t<div class=\"elementor-widget-wrap elementor-element-populated\">\n\t\t\t\t\t\t<div class=\"elementor-element elementor-element-f66cef4 elementor-widget elementor-widget-image\" data-id=\"f66cef4\" data-element_type=\"widget\" data-e-type=\"widget\" data-widget_type=\"image.default\">\n\t\t\t\t<div class=\"elementor-widget-container\">\n\t\t\t\t\t\t\t\t\t\t\t\t\t\t\t\t<a href=\"https:\/\/madridtravelprivatetours.com\/fr\/musees-a-madrid\/\">\n\t\t\t\t\t\t\t<img loading=\"lazy\" decoding=\"async\" width=\"800\" height=\"600\" src=\"https:\/\/madridtravelprivatetours.com\/wp-content\/uploads\/2021\/03\/PORTADA-mini-3-1024x768.jpg\" class=\"attachment-large size-large wp-image-3954\" alt=\"\" srcset=\"https:\/\/madridtravelprivatetours.com\/wp-content\/uploads\/2021\/03\/PORTADA-mini-3-1024x768.jpg 1024w, https:\/\/madridtravelprivatetours.com\/wp-content\/uploads\/2021\/03\/PORTADA-mini-3-300x225.jpg 300w, https:\/\/madridtravelprivatetours.com\/wp-content\/uploads\/2021\/03\/PORTADA-mini-3-768x576.jpg 768w, https:\/\/madridtravelprivatetours.com\/wp-content\/uploads\/2021\/03\/PORTADA-mini-3-1536x1152.jpg 1536w, https:\/\/madridtravelprivatetours.com\/wp-content\/uploads\/2021\/03\/PORTADA-mini-3.jpg 1600w\" sizes=\"(max-width: 800px) 100vw, 800px\" \/>\t\t\t\t\t\t\t\t<\/a>\n\t\t\t\t\t\t\t\t\t\t\t\t\t\t\t<\/div>\n\t\t\t\t<\/div>\n\t\t\t\t<div class=\"elementor-element elementor-element-052efaa elementor-widget elementor-widget-heading\" data-id=\"052efaa\" data-element_type=\"widget\" data-e-type=\"widget\" data-widget_type=\"heading.default\">\n\t\t\t\t<div class=\"elementor-widget-container\">\n\t\t\t\t\t<h2 class=\"elementor-heading-title elementor-size-default\"><a href=\"https:\/\/madridtravelprivatetours.com\/fr\/musees-a-madrid\/\">MUS\u00c9ES ET MONUMENTS \u00c0 MADRID<\/a><\/h2>\t\t\t\t<\/div>\n\t\t\t\t<\/div>\n\t\t\t\t\t<\/div>\n\t\t<\/div>\n\t\t\t\t<div class=\"elementor-column elementor-col-33 elementor-top-column elementor-element elementor-element-7523d70\" data-id=\"7523d70\" data-element_type=\"column\" data-e-type=\"column\">\n\t\t\t<div class=\"elementor-widget-wrap elementor-element-populated\">\n\t\t\t\t\t\t<div class=\"elementor-element elementor-element-e98b9d3 elementor-widget elementor-widget-image\" data-id=\"e98b9d3\" data-element_type=\"widget\" data-e-type=\"widget\" data-widget_type=\"image.default\">\n\t\t\t\t<div class=\"elementor-widget-container\">\n\t\t\t\t\t\t\t\t\t\t\t\t\t\t\t\t<a href=\"https:\/\/madridtravelprivatetours.com\/fr\/le-madrid-monumental\/\">\n\t\t\t\t\t\t\t<img loading=\"lazy\" decoding=\"async\" width=\"800\" height=\"600\" src=\"https:\/\/madridtravelprivatetours.com\/wp-content\/uploads\/2021\/03\/PORTADA-mini-4-1024x768.jpg\" class=\"attachment-large size-large wp-image-3955\" alt=\"\" srcset=\"https:\/\/madridtravelprivatetours.com\/wp-content\/uploads\/2021\/03\/PORTADA-mini-4-1024x768.jpg 1024w, https:\/\/madridtravelprivatetours.com\/wp-content\/uploads\/2021\/03\/PORTADA-mini-4-300x225.jpg 300w, https:\/\/madridtravelprivatetours.com\/wp-content\/uploads\/2021\/03\/PORTADA-mini-4-768x576.jpg 768w, https:\/\/madridtravelprivatetours.com\/wp-content\/uploads\/2021\/03\/PORTADA-mini-4-1536x1152.jpg 1536w, https:\/\/madridtravelprivatetours.com\/wp-content\/uploads\/2021\/03\/PORTADA-mini-4.jpg 1600w\" sizes=\"(max-width: 800px) 100vw, 800px\" \/>\t\t\t\t\t\t\t\t<\/a>\n\t\t\t\t\t\t\t\t\t\t\t\t\t\t\t<\/div>\n\t\t\t\t<\/div>\n\t\t\t\t<div class=\"elementor-element elementor-element-b428d05 elementor-widget elementor-widget-heading\" data-id=\"b428d05\" data-element_type=\"widget\" data-e-type=\"widget\" data-widget_type=\"heading.default\">\n\t\t\t\t<div class=\"elementor-widget-container\">\n\t\t\t\t\t<h2 class=\"elementor-heading-title elementor-size-default\"><a href=\"https:\/\/madridtravelprivatetours.com\/fr\/le-madrid-monumental\/\">LE MADRID MONUMENTAL<\/a><\/h2>\t\t\t\t<\/div>\n\t\t\t\t<\/div>\n\t\t\t\t\t<\/div>\n\t\t<\/div>\n\t\t\t\t\t<\/div>\n\t\t<\/section>\n\t\t\t\t<section class=\"elementor-section elementor-top-section elementor-element elementor-element-ea9f2cb elementor-section-boxed elementor-section-height-default elementor-section-height-default\" data-id=\"ea9f2cb\" data-element_type=\"section\" data-e-type=\"section\">\n\t\t\t\t\t\t<div class=\"elementor-container elementor-column-gap-default\">\n\t\t\t\t\t<div class=\"elementor-column elementor-col-33 elementor-top-column elementor-element elementor-element-0ff249c\" data-id=\"0ff249c\" data-element_type=\"column\" data-e-type=\"column\">\n\t\t\t<div class=\"elementor-widget-wrap elementor-element-populated\">\n\t\t\t\t\t\t<div class=\"elementor-element elementor-element-bedc98b elementor-widget elementor-widget-image\" data-id=\"bedc98b\" data-element_type=\"widget\" data-e-type=\"widget\" data-widget_type=\"image.default\">\n\t\t\t\t<div class=\"elementor-widget-container\">\n\t\t\t\t\t\t\t\t\t\t\t\t\t\t\t\t<a href=\"https:\/\/madridtravelprivatetours.com\/fr\/tolede\/\">\n\t\t\t\t\t\t\t<img loading=\"lazy\" decoding=\"async\" width=\"800\" height=\"600\" src=\"https:\/\/madridtravelprivatetours.com\/wp-content\/uploads\/2021\/03\/PORTADA-mini-5-1024x768.jpg\" class=\"attachment-large size-large wp-image-3956\" alt=\"\" srcset=\"https:\/\/madridtravelprivatetours.com\/wp-content\/uploads\/2021\/03\/PORTADA-mini-5-1024x768.jpg 1024w, https:\/\/madridtravelprivatetours.com\/wp-content\/uploads\/2021\/03\/PORTADA-mini-5-300x225.jpg 300w, https:\/\/madridtravelprivatetours.com\/wp-content\/uploads\/2021\/03\/PORTADA-mini-5-768x576.jpg 768w, https:\/\/madridtravelprivatetours.com\/wp-content\/uploads\/2021\/03\/PORTADA-mini-5-1536x1152.jpg 1536w, https:\/\/madridtravelprivatetours.com\/wp-content\/uploads\/2021\/03\/PORTADA-mini-5.jpg 1600w\" sizes=\"(max-width: 800px) 100vw, 800px\" \/>\t\t\t\t\t\t\t\t<\/a>\n\t\t\t\t\t\t\t\t\t\t\t\t\t\t\t<\/div>\n\t\t\t\t<\/div>\n\t\t\t\t<div class=\"elementor-element elementor-element-df2a975 elementor-widget elementor-widget-heading\" data-id=\"df2a975\" data-element_type=\"widget\" data-e-type=\"widget\" data-widget_type=\"heading.default\">\n\t\t\t\t<div class=\"elementor-widget-container\">\n\t\t\t\t\t<h2 class=\"elementor-heading-title elementor-size-default\"><a href=\"https:\/\/madridtravelprivatetours.com\/fr\/tolede\/\">TOL\u00c8DE JOURN\u00c9E-COMPL\u00c8TE<\/a><\/h2>\t\t\t\t<\/div>\n\t\t\t\t<\/div>\n\t\t\t\t\t<\/div>\n\t\t<\/div>\n\t\t\t\t<div class=\"elementor-column elementor-col-33 elementor-top-column elementor-element elementor-element-e78defc\" data-id=\"e78defc\" data-element_type=\"column\" data-e-type=\"column\">\n\t\t\t<div class=\"elementor-widget-wrap elementor-element-populated\">\n\t\t\t\t\t\t<div class=\"elementor-element elementor-element-a279260 elementor-widget elementor-widget-image\" data-id=\"a279260\" data-element_type=\"widget\" data-e-type=\"widget\" data-widget_type=\"image.default\">\n\t\t\t\t<div class=\"elementor-widget-container\">\n\t\t\t\t\t\t\t\t\t\t\t\t\t\t\t\t<a href=\"https:\/\/madridtravelprivatetours.com\/fr\/tolede-demi-journee\/\">\n\t\t\t\t\t\t\t<img loading=\"lazy\" decoding=\"async\" width=\"800\" height=\"600\" src=\"https:\/\/madridtravelprivatetours.com\/wp-content\/uploads\/2021\/03\/PORTADA-mini-5-1024x768.jpg\" class=\"attachment-large size-large wp-image-3956\" alt=\"\" srcset=\"https:\/\/madridtravelprivatetours.com\/wp-content\/uploads\/2021\/03\/PORTADA-mini-5-1024x768.jpg 1024w, https:\/\/madridtravelprivatetours.com\/wp-content\/uploads\/2021\/03\/PORTADA-mini-5-300x225.jpg 300w, https:\/\/madridtravelprivatetours.com\/wp-content\/uploads\/2021\/03\/PORTADA-mini-5-768x576.jpg 768w, https:\/\/madridtravelprivatetours.com\/wp-content\/uploads\/2021\/03\/PORTADA-mini-5-1536x1152.jpg 1536w, https:\/\/madridtravelprivatetours.com\/wp-content\/uploads\/2021\/03\/PORTADA-mini-5.jpg 1600w\" sizes=\"(max-width: 800px) 100vw, 800px\" \/>\t\t\t\t\t\t\t\t<\/a>\n\t\t\t\t\t\t\t\t\t\t\t\t\t\t\t<\/div>\n\t\t\t\t<\/div>\n\t\t\t\t<div class=\"elementor-element elementor-element-3bb4c51 elementor-widget elementor-widget-heading\" data-id=\"3bb4c51\" data-element_type=\"widget\" data-e-type=\"widget\" data-widget_type=\"heading.default\">\n\t\t\t\t<div class=\"elementor-widget-container\">\n\t\t\t\t\t<h2 class=\"elementor-heading-title elementor-size-default\"><a href=\"https:\/\/madridtravelprivatetours.com\/fr\/tolede-demi-journee\/\">TOL\u00c8DE  DEMI-JOURN\u00c9E<\/a><\/h2>\t\t\t\t<\/div>\n\t\t\t\t<\/div>\n\t\t\t\t\t<\/div>\n\t\t<\/div>\n\t\t\t\t<div class=\"elementor-column elementor-col-33 elementor-top-column elementor-element elementor-element-ccf73a1\" data-id=\"ccf73a1\" data-element_type=\"column\" data-e-type=\"column\">\n\t\t\t<div class=\"elementor-widget-wrap elementor-element-populated\">\n\t\t\t\t\t\t<div class=\"elementor-element elementor-element-b9e388c elementor-widget elementor-widget-image\" data-id=\"b9e388c\" data-element_type=\"widget\" data-e-type=\"widget\" data-widget_type=\"image.default\">\n\t\t\t\t<div class=\"elementor-widget-container\">\n\t\t\t\t\t\t\t\t\t\t\t\t\t\t\t\t<a href=\"https:\/\/madridtravelprivatetours.com\/fr\/segovie-journee-complete\/\">\n\t\t\t\t\t\t\t<img loading=\"lazy\" decoding=\"async\" width=\"800\" height=\"600\" src=\"https:\/\/madridtravelprivatetours.com\/wp-content\/uploads\/2021\/03\/PORTADA-mini-6-1024x768.jpg\" class=\"attachment-large size-large wp-image-3957\" alt=\"\" srcset=\"https:\/\/madridtravelprivatetours.com\/wp-content\/uploads\/2021\/03\/PORTADA-mini-6-1024x768.jpg 1024w, https:\/\/madridtravelprivatetours.com\/wp-content\/uploads\/2021\/03\/PORTADA-mini-6-300x225.jpg 300w, https:\/\/madridtravelprivatetours.com\/wp-content\/uploads\/2021\/03\/PORTADA-mini-6-768x576.jpg 768w, https:\/\/madridtravelprivatetours.com\/wp-content\/uploads\/2021\/03\/PORTADA-mini-6-1536x1152.jpg 1536w, https:\/\/madridtravelprivatetours.com\/wp-content\/uploads\/2021\/03\/PORTADA-mini-6.jpg 1600w\" sizes=\"(max-width: 800px) 100vw, 800px\" \/>\t\t\t\t\t\t\t\t<\/a>\n\t\t\t\t\t\t\t\t\t\t\t\t\t\t\t<\/div>\n\t\t\t\t<\/div>\n\t\t\t\t<div class=\"elementor-element elementor-element-7ea0c24 elementor-widget elementor-widget-heading\" data-id=\"7ea0c24\" data-element_type=\"widget\" data-e-type=\"widget\" data-widget_type=\"heading.default\">\n\t\t\t\t<div class=\"elementor-widget-container\">\n\t\t\t\t\t<h2 class=\"elementor-heading-title elementor-size-default\"><a href=\"https:\/\/madridtravelprivatetours.com\/fr\/segovie-journee-complete\/\">S\u00c9GOVIE JOURN\u00c9E-COMPL\u00c8TE<\/a><\/h2>\t\t\t\t<\/div>\n\t\t\t\t<\/div>\n\t\t\t\t\t<\/div>\n\t\t<\/div>\n\t\t\t\t\t<\/div>\n\t\t<\/section>\n\t\t\t\t<section class=\"elementor-section elementor-top-section elementor-element elementor-element-e4d9eec elementor-section-boxed elementor-section-height-default elementor-section-height-default\" data-id=\"e4d9eec\" data-element_type=\"section\" data-e-type=\"section\">\n\t\t\t\t\t\t<div class=\"elementor-container elementor-column-gap-default\">\n\t\t\t\t\t<div class=\"elementor-column elementor-col-33 elementor-top-column elementor-element elementor-element-6422d33\" data-id=\"6422d33\" data-element_type=\"column\" data-e-type=\"column\">\n\t\t\t<div class=\"elementor-widget-wrap elementor-element-populated\">\n\t\t\t\t\t\t<div class=\"elementor-element elementor-element-cac94cf elementor-widget elementor-widget-image\" data-id=\"cac94cf\" data-element_type=\"widget\" data-e-type=\"widget\" data-widget_type=\"image.default\">\n\t\t\t\t<div class=\"elementor-widget-container\">\n\t\t\t\t\t\t\t\t\t\t\t\t\t\t\t\t<a href=\"https:\/\/madridtravelprivatetours.com\/fr\/monastere-de-lescorial-et-la-vallee-de-los-caidos\/\">\n\t\t\t\t\t\t\t<img loading=\"lazy\" decoding=\"async\" width=\"800\" height=\"600\" src=\"https:\/\/madridtravelprivatetours.com\/wp-content\/uploads\/2021\/03\/PORTADA-mini-7-1024x768.jpg\" class=\"attachment-large size-large wp-image-3958\" alt=\"\" srcset=\"https:\/\/madridtravelprivatetours.com\/wp-content\/uploads\/2021\/03\/PORTADA-mini-7-1024x768.jpg 1024w, https:\/\/madridtravelprivatetours.com\/wp-content\/uploads\/2021\/03\/PORTADA-mini-7-300x225.jpg 300w, https:\/\/madridtravelprivatetours.com\/wp-content\/uploads\/2021\/03\/PORTADA-mini-7-768x576.jpg 768w, https:\/\/madridtravelprivatetours.com\/wp-content\/uploads\/2021\/03\/PORTADA-mini-7-1536x1152.jpg 1536w, https:\/\/madridtravelprivatetours.com\/wp-content\/uploads\/2021\/03\/PORTADA-mini-7.jpg 1600w\" sizes=\"(max-width: 800px) 100vw, 800px\" \/>\t\t\t\t\t\t\t\t<\/a>\n\t\t\t\t\t\t\t\t\t\t\t\t\t\t\t<\/div>\n\t\t\t\t<\/div>\n\t\t\t\t<div class=\"elementor-element elementor-element-1946903 elementor-widget elementor-widget-heading\" data-id=\"1946903\" data-element_type=\"widget\" data-e-type=\"widget\" data-widget_type=\"heading.default\">\n\t\t\t\t<div class=\"elementor-widget-container\">\n\t\t\t\t\t<h2 class=\"elementor-heading-title elementor-size-default\"><a href=\"https:\/\/madridtravelprivatetours.com\/fr\/monastere-de-lescorial-et-la-vallee-de-los-caidos\/\">LE MONAST\u00c8RE DE L\u00b4ESCURIAL ET LA VALL\u00c9E DES MORTS<\/a><\/h2>\t\t\t\t<\/div>\n\t\t\t\t<\/div>\n\t\t\t\t\t<\/div>\n\t\t<\/div>\n\t\t\t\t<div class=\"elementor-column elementor-col-33 elementor-top-column elementor-element elementor-element-eeac3ce\" data-id=\"eeac3ce\" data-element_type=\"column\" data-e-type=\"column\">\n\t\t\t<div class=\"elementor-widget-wrap elementor-element-populated\">\n\t\t\t\t\t\t<div class=\"elementor-element elementor-element-91b5c40 elementor-widget elementor-widget-image\" data-id=\"91b5c40\" data-element_type=\"widget\" data-e-type=\"widget\" data-widget_type=\"image.default\">\n\t\t\t\t<div class=\"elementor-widget-container\">\n\t\t\t\t\t\t\t\t\t\t\t\t\t\t\t\t<a href=\"https:\/\/madridtravelprivatetours.com\/fr\/avila-et-segovie-journee-complete\/\">\n\t\t\t\t\t\t\t<img loading=\"lazy\" decoding=\"async\" width=\"360\" height=\"271\" src=\"https:\/\/madridtravelprivatetours.com\/wp-content\/uploads\/2024\/01\/portada-avila-segovia-dia-completo.jpg\" class=\"attachment-large size-large wp-image-10248\" alt=\"\" srcset=\"https:\/\/madridtravelprivatetours.com\/wp-content\/uploads\/2024\/01\/portada-avila-segovia-dia-completo.jpg 360w, https:\/\/madridtravelprivatetours.com\/wp-content\/uploads\/2024\/01\/portada-avila-segovia-dia-completo-300x226.jpg 300w\" sizes=\"(max-width: 360px) 100vw, 360px\" \/>\t\t\t\t\t\t\t\t<\/a>\n\t\t\t\t\t\t\t\t\t\t\t\t\t\t\t<\/div>\n\t\t\t\t<\/div>\n\t\t\t\t<div class=\"elementor-element elementor-element-3b6a3e8 elementor-widget elementor-widget-heading\" data-id=\"3b6a3e8\" data-element_type=\"widget\" data-e-type=\"widget\" data-widget_type=\"heading.default\">\n\t\t\t\t<div class=\"elementor-widget-container\">\n\t\t\t\t\t<h2 class=\"elementor-heading-title elementor-size-default\"><a href=\"https:\/\/madridtravelprivatetours.com\/fr\/avila-et-segovie-journee-complete\/\">AVILA &amp; S\u00c9GOVIA<\/a><\/h2>\t\t\t\t<\/div>\n\t\t\t\t<\/div>\n\t\t\t\t\t<\/div>\n\t\t<\/div>\n\t\t\t\t<div class=\"elementor-column elementor-col-33 elementor-top-column elementor-element elementor-element-96f1ee7\" data-id=\"96f1ee7\" data-element_type=\"column\" data-e-type=\"column\">\n\t\t\t<div class=\"elementor-widget-wrap\">\n\t\t\t\t\t\t\t<\/div>\n\t\t<\/div>\n\t\t\t\t\t<\/div>\n\t\t<\/section>\n\t\t\t\t<section class=\"elementor-section elementor-top-section elementor-element elementor-element-8679101 elementor-section-boxed elementor-section-height-default elementor-section-height-default\" data-id=\"8679101\" data-element_type=\"section\" data-e-type=\"section\">\n\t\t\t\t\t\t<div class=\"elementor-container elementor-column-gap-default\">\n\t\t\t\t\t<div class=\"elementor-column elementor-col-100 elementor-top-column elementor-element elementor-element-9145a72\" data-id=\"9145a72\" data-element_type=\"column\" data-e-type=\"column\">\n\t\t\t<div class=\"elementor-widget-wrap\">\n\t\t\t\t\t\t\t<\/div>\n\t\t<\/div>\n\t\t\t\t\t<\/div>\n\t\t<\/section>\n\t\t\t\t<section class=\"elementor-section elementor-top-section elementor-element elementor-element-b93ded5 elementor-section-boxed elementor-section-height-default elementor-section-height-default\" data-id=\"b93ded5\" data-element_type=\"section\" data-e-type=\"section\">\n\t\t\t\t\t\t<div class=\"elementor-container elementor-column-gap-default\">\n\t\t\t\t\t<div class=\"elementor-column elementor-col-100 elementor-top-column elementor-element elementor-element-55cb5cf\" data-id=\"55cb5cf\" data-element_type=\"column\" data-e-type=\"column\">\n\t\t\t<div class=\"elementor-widget-wrap elementor-element-populated\">\n\t\t\t\t\t\t<div class=\"elementor-element elementor-element-4911cd4 elementor-widget elementor-widget-spacer\" data-id=\"4911cd4\" data-element_type=\"widget\" data-e-type=\"widget\" data-widget_type=\"spacer.default\">\n\t\t\t\t<div class=\"elementor-widget-container\">\n\t\t\t\t\t\t\t<div class=\"elementor-spacer\">\n\t\t\t<div class=\"elementor-spacer-inner\"><\/div>\n\t\t<\/div>\n\t\t\t\t\t\t<\/div>\n\t\t\t\t<\/div>\n\t\t\t\t\t<\/div>\n\t\t<\/div>\n\t\t\t\t\t<\/div>\n\t\t<\/section>\n\t\t\t\t<\/div>\n\t\t","protected":false},"excerpt":{"rendered":"<p>VISITES GUID\u00c9ES PRIV\u00c9ES BALADE DANS LE VIEUX MADRID LE PALAIS ROYAL ET LE VIEUX MADRID LES MUS\u00c9ES DU PRADO ET DU REINA SOFIA LE MUS\u00c9E DU PRADO ET SON QUARTIER HISTORIQUE MUS\u00c9ES ET MONUMENTS \u00c0 MADRID LE MADRID MONUMENTAL TOL\u00c8DE JOURN\u00c9E-COMPL\u00c8TE TOL\u00c8DE DEMI-JOURN\u00c9E S\u00c9GOVIE JOURN\u00c9E-COMPL\u00c8TE LE MONAST\u00c8RE DE L\u00b4ESCURIAL ET LA VALL\u00c9E DES MORTS AVILA [&hellip;]<\/p>\n","protected":false},"author":1,"featured_media":0,"parent":0,"menu_order":0,"comment_status":"closed","ping_status":"closed","template":"","meta":{"footnotes":""},"class_list":["post-3948","page","type-page","status-publish","hentry"],"yoast_head":"<!-- This site is optimized with the Yoast SEO plugin v27.8 - https:\/\/yoast.com\/product\/yoast-seo-wordpress\/ -->\n<title>VISITES GUID\u00c9ES PRIV\u00c9ES - Madrid Travel Private Tours<\/title>\n<meta name=\"robots\" content=\"index, follow, max-snippet:-1, max-image-preview:large, max-video-preview:-1\" \/>\n<link rel=\"canonical\" href=\"https:\/\/madridtravelprivatetours.com\/visita\/\" \/>\n<meta property=\"og:locale\" content=\"fr_FR\" \/>\n<meta property=\"og:type\" content=\"article\" \/>\n<meta property=\"og:title\" content=\"VISITES GUID\u00c9ES PRIV\u00c9ES - Madrid Travel Private Tours\" \/>\n<meta property=\"og:description\" content=\"VISITES GUID\u00c9ES PRIV\u00c9ES BALADE DANS LE VIEUX MADRID LE PALAIS ROYAL ET LE VIEUX MADRID LES MUS\u00c9ES DU PRADO ET DU REINA SOFIA LE MUS\u00c9E DU PRADO ET SON QUARTIER HISTORIQUE MUS\u00c9ES ET MONUMENTS \u00c0 MADRID LE MADRID MONUMENTAL TOL\u00c8DE JOURN\u00c9E-COMPL\u00c8TE TOL\u00c8DE DEMI-JOURN\u00c9E S\u00c9GOVIE JOURN\u00c9E-COMPL\u00c8TE LE MONAST\u00c8RE DE L\u00b4ESCURIAL ET LA VALL\u00c9E DES MORTS AVILA [&hellip;]\" \/>\n<meta property=\"og:url\" content=\"https:\/\/madridtravelprivatetours.com\/visita\/\" \/>\n<meta property=\"og:site_name\" content=\"Madrid Travel Private Tours\" \/>\n<meta property=\"article:modified_time\" content=\"2024-01-10T09:21:01+00:00\" \/>\n<meta property=\"og:image\" content=\"https:\/\/madridtravelprivatetours.com\/wp-content\/uploads\/2021\/03\/PORTADA-1024x768.jpeg\" \/>\n<meta name=\"twitter:card\" content=\"summary_large_image\" \/>\n<meta name=\"twitter:label1\" content=\"Dur\u00e9e de lecture estim\u00e9e\" \/>\n\t<meta name=\"twitter:data1\" content=\"3 minutes\" \/>\n<script type=\"application\/ld+json\" class=\"yoast-schema-graph\">{\"@context\":\"https:\\\/\\\/schema.org\",\"@graph\":[{\"@type\":\"WebPage\",\"@id\":\"https:\\\/\\\/madridtravelprivatetours.com\\\/visita\\\/\",\"url\":\"https:\\\/\\\/madridtravelprivatetours.com\\\/visita\\\/\",\"name\":\"VISITES GUID\u00c9ES PRIV\u00c9ES - Madrid Travel Private Tours\",\"isPartOf\":{\"@id\":\"https:\\\/\\\/madridtravelprivatetours.com\\\/#website\"},\"primaryImageOfPage\":{\"@id\":\"https:\\\/\\\/madridtravelprivatetours.com\\\/visita\\\/#primaryimage\"},\"image\":{\"@id\":\"https:\\\/\\\/madridtravelprivatetours.com\\\/visita\\\/#primaryimage\"},\"thumbnailUrl\":\"https:\\\/\\\/madridtravelprivatetours.com\\\/wp-content\\\/uploads\\\/2021\\\/03\\\/PORTADA-1024x768.jpeg\",\"datePublished\":\"2021-02-26T15:03:29+00:00\",\"dateModified\":\"2024-01-10T09:21:01+00:00\",\"breadcrumb\":{\"@id\":\"https:\\\/\\\/madridtravelprivatetours.com\\\/visita\\\/#breadcrumb\"},\"inLanguage\":\"fr-FR\",\"potentialAction\":[{\"@type\":\"ReadAction\",\"target\":[\"https:\\\/\\\/madridtravelprivatetours.com\\\/visita\\\/\"]}]},{\"@type\":\"ImageObject\",\"inLanguage\":\"fr-FR\",\"@id\":\"https:\\\/\\\/madridtravelprivatetours.com\\\/visita\\\/#primaryimage\",\"url\":\"https:\\\/\\\/madridtravelprivatetours.com\\\/wp-content\\\/uploads\\\/2021\\\/03\\\/PORTADA-1024x768.jpeg\",\"contentUrl\":\"https:\\\/\\\/madridtravelprivatetours.com\\\/wp-content\\\/uploads\\\/2021\\\/03\\\/PORTADA-1024x768.jpeg\"},{\"@type\":\"BreadcrumbList\",\"@id\":\"https:\\\/\\\/madridtravelprivatetours.com\\\/visita\\\/#breadcrumb\",\"itemListElement\":[{\"@type\":\"ListItem\",\"position\":1,\"name\":\"INICIO\",\"item\":\"https:\\\/\\\/madridtravelprivatetours.com\\\/\"},{\"@type\":\"ListItem\",\"position\":2,\"name\":\"VISITES GUID\u00c9ES PRIV\u00c9ES\"}]},{\"@type\":\"WebSite\",\"@id\":\"https:\\\/\\\/madridtravelprivatetours.com\\\/#website\",\"url\":\"https:\\\/\\\/madridtravelprivatetours.com\\\/\",\"name\":\"Madrid Travel Private Tours\",\"description\":\"Ofrecemos visitas guiadas privadas en Madrid y alrededores\",\"potentialAction\":[{\"@type\":\"SearchAction\",\"target\":{\"@type\":\"EntryPoint\",\"urlTemplate\":\"https:\\\/\\\/madridtravelprivatetours.com\\\/?s={search_term_string}\"},\"query-input\":{\"@type\":\"PropertyValueSpecification\",\"valueRequired\":true,\"valueName\":\"search_term_string\"}}],\"inLanguage\":\"fr-FR\"}]}<\/script>\n<!-- \/ Yoast SEO plugin. -->","yoast_head_json":{"title":"VISITES GUID\u00c9ES PRIV\u00c9ES - Madrid Travel Private Tours","robots":{"index":"index","follow":"follow","max-snippet":"max-snippet:-1","max-image-preview":"max-image-preview:large","max-video-preview":"max-video-preview:-1"},"canonical":"https:\/\/madridtravelprivatetours.com\/visita\/","og_locale":"fr_FR","og_type":"article","og_title":"VISITES GUID\u00c9ES PRIV\u00c9ES - Madrid Travel Private Tours","og_description":"VISITES GUID\u00c9ES PRIV\u00c9ES BALADE DANS LE VIEUX MADRID LE PALAIS ROYAL ET LE VIEUX MADRID LES MUS\u00c9ES DU PRADO ET DU REINA SOFIA LE MUS\u00c9E DU PRADO ET SON QUARTIER HISTORIQUE MUS\u00c9ES ET MONUMENTS \u00c0 MADRID LE MADRID MONUMENTAL TOL\u00c8DE JOURN\u00c9E-COMPL\u00c8TE TOL\u00c8DE DEMI-JOURN\u00c9E S\u00c9GOVIE JOURN\u00c9E-COMPL\u00c8TE LE MONAST\u00c8RE DE L\u00b4ESCURIAL ET LA VALL\u00c9E DES MORTS AVILA [&hellip;]","og_url":"https:\/\/madridtravelprivatetours.com\/visita\/","og_site_name":"Madrid Travel Private Tours","article_modified_time":"2024-01-10T09:21:01+00:00","og_image":[{"url":"https:\/\/madridtravelprivatetours.com\/wp-content\/uploads\/2021\/03\/PORTADA-1024x768.jpeg","type":"","width":"","height":""}],"twitter_card":"summary_large_image","twitter_misc":{"Dur\u00e9e de lecture estim\u00e9e":"3 minutes"},"schema":{"@context":"https:\/\/schema.org","@graph":[{"@type":"WebPage","@id":"https:\/\/madridtravelprivatetours.com\/visita\/","url":"https:\/\/madridtravelprivatetours.com\/visita\/","name":"VISITES GUID\u00c9ES PRIV\u00c9ES - Madrid Travel Private Tours","isPartOf":{"@id":"https:\/\/madridtravelprivatetours.com\/#website"},"primaryImageOfPage":{"@id":"https:\/\/madridtravelprivatetours.com\/visita\/#primaryimage"},"image":{"@id":"https:\/\/madridtravelprivatetours.com\/visita\/#primaryimage"},"thumbnailUrl":"https:\/\/madridtravelprivatetours.com\/wp-content\/uploads\/2021\/03\/PORTADA-1024x768.jpeg","datePublished":"2021-02-26T15:03:29+00:00","dateModified":"2024-01-10T09:21:01+00:00","breadcrumb":{"@id":"https:\/\/madridtravelprivatetours.com\/visita\/#breadcrumb"},"inLanguage":"fr-FR","potentialAction":[{"@type":"ReadAction","target":["https:\/\/madridtravelprivatetours.com\/visita\/"]}]},{"@type":"ImageObject","inLanguage":"fr-FR","@id":"https:\/\/madridtravelprivatetours.com\/visita\/#primaryimage","url":"https:\/\/madridtravelprivatetours.com\/wp-content\/uploads\/2021\/03\/PORTADA-1024x768.jpeg","contentUrl":"https:\/\/madridtravelprivatetours.com\/wp-content\/uploads\/2021\/03\/PORTADA-1024x768.jpeg"},{"@type":"BreadcrumbList","@id":"https:\/\/madridtravelprivatetours.com\/visita\/#breadcrumb","itemListElement":[{"@type":"ListItem","position":1,"name":"INICIO","item":"https:\/\/madridtravelprivatetours.com\/"},{"@type":"ListItem","position":2,"name":"VISITES GUID\u00c9ES PRIV\u00c9ES"}]},{"@type":"WebSite","@id":"https:\/\/madridtravelprivatetours.com\/#website","url":"https:\/\/madridtravelprivatetours.com\/","name":"Madrid Travel Private Tours","description":"Ofrecemos visitas guiadas privadas en Madrid y alrededores","potentialAction":[{"@type":"SearchAction","target":{"@type":"EntryPoint","urlTemplate":"https:\/\/madridtravelprivatetours.com\/?s={search_term_string}"},"query-input":{"@type":"PropertyValueSpecification","valueRequired":true,"valueName":"search_term_string"}}],"inLanguage":"fr-FR"}]}},"_links":{"self":[{"href":"https:\/\/madridtravelprivatetours.com\/fr\/wp-json\/wp\/v2\/pages\/3948","targetHints":{"allow":["GET"]}}],"collection":[{"href":"https:\/\/madridtravelprivatetours.com\/fr\/wp-json\/wp\/v2\/pages"}],"about":[{"href":"https:\/\/madridtravelprivatetours.com\/fr\/wp-json\/wp\/v2\/types\/page"}],"author":[{"embeddable":true,"href":"https:\/\/madridtravelprivatetours.com\/fr\/wp-json\/wp\/v2\/users\/1"}],"replies":[{"embeddable":true,"href":"https:\/\/madridtravelprivatetours.com\/fr\/wp-json\/wp\/v2\/comments?post=3948"}],"version-history":[{"count":31,"href":"https:\/\/madridtravelprivatetours.com\/fr\/wp-json\/wp\/v2\/pages\/3948\/revisions"}],"predecessor-version":[{"id":10265,"href":"https:\/\/madridtravelprivatetours.com\/fr\/wp-json\/wp\/v2\/pages\/3948\/revisions\/10265"}],"wp:attachment":[{"href":"https:\/\/madridtravelprivatetours.com\/fr\/wp-json\/wp\/v2\/media?parent=3948"}],"curies":[{"name":"wp","href":"https:\/\/api.w.org\/{rel}","templated":true}]}}