{"id":4258,"date":"2021-05-17T23:03:53","date_gmt":"2021-05-17T21:03:53","guid":{"rendered":"https:\/\/madridtravelprivatetours.com\/avila-segovia-fullday\/"},"modified":"2025-12-09T19:13:55","modified_gmt":"2025-12-09T18:13:55","slug":"avila-et-segovie-journee-complete","status":"publish","type":"page","link":"https:\/\/madridtravelprivatetours.com\/fr\/avila-et-segovie-journee-complete\/","title":{"rendered":"AVILA ET S\u00c9GOVIE JOURN\u00c9E COMPL\u00c8TE"},"content":{"rendered":"\t\t<div data-elementor-type=\"wp-page\" data-elementor-id=\"4258\" class=\"elementor elementor-4258 elementor-3072\" data-elementor-post-type=\"page\">\n\t\t\t\t\t\t<section class=\"elementor-section elementor-top-section elementor-element elementor-element-1f2920a2 elementor-section-height-min-height elementor-section-boxed elementor-section-height-default elementor-section-items-middle\" data-id=\"1f2920a2\" data-element_type=\"section\" data-e-type=\"section\" data-settings=\"{&quot;background_background&quot;:&quot;classic&quot;}\">\n\t\t\t\t\t\t\t<div class=\"elementor-background-overlay\"><\/div>\n\t\t\t\t\t\t\t<div class=\"elementor-container elementor-column-gap-default\">\n\t\t\t\t\t<div class=\"elementor-column elementor-col-100 elementor-top-column elementor-element elementor-element-2e245916\" data-id=\"2e245916\" data-element_type=\"column\" data-e-type=\"column\">\n\t\t\t<div class=\"elementor-widget-wrap elementor-element-populated\">\n\t\t\t\t\t\t<div class=\"elementor-element elementor-element-a496492 elementor-widget elementor-widget-heading\" data-id=\"a496492\" data-element_type=\"widget\" data-e-type=\"widget\" data-widget_type=\"heading.default\">\n\t\t\t\t<div class=\"elementor-widget-container\">\n\t\t\t\t\t<h2 class=\"elementor-heading-title elementor-size-default\">Visites Guid\u00e9es <b>Priv\u00e9es<\/h2>\t\t\t\t<\/div>\n\t\t\t\t<\/div>\n\t\t\t\t<div class=\"elementor-element elementor-element-77953d86 elementor-widget-divider--view-line elementor-widget elementor-widget-divider\" data-id=\"77953d86\" data-element_type=\"widget\" data-e-type=\"widget\" data-widget_type=\"divider.default\">\n\t\t\t\t<div class=\"elementor-widget-container\">\n\t\t\t\t\t\t\t<div class=\"elementor-divider\">\n\t\t\t<span class=\"elementor-divider-separator\">\n\t\t\t\t\t\t<\/span>\n\t\t<\/div>\n\t\t\t\t\t\t<\/div>\n\t\t\t\t<\/div>\n\t\t\t\t<div class=\"elementor-element elementor-element-7bf78f49 elementor-widget elementor-widget-heading\" data-id=\"7bf78f49\" data-element_type=\"widget\" data-e-type=\"widget\" data-widget_type=\"heading.default\">\n\t\t\t\t<div class=\"elementor-widget-container\">\n\t\t\t\t\t<h1 class=\"elementor-heading-title elementor-size-default\">AVILA ET S\u00c9GOVIE JOURN\u00c9E COMPL\u00c8TE<\/h1>\t\t\t\t<\/div>\n\t\t\t\t<\/div>\n\t\t\t\t\t<\/div>\n\t\t<\/div>\n\t\t\t\t\t<\/div>\n\t\t<\/section>\n\t\t\t\t<section class=\"elementor-section elementor-top-section elementor-element elementor-element-47261389 elementor-section-boxed elementor-section-height-default elementor-section-height-default\" data-id=\"47261389\" data-element_type=\"section\" data-e-type=\"section\">\n\t\t\t\t\t\t<div class=\"elementor-container elementor-column-gap-default\">\n\t\t\t\t\t<div class=\"elementor-column elementor-col-50 elementor-top-column elementor-element elementor-element-4f4b3932\" data-id=\"4f4b3932\" data-element_type=\"column\" data-e-type=\"column\">\n\t\t\t<div class=\"elementor-widget-wrap elementor-element-populated\">\n\t\t\t\t\t\t<div class=\"elementor-element elementor-element-65ee59e6 elementor-widget elementor-widget-heading\" data-id=\"65ee59e6\" data-element_type=\"widget\" data-e-type=\"widget\" data-widget_type=\"heading.default\">\n\t\t\t\t<div class=\"elementor-widget-container\">\n\t\t\t\t\t<h2 class=\"elementor-heading-title elementor-size-default\">D\u00e9couvrez deux sites du patrimoine mondial de l\u2019UNESCO en une journ\u00e9e<\/h2>\t\t\t\t<\/div>\n\t\t\t\t<\/div>\n\t\t\t\t<div class=\"elementor-element elementor-element-31e6a586 elementor-widget elementor-widget-text-editor\" data-id=\"31e6a586\" data-element_type=\"widget\" data-e-type=\"widget\" data-widget_type=\"text-editor.default\">\n\t\t\t\t<div class=\"elementor-widget-container\">\n\t\t\t\t\t\t\t\t\t<p>Les deux villes ont \u00e9t\u00e9 d\u00e9clar\u00e9es sites du patrimoine mondial par l\u2019UNESCO en 1986.<\/p><p>Avila, fond\u00e9e par les Romains, \u00e9tait l\u2019une des principales villes du Royaume de Castille au Moyen \u00c2ge. La ville conserve les plus beaux murs m\u00e9di\u00e9vaux d\u2019Espagne. Ils font 2.5km de long et comportent 88 tours. Les nombreuses r\u00e9sidences nobles d\u2019Avila t\u00e9moignent ses temps glorieux, en particulier au XVe et XVIe si\u00e8cle.<\/p><p>Avila c&rsquo;est la ville natale de Sainte Th\u00e9r\u00e8se d&rsquo;Avila, femme qui\u00a0 bouleversa le panorama r\u00e9ligieux au XVIe si\u00e8cle et qui fut d\u00e9clar\u00e9e \u00ab\u00a0Docteur de l&rsquo;\u00c9glise\u00a0\u00bb\u00a0 par le Pape \u00e0 Rome. Tout dans la ville nous rappelle cette sainte, tellement aim\u00e9e des espagnols.<\/p><p>S\u00e9govie accueille les visiteurs avec son impressionnant Aqueduc romain, l\u2019un des plus grands parfaitement pr\u00e9serv\u00e9s du monde. L\u2019Alcazar ou ch\u00e2teau, perch\u00e9 sur un affleurement rocheux, \u00e9tait autrefois la r\u00e9sidence pr\u00e9f\u00e9r\u00e9e des rois de Castille et il a d\u00e9fendu la ville de l\u2019ennemi pendant des si\u00e8cles.<\/p><p>Parcourir ses rues nous transporte vers une autre \u00e9poque. Les si\u00e8cles ont pass\u00e9 mais, d\u2019une certaine mani\u00e8re, le temps semble arr\u00eat\u00e9 \u00e0 S\u00e9govie. Ses \u00e9glises romanes, ses maisons nobles, sa cath\u00e9drale gothique, son alcazar m\u00e9di\u00e9val et ses murs t\u00e9moignent l\u2019importance de la ville autrefois.<\/p><p>Il ne faut surtout pas rater sa cuisine : le \u00abcochinillo asado\u00bb ou (petit cochon de lait r\u00f4ti), les \u00ab\u00a0judiones de la Granja\u00a0\u00bb\u00a0 (des haricots blancs cuisin\u00e9s ) et le \u00ab\u00a0ponche s\u00e9govien\u00a0\u00bb (dessert typique)\u00a0 sont connus au niveau international.<\/p>\t\t\t\t\t\t\t\t<\/div>\n\t\t\t\t<\/div>\n\t\t\t\t\t<\/div>\n\t\t<\/div>\n\t\t\t\t<div class=\"elementor-column elementor-col-50 elementor-top-column elementor-element elementor-element-3c77a226\" data-id=\"3c77a226\" data-element_type=\"column\" data-e-type=\"column\">\n\t\t\t<div class=\"elementor-widget-wrap elementor-element-populated\">\n\t\t\t\t\t\t<div class=\"elementor-element elementor-element-39397da1 elementor-widget elementor-widget-image\" data-id=\"39397da1\" data-element_type=\"widget\" data-e-type=\"widget\" data-widget_type=\"image.default\">\n\t\t\t\t<div class=\"elementor-widget-container\">\n\t\t\t\t\t\t\t\t\t\t\t\t\t\t\t<img fetchpriority=\"high\" decoding=\"async\" width=\"1536\" height=\"864\" src=\"https:\/\/madridtravelprivatetours.com\/wp-content\/uploads\/2021\/05\/PORTADA-1536x864.jpg\" class=\"attachment-1536x1536 size-1536x1536 wp-image-4259\" alt=\"\" srcset=\"https:\/\/madridtravelprivatetours.com\/wp-content\/uploads\/2021\/05\/PORTADA-1536x864.jpg 1536w, https:\/\/madridtravelprivatetours.com\/wp-content\/uploads\/2021\/05\/PORTADA-300x169.jpg 300w, https:\/\/madridtravelprivatetours.com\/wp-content\/uploads\/2021\/05\/PORTADA-1024x576.jpg 1024w, https:\/\/madridtravelprivatetours.com\/wp-content\/uploads\/2021\/05\/PORTADA-768x432.jpg 768w, https:\/\/madridtravelprivatetours.com\/wp-content\/uploads\/2021\/05\/PORTADA-2048x1152.jpg 2048w\" sizes=\"(max-width: 1536px) 100vw, 1536px\" \/>\t\t\t\t\t\t\t\t\t\t\t\t\t\t\t<\/div>\n\t\t\t\t<\/div>\n\t\t\t\t<div class=\"elementor-element elementor-element-6a31842 elementor-widget elementor-widget-image\" data-id=\"6a31842\" data-element_type=\"widget\" data-e-type=\"widget\" data-widget_type=\"image.default\">\n\t\t\t\t<div class=\"elementor-widget-container\">\n\t\t\t\t\t\t\t\t\t\t\t\t\t\t\t<img decoding=\"async\" width=\"2048\" height=\"1152\" src=\"https:\/\/madridtravelprivatetours.com\/wp-content\/uploads\/2021\/06\/20190924_164012-1-2048x1152.jpg\" class=\"attachment-2048x2048 size-2048x2048 wp-image-4114\" alt=\"\" srcset=\"https:\/\/madridtravelprivatetours.com\/wp-content\/uploads\/2021\/06\/20190924_164012-1-2048x1152.jpg 2048w, https:\/\/madridtravelprivatetours.com\/wp-content\/uploads\/2021\/06\/20190924_164012-1-300x169.jpg 300w, https:\/\/madridtravelprivatetours.com\/wp-content\/uploads\/2021\/06\/20190924_164012-1-1024x576.jpg 1024w, https:\/\/madridtravelprivatetours.com\/wp-content\/uploads\/2021\/06\/20190924_164012-1-768x432.jpg 768w, https:\/\/madridtravelprivatetours.com\/wp-content\/uploads\/2021\/06\/20190924_164012-1-1536x864.jpg 1536w\" sizes=\"(max-width: 2048px) 100vw, 2048px\" \/>\t\t\t\t\t\t\t\t\t\t\t\t\t\t\t<\/div>\n\t\t\t\t<\/div>\n\t\t\t\t<div class=\"elementor-element elementor-element-7f2c9e6 elementor-widget elementor-widget-image\" data-id=\"7f2c9e6\" data-element_type=\"widget\" data-e-type=\"widget\" data-widget_type=\"image.default\">\n\t\t\t\t<div class=\"elementor-widget-container\">\n\t\t\t\t\t\t\t\t\t\t\t\t\t\t\t<img decoding=\"async\" width=\"2048\" height=\"1233\" src=\"https:\/\/madridtravelprivatetours.com\/wp-content\/uploads\/2021\/06\/AdobeStock_91256936-1-2048x1233.jpeg\" class=\"attachment-2048x2048 size-2048x2048 wp-image-4903\" alt=\"\" srcset=\"https:\/\/madridtravelprivatetours.com\/wp-content\/uploads\/2021\/06\/AdobeStock_91256936-1-2048x1233.jpeg 2048w, https:\/\/madridtravelprivatetours.com\/wp-content\/uploads\/2021\/06\/AdobeStock_91256936-1-300x181.jpeg 300w, https:\/\/madridtravelprivatetours.com\/wp-content\/uploads\/2021\/06\/AdobeStock_91256936-1-1024x617.jpeg 1024w, https:\/\/madridtravelprivatetours.com\/wp-content\/uploads\/2021\/06\/AdobeStock_91256936-1-768x463.jpeg 768w, https:\/\/madridtravelprivatetours.com\/wp-content\/uploads\/2021\/06\/AdobeStock_91256936-1-1536x925.jpeg 1536w\" sizes=\"(max-width: 2048px) 100vw, 2048px\" \/>\t\t\t\t\t\t\t\t\t\t\t\t\t\t\t<\/div>\n\t\t\t\t<\/div>\n\t\t\t\t\t<\/div>\n\t\t<\/div>\n\t\t\t\t\t<\/div>\n\t\t<\/section>\n\t\t\t\t<section class=\"elementor-section elementor-top-section elementor-element elementor-element-3b44e07c elementor-section-boxed elementor-section-height-default elementor-section-height-default\" data-id=\"3b44e07c\" data-element_type=\"section\" data-e-type=\"section\" data-settings=\"{&quot;background_background&quot;:&quot;classic&quot;}\">\n\t\t\t\t\t\t\t<div class=\"elementor-background-overlay\"><\/div>\n\t\t\t\t\t\t\t<div class=\"elementor-container elementor-column-gap-default\">\n\t\t\t\t\t<div class=\"elementor-column elementor-col-100 elementor-top-column elementor-element elementor-element-1b4fd093\" data-id=\"1b4fd093\" data-element_type=\"column\" data-e-type=\"column\">\n\t\t\t<div class=\"elementor-widget-wrap elementor-element-populated\">\n\t\t\t\t\t\t<section class=\"elementor-section elementor-inner-section elementor-element elementor-element-4a444cdb elementor-section-boxed elementor-section-height-default elementor-section-height-default\" data-id=\"4a444cdb\" data-element_type=\"section\" data-e-type=\"section\">\n\t\t\t\t\t\t<div class=\"elementor-container elementor-column-gap-default\">\n\t\t\t\t\t<div class=\"elementor-column elementor-col-33 elementor-inner-column elementor-element elementor-element-1499550\" data-id=\"1499550\" data-element_type=\"column\" data-e-type=\"column\" data-settings=\"{&quot;background_background&quot;:&quot;classic&quot;}\">\n\t\t\t<div class=\"elementor-widget-wrap elementor-element-populated\">\n\t\t\t\t\t\t<div class=\"elementor-element elementor-element-2e8ed83a elementor-widget elementor-widget-heading\" data-id=\"2e8ed83a\" data-element_type=\"widget\" data-e-type=\"widget\" data-widget_type=\"heading.default\">\n\t\t\t\t<div class=\"elementor-widget-container\">\n\t\t\t\t\t<h2 class=\"elementor-heading-title elementor-size-default\">Dur\u00e9e: 10 heures<\/h2>\t\t\t\t<\/div>\n\t\t\t\t<\/div>\n\t\t\t\t<div class=\"elementor-element elementor-element-72cde00f elementor-widget elementor-widget-heading\" data-id=\"72cde00f\" data-element_type=\"widget\" data-e-type=\"widget\" data-widget_type=\"heading.default\">\n\t\t\t\t<div class=\"elementor-widget-container\">\n\t\t\t\t\t<h2 class=\"elementor-heading-title elementor-size-default\">Tarif : 1280\u20ac par visite + 25\u20ac par personne<\/h2>\t\t\t\t<\/div>\n\t\t\t\t<\/div>\n\t\t\t\t<div class=\"elementor-element elementor-element-f807c53 elementor-widget elementor-widget-text-editor\" data-id=\"f807c53\" data-element_type=\"widget\" data-e-type=\"widget\" data-widget_type=\"text-editor.default\">\n\t\t\t\t<div class=\"elementor-widget-container\">\n\t\t\t\t\t\t\t\t\t<p>Jusqu\u2019\u00e0 6 personnes. Si vous \u00eates plus, , demandez-nous un budget.<\/p>\t\t\t\t\t\t\t\t<\/div>\n\t\t\t\t<\/div>\n\t\t\t\t<div class=\"elementor-element elementor-element-4e934606 elementor-widget elementor-widget-heading\" data-id=\"4e934606\" data-element_type=\"widget\" data-e-type=\"widget\" data-widget_type=\"heading.default\">\n\t\t\t\t<div class=\"elementor-widget-container\">\n\t\t\t\t\t<h2 class=\"elementor-heading-title elementor-size-default\">Inclus:<\/h2>\t\t\t\t<\/div>\n\t\t\t\t<\/div>\n\t\t\t\t<div class=\"elementor-element elementor-element-a246d77 elementor-widget elementor-widget-text-editor\" data-id=\"a246d77\" data-element_type=\"widget\" data-e-type=\"widget\" data-widget_type=\"text-editor.default\">\n\t\t\t\t<div class=\"elementor-widget-container\">\n\t\t\t\t\t\t\t\t\t<ul><li><p>Notre tarif en tant que votre guide priv\u00e9 officielle<\/p><\/li><li><p>V\u00e9hicule de luxe priv\u00e9 et chauffeur professionnel<\/p><\/li><li><p>Billets d\u2019entr\u00e9e aux monuments du programme<\/p><\/li><li><p>Imp\u00f4ts<\/p><p>*La visite se fera dans un v\u00e9hicule\u00a0 priv\u00e9, confortable , et avec un chauffeur professionnel<\/p><\/li><\/ul>\t\t\t\t\t\t\t\t<\/div>\n\t\t\t\t<\/div>\n\t\t\t\t<div class=\"elementor-element elementor-element-4e3665d elementor-widget elementor-widget-heading\" data-id=\"4e3665d\" data-element_type=\"widget\" data-e-type=\"widget\" data-widget_type=\"heading.default\">\n\t\t\t\t<div class=\"elementor-widget-container\">\n\t\t\t\t\t<h2 class=\"elementor-heading-title elementor-size-default\">Non Inclus:<\/h2>\t\t\t\t<\/div>\n\t\t\t\t<\/div>\n\t\t\t\t<div class=\"elementor-element elementor-element-334cc03 elementor-widget elementor-widget-text-editor\" data-id=\"334cc03\" data-element_type=\"widget\" data-e-type=\"widget\" data-widget_type=\"text-editor.default\">\n\t\t\t\t<div class=\"elementor-widget-container\">\n\t\t\t\t\t\t\t\t\t<ul><li>Nourriture et boissons<\/li><\/ul>\t\t\t\t\t\t\t\t<\/div>\n\t\t\t\t<\/div>\n\t\t\t\t\t<\/div>\n\t\t<\/div>\n\t\t\t\t<div class=\"elementor-column elementor-col-33 elementor-inner-column elementor-element elementor-element-23854490\" data-id=\"23854490\" data-element_type=\"column\" data-e-type=\"column\" data-settings=\"{&quot;background_background&quot;:&quot;classic&quot;}\">\n\t\t\t<div class=\"elementor-widget-wrap elementor-element-populated\">\n\t\t\t\t\t\t<div class=\"elementor-element elementor-element-6379efb1 elementor-widget elementor-widget-heading\" data-id=\"6379efb1\" data-element_type=\"widget\" data-e-type=\"widget\" data-widget_type=\"heading.default\">\n\t\t\t\t<div class=\"elementor-widget-container\">\n\t\t\t\t\t<h2 class=\"elementor-heading-title elementor-size-default\">Programme:<\/h2>\t\t\t\t<\/div>\n\t\t\t\t<\/div>\n\t\t\t\t<div class=\"elementor-element elementor-element-4596340c elementor-widget elementor-widget-text-editor\" data-id=\"4596340c\" data-element_type=\"widget\" data-e-type=\"widget\" data-widget_type=\"text-editor.default\">\n\t\t\t\t<div class=\"elementor-widget-container\">\n\t\t\t\t\t\t\t\t\t<p>AVILA<\/p><ul><li><p>Arr\u00eat au belv\u00e9d\u00e8re \u00ab\u00a0los 4 postes\u00a0\u00bb<\/p><\/li><li><p>La cath\u00e9drale<\/p><\/li><li><p>L\u2019\u00c9glise et couvent de Santa Teresa<\/p><\/li><\/ul><p>S\u00c9GOVIE<\/p><ul><li><p>Tour panoramique<\/p><\/li><li><p>L\u2019Alc\u00e1zar<\/p><\/li><li><p>L\u2019Aqueduc romain<\/p><\/li><\/ul>\t\t\t\t\t\t\t\t<\/div>\n\t\t\t\t<\/div>\n\t\t\t\t\t<\/div>\n\t\t<\/div>\n\t\t\t\t<div class=\"elementor-column elementor-col-33 elementor-inner-column elementor-element elementor-element-329fa776\" data-id=\"329fa776\" data-element_type=\"column\" data-e-type=\"column\" data-settings=\"{&quot;background_background&quot;:&quot;classic&quot;}\">\n\t\t\t<div class=\"elementor-widget-wrap elementor-element-populated\">\n\t\t\t\t\t\t<div class=\"elementor-element elementor-element-7f238789 elementor-widget elementor-widget-heading\" data-id=\"7f238789\" data-element_type=\"widget\" data-e-type=\"widget\" data-widget_type=\"heading.default\">\n\t\t\t\t<div class=\"elementor-widget-container\">\n\t\t\t\t\t<h2 class=\"elementor-heading-title elementor-size-default\">Point de rendez-vous:<\/h2>\t\t\t\t<\/div>\n\t\t\t\t<\/div>\n\t\t\t\t<div class=\"elementor-element elementor-element-7eff1620 elementor-widget elementor-widget-text-editor\" data-id=\"7eff1620\" data-element_type=\"widget\" data-e-type=\"widget\" data-widget_type=\"text-editor.default\">\n\t\t\t\t<div class=\"elementor-widget-container\">\n\t\t\t\t\t\t\t\t\t<p>\u00c1 votre h\u00f4tel<\/p>\t\t\t\t\t\t\t\t<\/div>\n\t\t\t\t<\/div>\n\t\t\t\t<div class=\"elementor-element elementor-element-362cdd0e elementor-widget elementor-widget-button\" data-id=\"362cdd0e\" data-element_type=\"widget\" data-e-type=\"widget\" data-widget_type=\"button.default\">\n\t\t\t\t<div class=\"elementor-widget-container\">\n\t\t\t\t\t\t\t\t\t<div class=\"elementor-button-wrapper\">\n\t\t\t\t\t<a class=\"elementor-button elementor-button-link elementor-size-sm\" href=\"#reserva\">\n\t\t\t\t\t\t<span class=\"elementor-button-content-wrapper\">\n\t\t\t\t\t\t\t\t\t<span class=\"elementor-button-text\">R\u00e9servez ici<\/span>\n\t\t\t\t\t<\/span>\n\t\t\t\t\t<\/a>\n\t\t\t\t<\/div>\n\t\t\t\t\t\t\t\t<\/div>\n\t\t\t\t<\/div>\n\t\t\t\t\t<\/div>\n\t\t<\/div>\n\t\t\t\t\t<\/div>\n\t\t<\/section>\n\t\t\t\t\t<\/div>\n\t\t<\/div>\n\t\t\t\t\t<\/div>\n\t\t<\/section>\n\t\t\t\t<section class=\"elementor-section elementor-top-section elementor-element elementor-element-4912eded elementor-section-boxed elementor-section-height-default elementor-section-height-default\" data-id=\"4912eded\" data-element_type=\"section\" data-e-type=\"section\" data-settings=\"{&quot;background_background&quot;:&quot;classic&quot;}\">\n\t\t\t\t\t\t<div class=\"elementor-container elementor-column-gap-default\">\n\t\t\t\t\t<div class=\"elementor-column elementor-col-100 elementor-top-column elementor-element elementor-element-36ec3653\" data-id=\"36ec3653\" data-element_type=\"column\" data-e-type=\"column\">\n\t\t\t<div class=\"elementor-widget-wrap elementor-element-populated\">\n\t\t\t\t\t\t<div class=\"elementor-element elementor-element-2d98d20 elementor-widget elementor-widget-text-editor\" data-id=\"2d98d20\" data-element_type=\"widget\" data-e-type=\"widget\" data-widget_type=\"text-editor.default\">\n\t\t\t\t<div class=\"elementor-widget-container\">\n\t\t\t\t\t\t\t\t\t<p>Ceci est notre itin\u00e9raire sugg\u00e9r\u00e9. <br \/>N\u2019h\u00e9sitez pas \u00e0 nous contacter pour un tour SUR-MESURE.<\/p>\t\t\t\t\t\t\t\t<\/div>\n\t\t\t\t<\/div>\n\t\t\t\t\t<\/div>\n\t\t<\/div>\n\t\t\t\t\t<\/div>\n\t\t<\/section>\n\t\t\t\t<section class=\"elementor-section elementor-top-section elementor-element elementor-element-42f7b441 elementor-section-boxed elementor-section-height-default elementor-section-height-default\" data-id=\"42f7b441\" data-element_type=\"section\" data-e-type=\"section\">\n\t\t\t\t\t\t<div class=\"elementor-container elementor-column-gap-default\">\n\t\t\t\t\t<div class=\"elementor-column elementor-col-100 elementor-top-column elementor-element elementor-element-356d4a5a\" data-id=\"356d4a5a\" data-element_type=\"column\" data-e-type=\"column\">\n\t\t\t<div class=\"elementor-widget-wrap elementor-element-populated\">\n\t\t\t\t\t\t<div class=\"elementor-element elementor-element-1c7c83c elementor-widget elementor-widget-heading\" data-id=\"1c7c83c\" data-element_type=\"widget\" data-e-type=\"widget\" data-widget_type=\"heading.default\">\n\t\t\t\t<div class=\"elementor-widget-container\">\n\t\t\t\t\t<h2 class=\"elementor-heading-title elementor-size-default\">Quelques photos de la visite<\/h2>\t\t\t\t<\/div>\n\t\t\t\t<\/div>\n\t\t\t\t<div class=\"elementor-element elementor-element-1515551c elementor-widget elementor-widget-gallery\" data-id=\"1515551c\" data-element_type=\"widget\" data-e-type=\"widget\" data-settings=\"{&quot;gallery_layout&quot;:&quot;justified&quot;,&quot;ideal_row_height&quot;:{&quot;unit&quot;:&quot;px&quot;,&quot;size&quot;:294,&quot;sizes&quot;:[]},&quot;gap&quot;:{&quot;unit&quot;:&quot;px&quot;,&quot;size&quot;:2,&quot;sizes&quot;:[]},&quot;lazyload&quot;:&quot;yes&quot;,&quot;ideal_row_height_tablet&quot;:{&quot;unit&quot;:&quot;px&quot;,&quot;size&quot;:150,&quot;sizes&quot;:[]},&quot;ideal_row_height_mobile&quot;:{&quot;unit&quot;:&quot;px&quot;,&quot;size&quot;:150,&quot;sizes&quot;:[]},&quot;gap_tablet&quot;:{&quot;unit&quot;:&quot;px&quot;,&quot;size&quot;:10,&quot;sizes&quot;:[]},&quot;gap_mobile&quot;:{&quot;unit&quot;:&quot;px&quot;,&quot;size&quot;:10,&quot;sizes&quot;:[]},&quot;link_to&quot;:&quot;file&quot;,&quot;overlay_background&quot;:&quot;yes&quot;,&quot;content_hover_animation&quot;:&quot;fade-in&quot;}\" data-widget_type=\"gallery.default\">\n\t\t\t\t<div class=\"elementor-widget-container\">\n\t\t\t\t\t\t\t<div class=\"elementor-gallery__container\">\n\t\t\t\t\t\t\t<a class=\"e-gallery-item elementor-gallery-item elementor-animated-content\" href=\"https:\/\/madridtravelprivatetours.com\/wp-content\/uploads\/2021\/05\/VISITA1-scaled.jpg\" data-elementor-open-lightbox=\"yes\" data-elementor-lightbox-slideshow=\"1515551c\" data-elementor-lightbox-title=\"VISITA1\" data-e-action-hash=\"#elementor-action%3Aaction%3Dlightbox%26settings%3DeyJpZCI6NDE1NiwidXJsIjoiaHR0cHM6XC9cL21hZHJpZHRyYXZlbHByaXZhdGV0b3Vycy5jb21cL3dwLWNvbnRlbnRcL3VwbG9hZHNcLzIwMjFcLzA1XC9WSVNJVEExLXNjYWxlZC5qcGciLCJzbGlkZXNob3ciOiIxNTE1NTUxYyJ9\">\n\t\t\t\t\t<div class=\"e-gallery-image elementor-gallery-item__image\" data-thumbnail=\"https:\/\/madridtravelprivatetours.com\/wp-content\/uploads\/2021\/05\/VISITA1-768x576.jpg\" data-width=\"768\" data-height=\"576\" aria-label=\"\" role=\"img\" ><\/div>\n\t\t\t\t\t\t\t\t\t\t\t<div class=\"elementor-gallery-item__overlay\"><\/div>\n\t\t\t\t\t\t\t\t\t\t\t\t\t\t<\/a>\n\t\t\t\t\t\t\t<a class=\"e-gallery-item elementor-gallery-item elementor-animated-content\" href=\"https:\/\/madridtravelprivatetours.com\/wp-content\/uploads\/2021\/05\/VISITA2-scaled.jpeg\" data-elementor-open-lightbox=\"yes\" data-elementor-lightbox-slideshow=\"1515551c\" data-elementor-lightbox-title=\"VISITA2\" data-e-action-hash=\"#elementor-action%3Aaction%3Dlightbox%26settings%3DeyJpZCI6NDE1NywidXJsIjoiaHR0cHM6XC9cL21hZHJpZHRyYXZlbHByaXZhdGV0b3Vycy5jb21cL3dwLWNvbnRlbnRcL3VwbG9hZHNcLzIwMjFcLzA1XC9WSVNJVEEyLXNjYWxlZC5qcGVnIiwic2xpZGVzaG93IjoiMTUxNTU1MWMifQ%3D%3D\">\n\t\t\t\t\t<div class=\"e-gallery-image elementor-gallery-item__image\" data-thumbnail=\"https:\/\/madridtravelprivatetours.com\/wp-content\/uploads\/2021\/05\/VISITA2-768x599.jpeg\" data-width=\"768\" data-height=\"599\" aria-label=\"\" role=\"img\" ><\/div>\n\t\t\t\t\t\t\t\t\t\t\t<div class=\"elementor-gallery-item__overlay\"><\/div>\n\t\t\t\t\t\t\t\t\t\t\t\t\t\t<\/a>\n\t\t\t\t\t\t\t<a class=\"e-gallery-item elementor-gallery-item elementor-animated-content\" href=\"https:\/\/madridtravelprivatetours.com\/wp-content\/uploads\/2021\/05\/VISITA3.jpg\" data-elementor-open-lightbox=\"yes\" data-elementor-lightbox-slideshow=\"1515551c\" data-elementor-lightbox-title=\"VISITA3\" data-e-action-hash=\"#elementor-action%3Aaction%3Dlightbox%26settings%3DeyJpZCI6NDE1OCwidXJsIjoiaHR0cHM6XC9cL21hZHJpZHRyYXZlbHByaXZhdGV0b3Vycy5jb21cL3dwLWNvbnRlbnRcL3VwbG9hZHNcLzIwMjFcLzA1XC9WSVNJVEEzLmpwZyIsInNsaWRlc2hvdyI6IjE1MTU1NTFjIn0%3D\">\n\t\t\t\t\t<div class=\"e-gallery-image elementor-gallery-item__image\" data-thumbnail=\"https:\/\/madridtravelprivatetours.com\/wp-content\/uploads\/2021\/05\/VISITA3-768x555.jpg\" data-width=\"768\" data-height=\"555\" aria-label=\"\" role=\"img\" ><\/div>\n\t\t\t\t\t\t\t\t\t\t\t<div class=\"elementor-gallery-item__overlay\"><\/div>\n\t\t\t\t\t\t\t\t\t\t\t\t\t\t<\/a>\n\t\t\t\t\t\t\t<a class=\"e-gallery-item elementor-gallery-item elementor-animated-content\" href=\"https:\/\/madridtravelprivatetours.com\/wp-content\/uploads\/2021\/05\/VISITA4-scaled.jpg\" data-elementor-open-lightbox=\"yes\" data-elementor-lightbox-slideshow=\"1515551c\" data-elementor-lightbox-title=\"VISITA4\" data-e-action-hash=\"#elementor-action%3Aaction%3Dlightbox%26settings%3DeyJpZCI6NDE1OSwidXJsIjoiaHR0cHM6XC9cL21hZHJpZHRyYXZlbHByaXZhdGV0b3Vycy5jb21cL3dwLWNvbnRlbnRcL3VwbG9hZHNcLzIwMjFcLzA1XC9WSVNJVEE0LXNjYWxlZC5qcGciLCJzbGlkZXNob3ciOiIxNTE1NTUxYyJ9\">\n\t\t\t\t\t<div class=\"e-gallery-image elementor-gallery-item__image\" data-thumbnail=\"https:\/\/madridtravelprivatetours.com\/wp-content\/uploads\/2021\/05\/VISITA4-768x691.jpg\" data-width=\"768\" data-height=\"691\" aria-label=\"\" role=\"img\" ><\/div>\n\t\t\t\t\t\t\t\t\t\t\t<div class=\"elementor-gallery-item__overlay\"><\/div>\n\t\t\t\t\t\t\t\t\t\t\t\t\t\t<\/a>\n\t\t\t\t\t\t\t<a class=\"e-gallery-item elementor-gallery-item elementor-animated-content\" href=\"https:\/\/madridtravelprivatetours.com\/wp-content\/uploads\/2021\/05\/VISITA5-scaled.jpg\" data-elementor-open-lightbox=\"yes\" data-elementor-lightbox-slideshow=\"1515551c\" data-elementor-lightbox-title=\"VISITA5\" data-e-action-hash=\"#elementor-action%3Aaction%3Dlightbox%26settings%3DeyJpZCI6NDE2MCwidXJsIjoiaHR0cHM6XC9cL21hZHJpZHRyYXZlbHByaXZhdGV0b3Vycy5jb21cL3dwLWNvbnRlbnRcL3VwbG9hZHNcLzIwMjFcLzA1XC9WSVNJVEE1LXNjYWxlZC5qcGciLCJzbGlkZXNob3ciOiIxNTE1NTUxYyJ9\">\n\t\t\t\t\t<div class=\"e-gallery-image elementor-gallery-item__image\" data-thumbnail=\"https:\/\/madridtravelprivatetours.com\/wp-content\/uploads\/2021\/05\/VISITA5-768x1024.jpg\" data-width=\"768\" data-height=\"1024\" aria-label=\"\" role=\"img\" ><\/div>\n\t\t\t\t\t\t\t\t\t\t\t<div class=\"elementor-gallery-item__overlay\"><\/div>\n\t\t\t\t\t\t\t\t\t\t\t\t\t\t<\/a>\n\t\t\t\t\t\t\t<a class=\"e-gallery-item elementor-gallery-item elementor-animated-content\" href=\"https:\/\/madridtravelprivatetours.com\/wp-content\/uploads\/2021\/06\/20191121_113418-scaled.jpg\" data-elementor-open-lightbox=\"yes\" data-elementor-lightbox-slideshow=\"1515551c\" data-elementor-lightbox-title=\"20191121_113418\" data-e-action-hash=\"#elementor-action%3Aaction%3Dlightbox%26settings%3DeyJpZCI6NDEyMiwidXJsIjoiaHR0cHM6XC9cL21hZHJpZHRyYXZlbHByaXZhdGV0b3Vycy5jb21cL3dwLWNvbnRlbnRcL3VwbG9hZHNcLzIwMjFcLzA2XC8yMDE5MTEyMV8xMTM0MTgtc2NhbGVkLmpwZyIsInNsaWRlc2hvdyI6IjE1MTU1NTFjIn0%3D\">\n\t\t\t\t\t<div class=\"e-gallery-image elementor-gallery-item__image\" data-thumbnail=\"https:\/\/madridtravelprivatetours.com\/wp-content\/uploads\/2021\/06\/20191121_113418-768x432.jpg\" data-width=\"768\" data-height=\"432\" aria-label=\"\" role=\"img\" ><\/div>\n\t\t\t\t\t\t\t\t\t\t\t<div class=\"elementor-gallery-item__overlay\"><\/div>\n\t\t\t\t\t\t\t\t\t\t\t\t\t\t<\/a>\n\t\t\t\t\t\t\t<a class=\"e-gallery-item elementor-gallery-item elementor-animated-content\" href=\"https:\/\/madridtravelprivatetours.com\/wp-content\/uploads\/2021\/06\/CON-CLIENTES.jpg\" data-elementor-open-lightbox=\"yes\" data-elementor-lightbox-slideshow=\"1515551c\" data-elementor-lightbox-title=\"CON CLIENTES\" data-e-action-hash=\"#elementor-action%3Aaction%3Dlightbox%26settings%3DeyJpZCI6NDEzNCwidXJsIjoiaHR0cHM6XC9cL21hZHJpZHRyYXZlbHByaXZhdGV0b3Vycy5jb21cL3dwLWNvbnRlbnRcL3VwbG9hZHNcLzIwMjFcLzA2XC9DT04tQ0xJRU5URVMuanBnIiwic2xpZGVzaG93IjoiMTUxNTU1MWMifQ%3D%3D\">\n\t\t\t\t\t<div class=\"e-gallery-image elementor-gallery-item__image\" data-thumbnail=\"https:\/\/madridtravelprivatetours.com\/wp-content\/uploads\/2021\/06\/CON-CLIENTES-768x1023.jpg\" data-width=\"768\" data-height=\"1023\" aria-label=\"\" role=\"img\" ><\/div>\n\t\t\t\t\t\t\t\t\t\t\t<div class=\"elementor-gallery-item__overlay\"><\/div>\n\t\t\t\t\t\t\t\t\t\t\t\t\t\t<\/a>\n\t\t\t\t\t\t\t<a class=\"e-gallery-item elementor-gallery-item elementor-animated-content\" href=\"https:\/\/madridtravelprivatetours.com\/wp-content\/uploads\/2021\/06\/VISTA-PERFIL-ALCALZAR-scaled.jpg\" data-elementor-open-lightbox=\"yes\" data-elementor-lightbox-slideshow=\"1515551c\" data-elementor-lightbox-title=\"VISTA PERFIL ALCALZAR\" data-e-action-hash=\"#elementor-action%3Aaction%3Dlightbox%26settings%3DeyJpZCI6NDE0MywidXJsIjoiaHR0cHM6XC9cL21hZHJpZHRyYXZlbHByaXZhdGV0b3Vycy5jb21cL3dwLWNvbnRlbnRcL3VwbG9hZHNcLzIwMjFcLzA2XC9WSVNUQS1QRVJGSUwtQUxDQUxaQVItc2NhbGVkLmpwZyIsInNsaWRlc2hvdyI6IjE1MTU1NTFjIn0%3D\">\n\t\t\t\t\t<div class=\"e-gallery-image elementor-gallery-item__image\" data-thumbnail=\"https:\/\/madridtravelprivatetours.com\/wp-content\/uploads\/2021\/06\/VISTA-PERFIL-ALCALZAR-768x432.jpg\" data-width=\"768\" data-height=\"432\" aria-label=\"\" role=\"img\" ><\/div>\n\t\t\t\t\t\t\t\t\t\t\t<div class=\"elementor-gallery-item__overlay\"><\/div>\n\t\t\t\t\t\t\t\t\t\t\t\t\t\t<\/a>\n\t\t\t\t\t<\/div>\n\t\t\t\t\t<\/div>\n\t\t\t\t<\/div>\n\t\t\t\t\t<\/div>\n\t\t<\/div>\n\t\t\t\t\t<\/div>\n\t\t<\/section>\n\t\t\t\t<section class=\"elementor-section elementor-top-section elementor-element elementor-element-709939f7 elementor-section-content-middle elementor-section-boxed elementor-section-height-default elementor-section-height-default\" data-id=\"709939f7\" data-element_type=\"section\" data-e-type=\"section\" id=\"reserva\">\n\t\t\t\t\t\t<div class=\"elementor-container elementor-column-gap-no\">\n\t\t\t\t\t<div class=\"elementor-column elementor-col-50 elementor-top-column elementor-element elementor-element-d851cac\" data-id=\"d851cac\" data-element_type=\"column\" data-e-type=\"column\">\n\t\t\t<div class=\"elementor-widget-wrap elementor-element-populated\">\n\t\t\t\t\t\t<div class=\"elementor-element elementor-element-4f6af960 elementor-widget elementor-widget-heading\" data-id=\"4f6af960\" data-element_type=\"widget\" data-e-type=\"widget\" data-widget_type=\"heading.default\">\n\t\t\t\t<div class=\"elementor-widget-container\">\n\t\t\t\t\t<h2 class=\"elementor-heading-title elementor-size-default\">R\u00e9servez votre visite<\/h2>\t\t\t\t<\/div>\n\t\t\t\t<\/div>\n\t\t\t\t<div class=\"elementor-element elementor-element-6ccf8a02 elementor-widget elementor-widget-text-editor\" data-id=\"6ccf8a02\" data-element_type=\"widget\" data-e-type=\"widget\" data-widget_type=\"text-editor.default\">\n\t\t\t\t<div class=\"elementor-widget-container\">\n\t\t\t\t\t\t\t\t\t<p>Nous avons la meilleure EXP\u00c9RIENCE pour vous<\/p>\t\t\t\t\t\t\t\t<\/div>\n\t\t\t\t<\/div>\n\t\t\t\t<div class=\"elementor-element elementor-element-57c641f elementor-widget elementor-widget-html\" data-id=\"57c641f\" data-element_type=\"widget\" data-e-type=\"widget\" data-widget_type=\"html.default\">\n\t\t\t\t<div class=\"elementor-widget-container\">\n\t\t\t\t\t<!-- FareHarbor calendar of item #368610 -->\n<script src=\"https:\/\/fareharbor.com\/embeds\/script\/calendar\/madridtravelprivatetours\/items\/368610\/?fallback=simple&full-items=yes&flow=696551&language=fr\"><\/script>\t\t\t\t<\/div>\n\t\t\t\t<\/div>\n\t\t\t\t<div class=\"elementor-element elementor-element-5c96458 elementor-hidden-desktop elementor-hidden-tablet elementor-hidden-mobile elementor-button-align-stretch elementor-widget elementor-widget-form\" data-id=\"5c96458\" data-element_type=\"widget\" data-e-type=\"widget\" data-settings=\"{&quot;step_next_label&quot;:&quot;Next&quot;,&quot;step_previous_label&quot;:&quot;Previous&quot;,&quot;button_width&quot;:&quot;100&quot;,&quot;step_type&quot;:&quot;number_text&quot;,&quot;step_icon_shape&quot;:&quot;circle&quot;}\" data-widget_type=\"form.default\">\n\t\t\t\t<div class=\"elementor-widget-container\">\n\t\t\t\t\t\t\t<form class=\"elementor-form\" method=\"post\" name=\"New Form\" aria-label=\"New Form\">\n\t\t\t<input type=\"hidden\" name=\"post_id\" value=\"4258\"\/>\n\t\t\t<input type=\"hidden\" name=\"form_id\" value=\"5c96458\"\/>\n\t\t\t<input type=\"hidden\" name=\"referer_title\" value=\"AVILA ET S\u00c9GOVIE JOURN\u00c9E COMPL\u00c8TE - Madrid Travel Private Tours\" \/>\n\n\t\t\t\t\t\t\t<input type=\"hidden\" name=\"queried_id\" value=\"4258\"\/>\n\t\t\t\n\t\t\t<div class=\"elementor-form-fields-wrapper elementor-labels-above\">\n\t\t\t\t\t\t\t\t<div class=\"elementor-field-type-text elementor-field-group elementor-column elementor-field-group-name elementor-col-100 elementor-field-required\">\n\t\t\t\t\t\t\t\t\t\t\t\t<label for=\"form-field-name\" class=\"elementor-field-label\">\n\t\t\t\t\t\t\t\tNom et pr\u00e9nom \t\t\t\t\t\t\t<\/label>\n\t\t\t\t\t\t\t\t\t\t\t\t\t\t<input size=\"1\" type=\"text\" name=\"form_fields[name]\" id=\"form-field-name\" class=\"elementor-field elementor-size-sm  elementor-field-textual\" required=\"required\">\n\t\t\t\t\t\t\t\t\t\t\t<\/div>\n\t\t\t\t\t\t\t\t<div class=\"elementor-field-type-email elementor-field-group elementor-column elementor-field-group-email elementor-col-100 elementor-field-required\">\n\t\t\t\t\t\t\t\t\t\t\t\t<label for=\"form-field-email\" class=\"elementor-field-label\">\n\t\t\t\t\t\t\t\tEmail\t\t\t\t\t\t\t<\/label>\n\t\t\t\t\t\t\t\t\t\t\t\t\t\t<input size=\"1\" type=\"email\" name=\"form_fields[email]\" id=\"form-field-email\" class=\"elementor-field elementor-size-sm  elementor-field-textual\" required=\"required\">\n\t\t\t\t\t\t\t\t\t\t\t<\/div>\n\t\t\t\t\t\t\t\t<div class=\"elementor-field-type-textarea elementor-field-group elementor-column elementor-field-group-message elementor-col-100\">\n\t\t\t\t\t\t\t\t\t\t\t\t<label for=\"form-field-message\" class=\"elementor-field-label\">\n\t\t\t\t\t\t\t\tQue souhaitez-vous visiter?\t\t\t\t\t\t\t<\/label>\n\t\t\t\t\t\t<textarea class=\"elementor-field-textual elementor-field  elementor-size-sm\" name=\"form_fields[message]\" id=\"form-field-message\" rows=\"4\"><\/textarea>\t\t\t\t<\/div>\n\t\t\t\t\t\t\t\t<div class=\"elementor-field-type-acceptance elementor-field-group elementor-column elementor-field-group-field_de6c80b elementor-col-100 elementor-field-required\">\n\t\t\t\t\t\t\t<div class=\"elementor-field-subgroup\">\n\t\t\t<span class=\"elementor-field-option\">\n\t\t\t\t<input type=\"checkbox\" name=\"form_fields[field_de6c80b]\" id=\"form-field-field_de6c80b\" class=\"elementor-field elementor-size-sm  elementor-acceptance-field\" required=\"required\">\n\t\t\t\t<label for=\"form-field-field_de6c80b\">J\u2019ai lu et j\u2019accepte la <a href=\" https:\/\/madridtravelprivatetours.com\/fr\/politique-de-confidentialite\/\" target=\"_blank\" rel=\"noreferrer noopener\">politique de confidentialit\u00e9<\/a><\/label>\t\t\t<\/span>\n\t\t<\/div>\n\t\t\t\t\t\t<\/div>\n\t\t\t\t\t\t\t\t<div class=\"elementor-field-group elementor-column elementor-field-type-submit elementor-col-100 e-form__buttons\">\n\t\t\t\t\t<button class=\"elementor-button elementor-size-md\" type=\"submit\">\n\t\t\t\t\t\t<span class=\"elementor-button-content-wrapper\">\n\t\t\t\t\t\t\t\t\t\t\t\t\t\t\t\t\t\t\t\t\t\t<span class=\"elementor-button-text\">ENVOYER<\/span>\n\t\t\t\t\t\t\t\t\t\t\t\t\t<\/span>\n\t\t\t\t\t<\/button>\n\t\t\t\t<\/div>\n\t\t\t<\/div>\n\t\t<\/form>\n\t\t\t\t\t\t<\/div>\n\t\t\t\t<\/div>\n\t\t\t\t\t<\/div>\n\t\t<\/div>\n\t\t\t\t<div class=\"elementor-column elementor-col-50 elementor-top-column elementor-element elementor-element-6b8d977f\" data-id=\"6b8d977f\" data-element_type=\"column\" data-e-type=\"column\" data-settings=\"{&quot;background_background&quot;:&quot;classic&quot;}\">\n\t\t\t<div class=\"elementor-widget-wrap elementor-element-populated\">\n\t\t\t\t\t\t<div class=\"elementor-element elementor-element-75a0cb7d elementor-widget elementor-widget-image\" data-id=\"75a0cb7d\" data-element_type=\"widget\" data-e-type=\"widget\" data-widget_type=\"image.default\">\n\t\t\t\t<div class=\"elementor-widget-container\">\n\t\t\t\t\t\t\t\t\t\t\t\t\t\t\t<img loading=\"lazy\" decoding=\"async\" width=\"800\" height=\"600\" src=\"https:\/\/madridtravelprivatetours.com\/wp-content\/uploads\/2021\/02\/las-dos.jpg\" class=\"attachment-large size-large wp-image-3346\" alt=\"\" srcset=\"https:\/\/madridtravelprivatetours.com\/wp-content\/uploads\/2021\/02\/las-dos.jpg 1000w, https:\/\/madridtravelprivatetours.com\/wp-content\/uploads\/2021\/02\/las-dos-300x225.jpg 300w, https:\/\/madridtravelprivatetours.com\/wp-content\/uploads\/2021\/02\/las-dos-768x576.jpg 768w\" sizes=\"(max-width: 800px) 100vw, 800px\" \/>\t\t\t\t\t\t\t\t\t\t\t\t\t\t\t<\/div>\n\t\t\t\t<\/div>\n\t\t\t\t<div class=\"elementor-element elementor-element-4cf15c93 elementor-position-inline-start elementor-view-stacked elementor-shape-circle elementor-mobile-position-block-start elementor-widget elementor-widget-icon-box\" data-id=\"4cf15c93\" data-element_type=\"widget\" data-e-type=\"widget\" data-widget_type=\"icon-box.default\">\n\t\t\t\t<div class=\"elementor-widget-container\">\n\t\t\t\t\t\t\t<div class=\"elementor-icon-box-wrapper\">\n\n\t\t\t\t\t\t<div class=\"elementor-icon-box-icon\">\n\t\t\t\t<a href=\"https:\/\/wa.link\/alini4\" target=\"_blank\" class=\"elementor-icon\" tabindex=\"-1\" aria-label=\"(+34) 627 42 58 55  - Mariluz\">\n\t\t\t\t<i aria-hidden=\"true\" class=\"fab fa-whatsapp\"><\/i>\t\t\t\t<\/a>\n\t\t\t<\/div>\n\t\t\t\n\t\t\t\t\t\t<div class=\"elementor-icon-box-content\">\n\n\t\t\t\t\t\t\t\t\t<h3 class=\"elementor-icon-box-title\">\n\t\t\t\t\t\t<a href=\"https:\/\/wa.link\/alini4\" target=\"_blank\" >\n\t\t\t\t\t\t\t(+34) 627 42 58 55  - Mariluz\t\t\t\t\t\t<\/a>\n\t\t\t\t\t<\/h3>\n\t\t\t\t\n\t\t\t\t\n\t\t\t<\/div>\n\t\t\t\n\t\t<\/div>\n\t\t\t\t\t\t<\/div>\n\t\t\t\t<\/div>\n\t\t\t\t<div class=\"elementor-element elementor-element-1d6f1ae7 elementor-position-inline-start elementor-view-stacked elementor-shape-circle elementor-mobile-position-block-start elementor-widget elementor-widget-icon-box\" data-id=\"1d6f1ae7\" data-element_type=\"widget\" data-e-type=\"widget\" data-widget_type=\"icon-box.default\">\n\t\t\t\t<div class=\"elementor-widget-container\">\n\t\t\t\t\t\t\t<div class=\"elementor-icon-box-wrapper\">\n\n\t\t\t\t\t\t<div class=\"elementor-icon-box-icon\">\n\t\t\t\t<a href=\"https:\/\/wa.link\/6idw8o\" target=\"_blank\" class=\"elementor-icon\" tabindex=\"-1\" aria-label=\" (+34) 609 14 05 45  - Jacqueline\">\n\t\t\t\t<i aria-hidden=\"true\" class=\"fab fa-whatsapp\"><\/i>\t\t\t\t<\/a>\n\t\t\t<\/div>\n\t\t\t\n\t\t\t\t\t\t<div class=\"elementor-icon-box-content\">\n\n\t\t\t\t\t\t\t\t\t<h3 class=\"elementor-icon-box-title\">\n\t\t\t\t\t\t<a href=\"https:\/\/wa.link\/6idw8o\" target=\"_blank\" >\n\t\t\t\t\t\t\t (+34) 609 14 05 45  - Jacqueline\t\t\t\t\t\t<\/a>\n\t\t\t\t\t<\/h3>\n\t\t\t\t\n\t\t\t\t\n\t\t\t<\/div>\n\t\t\t\n\t\t<\/div>\n\t\t\t\t\t\t<\/div>\n\t\t\t\t<\/div>\n\t\t\t\t\t<\/div>\n\t\t<\/div>\n\t\t\t\t\t<\/div>\n\t\t<\/section>\n\t\t\t\t<\/div>\n\t\t","protected":false},"excerpt":{"rendered":"<p>Visites Guid\u00e9es Priv\u00e9es AVILA ET S\u00c9GOVIE JOURN\u00c9E COMPL\u00c8TE D\u00e9couvrez deux sites du patrimoine mondial de l\u2019UNESCO en une journ\u00e9e Les deux villes ont \u00e9t\u00e9 d\u00e9clar\u00e9es sites du patrimoine mondial par l\u2019UNESCO en 1986. Avila, fond\u00e9e par les Romains, \u00e9tait l\u2019une des principales villes du Royaume de Castille au Moyen \u00c2ge. La ville conserve les plus [&hellip;]<\/p>\n","protected":false},"author":1,"featured_media":0,"parent":0,"menu_order":0,"comment_status":"closed","ping_status":"closed","template":"","meta":{"footnotes":""},"class_list":["post-4258","page","type-page","status-publish","hentry"],"yoast_head":"<!-- This site is optimized with the Yoast SEO plugin v27.8 - https:\/\/yoast.com\/product\/yoast-seo-wordpress\/ -->\n<title>AVILA ET S\u00c9GOVIE JOURN\u00c9E COMPL\u00c8TE - Madrid Travel Private Tours<\/title>\n<meta name=\"robots\" content=\"index, follow, max-snippet:-1, max-image-preview:large, max-video-preview:-1\" \/>\n<link rel=\"canonical\" href=\"https:\/\/madridtravelprivatetours.com\/avila-y-segovia-dia-completo\/\" \/>\n<meta property=\"og:locale\" content=\"fr_FR\" \/>\n<meta property=\"og:type\" content=\"article\" \/>\n<meta property=\"og:title\" content=\"AVILA ET S\u00c9GOVIE JOURN\u00c9E COMPL\u00c8TE - Madrid Travel Private Tours\" \/>\n<meta property=\"og:description\" content=\"Visites Guid\u00e9es Priv\u00e9es AVILA ET S\u00c9GOVIE JOURN\u00c9E COMPL\u00c8TE D\u00e9couvrez deux sites du patrimoine mondial de l\u2019UNESCO en une journ\u00e9e Les deux villes ont \u00e9t\u00e9 d\u00e9clar\u00e9es sites du patrimoine mondial par l\u2019UNESCO en 1986. Avila, fond\u00e9e par les Romains, \u00e9tait l\u2019une des principales villes du Royaume de Castille au Moyen \u00c2ge. La ville conserve les plus [&hellip;]\" \/>\n<meta property=\"og:url\" content=\"https:\/\/madridtravelprivatetours.com\/avila-y-segovia-dia-completo\/\" \/>\n<meta property=\"og:site_name\" content=\"Madrid Travel Private Tours\" \/>\n<meta property=\"article:modified_time\" content=\"2025-12-09T18:13:55+00:00\" \/>\n<meta property=\"og:image\" content=\"https:\/\/madridtravelprivatetours.com\/wp-content\/uploads\/2021\/05\/PORTADA-scaled.jpg\" \/>\n\t<meta property=\"og:image:width\" content=\"2560\" \/>\n\t<meta property=\"og:image:height\" content=\"1440\" \/>\n\t<meta property=\"og:image:type\" content=\"image\/jpeg\" \/>\n<meta name=\"twitter:card\" content=\"summary_large_image\" \/>\n<meta name=\"twitter:label1\" content=\"Dur\u00e9e de lecture estim\u00e9e\" \/>\n\t<meta name=\"twitter:data1\" content=\"3 minutes\" \/>\n<script type=\"application\/ld+json\" class=\"yoast-schema-graph\">{\"@context\":\"https:\\\/\\\/schema.org\",\"@graph\":[{\"@type\":\"WebPage\",\"@id\":\"https:\\\/\\\/madridtravelprivatetours.com\\\/avila-y-segovia-dia-completo\\\/\",\"url\":\"https:\\\/\\\/madridtravelprivatetours.com\\\/avila-y-segovia-dia-completo\\\/\",\"name\":\"AVILA ET S\u00c9GOVIE JOURN\u00c9E COMPL\u00c8TE - Madrid Travel Private Tours\",\"isPartOf\":{\"@id\":\"https:\\\/\\\/madridtravelprivatetours.com\\\/#website\"},\"primaryImageOfPage\":{\"@id\":\"https:\\\/\\\/madridtravelprivatetours.com\\\/avila-y-segovia-dia-completo\\\/#primaryimage\"},\"image\":{\"@id\":\"https:\\\/\\\/madridtravelprivatetours.com\\\/avila-y-segovia-dia-completo\\\/#primaryimage\"},\"thumbnailUrl\":\"https:\\\/\\\/madridtravelprivatetours.com\\\/wp-content\\\/uploads\\\/2021\\\/05\\\/PORTADA-1536x864.jpg\",\"datePublished\":\"2021-05-17T21:03:53+00:00\",\"dateModified\":\"2025-12-09T18:13:55+00:00\",\"breadcrumb\":{\"@id\":\"https:\\\/\\\/madridtravelprivatetours.com\\\/avila-y-segovia-dia-completo\\\/#breadcrumb\"},\"inLanguage\":\"fr-FR\",\"potentialAction\":[{\"@type\":\"ReadAction\",\"target\":[\"https:\\\/\\\/madridtravelprivatetours.com\\\/avila-y-segovia-dia-completo\\\/\"]}]},{\"@type\":\"ImageObject\",\"inLanguage\":\"fr-FR\",\"@id\":\"https:\\\/\\\/madridtravelprivatetours.com\\\/avila-y-segovia-dia-completo\\\/#primaryimage\",\"url\":\"https:\\\/\\\/madridtravelprivatetours.com\\\/wp-content\\\/uploads\\\/2021\\\/05\\\/PORTADA-1536x864.jpg\",\"contentUrl\":\"https:\\\/\\\/madridtravelprivatetours.com\\\/wp-content\\\/uploads\\\/2021\\\/05\\\/PORTADA-1536x864.jpg\"},{\"@type\":\"BreadcrumbList\",\"@id\":\"https:\\\/\\\/madridtravelprivatetours.com\\\/avila-y-segovia-dia-completo\\\/#breadcrumb\",\"itemListElement\":[{\"@type\":\"ListItem\",\"position\":1,\"name\":\"INICIO\",\"item\":\"https:\\\/\\\/madridtravelprivatetours.com\\\/\"},{\"@type\":\"ListItem\",\"position\":2,\"name\":\"AVILA ET S\u00c9GOVIE JOURN\u00c9E COMPL\u00c8TE\"}]},{\"@type\":\"WebSite\",\"@id\":\"https:\\\/\\\/madridtravelprivatetours.com\\\/#website\",\"url\":\"https:\\\/\\\/madridtravelprivatetours.com\\\/\",\"name\":\"Madrid Travel Private Tours\",\"description\":\"Ofrecemos visitas guiadas privadas en Madrid y alrededores\",\"potentialAction\":[{\"@type\":\"SearchAction\",\"target\":{\"@type\":\"EntryPoint\",\"urlTemplate\":\"https:\\\/\\\/madridtravelprivatetours.com\\\/?s={search_term_string}\"},\"query-input\":{\"@type\":\"PropertyValueSpecification\",\"valueRequired\":true,\"valueName\":\"search_term_string\"}}],\"inLanguage\":\"fr-FR\"}]}<\/script>\n<!-- \/ Yoast SEO plugin. -->","yoast_head_json":{"title":"AVILA ET S\u00c9GOVIE JOURN\u00c9E COMPL\u00c8TE - Madrid Travel Private Tours","robots":{"index":"index","follow":"follow","max-snippet":"max-snippet:-1","max-image-preview":"max-image-preview:large","max-video-preview":"max-video-preview:-1"},"canonical":"https:\/\/madridtravelprivatetours.com\/avila-y-segovia-dia-completo\/","og_locale":"fr_FR","og_type":"article","og_title":"AVILA ET S\u00c9GOVIE JOURN\u00c9E COMPL\u00c8TE - Madrid Travel Private Tours","og_description":"Visites Guid\u00e9es Priv\u00e9es AVILA ET S\u00c9GOVIE JOURN\u00c9E COMPL\u00c8TE D\u00e9couvrez deux sites du patrimoine mondial de l\u2019UNESCO en une journ\u00e9e Les deux villes ont \u00e9t\u00e9 d\u00e9clar\u00e9es sites du patrimoine mondial par l\u2019UNESCO en 1986. Avila, fond\u00e9e par les Romains, \u00e9tait l\u2019une des principales villes du Royaume de Castille au Moyen \u00c2ge. La ville conserve les plus [&hellip;]","og_url":"https:\/\/madridtravelprivatetours.com\/avila-y-segovia-dia-completo\/","og_site_name":"Madrid Travel Private Tours","article_modified_time":"2025-12-09T18:13:55+00:00","og_image":[{"width":2560,"height":1440,"url":"https:\/\/madridtravelprivatetours.com\/wp-content\/uploads\/2021\/05\/PORTADA-scaled.jpg","type":"image\/jpeg"}],"twitter_card":"summary_large_image","twitter_misc":{"Dur\u00e9e de lecture estim\u00e9e":"3 minutes"},"schema":{"@context":"https:\/\/schema.org","@graph":[{"@type":"WebPage","@id":"https:\/\/madridtravelprivatetours.com\/avila-y-segovia-dia-completo\/","url":"https:\/\/madridtravelprivatetours.com\/avila-y-segovia-dia-completo\/","name":"AVILA ET S\u00c9GOVIE JOURN\u00c9E COMPL\u00c8TE - Madrid Travel Private Tours","isPartOf":{"@id":"https:\/\/madridtravelprivatetours.com\/#website"},"primaryImageOfPage":{"@id":"https:\/\/madridtravelprivatetours.com\/avila-y-segovia-dia-completo\/#primaryimage"},"image":{"@id":"https:\/\/madridtravelprivatetours.com\/avila-y-segovia-dia-completo\/#primaryimage"},"thumbnailUrl":"https:\/\/madridtravelprivatetours.com\/wp-content\/uploads\/2021\/05\/PORTADA-1536x864.jpg","datePublished":"2021-05-17T21:03:53+00:00","dateModified":"2025-12-09T18:13:55+00:00","breadcrumb":{"@id":"https:\/\/madridtravelprivatetours.com\/avila-y-segovia-dia-completo\/#breadcrumb"},"inLanguage":"fr-FR","potentialAction":[{"@type":"ReadAction","target":["https:\/\/madridtravelprivatetours.com\/avila-y-segovia-dia-completo\/"]}]},{"@type":"ImageObject","inLanguage":"fr-FR","@id":"https:\/\/madridtravelprivatetours.com\/avila-y-segovia-dia-completo\/#primaryimage","url":"https:\/\/madridtravelprivatetours.com\/wp-content\/uploads\/2021\/05\/PORTADA-1536x864.jpg","contentUrl":"https:\/\/madridtravelprivatetours.com\/wp-content\/uploads\/2021\/05\/PORTADA-1536x864.jpg"},{"@type":"BreadcrumbList","@id":"https:\/\/madridtravelprivatetours.com\/avila-y-segovia-dia-completo\/#breadcrumb","itemListElement":[{"@type":"ListItem","position":1,"name":"INICIO","item":"https:\/\/madridtravelprivatetours.com\/"},{"@type":"ListItem","position":2,"name":"AVILA ET S\u00c9GOVIE JOURN\u00c9E COMPL\u00c8TE"}]},{"@type":"WebSite","@id":"https:\/\/madridtravelprivatetours.com\/#website","url":"https:\/\/madridtravelprivatetours.com\/","name":"Madrid Travel Private Tours","description":"Ofrecemos visitas guiadas privadas en Madrid y alrededores","potentialAction":[{"@type":"SearchAction","target":{"@type":"EntryPoint","urlTemplate":"https:\/\/madridtravelprivatetours.com\/?s={search_term_string}"},"query-input":{"@type":"PropertyValueSpecification","valueRequired":true,"valueName":"search_term_string"}}],"inLanguage":"fr-FR"}]}},"_links":{"self":[{"href":"https:\/\/madridtravelprivatetours.com\/fr\/wp-json\/wp\/v2\/pages\/4258","targetHints":{"allow":["GET"]}}],"collection":[{"href":"https:\/\/madridtravelprivatetours.com\/fr\/wp-json\/wp\/v2\/pages"}],"about":[{"href":"https:\/\/madridtravelprivatetours.com\/fr\/wp-json\/wp\/v2\/types\/page"}],"author":[{"embeddable":true,"href":"https:\/\/madridtravelprivatetours.com\/fr\/wp-json\/wp\/v2\/users\/1"}],"replies":[{"embeddable":true,"href":"https:\/\/madridtravelprivatetours.com\/fr\/wp-json\/wp\/v2\/comments?post=4258"}],"version-history":[{"count":70,"href":"https:\/\/madridtravelprivatetours.com\/fr\/wp-json\/wp\/v2\/pages\/4258\/revisions"}],"predecessor-version":[{"id":12427,"href":"https:\/\/madridtravelprivatetours.com\/fr\/wp-json\/wp\/v2\/pages\/4258\/revisions\/12427"}],"wp:attachment":[{"href":"https:\/\/madridtravelprivatetours.com\/fr\/wp-json\/wp\/v2\/media?parent=4258"}],"curies":[{"name":"wp","href":"https:\/\/api.w.org\/{rel}","templated":true}]}}