{"id":4376,"date":"2021-03-28T10:03:02","date_gmt":"2021-03-28T08:03:02","guid":{"rendered":"https:\/\/madridtravelprivatetours.com\/tour-operateurs\/vario-dias-en-madrid\/"},"modified":"2025-12-09T19:01:19","modified_gmt":"2025-12-09T18:01:19","slug":"plusieurs-jours-a-madrid","status":"publish","type":"page","link":"https:\/\/madridtravelprivatetours.com\/fr\/tour-operateurs\/plusieurs-jours-a-madrid\/","title":{"rendered":"PLUSIEURS JOURS \u00c0 MADRID"},"content":{"rendered":"\t\t<div data-elementor-type=\"wp-page\" data-elementor-id=\"4376\" class=\"elementor elementor-4376 elementor-895\" data-elementor-post-type=\"page\">\n\t\t\t\t\t\t<section class=\"elementor-section elementor-top-section elementor-element elementor-element-7a46166d elementor-section-height-min-height elementor-section-boxed elementor-section-height-default elementor-section-items-middle\" data-id=\"7a46166d\" data-element_type=\"section\" data-e-type=\"section\" data-settings=\"{&quot;background_background&quot;:&quot;slideshow&quot;,&quot;background_slideshow_gallery&quot;:[{&quot;id&quot;:4383,&quot;url&quot;:&quot;https:\\\/\\\/madridtravelprivatetours.com\\\/wp-content\\\/uploads\\\/2021\\\/03\\\/toledo-1-scaled.jpg&quot;},{&quot;id&quot;:4382,&quot;url&quot;:&quot;https:\\\/\\\/madridtravelprivatetours.com\\\/wp-content\\\/uploads\\\/2021\\\/03\\\/Segovia-scaled.jpeg&quot;},{&quot;id&quot;:4381,&quot;url&quot;:&quot;https:\\\/\\\/madridtravelprivatetours.com\\\/wp-content\\\/uploads\\\/2021\\\/03\\\/monasterio-escorial.jpg&quot;},{&quot;id&quot;:4380,&quot;url&quot;:&quot;https:\\\/\\\/madridtravelprivatetours.com\\\/wp-content\\\/uploads\\\/2021\\\/03\\\/avila-scaled.jpg&quot;},{&quot;id&quot;:4379,&quot;url&quot;:&quot;https:\\\/\\\/madridtravelprivatetours.com\\\/wp-content\\\/uploads\\\/2021\\\/03\\\/aranjuez-scaled.jpg&quot;},{&quot;id&quot;:4377,&quot;url&quot;:&quot;https:\\\/\\\/madridtravelprivatetours.com\\\/wp-content\\\/uploads\\\/2021\\\/03\\\/toledo-scaled.jpg&quot;}],&quot;background_slideshow_slide_duration&quot;:3000,&quot;background_slideshow_loop&quot;:&quot;yes&quot;,&quot;background_slideshow_slide_transition&quot;:&quot;fade&quot;,&quot;background_slideshow_transition_duration&quot;:500}\">\n\t\t\t\t\t\t\t<div class=\"elementor-background-overlay\"><\/div>\n\t\t\t\t\t\t\t<div class=\"elementor-container elementor-column-gap-default\">\n\t\t\t\t\t<div class=\"elementor-column elementor-col-100 elementor-top-column elementor-element elementor-element-e977ca8\" data-id=\"e977ca8\" data-element_type=\"column\" data-e-type=\"column\">\n\t\t\t<div class=\"elementor-widget-wrap elementor-element-populated\">\n\t\t\t\t\t\t<div class=\"elementor-element elementor-element-67861e18 elementor-widget elementor-widget-heading\" data-id=\"67861e18\" data-element_type=\"widget\" data-e-type=\"widget\" data-widget_type=\"heading.default\">\n\t\t\t\t<div class=\"elementor-widget-container\">\n\t\t\t\t\t<h2 class=\"elementor-heading-title elementor-size-default\"> Tour-Op\u00e9rateurs  <\/h2>\t\t\t\t<\/div>\n\t\t\t\t<\/div>\n\t\t\t\t<div class=\"elementor-element elementor-element-4ee5244f elementor-widget-divider--view-line elementor-widget elementor-widget-divider\" data-id=\"4ee5244f\" data-element_type=\"widget\" data-e-type=\"widget\" data-widget_type=\"divider.default\">\n\t\t\t\t<div class=\"elementor-widget-container\">\n\t\t\t\t\t\t\t<div class=\"elementor-divider\">\n\t\t\t<span class=\"elementor-divider-separator\">\n\t\t\t\t\t\t<\/span>\n\t\t<\/div>\n\t\t\t\t\t\t<\/div>\n\t\t\t\t<\/div>\n\t\t\t\t<div class=\"elementor-element elementor-element-4f9da001 elementor-widget elementor-widget-heading\" data-id=\"4f9da001\" data-element_type=\"widget\" data-e-type=\"widget\" data-widget_type=\"heading.default\">\n\t\t\t\t<div class=\"elementor-widget-container\">\n\t\t\t\t\t<h1 class=\"elementor-heading-title elementor-size-default\">PLUSIEURS JOURS \u00c0 MADRID \nVISITES PRIV\u00c9ES AVEC GUIDE OFFICIEL<\/h1>\t\t\t\t<\/div>\n\t\t\t\t<\/div>\n\t\t\t\t\t<\/div>\n\t\t<\/div>\n\t\t\t\t\t<\/div>\n\t\t<\/section>\n\t\t\t\t<section class=\"elementor-section elementor-top-section elementor-element elementor-element-6e877f37 elementor-section-boxed elementor-section-height-default elementor-section-height-default\" data-id=\"6e877f37\" data-element_type=\"section\" data-e-type=\"section\">\n\t\t\t\t\t\t<div class=\"elementor-container elementor-column-gap-default\">\n\t\t\t\t\t<div class=\"elementor-column elementor-col-50 elementor-top-column elementor-element elementor-element-50040c9f\" data-id=\"50040c9f\" data-element_type=\"column\" data-e-type=\"column\">\n\t\t\t<div class=\"elementor-widget-wrap elementor-element-populated\">\n\t\t\t\t\t\t<div class=\"elementor-element elementor-element-6cfef390 elementor-widget elementor-widget-text-editor\" data-id=\"6cfef390\" data-element_type=\"widget\" data-e-type=\"widget\" data-widget_type=\"text-editor.default\">\n\t\t\t\t<div class=\"elementor-widget-container\">\n\t\t\t\t\t\t\t\t\t<h4><strong>NOS OFFRES POUR UN PROGRAMME DE PLUSIEURS JOURS \u00c0 LA D\u00c9COUVERTE DE MADRID ET SES ENVIRONS<\/strong><\/h4><p>On vous invite \u00e0 profiter de notre savoir-faire et de notre exp\u00e9rience pour organiser les visites de vos clients et leur faire d\u00e9couvrir le meilleur de Madrid et ses environs.<\/p><p>Madrid vous offre, lors d\u2019excursions d\u2019une demi-journ\u00e9e ou d\u2019une journ\u00e9e compl\u00e8te, la possibilit\u00e9 de visiter des sites uniques class\u00e9s au patrimoine mondial de l\u2019Unesco.<\/p><p>Les environs de Madrid sont une visite oblig\u00e9e pour le voyageur qui choisit Madrid comme sa destination. A moins d\u2019une heure de la capitale, des villes m\u00e9di\u00e9vales comme Tol\u00e8de ou S\u00e9govie surprennent par leur richesse historique et artistique et leur contraste avec la grande ville.<\/p><p>Les r\u00e9sidences royales comme le monast\u00e8re de San Lorenzo del Escorial ou le palais d\u2019Aranjuez sont le meilleur moyen de conna\u00eetre l\u2019histoire de l\u2019Espagne \u00e0 travers l\u2019empreinte laiss\u00e9e par ses rois dans ces b\u00e2timents monumentaux.<\/p><p>Alcal\u00e1 de Henares, ville natale de notre plus illustre \u00e9crivain, Miguel de Cervantes est et le si\u00e8ge de l\u2019une des universit\u00e9s les plus anciennes et prestigieuses d\u2019Espagne. Elle nous emm\u00e8ne \u00e0 l\u2019\u00e9poque de sa splendeur historique, l\u2019\u00e2ge d\u2019or.<\/p><h5><strong>Les voil\u00e0 nos visites guid\u00e9es priv\u00e9es les plus demand\u00e9es.<\/strong><\/h5>\t\t\t\t\t\t\t\t<\/div>\n\t\t\t\t<\/div>\n\t\t\t\t\t<\/div>\n\t\t<\/div>\n\t\t\t\t<div class=\"elementor-column elementor-col-50 elementor-top-column elementor-element elementor-element-530bd9d8\" data-id=\"530bd9d8\" data-element_type=\"column\" data-e-type=\"column\">\n\t\t\t<div class=\"elementor-widget-wrap elementor-element-populated\">\n\t\t\t\t\t\t<div class=\"elementor-element elementor-element-4df789e elementor-widget elementor-widget-gallery\" data-id=\"4df789e\" data-element_type=\"widget\" data-e-type=\"widget\" data-settings=\"{&quot;columns&quot;:2,&quot;lazyload&quot;:&quot;yes&quot;,&quot;gallery_layout&quot;:&quot;grid&quot;,&quot;columns_tablet&quot;:2,&quot;columns_mobile&quot;:1,&quot;gap&quot;:{&quot;unit&quot;:&quot;px&quot;,&quot;size&quot;:10,&quot;sizes&quot;:[]},&quot;gap_tablet&quot;:{&quot;unit&quot;:&quot;px&quot;,&quot;size&quot;:10,&quot;sizes&quot;:[]},&quot;gap_mobile&quot;:{&quot;unit&quot;:&quot;px&quot;,&quot;size&quot;:10,&quot;sizes&quot;:[]},&quot;link_to&quot;:&quot;file&quot;,&quot;aspect_ratio&quot;:&quot;3:2&quot;,&quot;overlay_background&quot;:&quot;yes&quot;,&quot;content_hover_animation&quot;:&quot;fade-in&quot;}\" data-widget_type=\"gallery.default\">\n\t\t\t\t<div class=\"elementor-widget-container\">\n\t\t\t\t\t\t\t<div class=\"elementor-gallery__container\">\n\t\t\t\t\t\t\t<a class=\"e-gallery-item elementor-gallery-item elementor-animated-content\" href=\"https:\/\/madridtravelprivatetours.com\/wp-content\/uploads\/2021\/03\/aranjuez-scaled.jpg\" data-elementor-open-lightbox=\"yes\" data-elementor-lightbox-slideshow=\"4df789e\" data-elementor-lightbox-title=\"aranjuez\" data-e-action-hash=\"#elementor-action%3Aaction%3Dlightbox%26settings%3DeyJpZCI6NDM3OSwidXJsIjoiaHR0cHM6XC9cL21hZHJpZHRyYXZlbHByaXZhdGV0b3Vycy5jb21cL3dwLWNvbnRlbnRcL3VwbG9hZHNcLzIwMjFcLzAzXC9hcmFuanVlei1zY2FsZWQuanBnIiwic2xpZGVzaG93IjoiNGRmNzg5ZSJ9\">\n\t\t\t\t\t<div class=\"e-gallery-image elementor-gallery-item__image\" data-thumbnail=\"https:\/\/madridtravelprivatetours.com\/wp-content\/uploads\/2021\/03\/aranjuez-300x169.jpg\" data-width=\"300\" data-height=\"169\" aria-label=\"\" role=\"img\" ><\/div>\n\t\t\t\t\t\t\t\t\t\t\t<div class=\"elementor-gallery-item__overlay\"><\/div>\n\t\t\t\t\t\t\t\t\t\t\t\t\t\t<\/a>\n\t\t\t\t\t\t\t<a class=\"e-gallery-item elementor-gallery-item elementor-animated-content\" href=\"https:\/\/madridtravelprivatetours.com\/wp-content\/uploads\/2021\/03\/avila-scaled.jpg\" data-elementor-open-lightbox=\"yes\" data-elementor-lightbox-slideshow=\"4df789e\" data-elementor-lightbox-title=\"avila\" data-e-action-hash=\"#elementor-action%3Aaction%3Dlightbox%26settings%3DeyJpZCI6NDM4MCwidXJsIjoiaHR0cHM6XC9cL21hZHJpZHRyYXZlbHByaXZhdGV0b3Vycy5jb21cL3dwLWNvbnRlbnRcL3VwbG9hZHNcLzIwMjFcLzAzXC9hdmlsYS1zY2FsZWQuanBnIiwic2xpZGVzaG93IjoiNGRmNzg5ZSJ9\">\n\t\t\t\t\t<div class=\"e-gallery-image elementor-gallery-item__image\" data-thumbnail=\"https:\/\/madridtravelprivatetours.com\/wp-content\/uploads\/2021\/03\/avila-300x169.jpg\" data-width=\"300\" data-height=\"169\" aria-label=\"\" role=\"img\" ><\/div>\n\t\t\t\t\t\t\t\t\t\t\t<div class=\"elementor-gallery-item__overlay\"><\/div>\n\t\t\t\t\t\t\t\t\t\t\t\t\t\t<\/a>\n\t\t\t\t\t\t\t<a class=\"e-gallery-item elementor-gallery-item elementor-animated-content\" href=\"https:\/\/madridtravelprivatetours.com\/wp-content\/uploads\/2021\/03\/monasterio-escorial.jpg\" data-elementor-open-lightbox=\"yes\" data-elementor-lightbox-slideshow=\"4df789e\" data-elementor-lightbox-title=\"monasterio-escorial\" data-e-action-hash=\"#elementor-action%3Aaction%3Dlightbox%26settings%3DeyJpZCI6NDM4MSwidXJsIjoiaHR0cHM6XC9cL21hZHJpZHRyYXZlbHByaXZhdGV0b3Vycy5jb21cL3dwLWNvbnRlbnRcL3VwbG9hZHNcLzIwMjFcLzAzXC9tb25hc3RlcmlvLWVzY29yaWFsLmpwZyIsInNsaWRlc2hvdyI6IjRkZjc4OWUifQ%3D%3D\">\n\t\t\t\t\t<div class=\"e-gallery-image elementor-gallery-item__image\" data-thumbnail=\"https:\/\/madridtravelprivatetours.com\/wp-content\/uploads\/2021\/03\/monasterio-escorial-300x200.jpg\" data-width=\"300\" data-height=\"200\" aria-label=\"\" role=\"img\" ><\/div>\n\t\t\t\t\t\t\t\t\t\t\t<div class=\"elementor-gallery-item__overlay\"><\/div>\n\t\t\t\t\t\t\t\t\t\t\t\t\t\t<\/a>\n\t\t\t\t\t\t\t<a class=\"e-gallery-item elementor-gallery-item elementor-animated-content\" href=\"https:\/\/madridtravelprivatetours.com\/wp-content\/uploads\/2021\/03\/Segovia-scaled.jpeg\" data-elementor-open-lightbox=\"yes\" data-elementor-lightbox-slideshow=\"4df789e\" data-elementor-lightbox-title=\"Segovia\" data-e-action-hash=\"#elementor-action%3Aaction%3Dlightbox%26settings%3DeyJpZCI6NDM4MiwidXJsIjoiaHR0cHM6XC9cL21hZHJpZHRyYXZlbHByaXZhdGV0b3Vycy5jb21cL3dwLWNvbnRlbnRcL3VwbG9hZHNcLzIwMjFcLzAzXC9TZWdvdmlhLXNjYWxlZC5qcGVnIiwic2xpZGVzaG93IjoiNGRmNzg5ZSJ9\">\n\t\t\t\t\t<div class=\"e-gallery-image elementor-gallery-item__image\" data-thumbnail=\"https:\/\/madridtravelprivatetours.com\/wp-content\/uploads\/2021\/03\/Segovia-300x234.jpeg\" data-width=\"300\" data-height=\"234\" aria-label=\"\" role=\"img\" ><\/div>\n\t\t\t\t\t\t\t\t\t\t\t<div class=\"elementor-gallery-item__overlay\"><\/div>\n\t\t\t\t\t\t\t\t\t\t\t\t\t\t<\/a>\n\t\t\t\t\t\t\t<a class=\"e-gallery-item elementor-gallery-item elementor-animated-content\" href=\"https:\/\/madridtravelprivatetours.com\/wp-content\/uploads\/2021\/03\/toledo-1-scaled.jpg\" data-elementor-open-lightbox=\"yes\" data-elementor-lightbox-slideshow=\"4df789e\" data-elementor-lightbox-title=\"toledo\" data-e-action-hash=\"#elementor-action%3Aaction%3Dlightbox%26settings%3DeyJpZCI6NDM4MywidXJsIjoiaHR0cHM6XC9cL21hZHJpZHRyYXZlbHByaXZhdGV0b3Vycy5jb21cL3dwLWNvbnRlbnRcL3VwbG9hZHNcLzIwMjFcLzAzXC90b2xlZG8tMS1zY2FsZWQuanBnIiwic2xpZGVzaG93IjoiNGRmNzg5ZSJ9\">\n\t\t\t\t\t<div class=\"e-gallery-image elementor-gallery-item__image\" data-thumbnail=\"https:\/\/madridtravelprivatetours.com\/wp-content\/uploads\/2021\/03\/toledo-1-300x169.jpg\" data-width=\"300\" data-height=\"169\" aria-label=\"\" role=\"img\" ><\/div>\n\t\t\t\t\t\t\t\t\t\t\t<div class=\"elementor-gallery-item__overlay\"><\/div>\n\t\t\t\t\t\t\t\t\t\t\t\t\t\t<\/a>\n\t\t\t\t\t\t\t<a class=\"e-gallery-item elementor-gallery-item elementor-animated-content\" href=\"https:\/\/madridtravelprivatetours.com\/wp-content\/uploads\/2021\/05\/IMG_20210501_205638-1-scaled.jpg\" data-elementor-open-lightbox=\"yes\" data-elementor-lightbox-slideshow=\"4df789e\" data-elementor-lightbox-title=\"IMG_20210501_205638 (1)\" data-e-action-hash=\"#elementor-action%3Aaction%3Dlightbox%26settings%3DeyJpZCI6NDM2OCwidXJsIjoiaHR0cHM6XC9cL21hZHJpZHRyYXZlbHByaXZhdGV0b3Vycy5jb21cL3dwLWNvbnRlbnRcL3VwbG9hZHNcLzIwMjFcLzA1XC9JTUdfMjAyMTA1MDFfMjA1NjM4LTEtc2NhbGVkLmpwZyIsInNsaWRlc2hvdyI6IjRkZjc4OWUifQ%3D%3D\">\n\t\t\t\t\t<div class=\"e-gallery-image elementor-gallery-item__image\" data-thumbnail=\"https:\/\/madridtravelprivatetours.com\/wp-content\/uploads\/2021\/05\/IMG_20210501_205638-1-300x225.jpg\" data-width=\"300\" data-height=\"225\" aria-label=\"\" role=\"img\" ><\/div>\n\t\t\t\t\t\t\t\t\t\t\t<div class=\"elementor-gallery-item__overlay\"><\/div>\n\t\t\t\t\t\t\t\t\t\t\t\t\t\t<\/a>\n\t\t\t\t\t\t\t<a class=\"e-gallery-item elementor-gallery-item elementor-animated-content\" href=\"https:\/\/madridtravelprivatetours.com\/wp-content\/uploads\/2021\/05\/20191130_120510-scaled.jpg\" data-elementor-open-lightbox=\"yes\" data-elementor-lightbox-slideshow=\"4df789e\" data-elementor-lightbox-title=\"20191130_120510\" data-e-action-hash=\"#elementor-action%3Aaction%3Dlightbox%26settings%3DeyJpZCI6MjM0MSwidXJsIjoiaHR0cHM6XC9cL21hZHJpZHRyYXZlbHByaXZhdGV0b3Vycy5jb21cL3dwLWNvbnRlbnRcL3VwbG9hZHNcLzIwMjFcLzA1XC8yMDE5MTEzMF8xMjA1MTAtc2NhbGVkLmpwZyIsInNsaWRlc2hvdyI6IjRkZjc4OWUifQ%3D%3D\">\n\t\t\t\t\t<div class=\"e-gallery-image elementor-gallery-item__image\" data-thumbnail=\"https:\/\/madridtravelprivatetours.com\/wp-content\/uploads\/2021\/05\/20191130_120510-300x169.jpg\" data-width=\"300\" data-height=\"169\" aria-label=\"\" role=\"img\" ><\/div>\n\t\t\t\t\t\t\t\t\t\t\t<div class=\"elementor-gallery-item__overlay\"><\/div>\n\t\t\t\t\t\t\t\t\t\t\t\t\t\t<\/a>\n\t\t\t\t\t\t\t<a class=\"e-gallery-item elementor-gallery-item elementor-animated-content\" href=\"https:\/\/madridtravelprivatetours.com\/wp-content\/uploads\/2021\/05\/AdobeStock_422628379-scaled.jpeg\" data-elementor-open-lightbox=\"yes\" data-elementor-lightbox-slideshow=\"4df789e\" data-elementor-lightbox-title=\"medieval center of the city of Toledo, Spain. It features the Tejo river, the Cathedral and Alc\u00c3\u00a1zar of Toledo.\" data-e-action-hash=\"#elementor-action%3Aaction%3Dlightbox%26settings%3DeyJpZCI6MjM0MiwidXJsIjoiaHR0cHM6XC9cL21hZHJpZHRyYXZlbHByaXZhdGV0b3Vycy5jb21cL3dwLWNvbnRlbnRcL3VwbG9hZHNcLzIwMjFcLzA1XC9BZG9iZVN0b2NrXzQyMjYyODM3OS1zY2FsZWQuanBlZyIsInNsaWRlc2hvdyI6IjRkZjc4OWUifQ%3D%3D\">\n\t\t\t\t\t<div class=\"e-gallery-image elementor-gallery-item__image\" data-thumbnail=\"https:\/\/madridtravelprivatetours.com\/wp-content\/uploads\/2021\/05\/AdobeStock_422628379-300x199.jpeg\" data-width=\"300\" data-height=\"199\" aria-label=\"\" role=\"img\" ><\/div>\n\t\t\t\t\t\t\t\t\t\t\t<div class=\"elementor-gallery-item__overlay\"><\/div>\n\t\t\t\t\t\t\t\t\t\t\t\t\t\t<\/a>\n\t\t\t\t\t<\/div>\n\t\t\t\t\t<\/div>\n\t\t\t\t<\/div>\n\t\t\t\t\t<\/div>\n\t\t<\/div>\n\t\t\t\t\t<\/div>\n\t\t<\/section>\n\t\t\t\t<section class=\"elementor-section elementor-top-section elementor-element elementor-element-2b3d90ec elementor-section-boxed elementor-section-height-default elementor-section-height-default\" data-id=\"2b3d90ec\" data-element_type=\"section\" data-e-type=\"section\" data-settings=\"{&quot;background_background&quot;:&quot;classic&quot;}\">\n\t\t\t\t\t\t\t<div class=\"elementor-background-overlay\"><\/div>\n\t\t\t\t\t\t\t<div class=\"elementor-container elementor-column-gap-default\">\n\t\t\t\t\t<div class=\"elementor-column elementor-col-100 elementor-top-column elementor-element elementor-element-42b4b6f3\" data-id=\"42b4b6f3\" data-element_type=\"column\" data-e-type=\"column\">\n\t\t\t<div class=\"elementor-widget-wrap elementor-element-populated\">\n\t\t\t\t\t\t<div class=\"elementor-element elementor-element-ec6db6e elementor-widget elementor-widget-heading\" data-id=\"ec6db6e\" data-element_type=\"widget\" data-e-type=\"widget\" data-widget_type=\"heading.default\">\n\t\t\t\t<div class=\"elementor-widget-container\">\n\t\t\t\t\t<h2 class=\"elementor-heading-title elementor-size-default\">JOUR 1<\/h2>\t\t\t\t<\/div>\n\t\t\t\t<\/div>\n\t\t\t\t<div class=\"elementor-element elementor-element-858000a elementor-widget elementor-widget-heading\" data-id=\"858000a\" data-element_type=\"widget\" data-e-type=\"widget\" data-widget_type=\"heading.default\">\n\t\t\t\t<div class=\"elementor-widget-container\">\n\t\t\t\t\t<h2 class=\"elementor-heading-title elementor-size-default\">JOURN\u00c9E COMPL\u00c8TE \u00c0 MADRID<\/h2>\t\t\t\t<\/div>\n\t\t\t\t<\/div>\n\t\t\t\t<div class=\"elementor-element elementor-element-2ae9c0f elementor-widget elementor-widget-heading\" data-id=\"2ae9c0f\" data-element_type=\"widget\" data-e-type=\"widget\" data-widget_type=\"heading.default\">\n\t\t\t\t<div class=\"elementor-widget-container\">\n\t\t\t\t\t<h2 class=\"elementor-heading-title elementor-size-default\">Voici notre visite de journ\u00e9e compl\u00e8te \u00e0 Madrid la plus demand\u00e9e par nos clients:<\/h2>\t\t\t\t<\/div>\n\t\t\t\t<\/div>\n\t\t\t\t<section class=\"elementor-section elementor-inner-section elementor-element elementor-element-355c9f7c elementor-section-boxed elementor-section-height-default elementor-section-height-default\" data-id=\"355c9f7c\" data-element_type=\"section\" data-e-type=\"section\">\n\t\t\t\t\t\t<div class=\"elementor-container elementor-column-gap-default\">\n\t\t\t\t\t<div class=\"elementor-column elementor-col-50 elementor-inner-column elementor-element elementor-element-74a849d6\" data-id=\"74a849d6\" data-element_type=\"column\" data-e-type=\"column\" data-settings=\"{&quot;background_background&quot;:&quot;classic&quot;}\">\n\t\t\t<div class=\"elementor-widget-wrap elementor-element-populated\">\n\t\t\t\t\t\t<div class=\"elementor-element elementor-element-130e24d6 elementor-widget elementor-widget-heading\" data-id=\"130e24d6\" data-element_type=\"widget\" data-e-type=\"widget\" data-widget_type=\"heading.default\">\n\t\t\t\t<div class=\"elementor-widget-container\">\n\t\t\t\t\t<h2 class=\"elementor-heading-title elementor-size-default\">Dur\u00e9e: 7 heures<\/h2>\t\t\t\t<\/div>\n\t\t\t\t<\/div>\n\t\t\t\t<div class=\"elementor-element elementor-element-6943b179 elementor-widget elementor-widget-heading\" data-id=\"6943b179\" data-element_type=\"widget\" data-e-type=\"widget\" data-widget_type=\"heading.default\">\n\t\t\t\t<div class=\"elementor-widget-container\">\n\t\t\t\t\t<h2 class=\"elementor-heading-title elementor-size-default\">Tarif : 535\u20ac le forfait + 35\u20ac par personne<\/h2>\t\t\t\t<\/div>\n\t\t\t\t<\/div>\n\t\t\t\t<div class=\"elementor-element elementor-element-f330271 elementor-widget elementor-widget-text-editor\" data-id=\"f330271\" data-element_type=\"widget\" data-e-type=\"widget\" data-widget_type=\"text-editor.default\">\n\t\t\t\t<div class=\"elementor-widget-container\">\n\t\t\t\t\t\t\t\t\t<p><span id=\"tgtAlignment_0\" class=\"ts-alignment-element\" data-is-focusable=\"true\">De<\/span> 1\u00a0<span id=\"tgtAlignment_2\" class=\"ts-alignment-element\" data-is-focusable=\"true\">\u00e0<\/span> 7\u00a0<span id=\"tgtAlignment_4\" class=\"ts-alignment-element-highlighted\" data-is-focusable=\"true\">personnes<\/span><\/p>\t\t\t\t\t\t\t\t<\/div>\n\t\t\t\t<\/div>\n\t\t\t\t<div class=\"elementor-element elementor-element-5434c2d3 elementor-widget elementor-widget-heading\" data-id=\"5434c2d3\" data-element_type=\"widget\" data-e-type=\"widget\" data-widget_type=\"heading.default\">\n\t\t\t\t<div class=\"elementor-widget-container\">\n\t\t\t\t\t<h2 class=\"elementor-heading-title elementor-size-default\">Inclus:<\/h2>\t\t\t\t<\/div>\n\t\t\t\t<\/div>\n\t\t\t\t<div class=\"elementor-element elementor-element-58c8ab92 elementor-widget elementor-widget-text-editor\" data-id=\"58c8ab92\" data-element_type=\"widget\" data-e-type=\"widget\" data-widget_type=\"text-editor.default\">\n\t\t\t\t<div class=\"elementor-widget-container\">\n\t\t\t\t\t\t\t\t\t<ul><li><p>Notre tarif en tant que votre guide-conf\u00e9renci\u00e8re priv\u00e9e<\/p><\/li><li><p>Billets d\u2019acc\u00e8s du Palais Royal et du mus\u00e9e du Prado<\/p><\/li><li><p>Imp\u00f4ts<\/p><\/li><\/ul>\t\t\t\t\t\t\t\t<\/div>\n\t\t\t\t<\/div>\n\t\t\t\t<div class=\"elementor-element elementor-element-05cd3ed elementor-widget elementor-widget-heading\" data-id=\"05cd3ed\" data-element_type=\"widget\" data-e-type=\"widget\" data-widget_type=\"heading.default\">\n\t\t\t\t<div class=\"elementor-widget-container\">\n\t\t\t\t\t<h2 class=\"elementor-heading-title elementor-size-default\">Non inclus:<\/h2>\t\t\t\t<\/div>\n\t\t\t\t<\/div>\n\t\t\t\t<div class=\"elementor-element elementor-element-e0a9a64 elementor-widget elementor-widget-text-editor\" data-id=\"e0a9a64\" data-element_type=\"widget\" data-e-type=\"widget\" data-widget_type=\"text-editor.default\">\n\t\t\t\t<div class=\"elementor-widget-container\">\n\t\t\t\t\t\t\t\t\t<ul><li><p>Nourriture et boissons<\/p><\/li><\/ul>\t\t\t\t\t\t\t\t<\/div>\n\t\t\t\t<\/div>\n\t\t\t\t<div class=\"elementor-element elementor-element-4984ebfb elementor-widget elementor-widget-heading\" data-id=\"4984ebfb\" data-element_type=\"widget\" data-e-type=\"widget\" data-widget_type=\"heading.default\">\n\t\t\t\t<div class=\"elementor-widget-container\">\n\t\t\t\t\t<h2 class=\"elementor-heading-title elementor-size-default\">Point de rendez-vous <\/h2>\t\t\t\t<\/div>\n\t\t\t\t<\/div>\n\t\t\t\t<div class=\"elementor-element elementor-element-30556c39 elementor-widget elementor-widget-text-editor\" data-id=\"30556c39\" data-element_type=\"widget\" data-e-type=\"widget\" data-widget_type=\"text-editor.default\">\n\t\t\t\t<div class=\"elementor-widget-container\">\n\t\t\t\t\t\t\t\t\t<p>\u00c0 votre h\u00f4tel.<\/p><p>Remarque : Si l\u2019h\u00f4tel n\u2019est pas en centre-ville, un suppl\u00e9ment de taxi sera ajout\u00e9.<\/p>\t\t\t\t\t\t\t\t<\/div>\n\t\t\t\t<\/div>\n\t\t\t\t<div class=\"elementor-element elementor-element-35077424 elementor-widget elementor-widget-button\" data-id=\"35077424\" data-element_type=\"widget\" data-e-type=\"widget\" data-widget_type=\"button.default\">\n\t\t\t\t<div class=\"elementor-widget-container\">\n\t\t\t\t\t\t\t\t\t<div class=\"elementor-button-wrapper\">\n\t\t\t\t\t<a class=\"elementor-button elementor-button-link elementor-size-sm\" href=\"#reserva\">\n\t\t\t\t\t\t<span class=\"elementor-button-content-wrapper\">\n\t\t\t\t\t\t\t\t\t<span class=\"elementor-button-text\">R\u00e9servez ici <\/span>\n\t\t\t\t\t<\/span>\n\t\t\t\t\t<\/a>\n\t\t\t\t<\/div>\n\t\t\t\t\t\t\t\t<\/div>\n\t\t\t\t<\/div>\n\t\t\t\t\t<\/div>\n\t\t<\/div>\n\t\t\t\t<div class=\"elementor-column elementor-col-50 elementor-inner-column elementor-element elementor-element-2245bfe5\" data-id=\"2245bfe5\" data-element_type=\"column\" data-e-type=\"column\" data-settings=\"{&quot;background_background&quot;:&quot;classic&quot;}\">\n\t\t\t<div class=\"elementor-widget-wrap elementor-element-populated\">\n\t\t\t\t\t\t<div class=\"elementor-element elementor-element-49020045 elementor-widget elementor-widget-heading\" data-id=\"49020045\" data-element_type=\"widget\" data-e-type=\"widget\" data-widget_type=\"heading.default\">\n\t\t\t\t<div class=\"elementor-widget-container\">\n\t\t\t\t\t<h2 class=\"elementor-heading-title elementor-size-default\">Programme<\/h2>\t\t\t\t<\/div>\n\t\t\t\t<\/div>\n\t\t\t\t<div class=\"elementor-element elementor-element-20170bc elementor-widget elementor-widget-text-editor\" data-id=\"20170bc\" data-element_type=\"widget\" data-e-type=\"widget\" data-widget_type=\"text-editor.default\">\n\t\t\t\t<div class=\"elementor-widget-container\">\n\t\t\t\t\t\t\t\t\t<h4>LE MATIN : Balade dans le Vieux Madrid et Visite du Palais Royal<\/h4><p>Le Vieux Madrid : 2 heures<\/p><p>Madrid garde comme un tr\u00e9sor son quartier historique connu comme \u00ab\u00a0Le Madrid des Autrichiens\u00a0\u00bb ou \u00ab\u00a0Le Madrid des Habsbourg\u00a0\u00bb.<\/p><p>Dans cette promenade, nous allons d\u00e9couvrir les lieux les plus embl\u00e9matiques du Vieux Madrid : La Plaza de Oriente, le Palais Royal (ext\u00e9rieur), la Cath\u00e9drale de la Almudena, Le March\u00e9 de San Miguel, la\u00a0 Plaza Mayor et la\u00a0 Puerta del Sol.<\/p><p>Au cours de la visite, nous vous parlerons des origines de Madrid, de son \u00e9volution historique, de nos coutumes, et de tout ce que vous souhaitez savoir sur notre ville.<\/p><p>Le Palais Royal : 2 heures<\/p><p>Le Palais Royal de Madrid est le plus grand d\u2019Europe occidentale. Ses plus de 3 000 pi\u00e8ces ont \u00e9t\u00e9 le sc\u00e9nario de notre Histoire depuis des si\u00e8cles. C\u2019\u00e9tait la r\u00e9sidence principale de la famille royale espagnole de 1764 \u00e0 1931. C\u2019est un mus\u00e9e vivant qui est encore aujourd\u2019hui le lieu pour les r\u00e9ceptions du Roi et d\u2019autres \u00e9v\u00e8nements d\u2019\u00c9tat. C\u2019est l\u2019une des rares r\u00e9sidences officielles des chefs d\u2019\u00c9tat ouvertes au public.<\/p><p>Plusieurs salles du Palais se distinguent par leur riche d\u00e9cor, comme le salon Gasparini, la salle du Tr\u00f4ne ou la salle \u00e0 manger de Gala. Notre visite guid\u00e9e vous montrera son histoire fascinante, sa riche collection des peintures et d\u2019arts d\u00e9coratifs ainsi que l\u2019armurerie royale, l\u2019une des plus importantes au monde.<\/p><p>PAUSE-D\u00c9JEUNER : 1 HEURE<\/p><h4>L\u2019APR\u00c8S-MIDI : Visite priv\u00e9e du Prado. 2 heures<\/h4><p>Le Prado c\u2019est l\u2019un de plus beaux mus\u00e9es au monde. Ses salles ne nous montrent pratiquement que des chefs-d\u2019\u0153uvre, notamment des \u00e9coles Espagnoles, Italiennes et Flamandes. Inaugur\u00e9e en 1819, une grande partie de ses \u0153uvres proviennent des Collections royales. Dans cette visite on vous propose de d\u00e9couvrir d\u2019une mani\u00e8re didactique et dynamique, les \u0153uvres majeures des grands peintres espagnols\u00a0: Vel\u00e1zquez, Goya, et le Greco. \u00ab\u00a0Les Menines\u00a0\u00bb, \u00ab\u00a0Les Fileuses\u00a0\u00bb de Vel\u00e1zquez, \u00ab\u00a0Les Fusillades de 3 Mai\u00a0\u00bb, \u00ab\u00a0Les Peintures Noires\u00a0\u00bb de Goya, \u00ab\u00a0Le Monsieur \u00e1 la main \u00e1 sa poitrine\u00a0\u00bb du Greco, o\u00f9 \u00ab\u00a0Le Jardins de D\u00e9lices\u00a0\u00bb de J\u00e9r\u00f4me Bosch, font partie de peintures superbes \u00e0 ne pas manquer.<\/p>\t\t\t\t\t\t\t\t<\/div>\n\t\t\t\t<\/div>\n\t\t\t\t\t<\/div>\n\t\t<\/div>\n\t\t\t\t\t<\/div>\n\t\t<\/section>\n\t\t\t\t\t<\/div>\n\t\t<\/div>\n\t\t\t\t\t<\/div>\n\t\t<\/section>\n\t\t\t\t<section class=\"elementor-section elementor-top-section elementor-element elementor-element-bc5ea0c elementor-section-boxed elementor-section-height-default elementor-section-height-default\" data-id=\"bc5ea0c\" data-element_type=\"section\" data-e-type=\"section\" data-settings=\"{&quot;background_background&quot;:&quot;classic&quot;}\">\n\t\t\t\t\t\t\t<div class=\"elementor-background-overlay\"><\/div>\n\t\t\t\t\t\t\t<div class=\"elementor-container elementor-column-gap-default\">\n\t\t\t\t\t<div class=\"elementor-column elementor-col-100 elementor-top-column elementor-element elementor-element-0d98dc2\" data-id=\"0d98dc2\" data-element_type=\"column\" data-e-type=\"column\">\n\t\t\t<div class=\"elementor-widget-wrap elementor-element-populated\">\n\t\t\t\t\t\t<div class=\"elementor-element elementor-element-97e70a4 elementor-widget elementor-widget-heading\" data-id=\"97e70a4\" data-element_type=\"widget\" data-e-type=\"widget\" data-widget_type=\"heading.default\">\n\t\t\t\t<div class=\"elementor-widget-container\">\n\t\t\t\t\t<h2 class=\"elementor-heading-title elementor-size-default\">JOUR 2<\/h2>\t\t\t\t<\/div>\n\t\t\t\t<\/div>\n\t\t\t\t<div class=\"elementor-element elementor-element-e96150e elementor-widget elementor-widget-heading\" data-id=\"e96150e\" data-element_type=\"widget\" data-e-type=\"widget\" data-widget_type=\"heading.default\">\n\t\t\t\t<div class=\"elementor-widget-container\">\n\t\t\t\t\t<h2 class=\"elementor-heading-title elementor-size-default\"> TOL\u00c8DE, JOURN\u00c9E COMPL\u00c8TE<\/h2>\t\t\t\t<\/div>\n\t\t\t\t<\/div>\n\t\t\t\t<div class=\"elementor-element elementor-element-37c503e elementor-widget elementor-widget-heading\" data-id=\"37c503e\" data-element_type=\"widget\" data-e-type=\"widget\" data-widget_type=\"heading.default\">\n\t\t\t\t<div class=\"elementor-widget-container\">\n\t\t\t\t\t<h2 class=\"elementor-heading-title elementor-size-default\">On vous offre deux options de transport pour cette visite:<\/h2>\t\t\t\t<\/div>\n\t\t\t\t<\/div>\n\t\t\t\t<section class=\"elementor-section elementor-inner-section elementor-element elementor-element-16525ed elementor-section-boxed elementor-section-height-default elementor-section-height-default\" data-id=\"16525ed\" data-element_type=\"section\" data-e-type=\"section\">\n\t\t\t\t\t\t<div class=\"elementor-container elementor-column-gap-default\">\n\t\t\t\t\t<div class=\"elementor-column elementor-col-50 elementor-inner-column elementor-element elementor-element-ffaca00\" data-id=\"ffaca00\" data-element_type=\"column\" data-e-type=\"column\" data-settings=\"{&quot;background_background&quot;:&quot;classic&quot;}\">\n\t\t\t<div class=\"elementor-widget-wrap elementor-element-populated\">\n\t\t\t\t\t\t<div class=\"elementor-element elementor-element-b2d2b0b elementor-widget elementor-widget-heading\" data-id=\"b2d2b0b\" data-element_type=\"widget\" data-e-type=\"widget\" data-widget_type=\"heading.default\">\n\t\t\t\t<div class=\"elementor-widget-container\">\n\t\t\t\t\t<h2 class=\"elementor-heading-title elementor-size-default\">OPTION 1: TOL\u00c8DE EN V\u00c9HICULE PRIV\u00c9 <\/h2>\t\t\t\t<\/div>\n\t\t\t\t<\/div>\n\t\t\t\t<div class=\"elementor-element elementor-element-20e9bae elementor-widget elementor-widget-heading\" data-id=\"20e9bae\" data-element_type=\"widget\" data-e-type=\"widget\" data-widget_type=\"heading.default\">\n\t\t\t\t<div class=\"elementor-widget-container\">\n\t\t\t\t\t<h2 class=\"elementor-heading-title elementor-size-default\">Dur\u00e9e: 8 heures<\/h2>\t\t\t\t<\/div>\n\t\t\t\t<\/div>\n\t\t\t\t<div class=\"elementor-element elementor-element-4b01420 elementor-widget elementor-widget-heading\" data-id=\"4b01420\" data-element_type=\"widget\" data-e-type=\"widget\" data-widget_type=\"heading.default\">\n\t\t\t\t<div class=\"elementor-widget-container\">\n\t\t\t\t\t<h2 class=\"elementor-heading-title elementor-size-default\">Tarif : 1.025\u20ac forfait + 30\u20ac par personne<\/h2>\t\t\t\t<\/div>\n\t\t\t\t<\/div>\n\t\t\t\t<div class=\"elementor-element elementor-element-a2e5701 elementor-widget elementor-widget-text-editor\" data-id=\"a2e5701\" data-element_type=\"widget\" data-e-type=\"widget\" data-widget_type=\"text-editor.default\">\n\t\t\t\t<div class=\"elementor-widget-container\">\n\t\t\t\t\t\t\t\t\t<p class=\"p1\">Maximum 6 personnes. Au-del\u00e0 de 6, demandez-nous un devis.<\/p>\t\t\t\t\t\t\t\t<\/div>\n\t\t\t\t<\/div>\n\t\t\t\t<div class=\"elementor-element elementor-element-8adab8e elementor-widget elementor-widget-heading\" data-id=\"8adab8e\" data-element_type=\"widget\" data-e-type=\"widget\" data-widget_type=\"heading.default\">\n\t\t\t\t<div class=\"elementor-widget-container\">\n\t\t\t\t\t<h2 class=\"elementor-heading-title elementor-size-default\">Inclus:<\/h2>\t\t\t\t<\/div>\n\t\t\t\t<\/div>\n\t\t\t\t<div class=\"elementor-element elementor-element-a85486d elementor-widget elementor-widget-text-editor\" data-id=\"a85486d\" data-element_type=\"widget\" data-e-type=\"widget\" data-widget_type=\"text-editor.default\">\n\t\t\t\t<div class=\"elementor-widget-container\">\n\t\t\t\t\t\t\t\t\t<ul><li><p>Notre tarif en tant que votre guide local priv\u00e9 pendant toute la journ\u00e9e<\/p><\/li><li><p>Transport priv\u00e9. La visite se fera en v\u00e9hicule de luxe, spacieux, confortable et conduit par un chauffeur professionnel<\/p><\/li><li><p>Les billets d\u2019acc\u00e8s des monuments du programme<\/p><\/li><li><p>Imp\u00f4ts<\/p><\/li><\/ul>\t\t\t\t\t\t\t\t<\/div>\n\t\t\t\t<\/div>\n\t\t\t\t<div class=\"elementor-element elementor-element-cafec3d elementor-widget elementor-widget-heading\" data-id=\"cafec3d\" data-element_type=\"widget\" data-e-type=\"widget\" data-widget_type=\"heading.default\">\n\t\t\t\t<div class=\"elementor-widget-container\">\n\t\t\t\t\t<h2 class=\"elementor-heading-title elementor-size-default\">Non inclus:<\/h2>\t\t\t\t<\/div>\n\t\t\t\t<\/div>\n\t\t\t\t<div class=\"elementor-element elementor-element-dde6057 elementor-widget elementor-widget-text-editor\" data-id=\"dde6057\" data-element_type=\"widget\" data-e-type=\"widget\" data-widget_type=\"text-editor.default\">\n\t\t\t\t<div class=\"elementor-widget-container\">\n\t\t\t\t\t\t\t\t\t<ul><li><p>Nourriture et boissons<\/p><\/li><\/ul>\t\t\t\t\t\t\t\t<\/div>\n\t\t\t\t<\/div>\n\t\t\t\t<div class=\"elementor-element elementor-element-46516ba elementor-widget elementor-widget-heading\" data-id=\"46516ba\" data-element_type=\"widget\" data-e-type=\"widget\" data-widget_type=\"heading.default\">\n\t\t\t\t<div class=\"elementor-widget-container\">\n\t\t\t\t\t<h2 class=\"elementor-heading-title elementor-size-default\">Point de rendez-vous <\/h2>\t\t\t\t<\/div>\n\t\t\t\t<\/div>\n\t\t\t\t<div class=\"elementor-element elementor-element-8ea9a8d elementor-widget elementor-widget-text-editor\" data-id=\"8ea9a8d\" data-element_type=\"widget\" data-e-type=\"widget\" data-widget_type=\"text-editor.default\">\n\t\t\t\t<div class=\"elementor-widget-container\">\n\t\t\t\t\t\t\t\t\t<p>\u00c0 votre h\u00f4tel<\/p>\t\t\t\t\t\t\t\t<\/div>\n\t\t\t\t<\/div>\n\t\t\t\t<div class=\"elementor-element elementor-element-29e1edc elementor-widget elementor-widget-button\" data-id=\"29e1edc\" data-element_type=\"widget\" data-e-type=\"widget\" data-widget_type=\"button.default\">\n\t\t\t\t<div class=\"elementor-widget-container\">\n\t\t\t\t\t\t\t\t\t<div class=\"elementor-button-wrapper\">\n\t\t\t\t\t<a class=\"elementor-button elementor-button-link elementor-size-sm\" href=\"#reserva\">\n\t\t\t\t\t\t<span class=\"elementor-button-content-wrapper\">\n\t\t\t\t\t\t\t\t\t<span class=\"elementor-button-text\">R\u00e9servez ici <\/span>\n\t\t\t\t\t<\/span>\n\t\t\t\t\t<\/a>\n\t\t\t\t<\/div>\n\t\t\t\t\t\t\t\t<\/div>\n\t\t\t\t<\/div>\n\t\t\t\t<div class=\"elementor-element elementor-element-fd32952 elementor-widget elementor-widget-heading\" data-id=\"fd32952\" data-element_type=\"widget\" data-e-type=\"widget\" data-widget_type=\"heading.default\">\n\t\t\t\t<div class=\"elementor-widget-container\">\n\t\t\t\t\t<h2 class=\"elementor-heading-title elementor-size-default\">OPTION 2 : TOL\u00c8DE EN TRAIN AVE (Train \u00e0 haute vitesse)<\/h2>\t\t\t\t<\/div>\n\t\t\t\t<\/div>\n\t\t\t\t<div class=\"elementor-element elementor-element-a74ce1a elementor-widget elementor-widget-heading\" data-id=\"a74ce1a\" data-element_type=\"widget\" data-e-type=\"widget\" data-widget_type=\"heading.default\">\n\t\t\t\t<div class=\"elementor-widget-container\">\n\t\t\t\t\t<h2 class=\"elementor-heading-title elementor-size-default\">Dur\u00e9e: 8 heures<\/h2>\t\t\t\t<\/div>\n\t\t\t\t<\/div>\n\t\t\t\t<div class=\"elementor-element elementor-element-c0c491d elementor-widget elementor-widget-heading\" data-id=\"c0c491d\" data-element_type=\"widget\" data-e-type=\"widget\" data-widget_type=\"heading.default\">\n\t\t\t\t<div class=\"elementor-widget-container\">\n\t\t\t\t\t<h2 class=\"elementor-heading-title elementor-size-default\">Tarif :  550\u20ac forfait + 80\u20ac par personne<\/h2>\t\t\t\t<\/div>\n\t\t\t\t<\/div>\n\t\t\t\t<div class=\"elementor-element elementor-element-fd69276 elementor-widget elementor-widget-text-editor\" data-id=\"fd69276\" data-element_type=\"widget\" data-e-type=\"widget\" data-widget_type=\"text-editor.default\">\n\t\t\t\t<div class=\"elementor-widget-container\">\n\t\t\t\t\t\t\t\t\t<p>Tarif par visite<\/p><div id=\"ts-body\"><div class=\"css-52 ts-pivot-container\"><div id=\"ContentContainer\"><div><div><div role=\"tabpanel\" aria-labelledby=\"Pivot2-Tab0\"><div class=\"ts-lookup-pivot\"><div id=\"Lookup\" class=\"ts-pivot-lookup-component\"><div class=\"ms-Grid ts-grid\"><div class=\"ms-Grid-row\"><div class=\"ts-textfield-container ts-larger-font\" lang=\"fr\"><div class=\"ts-alignment-view-container\"><div id=\"ts-alignment-view-idtgt\" class=\"ts-alignment-view ms-font-m ts-alignment-view-tgt ts-ltr-left-zero\" tabindex=\"0\" aria-hidden=\"false\"><div role=\"label\"><span id=\"tgtAlignment_0\" class=\"ts-alignment-element\" data-is-focusable=\"true\">De<\/span> 1\u00a0<span id=\"tgtAlignment_2\" class=\"ts-alignment-element\" data-is-focusable=\"true\">\u00e0<\/span> 7\u00a0<span id=\"tgtAlignment_4\" class=\"ts-alignment-element-highlighted\" data-is-focusable=\"true\">personnes<\/span><\/div><\/div><\/div><\/div><\/div><\/div><\/div><\/div><\/div><\/div><\/div><\/div><\/div><\/div>\t\t\t\t\t\t\t\t<\/div>\n\t\t\t\t<\/div>\n\t\t\t\t<div class=\"elementor-element elementor-element-ed6eb16 elementor-widget elementor-widget-heading\" data-id=\"ed6eb16\" data-element_type=\"widget\" data-e-type=\"widget\" data-widget_type=\"heading.default\">\n\t\t\t\t<div class=\"elementor-widget-container\">\n\t\t\t\t\t<h2 class=\"elementor-heading-title elementor-size-default\">Inclus:<\/h2>\t\t\t\t<\/div>\n\t\t\t\t<\/div>\n\t\t\t\t<div class=\"elementor-element elementor-element-e3a543d elementor-widget elementor-widget-text-editor\" data-id=\"e3a543d\" data-element_type=\"widget\" data-e-type=\"widget\" data-widget_type=\"text-editor.default\">\n\t\t\t\t<div class=\"elementor-widget-container\">\n\t\t\t\t\t\t\t\t\t<ul><li><p>Notre tarif en tant que votre guide officiel priv\u00e9 pendant toute la journ\u00e9e<\/p><\/li><li><p>Billets de train AVE Madrid-Tol\u00e8de-Madrid<\/p><\/li><li><p>Taxi \u00e0 Tol\u00e8de pour les suivants parcours:<\/p><ul><li><p>Gare de train-tour panoramique-centre-ville historique<\/p><\/li><li><p>Centre-ville historique- Gare de train<\/p><\/li><\/ul><\/li><li><p>Les billets d\u2019acc\u00e8s des monuments du programme<\/p><\/li><li><p>Imp\u00f4ts<\/p><\/li><\/ul>\t\t\t\t\t\t\t\t<\/div>\n\t\t\t\t<\/div>\n\t\t\t\t<div class=\"elementor-element elementor-element-4b41f26 elementor-widget elementor-widget-heading\" data-id=\"4b41f26\" data-element_type=\"widget\" data-e-type=\"widget\" data-widget_type=\"heading.default\">\n\t\t\t\t<div class=\"elementor-widget-container\">\n\t\t\t\t\t<h2 class=\"elementor-heading-title elementor-size-default\">Non inclus:<\/h2>\t\t\t\t<\/div>\n\t\t\t\t<\/div>\n\t\t\t\t<div class=\"elementor-element elementor-element-e74175d elementor-widget elementor-widget-text-editor\" data-id=\"e74175d\" data-element_type=\"widget\" data-e-type=\"widget\" data-widget_type=\"text-editor.default\">\n\t\t\t\t<div class=\"elementor-widget-container\">\n\t\t\t\t\t\t\t\t\t<ul><li><p>Nourriture et boissons<\/p><\/li><li><p>Transport \u00e0 Madrid\u00a0<\/p><\/li><\/ul>\t\t\t\t\t\t\t\t<\/div>\n\t\t\t\t<\/div>\n\t\t\t\t<div class=\"elementor-element elementor-element-8508fc8 elementor-widget elementor-widget-heading\" data-id=\"8508fc8\" data-element_type=\"widget\" data-e-type=\"widget\" data-widget_type=\"heading.default\">\n\t\t\t\t<div class=\"elementor-widget-container\">\n\t\t\t\t\t<h2 class=\"elementor-heading-title elementor-size-default\">Point de rendez-vous:<\/h2>\t\t\t\t<\/div>\n\t\t\t\t<\/div>\n\t\t\t\t<div class=\"elementor-element elementor-element-128ffb3 elementor-widget elementor-widget-text-editor\" data-id=\"128ffb3\" data-element_type=\"widget\" data-e-type=\"widget\" data-widget_type=\"text-editor.default\">\n\t\t\t\t<div class=\"elementor-widget-container\">\n\t\t\t\t\t\t\t\t\t<p>\u00c0 votre h\u00f4tel<\/p><p>Remarque : Si l\u2019h\u00f4tel n\u2019est pas en centre-ville, un suppl\u00e9ment de taxi sera ajout\u00e9.<\/p>\t\t\t\t\t\t\t\t<\/div>\n\t\t\t\t<\/div>\n\t\t\t\t<div class=\"elementor-element elementor-element-cc17feb elementor-widget elementor-widget-button\" data-id=\"cc17feb\" data-element_type=\"widget\" data-e-type=\"widget\" data-widget_type=\"button.default\">\n\t\t\t\t<div class=\"elementor-widget-container\">\n\t\t\t\t\t\t\t\t\t<div class=\"elementor-button-wrapper\">\n\t\t\t\t\t<a class=\"elementor-button elementor-button-link elementor-size-sm\" href=\"#reserva\">\n\t\t\t\t\t\t<span class=\"elementor-button-content-wrapper\">\n\t\t\t\t\t\t\t\t\t<span class=\"elementor-button-text\">R\u00e9servez ici<\/span>\n\t\t\t\t\t<\/span>\n\t\t\t\t\t<\/a>\n\t\t\t\t<\/div>\n\t\t\t\t\t\t\t\t<\/div>\n\t\t\t\t<\/div>\n\t\t\t\t\t<\/div>\n\t\t<\/div>\n\t\t\t\t<div class=\"elementor-column elementor-col-50 elementor-inner-column elementor-element elementor-element-af82957\" data-id=\"af82957\" data-element_type=\"column\" data-e-type=\"column\" data-settings=\"{&quot;background_background&quot;:&quot;classic&quot;}\">\n\t\t\t<div class=\"elementor-widget-wrap elementor-element-populated\">\n\t\t\t\t\t\t<div class=\"elementor-element elementor-element-d22c574 elementor-widget elementor-widget-heading\" data-id=\"d22c574\" data-element_type=\"widget\" data-e-type=\"widget\" data-widget_type=\"heading.default\">\n\t\t\t\t<div class=\"elementor-widget-container\">\n\t\t\t\t\t<h2 class=\"elementor-heading-title elementor-size-default\">Programme <\/h2>\t\t\t\t<\/div>\n\t\t\t\t<\/div>\n\t\t\t\t<div class=\"elementor-element elementor-element-33e4649 elementor-widget elementor-widget-text-editor\" data-id=\"33e4649\" data-element_type=\"widget\" data-e-type=\"widget\" data-widget_type=\"text-editor.default\">\n\t\t\t\t<div class=\"elementor-widget-container\">\n\t\t\t\t\t\t\t\t\t<p>Tol\u00e8de est une ville pleine d\u2019histoire. Elle concentre des vestiges de toutes les cultures qui se sont install\u00e9es dans la p\u00e9ninsule ib\u00e9rique depuis l\u2019antiquit\u00e9.\u00a0 Fond\u00e9e il y a 2000 ans sur une colline prot\u00e9g\u00e9e par le Tage, Tol\u00e8de fut successivement un municipium romain, la capitale du Royaume des Wisigoths, forteresse de l\u2019\u00c9mirat de Cordoue, et, au Moyen Age, \u00ab La ville aux Trois Cultures \u00bb : chr\u00e9tiens, musulmans et juifs y ont v\u00e9cu en paix pendant des si\u00e8cles. Aujourd\u2019hui, on y admire les vestiges de ponts, palais, \u00e9glises, mosqu\u00e9es et synagogues construits \u00e0 ces \u00e9poques.<\/p><p>Class\u00e9 au patrimoine mondial de l\u2019Unesco en 1986, Tol\u00e8de c\u2019est un mus\u00e9e en plein-air.<\/p><h3>Visite Panoramique<\/h3><p>Une fois \u00e0 Tol\u00e8de, nous ferons une visite panoramique pour profiter des meilleures vues de la ville fortifi\u00e9e.<\/p><p>Tol\u00e8de est un m\u00e9lange fascinant de diff\u00e9rents styles et cultures. Lors de notre promenade, nous allons visiter:<\/p><h3>La Cath\u00e9drale<\/h3><p>Exemple spectaculaire du gothique espagnol. Sa construction a dur\u00e9 des si\u00e8cles, nous verrons donc \u00e0 l\u2019int\u00e9rieur de beaux exemples de style renaissance, mud\u00e9jar, baroque et n\u00e9oclassique. Vous serez vraiment impressionn\u00e9s par la grandeur de cette cath\u00e9drale, la Cath\u00e9drale Primada.<\/p><h3>L\u2019\u00c9glise de Santo Tom\u00e9<\/h3><p>Il y a plusieurs endroits \u00e0 Tol\u00e8de o\u00f9 vous pouvez profiter des \u0153uvres du Greco, mais son tableau le plus c\u00e9l\u00e8bre se trouve dans cette petite \u00e9glise. Le Greco c\u2019est l\u2019un des ma\u00eetres de l\u2019art universel et \u00ab\u00a0L\u2019enterrement du Compte d\u2019Orgaz\u00a0\u00bb est consid\u00e9r\u00e9 comme un chef-d\u2019\u0153uvre majeur de la peinture.<\/p><h3>Le Quartier Juif<\/h3><p>est l\u2019un des quartiers avec plus de caract\u00e8re \u00e0 Tol\u00e8de. Il abritait la communaut\u00e9 juive la plus importante d\u2019Espagne. Nous visiterons sa synagogue plus ancienne, la synagogue de Sainte-Marie-La-Blanche.<\/p><h3>Le monast\u00e8re de Saint-Jean-des-Rois<\/h3><p>Ce bel exemple de style gothique \u00ab\u00a0isabelino\u00a0\u00bb est le deuxi\u00e8me temple le plus important de la ville. Sa construction fut command\u00e9e par les Rois Catholiques au XVe si\u00e8cle afin d\u2019en faire un lieu pour leur enterrement. Nous visiterons son \u00e9glise et son clo\u00eetre. Tout dans le monast\u00e8re nous rappelle ces monarques qui ont chang\u00e9 l\u2019histoire de l\u2019Espagne.<\/p><p>Apr\u00e8s la visite guid\u00e9e \u00e0 pied, nous ferons une pause-d\u00e9jeuner. Dans le centre historique, vous trouverez de nombreux petits restaurants et aussi de boutiques o\u00f9 admirer son artisanat\u00a0: L\u2019acier de Tol\u00e8de est connu depuis tr\u00e8s longtemps, le damasquin\u00e9, les \u00e9p\u00e9es, la c\u00e9ramique\u2026<\/p><p>Et bien s\u00fbr, pensez \u00e0 d\u00e9guster le c\u00e9l\u00e8bre massepain. C\u2019est d\u00e9licieux!<\/p>\t\t\t\t\t\t\t\t<\/div>\n\t\t\t\t<\/div>\n\t\t\t\t<div class=\"elementor-element elementor-element-1135b39 elementor-widget elementor-widget-heading\" data-id=\"1135b39\" data-element_type=\"widget\" data-e-type=\"widget\" data-widget_type=\"heading.default\">\n\t\t\t\t<div class=\"elementor-widget-container\">\n\t\t\t\t\t<h2 class=\"elementor-heading-title elementor-size-default\">Itin\u00e9raire <\/h2>\t\t\t\t<\/div>\n\t\t\t\t<\/div>\n\t\t\t\t<div class=\"elementor-element elementor-element-f0e8445 elementor-widget elementor-widget-text-editor\" data-id=\"f0e8445\" data-element_type=\"widget\" data-e-type=\"widget\" data-widget_type=\"text-editor.default\">\n\t\t\t\t<div class=\"elementor-widget-container\">\n\t\t\t\t\t\t\t\t\t<ul><li><p>Madrid-Tol\u00e8de<\/p><\/li><li><p>Visite panoramique<\/p><\/li><li><p>Cath\u00e9drale<\/p><\/li><li><p>\u00c9glise de Santo Tom\u00e9<\/p><\/li><li><p>Quartier juif<\/p><\/li><li><p>Synagogue Sainte-Marie-La-Blanche<\/p><\/li><li><p>Monast\u00e8re de Saint-Jean-des-Rois<\/p><\/li><li><p>Tol\u00e8de-Madrid<\/p><\/li><\/ul>\t\t\t\t\t\t\t\t<\/div>\n\t\t\t\t<\/div>\n\t\t\t\t\t<\/div>\n\t\t<\/div>\n\t\t\t\t\t<\/div>\n\t\t<\/section>\n\t\t\t\t\t<\/div>\n\t\t<\/div>\n\t\t\t\t\t<\/div>\n\t\t<\/section>\n\t\t\t\t<section class=\"elementor-section elementor-top-section elementor-element elementor-element-df48ede elementor-section-boxed elementor-section-height-default elementor-section-height-default\" data-id=\"df48ede\" data-element_type=\"section\" data-e-type=\"section\" data-settings=\"{&quot;background_background&quot;:&quot;classic&quot;}\">\n\t\t\t\t\t\t\t<div class=\"elementor-background-overlay\"><\/div>\n\t\t\t\t\t\t\t<div class=\"elementor-container elementor-column-gap-default\">\n\t\t\t\t\t<div class=\"elementor-column elementor-col-100 elementor-top-column elementor-element elementor-element-de2c1dd\" data-id=\"de2c1dd\" data-element_type=\"column\" data-e-type=\"column\">\n\t\t\t<div class=\"elementor-widget-wrap elementor-element-populated\">\n\t\t\t\t\t\t<div class=\"elementor-element elementor-element-53abeca elementor-widget elementor-widget-heading\" data-id=\"53abeca\" data-element_type=\"widget\" data-e-type=\"widget\" data-widget_type=\"heading.default\">\n\t\t\t\t<div class=\"elementor-widget-container\">\n\t\t\t\t\t<h2 class=\"elementor-heading-title elementor-size-default\">JOUR 3<\/h2>\t\t\t\t<\/div>\n\t\t\t\t<\/div>\n\t\t\t\t<div class=\"elementor-element elementor-element-d027e6b elementor-widget elementor-widget-heading\" data-id=\"d027e6b\" data-element_type=\"widget\" data-e-type=\"widget\" data-widget_type=\"heading.default\">\n\t\t\t\t<div class=\"elementor-widget-container\">\n\t\t\t\t\t<h2 class=\"elementor-heading-title elementor-size-default\">DEMI-JOURN\u00c9E \u00c0 MADRID ou EN DEHORS DE MADRID<\/h2>\t\t\t\t<\/div>\n\t\t\t\t<\/div>\n\t\t\t\t<section class=\"elementor-section elementor-inner-section elementor-element elementor-element-00af010 elementor-section-boxed elementor-section-height-default elementor-section-height-default\" data-id=\"00af010\" data-element_type=\"section\" data-e-type=\"section\">\n\t\t\t\t\t\t<div class=\"elementor-container elementor-column-gap-default\">\n\t\t\t\t\t<div class=\"elementor-column elementor-col-50 elementor-inner-column elementor-element elementor-element-ede24a7\" data-id=\"ede24a7\" data-element_type=\"column\" data-e-type=\"column\" data-settings=\"{&quot;background_background&quot;:&quot;classic&quot;}\">\n\t\t\t<div class=\"elementor-widget-wrap elementor-element-populated\">\n\t\t\t\t\t\t<div class=\"elementor-element elementor-element-30b33f9 elementor-widget elementor-widget-heading\" data-id=\"30b33f9\" data-element_type=\"widget\" data-e-type=\"widget\" data-widget_type=\"heading.default\">\n\t\t\t\t<div class=\"elementor-widget-container\">\n\t\t\t\t\t<h2 class=\"elementor-heading-title elementor-size-default\">OPTI\u00d3N 1: VISITE PANORAMIQUE DE MADRID EN V\u00c9HICULE PRIV\u00c9 + BALADE DANS LE QUARTIER DE SALAMANCA ET DANS LE PARC RETIRO<\/h2>\t\t\t\t<\/div>\n\t\t\t\t<\/div>\n\t\t\t\t<div class=\"elementor-element elementor-element-2070839 elementor-widget elementor-widget-heading\" data-id=\"2070839\" data-element_type=\"widget\" data-e-type=\"widget\" data-widget_type=\"heading.default\">\n\t\t\t\t<div class=\"elementor-widget-container\">\n\t\t\t\t\t<h2 class=\"elementor-heading-title elementor-size-default\">Dur\u00e9e: 4 heures<\/h2>\t\t\t\t<\/div>\n\t\t\t\t<\/div>\n\t\t\t\t<div class=\"elementor-element elementor-element-a4378cd elementor-widget elementor-widget-heading\" data-id=\"a4378cd\" data-element_type=\"widget\" data-e-type=\"widget\" data-widget_type=\"heading.default\">\n\t\t\t\t<div class=\"elementor-widget-container\">\n\t\t\t\t\t<h2 class=\"elementor-heading-title elementor-size-default\">Tarif : 470\u20ac <\/h2>\t\t\t\t<\/div>\n\t\t\t\t<\/div>\n\t\t\t\t<div class=\"elementor-element elementor-element-30822ad elementor-widget elementor-widget-text-editor\" data-id=\"30822ad\" data-element_type=\"widget\" data-e-type=\"widget\" data-widget_type=\"text-editor.default\">\n\t\t\t\t<div class=\"elementor-widget-container\">\n\t\t\t\t\t\t\t\t\t<p>Maximum 6 personnes. Pour des groupes plus larges, demandez-nous un devis.<\/p>\t\t\t\t\t\t\t\t<\/div>\n\t\t\t\t<\/div>\n\t\t\t\t<div class=\"elementor-element elementor-element-f89aef6 elementor-widget elementor-widget-heading\" data-id=\"f89aef6\" data-element_type=\"widget\" data-e-type=\"widget\" data-widget_type=\"heading.default\">\n\t\t\t\t<div class=\"elementor-widget-container\">\n\t\t\t\t\t<h2 class=\"elementor-heading-title elementor-size-default\">Inclus:<\/h2>\t\t\t\t<\/div>\n\t\t\t\t<\/div>\n\t\t\t\t<div class=\"elementor-element elementor-element-7c11567 elementor-widget elementor-widget-text-editor\" data-id=\"7c11567\" data-element_type=\"widget\" data-e-type=\"widget\" data-widget_type=\"text-editor.default\">\n\t\t\t\t<div class=\"elementor-widget-container\">\n\t\t\t\t\t\t\t\t\t<ul><li><p>Notre tarif en tant que votre guide officiel priv\u00e9<\/p><\/li><li><p>V\u00e9hicule priv\u00e9 &amp; chauffeur \u00e0 dispositions pendant 2 heures<\/p><\/li><li><p>Imp\u00f4ts<\/p><p>La visite panoramique se fera en v\u00e9hicule PRIV\u00c9 de luxe, spacieux, confortable et conduit par un chauffeur professionnel.<\/p><\/li><\/ul>\t\t\t\t\t\t\t\t<\/div>\n\t\t\t\t<\/div>\n\t\t\t\t<div class=\"elementor-element elementor-element-e192775 elementor-widget elementor-widget-heading\" data-id=\"e192775\" data-element_type=\"widget\" data-e-type=\"widget\" data-widget_type=\"heading.default\">\n\t\t\t\t<div class=\"elementor-widget-container\">\n\t\t\t\t\t<h2 class=\"elementor-heading-title elementor-size-default\">Point de rendez-vous:<\/h2>\t\t\t\t<\/div>\n\t\t\t\t<\/div>\n\t\t\t\t<div class=\"elementor-element elementor-element-35f62a6 elementor-widget elementor-widget-text-editor\" data-id=\"35f62a6\" data-element_type=\"widget\" data-e-type=\"widget\" data-widget_type=\"text-editor.default\">\n\t\t\t\t<div class=\"elementor-widget-container\">\n\t\t\t\t\t\t\t\t\t<p>\u00c0 votre h\u00f4tel<\/p>\t\t\t\t\t\t\t\t<\/div>\n\t\t\t\t<\/div>\n\t\t\t\t<div class=\"elementor-element elementor-element-a847f6b elementor-widget elementor-widget-button\" data-id=\"a847f6b\" data-element_type=\"widget\" data-e-type=\"widget\" data-widget_type=\"button.default\">\n\t\t\t\t<div class=\"elementor-widget-container\">\n\t\t\t\t\t\t\t\t\t<div class=\"elementor-button-wrapper\">\n\t\t\t\t\t<a class=\"elementor-button elementor-button-link elementor-size-sm\" href=\"#reserva\">\n\t\t\t\t\t\t<span class=\"elementor-button-content-wrapper\">\n\t\t\t\t\t\t\t\t\t<span class=\"elementor-button-text\">R\u00e9servez ici <\/span>\n\t\t\t\t\t<\/span>\n\t\t\t\t\t<\/a>\n\t\t\t\t<\/div>\n\t\t\t\t\t\t\t\t<\/div>\n\t\t\t\t<\/div>\n\t\t\t\t\t<\/div>\n\t\t<\/div>\n\t\t\t\t<div class=\"elementor-column elementor-col-50 elementor-inner-column elementor-element elementor-element-8310ef2\" data-id=\"8310ef2\" data-element_type=\"column\" data-e-type=\"column\" data-settings=\"{&quot;background_background&quot;:&quot;classic&quot;}\">\n\t\t\t<div class=\"elementor-widget-wrap elementor-element-populated\">\n\t\t\t\t\t\t<div class=\"elementor-element elementor-element-30d09b0 elementor-widget elementor-widget-heading\" data-id=\"30d09b0\" data-element_type=\"widget\" data-e-type=\"widget\" data-widget_type=\"heading.default\">\n\t\t\t\t<div class=\"elementor-widget-container\">\n\t\t\t\t\t<h2 class=\"elementor-heading-title elementor-size-default\">Programme <\/h2>\t\t\t\t<\/div>\n\t\t\t\t<\/div>\n\t\t\t\t<div class=\"elementor-element elementor-element-a0971a2 elementor-widget elementor-widget-text-editor\" data-id=\"a0971a2\" data-element_type=\"widget\" data-e-type=\"widget\" data-widget_type=\"text-editor.default\">\n\t\t\t\t<div class=\"elementor-widget-container\">\n\t\t\t\t\t\t\t\t\t<p>Cette visite vous offre une vision compl\u00e8te de la ville et ses quartiers les plus repr\u00e9sentatifs : le Madrid du XVIIIe si\u00e8cle avec ses grands mus\u00e9es et ses belles fontaines mythologiques, l\u2019ar\u00e8ne de Las Ventas, Le Paseo de la Castellana, la zone financi\u00e8re, le stade du Real Madrid et la Gran V\u00eda avec ses beaux b\u00e2timents du d\u00e9but du XXe si\u00e8cle.<\/p><p>Ensuite, nous ferons une agr\u00e9able promenade \u00e0 pied dans le parc du Retiro. Nous allons admirer l\u2019\u00e9tang, le c\u00e9l\u00e8bre palais de cristal et ses belles fontaines et sculptures. Pour finir notre visite en explorant le bourgeois quartier de Salamanque avec ses boutiques de luxe.<\/p><p>Itineraire:<\/p><ul><li><p>2 heures de visite panoramique en v\u00e9hicule priv\u00e9<\/p><\/li><li><p>Balade dans le parc Retiro<\/p><\/li><li><p>Balade dans le quartier de Salamanca<\/p><\/li><\/ul>\t\t\t\t\t\t\t\t<\/div>\n\t\t\t\t<\/div>\n\t\t\t\t\t<\/div>\n\t\t<\/div>\n\t\t\t\t\t<\/div>\n\t\t<\/section>\n\t\t\t\t<section class=\"elementor-section elementor-inner-section elementor-element elementor-element-6fd3b76 elementor-section-boxed elementor-section-height-default elementor-section-height-default\" data-id=\"6fd3b76\" data-element_type=\"section\" data-e-type=\"section\">\n\t\t\t\t\t\t<div class=\"elementor-container elementor-column-gap-default\">\n\t\t\t\t\t<div class=\"elementor-column elementor-col-50 elementor-inner-column elementor-element elementor-element-663e407\" data-id=\"663e407\" data-element_type=\"column\" data-e-type=\"column\" data-settings=\"{&quot;background_background&quot;:&quot;classic&quot;}\">\n\t\t\t<div class=\"elementor-widget-wrap elementor-element-populated\">\n\t\t\t\t\t\t<div class=\"elementor-element elementor-element-9e13e92 elementor-widget elementor-widget-heading\" data-id=\"9e13e92\" data-element_type=\"widget\" data-e-type=\"widget\" data-widget_type=\"heading.default\">\n\t\t\t\t<div class=\"elementor-widget-container\">\n\t\t\t\t\t<h2 class=\"elementor-heading-title elementor-size-default\">OPTION 2: VISITE PANORAMIQUE EN V\u00c9HICULE PRIV\u00c9 + VISITE DU MUS\u00c9E REINA SOFIA<\/h2>\t\t\t\t<\/div>\n\t\t\t\t<\/div>\n\t\t\t\t<div class=\"elementor-element elementor-element-803732f elementor-widget elementor-widget-heading\" data-id=\"803732f\" data-element_type=\"widget\" data-e-type=\"widget\" data-widget_type=\"heading.default\">\n\t\t\t\t<div class=\"elementor-widget-container\">\n\t\t\t\t\t<h2 class=\"elementor-heading-title elementor-size-default\">Dur\u00e9e: 4 heures<\/h2>\t\t\t\t<\/div>\n\t\t\t\t<\/div>\n\t\t\t\t<div class=\"elementor-element elementor-element-57dcf49 elementor-widget elementor-widget-heading\" data-id=\"57dcf49\" data-element_type=\"widget\" data-e-type=\"widget\" data-widget_type=\"heading.default\">\n\t\t\t\t<div class=\"elementor-widget-container\">\n\t\t\t\t\t<h2 class=\"elementor-heading-title elementor-size-default\">Tarif : 470\u20ac forfait + 12\u20ac par personne<\/h2>\t\t\t\t<\/div>\n\t\t\t\t<\/div>\n\t\t\t\t<div class=\"elementor-element elementor-element-36f7193 elementor-widget elementor-widget-text-editor\" data-id=\"36f7193\" data-element_type=\"widget\" data-e-type=\"widget\" data-widget_type=\"text-editor.default\">\n\t\t\t\t<div class=\"elementor-widget-container\">\n\t\t\t\t\t\t\t\t\t<p>Maximum 6 personnes. Au-del\u00e0 de 6, demandez-nous un devis.<\/p>\t\t\t\t\t\t\t\t<\/div>\n\t\t\t\t<\/div>\n\t\t\t\t<div class=\"elementor-element elementor-element-d38a540 elementor-widget elementor-widget-heading\" data-id=\"d38a540\" data-element_type=\"widget\" data-e-type=\"widget\" data-widget_type=\"heading.default\">\n\t\t\t\t<div class=\"elementor-widget-container\">\n\t\t\t\t\t<h2 class=\"elementor-heading-title elementor-size-default\">Inclus:<\/h2>\t\t\t\t<\/div>\n\t\t\t\t<\/div>\n\t\t\t\t<div class=\"elementor-element elementor-element-e83a90d elementor-widget elementor-widget-text-editor\" data-id=\"e83a90d\" data-element_type=\"widget\" data-e-type=\"widget\" data-widget_type=\"text-editor.default\">\n\t\t\t\t<div class=\"elementor-widget-container\">\n\t\t\t\t\t\t\t\t\t<ul><li><p>Notre tarif de guide-conf\u00e9renci\u00e8re officielle priv\u00e9e<\/p><\/li><li><p>V\u00e9hicule priv\u00e9 &amp; chauffeur \u00e0 dispositions pendant 2 heures<\/p><\/li><li><p>Billet coupe-file du mus\u00e9e<\/p><\/li><li><p>Imp\u00f4ts<\/p><p>La visite panoramique se fera en v\u00e9hicule PRIV\u00c9 de luxe, spacieux, confortable et conduit par un chauffeur professionnel<\/p><\/li><\/ul>\t\t\t\t\t\t\t\t<\/div>\n\t\t\t\t<\/div>\n\t\t\t\t<div class=\"elementor-element elementor-element-e66fca2 elementor-widget elementor-widget-heading\" data-id=\"e66fca2\" data-element_type=\"widget\" data-e-type=\"widget\" data-widget_type=\"heading.default\">\n\t\t\t\t<div class=\"elementor-widget-container\">\n\t\t\t\t\t<h2 class=\"elementor-heading-title elementor-size-default\">Point de rendez-vous:<\/h2>\t\t\t\t<\/div>\n\t\t\t\t<\/div>\n\t\t\t\t<div class=\"elementor-element elementor-element-a7038e1 elementor-widget elementor-widget-text-editor\" data-id=\"a7038e1\" data-element_type=\"widget\" data-e-type=\"widget\" data-widget_type=\"text-editor.default\">\n\t\t\t\t<div class=\"elementor-widget-container\">\n\t\t\t\t\t\t\t\t\t<p>\u00c0 votre h\u00f4tel<br \/>Remarque : Si l\u2019h\u00f4tel n\u2019est pas en centre-ville, un suppl\u00e9ment de taxi sera ajout\u00e9.<\/p>\t\t\t\t\t\t\t\t<\/div>\n\t\t\t\t<\/div>\n\t\t\t\t<div class=\"elementor-element elementor-element-324a1ee elementor-widget elementor-widget-button\" data-id=\"324a1ee\" data-element_type=\"widget\" data-e-type=\"widget\" data-widget_type=\"button.default\">\n\t\t\t\t<div class=\"elementor-widget-container\">\n\t\t\t\t\t\t\t\t\t<div class=\"elementor-button-wrapper\">\n\t\t\t\t\t<a class=\"elementor-button elementor-button-link elementor-size-sm\" href=\"#reserva\">\n\t\t\t\t\t\t<span class=\"elementor-button-content-wrapper\">\n\t\t\t\t\t\t\t\t\t<span class=\"elementor-button-text\">R\u00e9servez ici <\/span>\n\t\t\t\t\t<\/span>\n\t\t\t\t\t<\/a>\n\t\t\t\t<\/div>\n\t\t\t\t\t\t\t\t<\/div>\n\t\t\t\t<\/div>\n\t\t\t\t\t<\/div>\n\t\t<\/div>\n\t\t\t\t<div class=\"elementor-column elementor-col-50 elementor-inner-column elementor-element elementor-element-b758cdf\" data-id=\"b758cdf\" data-element_type=\"column\" data-e-type=\"column\" data-settings=\"{&quot;background_background&quot;:&quot;classic&quot;}\">\n\t\t\t<div class=\"elementor-widget-wrap elementor-element-populated\">\n\t\t\t\t\t\t<div class=\"elementor-element elementor-element-b22b4c8 elementor-widget elementor-widget-heading\" data-id=\"b22b4c8\" data-element_type=\"widget\" data-e-type=\"widget\" data-widget_type=\"heading.default\">\n\t\t\t\t<div class=\"elementor-widget-container\">\n\t\t\t\t\t<h2 class=\"elementor-heading-title elementor-size-default\">Programme <\/h2>\t\t\t\t<\/div>\n\t\t\t\t<\/div>\n\t\t\t\t<div class=\"elementor-element elementor-element-a4488d4 elementor-widget elementor-widget-text-editor\" data-id=\"a4488d4\" data-element_type=\"widget\" data-e-type=\"widget\" data-widget_type=\"text-editor.default\">\n\t\t\t\t<div class=\"elementor-widget-container\">\n\t\t\t\t\t\t\t\t\t<p>Cette visite vous offre une vision compl\u00e8te de la ville et ses quartiers les plus repr\u00e9sentatifs : le Madrid du XVIIIe si\u00e8cle avec ses grands mus\u00e9es et ses belles fontaines mythologiques, l\u2019ar\u00e8ne de Las Ventas, Le Paseo de la Castellana, la zone financi\u00e8re, le stade du Real Madrid et la Gran V\u00eda avec ses beaux b\u00e2timents du d\u00e9but du XXe si\u00e8cle<\/p><p>Notre v\u00e9hicule priv\u00e9 nous d\u00e9posera au mus\u00e9e Reina Sofia. Ce mus\u00e9 se trouve dans un ancien h\u00f4pital du XVIIIe si\u00e8cle et c\u2019est le compl\u00e9ment parfait \u00e0 la visite du Prado. Le Centre d\u2019Art Reina Sofia nous donne une vision du panorama artistique espagnol du XXe si\u00e8cle. <strong>Picasso, Dali et Joan Mir\u00f3<\/strong> sont les peintres plus connus dont on peut admirer les \u0153uvres dans ce mus\u00e9. Le must de la collection \u00e9tant le \u00ab\u00a0<strong>Guernica\u00a0<\/strong>\u00bb de Picasso, peint pendant la guerre civile espagnole.<\/p><p>Itineraire:<\/p><ul><li><p>Visite Panoramique de 2 heures en v\u00e9hicule priv\u00e9<\/p><\/li><li><p>Visite priv\u00e9e du Mus\u00e9e Reina Sofia<\/p><\/li><\/ul>\t\t\t\t\t\t\t\t<\/div>\n\t\t\t\t<\/div>\n\t\t\t\t\t<\/div>\n\t\t<\/div>\n\t\t\t\t\t<\/div>\n\t\t<\/section>\n\t\t\t\t<section class=\"elementor-section elementor-inner-section elementor-element elementor-element-0318df1 elementor-section-boxed elementor-section-height-default elementor-section-height-default\" data-id=\"0318df1\" data-element_type=\"section\" data-e-type=\"section\">\n\t\t\t\t\t\t<div class=\"elementor-container elementor-column-gap-default\">\n\t\t\t\t\t<div class=\"elementor-column elementor-col-50 elementor-inner-column elementor-element elementor-element-8e60954\" data-id=\"8e60954\" data-element_type=\"column\" data-e-type=\"column\" data-settings=\"{&quot;background_background&quot;:&quot;classic&quot;}\">\n\t\t\t<div class=\"elementor-widget-wrap elementor-element-populated\">\n\t\t\t\t\t\t<div class=\"elementor-element elementor-element-1680673 elementor-widget elementor-widget-heading\" data-id=\"1680673\" data-element_type=\"widget\" data-e-type=\"widget\" data-widget_type=\"heading.default\">\n\t\t\t\t<div class=\"elementor-widget-container\">\n\t\t\t\t\t<h2 class=\"elementor-heading-title elementor-size-default\">OPTI\u00d3N 3: MONAST\u00c8RE DE  L\u2019ESCURIAL ET LA VALL\u00c9E DE LOS CAIDOS<\/h2>\t\t\t\t<\/div>\n\t\t\t\t<\/div>\n\t\t\t\t<div class=\"elementor-element elementor-element-dc0b6c8 elementor-widget elementor-widget-heading\" data-id=\"dc0b6c8\" data-element_type=\"widget\" data-e-type=\"widget\" data-widget_type=\"heading.default\">\n\t\t\t\t<div class=\"elementor-widget-container\">\n\t\t\t\t\t<h2 class=\"elementor-heading-title elementor-size-default\">Dur\u00e9e: 5 heures<\/h2>\t\t\t\t<\/div>\n\t\t\t\t<\/div>\n\t\t\t\t<div class=\"elementor-element elementor-element-4ec7090 elementor-widget elementor-widget-heading\" data-id=\"4ec7090\" data-element_type=\"widget\" data-e-type=\"widget\" data-widget_type=\"heading.default\">\n\t\t\t\t<div class=\"elementor-widget-container\">\n\t\t\t\t\t<h2 class=\"elementor-heading-title elementor-size-default\">Tarif : 720\u20ac forfait + 30\u20ac par personne<\/h2>\t\t\t\t<\/div>\n\t\t\t\t<\/div>\n\t\t\t\t<div class=\"elementor-element elementor-element-12ec6fc elementor-widget elementor-widget-text-editor\" data-id=\"12ec6fc\" data-element_type=\"widget\" data-e-type=\"widget\" data-widget_type=\"text-editor.default\">\n\t\t\t\t<div class=\"elementor-widget-container\">\n\t\t\t\t\t\t\t\t\t<p>Maximum 6 personnes. Pour des groupes plus larges, demandez-nous un devis.<\/p>\t\t\t\t\t\t\t\t<\/div>\n\t\t\t\t<\/div>\n\t\t\t\t<div class=\"elementor-element elementor-element-41f005a elementor-widget elementor-widget-heading\" data-id=\"41f005a\" data-element_type=\"widget\" data-e-type=\"widget\" data-widget_type=\"heading.default\">\n\t\t\t\t<div class=\"elementor-widget-container\">\n\t\t\t\t\t<h2 class=\"elementor-heading-title elementor-size-default\">Inclus:<\/h2>\t\t\t\t<\/div>\n\t\t\t\t<\/div>\n\t\t\t\t<div class=\"elementor-element elementor-element-2fb08c4 elementor-widget elementor-widget-text-editor\" data-id=\"2fb08c4\" data-element_type=\"widget\" data-e-type=\"widget\" data-widget_type=\"text-editor.default\">\n\t\t\t\t<div class=\"elementor-widget-container\">\n\t\t\t\t\t\t\t\t\t<ul><li><p>Notre tarif comme votre guide officiel autoris\u00e9 par Patrimoine National.<\/p><\/li><li><p>V\u00e9hicule priv\u00e9 &amp; chauffeur professionnel<\/p><\/li><li><p>Billets d\u2019acc\u00e8s coupe-file aux monuments<\/p><\/li><li><p>Imp\u00f4ts<\/p><p>L\u2019excursion se fera en v\u00e9hicule PRIV\u00c9 de luxe, spacieux, confortable et conduit par un chauffeur professionnel<\/p><\/li><\/ul>\t\t\t\t\t\t\t\t<\/div>\n\t\t\t\t<\/div>\n\t\t\t\t<div class=\"elementor-element elementor-element-93dfad2 elementor-widget elementor-widget-heading\" data-id=\"93dfad2\" data-element_type=\"widget\" data-e-type=\"widget\" data-widget_type=\"heading.default\">\n\t\t\t\t<div class=\"elementor-widget-container\">\n\t\t\t\t\t<h2 class=\"elementor-heading-title elementor-size-default\">Point de rendez-vous:<\/h2>\t\t\t\t<\/div>\n\t\t\t\t<\/div>\n\t\t\t\t<div class=\"elementor-element elementor-element-9d1ff91 elementor-widget elementor-widget-text-editor\" data-id=\"9d1ff91\" data-element_type=\"widget\" data-e-type=\"widget\" data-widget_type=\"text-editor.default\">\n\t\t\t\t<div class=\"elementor-widget-container\">\n\t\t\t\t\t\t\t\t\t<p>\u00c0 votre h\u00f4tel<\/p>\t\t\t\t\t\t\t\t<\/div>\n\t\t\t\t<\/div>\n\t\t\t\t<div class=\"elementor-element elementor-element-7b37e2f elementor-widget elementor-widget-button\" data-id=\"7b37e2f\" data-element_type=\"widget\" data-e-type=\"widget\" data-widget_type=\"button.default\">\n\t\t\t\t<div class=\"elementor-widget-container\">\n\t\t\t\t\t\t\t\t\t<div class=\"elementor-button-wrapper\">\n\t\t\t\t\t<a class=\"elementor-button elementor-button-link elementor-size-sm\" href=\"#reserva\">\n\t\t\t\t\t\t<span class=\"elementor-button-content-wrapper\">\n\t\t\t\t\t\t\t\t\t<span class=\"elementor-button-text\">R\u00e9servez ici<\/span>\n\t\t\t\t\t<\/span>\n\t\t\t\t\t<\/a>\n\t\t\t\t<\/div>\n\t\t\t\t\t\t\t\t<\/div>\n\t\t\t\t<\/div>\n\t\t\t\t\t<\/div>\n\t\t<\/div>\n\t\t\t\t<div class=\"elementor-column elementor-col-50 elementor-inner-column elementor-element elementor-element-291645a\" data-id=\"291645a\" data-element_type=\"column\" data-e-type=\"column\" data-settings=\"{&quot;background_background&quot;:&quot;classic&quot;}\">\n\t\t\t<div class=\"elementor-widget-wrap elementor-element-populated\">\n\t\t\t\t\t\t<div class=\"elementor-element elementor-element-7d0515c elementor-widget elementor-widget-heading\" data-id=\"7d0515c\" data-element_type=\"widget\" data-e-type=\"widget\" data-widget_type=\"heading.default\">\n\t\t\t\t<div class=\"elementor-widget-container\">\n\t\t\t\t\t<h2 class=\"elementor-heading-title elementor-size-default\">Programme<\/h2>\t\t\t\t<\/div>\n\t\t\t\t<\/div>\n\t\t\t\t<div class=\"elementor-element elementor-element-3f3710d elementor-widget elementor-widget-text-editor\" data-id=\"3f3710d\" data-element_type=\"widget\" data-e-type=\"widget\" data-widget_type=\"text-editor.default\">\n\t\t\t\t<div class=\"elementor-widget-container\">\n\t\t\t\t\t\t\t\t\t<p>Situ\u00e9 dans un beau cadre au pied de la Sierra de Guadarrama, le monast\u00e8re de San Lorenzo del Escorial est l\u2019exemple plus important de la Renaissance en Espagne. Il repr\u00e9sente aussi l\u2019apog\u00e9e de la dynastie Autrichienne ou des Habsbourg. Le monast\u00e8re \u00e9tait connu autrefois comme \u00ab\u00a0la\u00a0huiti\u00e8me merveille du monde\u00a0\u00bb et a \u00e9t\u00e9 class\u00e9 au patrimoine mondial de l\u2019UNESCO en 1984.<\/p><p>La vall\u00e9e des Morts se trouve juste \u00e0 une dizaine de kilom\u00e8tres de San Lorenzo del Escorial. Ce monument spectaculaire, command\u00e9 par le dictateur Francisco Franco apr\u00e8s la Guerre Civile Espagnole, a la plus haute croix du monde. La basilique a \u00e9t\u00e9 enti\u00e8rement creus\u00e9e \u00e0 l\u2019int\u00e9rieur de la montagne, o\u00f9 se trouvent les restes de milliers d\u2019Espagnols morts pendant la guerre civile.<\/p><p>Itin\u00e9raire:<\/p><ul><li><p>Visite priv\u00e9e du Monast\u00e8re de San Lorenzo de l\u2019Escurial<\/p><\/li><li><p>Visite priv\u00e9e de la Vall\u00e9e de los Morts<\/p><\/li><\/ul>\t\t\t\t\t\t\t\t<\/div>\n\t\t\t\t<\/div>\n\t\t\t\t\t<\/div>\n\t\t<\/div>\n\t\t\t\t\t<\/div>\n\t\t<\/section>\n\t\t\t\t<section class=\"elementor-section elementor-inner-section elementor-element elementor-element-51fab73 elementor-section-boxed elementor-section-height-default elementor-section-height-default\" data-id=\"51fab73\" data-element_type=\"section\" data-e-type=\"section\">\n\t\t\t\t\t\t<div class=\"elementor-container elementor-column-gap-default\">\n\t\t\t\t\t<div class=\"elementor-column elementor-col-50 elementor-inner-column elementor-element elementor-element-aa5b8cd\" data-id=\"aa5b8cd\" data-element_type=\"column\" data-e-type=\"column\" data-settings=\"{&quot;background_background&quot;:&quot;classic&quot;}\">\n\t\t\t<div class=\"elementor-widget-wrap elementor-element-populated\">\n\t\t\t\t\t\t<div class=\"elementor-element elementor-element-db369a4 elementor-widget elementor-widget-heading\" data-id=\"db369a4\" data-element_type=\"widget\" data-e-type=\"widget\" data-widget_type=\"heading.default\">\n\t\t\t\t<div class=\"elementor-widget-container\">\n\t\t\t\t\t<h2 class=\"elementor-heading-title elementor-size-default\">OPTION 4: LE PALAIS D\u2019ARANJUEZ ET SES JARDINS<\/h2>\t\t\t\t<\/div>\n\t\t\t\t<\/div>\n\t\t\t\t<div class=\"elementor-element elementor-element-b199638 elementor-widget elementor-widget-heading\" data-id=\"b199638\" data-element_type=\"widget\" data-e-type=\"widget\" data-widget_type=\"heading.default\">\n\t\t\t\t<div class=\"elementor-widget-container\">\n\t\t\t\t\t<h2 class=\"elementor-heading-title elementor-size-default\">Dur\u00e9e: 5 heures<\/h2>\t\t\t\t<\/div>\n\t\t\t\t<\/div>\n\t\t\t\t<div class=\"elementor-element elementor-element-819ddfd elementor-widget elementor-widget-heading\" data-id=\"819ddfd\" data-element_type=\"widget\" data-e-type=\"widget\" data-widget_type=\"heading.default\">\n\t\t\t\t<div class=\"elementor-widget-container\">\n\t\t\t\t\t<h2 class=\"elementor-heading-title elementor-size-default\">Tarif : 720\u20ac forfait + 12\u20ac par personne<\/h2>\t\t\t\t<\/div>\n\t\t\t\t<\/div>\n\t\t\t\t<div class=\"elementor-element elementor-element-88e7f61 elementor-widget elementor-widget-text-editor\" data-id=\"88e7f61\" data-element_type=\"widget\" data-e-type=\"widget\" data-widget_type=\"text-editor.default\">\n\t\t\t\t<div class=\"elementor-widget-container\">\n\t\t\t\t\t\t\t\t\t<p>Maximum 6 personnes. Au-del\u00e0 de 6, demandez-nous un devis.<\/p>\t\t\t\t\t\t\t\t<\/div>\n\t\t\t\t<\/div>\n\t\t\t\t<div class=\"elementor-element elementor-element-39f95c1 elementor-widget elementor-widget-heading\" data-id=\"39f95c1\" data-element_type=\"widget\" data-e-type=\"widget\" data-widget_type=\"heading.default\">\n\t\t\t\t<div class=\"elementor-widget-container\">\n\t\t\t\t\t<h2 class=\"elementor-heading-title elementor-size-default\">Inclus:<\/h2>\t\t\t\t<\/div>\n\t\t\t\t<\/div>\n\t\t\t\t<div class=\"elementor-element elementor-element-31e3611 elementor-widget elementor-widget-text-editor\" data-id=\"31e3611\" data-element_type=\"widget\" data-e-type=\"widget\" data-widget_type=\"text-editor.default\">\n\t\t\t\t<div class=\"elementor-widget-container\">\n\t\t\t\t\t\t\t\t\t<ul><li><p>Notre tarif en tant que votre guide officiel autoris\u00e9 par Patrimoine National.<\/p><\/li><li><p>Veh\u00edcule priv\u00e9 &amp; chauffeur profesionnel<\/p><\/li><li><p>Billets d\u2019acc\u00e8s au Palais et aux jardins<\/p><\/li><li><p>Imp\u00f4ts<\/p><p>L\u2019excursion se fera en v\u00e9hicule PRIV\u00c9 de luxe, spacieux, confortable et conduit par un chauffeur professionnel<\/p><\/li><\/ul>\t\t\t\t\t\t\t\t<\/div>\n\t\t\t\t<\/div>\n\t\t\t\t<div class=\"elementor-element elementor-element-16e98f8 elementor-widget elementor-widget-heading\" data-id=\"16e98f8\" data-element_type=\"widget\" data-e-type=\"widget\" data-widget_type=\"heading.default\">\n\t\t\t\t<div class=\"elementor-widget-container\">\n\t\t\t\t\t<h2 class=\"elementor-heading-title elementor-size-default\">Point de rendez-vous: <\/h2>\t\t\t\t<\/div>\n\t\t\t\t<\/div>\n\t\t\t\t<div class=\"elementor-element elementor-element-ce8521b elementor-widget elementor-widget-text-editor\" data-id=\"ce8521b\" data-element_type=\"widget\" data-e-type=\"widget\" data-widget_type=\"text-editor.default\">\n\t\t\t\t<div class=\"elementor-widget-container\">\n\t\t\t\t\t\t\t\t\t<p>H\u00f4tel<\/p>\t\t\t\t\t\t\t\t<\/div>\n\t\t\t\t<\/div>\n\t\t\t\t<div class=\"elementor-element elementor-element-62f184e elementor-widget elementor-widget-button\" data-id=\"62f184e\" data-element_type=\"widget\" data-e-type=\"widget\" data-widget_type=\"button.default\">\n\t\t\t\t<div class=\"elementor-widget-container\">\n\t\t\t\t\t\t\t\t\t<div class=\"elementor-button-wrapper\">\n\t\t\t\t\t<a class=\"elementor-button elementor-button-link elementor-size-sm\" href=\"#reserva\">\n\t\t\t\t\t\t<span class=\"elementor-button-content-wrapper\">\n\t\t\t\t\t\t\t\t\t<span class=\"elementor-button-text\">R\u00e9servez ici <\/span>\n\t\t\t\t\t<\/span>\n\t\t\t\t\t<\/a>\n\t\t\t\t<\/div>\n\t\t\t\t\t\t\t\t<\/div>\n\t\t\t\t<\/div>\n\t\t\t\t\t<\/div>\n\t\t<\/div>\n\t\t\t\t<div class=\"elementor-column elementor-col-50 elementor-inner-column elementor-element elementor-element-84d5ba6\" data-id=\"84d5ba6\" data-element_type=\"column\" data-e-type=\"column\" data-settings=\"{&quot;background_background&quot;:&quot;classic&quot;}\">\n\t\t\t<div class=\"elementor-widget-wrap elementor-element-populated\">\n\t\t\t\t\t\t<div class=\"elementor-element elementor-element-5612731 elementor-widget elementor-widget-heading\" data-id=\"5612731\" data-element_type=\"widget\" data-e-type=\"widget\" data-widget_type=\"heading.default\">\n\t\t\t\t<div class=\"elementor-widget-container\">\n\t\t\t\t\t<h2 class=\"elementor-heading-title elementor-size-default\">Programme <\/h2>\t\t\t\t<\/div>\n\t\t\t\t<\/div>\n\t\t\t\t<div class=\"elementor-element elementor-element-5f562a5 elementor-widget elementor-widget-text-editor\" data-id=\"5f562a5\" data-element_type=\"widget\" data-e-type=\"widget\" data-widget_type=\"text-editor.default\">\n\t\t\t\t<div class=\"elementor-widget-container\">\n\t\t\t\t\t\t\t\t\t<p>Ancienne r\u00e9sidence de campagne pr\u00e9f\u00e9r\u00e9e des Bourbons pour passer les printemps au XVIIIe si\u00e8cle, Aranjuez se situe \u00e0 une cinquantaine de kilom\u00e8tres au sud de Madrid. Le palais est entour\u00e9 de beaux jardins arros\u00e9s par le Tage. Le paysage culturel d\u2019Aranjuez a \u00e9te class\u00e9 patrimoine mondial par l\u2019Unesco.<\/p><p>Le site et ses jardins ont \u00e9t\u00e9 l\u2019inspiration pour des diff\u00e9rents artistes. \u00ab Le Concert \u00e0 Aranjuez \u00bb du ma\u00eetre Joaquin Rodrigo, c\u2019est connu dans tour le monde. Le peintre espagnol Rusi\u00f1ol a immortalis\u00e9 ses jardins dans des tr\u00e8s beaux tableaux.<\/p><p>Itineraire:<\/p><ul><li><p>Visite priv\u00e9e du Palais d\u2019Aranjuez<\/p><\/li><li><p>Visite des Jardins (Parterre et Jardins de la Isla)<\/p><\/li><\/ul>\t\t\t\t\t\t\t\t<\/div>\n\t\t\t\t<\/div>\n\t\t\t\t\t<\/div>\n\t\t<\/div>\n\t\t\t\t\t<\/div>\n\t\t<\/section>\n\t\t\t\t<section class=\"elementor-section elementor-inner-section elementor-element elementor-element-e5110d1 elementor-section-boxed elementor-section-height-default elementor-section-height-default\" data-id=\"e5110d1\" data-element_type=\"section\" data-e-type=\"section\">\n\t\t\t\t\t\t<div class=\"elementor-container elementor-column-gap-default\">\n\t\t\t\t\t<div class=\"elementor-column elementor-col-50 elementor-inner-column elementor-element elementor-element-5fda231\" data-id=\"5fda231\" data-element_type=\"column\" data-e-type=\"column\" data-settings=\"{&quot;background_background&quot;:&quot;classic&quot;}\">\n\t\t\t<div class=\"elementor-widget-wrap elementor-element-populated\">\n\t\t\t\t\t\t<div class=\"elementor-element elementor-element-756ebf9 elementor-widget elementor-widget-heading\" data-id=\"756ebf9\" data-element_type=\"widget\" data-e-type=\"widget\" data-widget_type=\"heading.default\">\n\t\t\t\t<div class=\"elementor-widget-container\">\n\t\t\t\t\t<h2 class=\"elementor-heading-title elementor-size-default\">OPTION 5: ALCAL\u00c1 DE HENARES<\/h2>\t\t\t\t<\/div>\n\t\t\t\t<\/div>\n\t\t\t\t<div class=\"elementor-element elementor-element-216b441 elementor-widget elementor-widget-heading\" data-id=\"216b441\" data-element_type=\"widget\" data-e-type=\"widget\" data-widget_type=\"heading.default\">\n\t\t\t\t<div class=\"elementor-widget-container\">\n\t\t\t\t\t<h2 class=\"elementor-heading-title elementor-size-default\">Dur\u00e9e: 5 heures<\/h2>\t\t\t\t<\/div>\n\t\t\t\t<\/div>\n\t\t\t\t<div class=\"elementor-element elementor-element-072298a elementor-widget elementor-widget-heading\" data-id=\"072298a\" data-element_type=\"widget\" data-e-type=\"widget\" data-widget_type=\"heading.default\">\n\t\t\t\t<div class=\"elementor-widget-container\">\n\t\t\t\t\t<h2 class=\"elementor-heading-title elementor-size-default\">Tarif: 720\u20ac forfait + 15\u20ac par personne<\/h2>\t\t\t\t<\/div>\n\t\t\t\t<\/div>\n\t\t\t\t<div class=\"elementor-element elementor-element-dc139af elementor-widget elementor-widget-text-editor\" data-id=\"dc139af\" data-element_type=\"widget\" data-e-type=\"widget\" data-widget_type=\"text-editor.default\">\n\t\t\t\t<div class=\"elementor-widget-container\">\n\t\t\t\t\t\t\t\t\t<p>Maximum 6 personnes. Pour des groupes plus larges, demandez-nous un devis.<\/p>\t\t\t\t\t\t\t\t<\/div>\n\t\t\t\t<\/div>\n\t\t\t\t<div class=\"elementor-element elementor-element-82393d4 elementor-widget elementor-widget-heading\" data-id=\"82393d4\" data-element_type=\"widget\" data-e-type=\"widget\" data-widget_type=\"heading.default\">\n\t\t\t\t<div class=\"elementor-widget-container\">\n\t\t\t\t\t<h2 class=\"elementor-heading-title elementor-size-default\">Inclus:<\/h2>\t\t\t\t<\/div>\n\t\t\t\t<\/div>\n\t\t\t\t<div class=\"elementor-element elementor-element-76342be elementor-widget elementor-widget-text-editor\" data-id=\"76342be\" data-element_type=\"widget\" data-e-type=\"widget\" data-widget_type=\"text-editor.default\">\n\t\t\t\t<div class=\"elementor-widget-container\">\n\t\t\t\t\t\t\t\t\t<ul><li><p>Notre tarif en tant que votre guide officielle priv\u00e9e<\/p><\/li><li><p>Billes d\u2019acc\u00e8s des monuments suivants:<\/p><ul><li><p>Maison de Cervantes<\/p><\/li><li><p>Universit\u00e9 \u00ab Cisneriana \u00bb<\/p><\/li><li><p>Cath\u00e9drale<\/p><\/li><\/ul><\/li><li><p>V\u00e9hicule priv\u00e9 avec chauffeur professionnel<\/p><\/li><li><p>Imp\u00f4ts<\/p><p>L\u2019excursion se fera en v\u00e9hicule PRIV\u00c9 de luxe, spacieux, confortable et conduit par un chauffeur professionnel<\/p><\/li><\/ul>\t\t\t\t\t\t\t\t<\/div>\n\t\t\t\t<\/div>\n\t\t\t\t<div class=\"elementor-element elementor-element-c9c824b elementor-widget elementor-widget-heading\" data-id=\"c9c824b\" data-element_type=\"widget\" data-e-type=\"widget\" data-widget_type=\"heading.default\">\n\t\t\t\t<div class=\"elementor-widget-container\">\n\t\t\t\t\t<h2 class=\"elementor-heading-title elementor-size-default\">Point de rendez-vous: <\/h2>\t\t\t\t<\/div>\n\t\t\t\t<\/div>\n\t\t\t\t<div class=\"elementor-element elementor-element-e80e053 elementor-widget elementor-widget-text-editor\" data-id=\"e80e053\" data-element_type=\"widget\" data-e-type=\"widget\" data-widget_type=\"text-editor.default\">\n\t\t\t\t<div class=\"elementor-widget-container\">\n\t\t\t\t\t\t\t\t\t<p>\u00c1 votre h\u00f4tel<\/p>\t\t\t\t\t\t\t\t<\/div>\n\t\t\t\t<\/div>\n\t\t\t\t<div class=\"elementor-element elementor-element-b475cdb elementor-widget elementor-widget-button\" data-id=\"b475cdb\" data-element_type=\"widget\" data-e-type=\"widget\" data-widget_type=\"button.default\">\n\t\t\t\t<div class=\"elementor-widget-container\">\n\t\t\t\t\t\t\t\t\t<div class=\"elementor-button-wrapper\">\n\t\t\t\t\t<a class=\"elementor-button elementor-button-link elementor-size-sm\" href=\"#reserva\">\n\t\t\t\t\t\t<span class=\"elementor-button-content-wrapper\">\n\t\t\t\t\t\t\t\t\t<span class=\"elementor-button-text\">R\u00e9servez ici <\/span>\n\t\t\t\t\t<\/span>\n\t\t\t\t\t<\/a>\n\t\t\t\t<\/div>\n\t\t\t\t\t\t\t\t<\/div>\n\t\t\t\t<\/div>\n\t\t\t\t\t<\/div>\n\t\t<\/div>\n\t\t\t\t<div class=\"elementor-column elementor-col-50 elementor-inner-column elementor-element elementor-element-c7bb48f\" data-id=\"c7bb48f\" data-element_type=\"column\" data-e-type=\"column\" data-settings=\"{&quot;background_background&quot;:&quot;classic&quot;}\">\n\t\t\t<div class=\"elementor-widget-wrap elementor-element-populated\">\n\t\t\t\t\t\t<div class=\"elementor-element elementor-element-bba8c0b elementor-widget elementor-widget-heading\" data-id=\"bba8c0b\" data-element_type=\"widget\" data-e-type=\"widget\" data-widget_type=\"heading.default\">\n\t\t\t\t<div class=\"elementor-widget-container\">\n\t\t\t\t\t<h2 class=\"elementor-heading-title elementor-size-default\">Programme <\/h2>\t\t\t\t<\/div>\n\t\t\t\t<\/div>\n\t\t\t\t<div class=\"elementor-element elementor-element-8f8c63e elementor-widget elementor-widget-text-editor\" data-id=\"8f8c63e\" data-element_type=\"widget\" data-e-type=\"widget\" data-widget_type=\"text-editor.default\">\n\t\t\t\t<div class=\"elementor-widget-container\">\n\t\t\t\t\t\t\t\t\t<p>Alcal\u00e1 de Henares c\u2019est la ville natale de notre plus illustre \u00e9crivain, Miguel de Cervantes et le si\u00e8ge de l\u2019une des plus anciennes et prestigieuses universit\u00e9s d\u2019Espagne. Son centre historique, tr\u00e8s bien conserv\u00e9, nous emm\u00e8ne \u00e0 l\u2019\u00e9poque de sa splendeur du si\u00e8cle d\u2019or.\u00a0 Alcal\u00e1 fut la premi\u00e8re \u00ab\u00a0cit\u00e9e universitaire\u00a0\u00bb au monde, c\u2019est-\u00e0-dire, le plan de la ville a \u00e9t\u00e9 con\u00e7u en fonction des \u00c9tudes des \u00c9coles Universitaires au XVIe et XVIIe si\u00e8cle. Il fut le grand Cardinal Cisneros qui a cr\u00e9\u00e9 cette Universit\u00e9 en 1499.<\/p><ul><li><p>Plaza Cervantes<\/p><\/li><li><p>Universit\u00e9 Cisneriana<\/p><\/li><li><p>Calle Mayor<\/p><\/li><li><p>Maison natale de Cervantes<\/p><\/li><li><p>Cath\u00e9drale<\/p><\/li><\/ul>\t\t\t\t\t\t\t\t<\/div>\n\t\t\t\t<\/div>\n\t\t\t\t\t<\/div>\n\t\t<\/div>\n\t\t\t\t\t<\/div>\n\t\t<\/section>\n\t\t\t\t\t<\/div>\n\t\t<\/div>\n\t\t\t\t\t<\/div>\n\t\t<\/section>\n\t\t\t\t<section class=\"elementor-section elementor-top-section elementor-element elementor-element-43493df elementor-section-boxed elementor-section-height-default elementor-section-height-default\" data-id=\"43493df\" data-element_type=\"section\" data-e-type=\"section\" data-settings=\"{&quot;background_background&quot;:&quot;classic&quot;}\">\n\t\t\t\t\t\t\t<div class=\"elementor-background-overlay\"><\/div>\n\t\t\t\t\t\t\t<div class=\"elementor-container elementor-column-gap-default\">\n\t\t\t\t\t<div class=\"elementor-column elementor-col-100 elementor-top-column elementor-element elementor-element-277daaa\" data-id=\"277daaa\" data-element_type=\"column\" data-e-type=\"column\">\n\t\t\t<div class=\"elementor-widget-wrap elementor-element-populated\">\n\t\t\t\t\t\t<div class=\"elementor-element elementor-element-4c0af85 elementor-widget elementor-widget-heading\" data-id=\"4c0af85\" data-element_type=\"widget\" data-e-type=\"widget\" data-widget_type=\"heading.default\">\n\t\t\t\t<div class=\"elementor-widget-container\">\n\t\t\t\t\t<h2 class=\"elementor-heading-title elementor-size-default\">JOUR 4<\/h2>\t\t\t\t<\/div>\n\t\t\t\t<\/div>\n\t\t\t\t<div class=\"elementor-element elementor-element-1b8860e elementor-widget elementor-widget-heading\" data-id=\"1b8860e\" data-element_type=\"widget\" data-e-type=\"widget\" data-widget_type=\"heading.default\">\n\t\t\t\t<div class=\"elementor-widget-container\">\n\t\t\t\t\t<h2 class=\"elementor-heading-title elementor-size-default\">JOURN\u00c9E COMPL\u00c8TE \u00c0 S\u00c9GOVIE ou \u00c1 AVILA &amp; S\u00c9GOVIE<\/h2>\t\t\t\t<\/div>\n\t\t\t\t<\/div>\n\t\t\t\t<div class=\"elementor-element elementor-element-d474593 elementor-widget elementor-widget-heading\" data-id=\"d474593\" data-element_type=\"widget\" data-e-type=\"widget\" data-widget_type=\"heading.default\">\n\t\t\t\t<div class=\"elementor-widget-container\">\n\t\t\t\t\t<h2 class=\"elementor-heading-title elementor-size-default\">On vous offre deux \nvisites diff\u00e9rentes de journ\u00e9e compl\u00e8te <\/h2>\t\t\t\t<\/div>\n\t\t\t\t<\/div>\n\t\t\t\t<section class=\"elementor-section elementor-inner-section elementor-element elementor-element-a1ff8c7 elementor-section-boxed elementor-section-height-default elementor-section-height-default\" data-id=\"a1ff8c7\" data-element_type=\"section\" data-e-type=\"section\">\n\t\t\t\t\t\t<div class=\"elementor-container elementor-column-gap-default\">\n\t\t\t\t\t<div class=\"elementor-column elementor-col-50 elementor-inner-column elementor-element elementor-element-8e13401\" data-id=\"8e13401\" data-element_type=\"column\" data-e-type=\"column\" data-settings=\"{&quot;background_background&quot;:&quot;classic&quot;}\">\n\t\t\t<div class=\"elementor-widget-wrap elementor-element-populated\">\n\t\t\t\t\t\t<div class=\"elementor-element elementor-element-1ea6566 elementor-widget elementor-widget-heading\" data-id=\"1ea6566\" data-element_type=\"widget\" data-e-type=\"widget\" data-widget_type=\"heading.default\">\n\t\t\t\t<div class=\"elementor-widget-container\">\n\t\t\t\t\t<h2 class=\"elementor-heading-title elementor-size-default\">OPTION 1: S\u00c9GOVIE EN V\u00c9HICULE PRIV\u00c9<\/h2>\t\t\t\t<\/div>\n\t\t\t\t<\/div>\n\t\t\t\t<div class=\"elementor-element elementor-element-11f1a10 elementor-widget elementor-widget-heading\" data-id=\"11f1a10\" data-element_type=\"widget\" data-e-type=\"widget\" data-widget_type=\"heading.default\">\n\t\t\t\t<div class=\"elementor-widget-container\">\n\t\t\t\t\t<h2 class=\"elementor-heading-title elementor-size-default\">Dur\u00e9e: 8 heures<\/h2>\t\t\t\t<\/div>\n\t\t\t\t<\/div>\n\t\t\t\t<div class=\"elementor-element elementor-element-f39e05f elementor-widget elementor-widget-heading\" data-id=\"f39e05f\" data-element_type=\"widget\" data-e-type=\"widget\" data-widget_type=\"heading.default\">\n\t\t\t\t<div class=\"elementor-widget-container\">\n\t\t\t\t\t<h2 class=\"elementor-heading-title elementor-size-default\">Tarif : 1.040\u20ac forfait + 25\u20ac par personne<\/h2>\t\t\t\t<\/div>\n\t\t\t\t<\/div>\n\t\t\t\t<div class=\"elementor-element elementor-element-4c48e35 elementor-widget elementor-widget-text-editor\" data-id=\"4c48e35\" data-element_type=\"widget\" data-e-type=\"widget\" data-widget_type=\"text-editor.default\">\n\t\t\t\t<div class=\"elementor-widget-container\">\n\t\t\t\t\t\t\t\t\t<p class=\"p1\">Maximum 6 personnes. Pour des groupes plus larges, demandez-nous un devis.<\/p>\t\t\t\t\t\t\t\t<\/div>\n\t\t\t\t<\/div>\n\t\t\t\t<div class=\"elementor-element elementor-element-5b90f1c elementor-widget elementor-widget-heading\" data-id=\"5b90f1c\" data-element_type=\"widget\" data-e-type=\"widget\" data-widget_type=\"heading.default\">\n\t\t\t\t<div class=\"elementor-widget-container\">\n\t\t\t\t\t<h2 class=\"elementor-heading-title elementor-size-default\">Inclus:<\/h2>\t\t\t\t<\/div>\n\t\t\t\t<\/div>\n\t\t\t\t<div class=\"elementor-element elementor-element-65a862e elementor-widget elementor-widget-text-editor\" data-id=\"65a862e\" data-element_type=\"widget\" data-e-type=\"widget\" data-widget_type=\"text-editor.default\">\n\t\t\t\t<div class=\"elementor-widget-container\">\n\t\t\t\t\t\t\t\t\t<ul><li><p>Notre tarif en tant que votre guide officielle priv\u00e9e pendant toute la journ\u00e9e<\/p><\/li><li><p>Transport priv\u00e9. La visite se fera dans un v\u00e9hicule de luxe, spacieux, confortable et conduit par un chauffeur professionnel<\/p><\/li><li><p>Billets d\u2019acc\u00e8s des monuments inclus dans l\u2019itin\u00e9raire<\/p><\/li><li><p>Imp\u00f4ts<\/p><\/li><\/ul>\t\t\t\t\t\t\t\t<\/div>\n\t\t\t\t<\/div>\n\t\t\t\t<div class=\"elementor-element elementor-element-a331793 elementor-widget elementor-widget-heading\" data-id=\"a331793\" data-element_type=\"widget\" data-e-type=\"widget\" data-widget_type=\"heading.default\">\n\t\t\t\t<div class=\"elementor-widget-container\">\n\t\t\t\t\t<h2 class=\"elementor-heading-title elementor-size-default\">Non Inclus:<\/h2>\t\t\t\t<\/div>\n\t\t\t\t<\/div>\n\t\t\t\t<div class=\"elementor-element elementor-element-14d6b7a elementor-widget elementor-widget-text-editor\" data-id=\"14d6b7a\" data-element_type=\"widget\" data-e-type=\"widget\" data-widget_type=\"text-editor.default\">\n\t\t\t\t<div class=\"elementor-widget-container\">\n\t\t\t\t\t\t\t\t\t<ul><li><p>Nourriture et boissons<\/p><\/li><\/ul>\t\t\t\t\t\t\t\t<\/div>\n\t\t\t\t<\/div>\n\t\t\t\t<div class=\"elementor-element elementor-element-715de38 elementor-widget elementor-widget-heading\" data-id=\"715de38\" data-element_type=\"widget\" data-e-type=\"widget\" data-widget_type=\"heading.default\">\n\t\t\t\t<div class=\"elementor-widget-container\">\n\t\t\t\t\t<h2 class=\"elementor-heading-title elementor-size-default\">Point de rendez-vous:<\/h2>\t\t\t\t<\/div>\n\t\t\t\t<\/div>\n\t\t\t\t<div class=\"elementor-element elementor-element-d9385f7 elementor-widget elementor-widget-text-editor\" data-id=\"d9385f7\" data-element_type=\"widget\" data-e-type=\"widget\" data-widget_type=\"text-editor.default\">\n\t\t\t\t<div class=\"elementor-widget-container\">\n\t\t\t\t\t\t\t\t\t<p>\u00c1 votre h\u00f4tel<\/p>\t\t\t\t\t\t\t\t<\/div>\n\t\t\t\t<\/div>\n\t\t\t\t<div class=\"elementor-element elementor-element-848e905 elementor-widget elementor-widget-button\" data-id=\"848e905\" data-element_type=\"widget\" data-e-type=\"widget\" data-widget_type=\"button.default\">\n\t\t\t\t<div class=\"elementor-widget-container\">\n\t\t\t\t\t\t\t\t\t<div class=\"elementor-button-wrapper\">\n\t\t\t\t\t<a class=\"elementor-button elementor-button-link elementor-size-sm\" href=\"#reserva\">\n\t\t\t\t\t\t<span class=\"elementor-button-content-wrapper\">\n\t\t\t\t\t\t\t\t\t<span class=\"elementor-button-text\">R\u00e9servez ici<\/span>\n\t\t\t\t\t<\/span>\n\t\t\t\t\t<\/a>\n\t\t\t\t<\/div>\n\t\t\t\t\t\t\t\t<\/div>\n\t\t\t\t<\/div>\n\t\t\t\t<div class=\"elementor-element elementor-element-7928844 elementor-widget elementor-widget-heading\" data-id=\"7928844\" data-element_type=\"widget\" data-e-type=\"widget\" data-widget_type=\"heading.default\">\n\t\t\t\t<div class=\"elementor-widget-container\">\n\t\t\t\t\t<h2 class=\"elementor-heading-title elementor-size-default\">OPTI\u00d3N 2. S\u00c9GOVIE EN TRAIN AVE (Haute vitesse)<\/h2>\t\t\t\t<\/div>\n\t\t\t\t<\/div>\n\t\t\t\t<div class=\"elementor-element elementor-element-f801100 elementor-widget elementor-widget-heading\" data-id=\"f801100\" data-element_type=\"widget\" data-e-type=\"widget\" data-widget_type=\"heading.default\">\n\t\t\t\t<div class=\"elementor-widget-container\">\n\t\t\t\t\t<h2 class=\"elementor-heading-title elementor-size-default\">Dur\u00e9e: 7h 30\u2019 <\/h2>\t\t\t\t<\/div>\n\t\t\t\t<\/div>\n\t\t\t\t<div class=\"elementor-element elementor-element-4452938 elementor-widget elementor-widget-heading\" data-id=\"4452938\" data-element_type=\"widget\" data-e-type=\"widget\" data-widget_type=\"heading.default\">\n\t\t\t\t<div class=\"elementor-widget-container\">\n\t\t\t\t\t<h2 class=\"elementor-heading-title elementor-size-default\">NOT AVAILABLE<\/h2>\t\t\t\t<\/div>\n\t\t\t\t<\/div>\n\t\t\t\t<div class=\"elementor-element elementor-element-012963c elementor-widget elementor-widget-text-editor\" data-id=\"012963c\" data-element_type=\"widget\" data-e-type=\"widget\" data-widget_type=\"text-editor.default\">\n\t\t\t\t<div class=\"elementor-widget-container\">\n\t\t\t\t\t\t\t\t\t<p><span id=\"tgtAlignment_0\" class=\"ts-alignment-element\" data-is-focusable=\"true\">De<\/span> 1\u00a0<span id=\"tgtAlignment_2\" class=\"ts-alignment-element\" data-is-focusable=\"true\">\u00e0<\/span> 7\u00a0<span id=\"tgtAlignment_4\" class=\"ts-alignment-element-highlighted\" data-is-focusable=\"true\">personnes<\/span><\/p>\t\t\t\t\t\t\t\t<\/div>\n\t\t\t\t<\/div>\n\t\t\t\t<div class=\"elementor-element elementor-element-aa475c2 elementor-widget elementor-widget-heading\" data-id=\"aa475c2\" data-element_type=\"widget\" data-e-type=\"widget\" data-widget_type=\"heading.default\">\n\t\t\t\t<div class=\"elementor-widget-container\">\n\t\t\t\t\t<h2 class=\"elementor-heading-title elementor-size-default\">Inclus:<\/h2>\t\t\t\t<\/div>\n\t\t\t\t<\/div>\n\t\t\t\t<div class=\"elementor-element elementor-element-c65ff45 elementor-widget elementor-widget-text-editor\" data-id=\"c65ff45\" data-element_type=\"widget\" data-e-type=\"widget\" data-widget_type=\"text-editor.default\">\n\t\t\t\t<div class=\"elementor-widget-container\">\n\t\t\t\t\t\t\t\t\t<ul><li><p>Notre tarif en tant que guide officielle priv\u00e9e pendant toute la journ\u00e9e<\/p><\/li><li><p>Billet de train Madrid- S\u00e9govie- Madrid<\/p><\/li><li><p>Taxi \u00e0 S\u00e9govie pour les parcours suivants:<\/p><ul><li><p>Gare de train \u2013 Centre-ville<\/p><\/li><li><p>Tour panoramique \u00a0<\/p><\/li><li><p>Centre-ville \u2013 Gare de train<\/p><\/li><\/ul><\/li><li><p>Billets d\u2019acc\u00e8s des monuments du programme<\/p><\/li><li><p>Imp\u00f4ts<\/p><\/li><\/ul>\t\t\t\t\t\t\t\t<\/div>\n\t\t\t\t<\/div>\n\t\t\t\t<div class=\"elementor-element elementor-element-84bd7dd elementor-widget elementor-widget-heading\" data-id=\"84bd7dd\" data-element_type=\"widget\" data-e-type=\"widget\" data-widget_type=\"heading.default\">\n\t\t\t\t<div class=\"elementor-widget-container\">\n\t\t\t\t\t<h2 class=\"elementor-heading-title elementor-size-default\">Non Inclus:<\/h2>\t\t\t\t<\/div>\n\t\t\t\t<\/div>\n\t\t\t\t<div class=\"elementor-element elementor-element-60bd1c4 elementor-widget elementor-widget-text-editor\" data-id=\"60bd1c4\" data-element_type=\"widget\" data-e-type=\"widget\" data-widget_type=\"text-editor.default\">\n\t\t\t\t<div class=\"elementor-widget-container\">\n\t\t\t\t\t\t\t\t\t<ul><li><p>Nourriture et boissons<\/p><\/li><li><p>Transport \u00e0 Madrid<\/p><\/li><\/ul>\t\t\t\t\t\t\t\t<\/div>\n\t\t\t\t<\/div>\n\t\t\t\t<div class=\"elementor-element elementor-element-de7dc47 elementor-widget elementor-widget-heading\" data-id=\"de7dc47\" data-element_type=\"widget\" data-e-type=\"widget\" data-widget_type=\"heading.default\">\n\t\t\t\t<div class=\"elementor-widget-container\">\n\t\t\t\t\t<h2 class=\"elementor-heading-title elementor-size-default\">Point de rendez-vous:<\/h2>\t\t\t\t<\/div>\n\t\t\t\t<\/div>\n\t\t\t\t<div class=\"elementor-element elementor-element-0f5ac56 elementor-widget elementor-widget-text-editor\" data-id=\"0f5ac56\" data-element_type=\"widget\" data-e-type=\"widget\" data-widget_type=\"text-editor.default\">\n\t\t\t\t<div class=\"elementor-widget-container\">\n\t\t\t\t\t\t\t\t\t<p>\u00c1 votre h\u00f4tel<\/p>\t\t\t\t\t\t\t\t<\/div>\n\t\t\t\t<\/div>\n\t\t\t\t<div class=\"elementor-element elementor-element-dcd7cd5 elementor-widget elementor-widget-button\" data-id=\"dcd7cd5\" data-element_type=\"widget\" data-e-type=\"widget\" data-widget_type=\"button.default\">\n\t\t\t\t<div class=\"elementor-widget-container\">\n\t\t\t\t\t\t\t\t\t<div class=\"elementor-button-wrapper\">\n\t\t\t\t\t<a class=\"elementor-button elementor-button-link elementor-size-sm\" href=\"#reserva\">\n\t\t\t\t\t\t<span class=\"elementor-button-content-wrapper\">\n\t\t\t\t\t\t\t\t\t<span class=\"elementor-button-text\">R\u00e9servez ici <\/span>\n\t\t\t\t\t<\/span>\n\t\t\t\t\t<\/a>\n\t\t\t\t<\/div>\n\t\t\t\t\t\t\t\t<\/div>\n\t\t\t\t<\/div>\n\t\t\t\t\t<\/div>\n\t\t<\/div>\n\t\t\t\t<div class=\"elementor-column elementor-col-50 elementor-inner-column elementor-element elementor-element-4fab053\" data-id=\"4fab053\" data-element_type=\"column\" data-e-type=\"column\" data-settings=\"{&quot;background_background&quot;:&quot;classic&quot;}\">\n\t\t\t<div class=\"elementor-widget-wrap elementor-element-populated\">\n\t\t\t\t\t\t<div class=\"elementor-element elementor-element-f067636 elementor-widget elementor-widget-heading\" data-id=\"f067636\" data-element_type=\"widget\" data-e-type=\"widget\" data-widget_type=\"heading.default\">\n\t\t\t\t<div class=\"elementor-widget-container\">\n\t\t\t\t\t<h2 class=\"elementor-heading-title elementor-size-default\">Programme<\/h2>\t\t\t\t<\/div>\n\t\t\t\t<\/div>\n\t\t\t\t<div class=\"elementor-element elementor-element-7b891b8 elementor-widget elementor-widget-text-editor\" data-id=\"7b891b8\" data-element_type=\"widget\" data-e-type=\"widget\" data-widget_type=\"text-editor.default\">\n\t\t\t\t<div class=\"elementor-widget-container\">\n\t\t\t\t\t\t\t\t\t<p>La ville, accroch\u00e9e sur un promontoire abrupt, au confluent des petites rivi\u00e8res Eresma et Clamores, prend le soir et le matin, des teintes ocres fauves et mordor\u00e9es fascinantes. Son nom, S\u00e9govie, signifie \u00ab\u00a0forteresse sur la roche\u00a0\u00bb. Elle a \u00e9t\u00e9 class\u00e9e au patrimoine mondial de l\u2019Unesco en 1985.<\/p><p>S\u00e9govie nous accueille avec son imposant aqueduc romain, l\u2019un des plus beaux et grands conserv\u00e9s aujourd\u2019hui.<\/p><p>Son ch\u00e2teau ou Alc\u00e1zar \u00e9tait la r\u00e9sidence pr\u00e9f\u00e9r\u00e9e des Rois de Castille au Moyen Age. Strat\u00e9giquement situ\u00e9, Il a d\u00e9fendu S\u00e9govie de ses ennemis pendant des si\u00e8cles.<\/p><p>Parcourir ses rues nous transporte vers une autre \u00e9poque. Les si\u00e8cles ont pass\u00e9 mais, d\u2019une certaine mani\u00e8re, le temps semble arr\u00eat\u00e9 \u00e0 S\u00e9govie. Ses \u00e9glises romanes, ses maisons nobles, sa cath\u00e9drale gothique, son alcazar m\u00e9di\u00e9val et ses murs t\u00e9moignent l\u2019importance de la ville autrefois.<\/p><p>Il ne faut pas rater sa cuisinie: le \u00abcochinillo asado\u00bb ou (petit cochon de lait r\u00f4ti), les \u00ab\u00a0judiones de la Granja\u00a0\u00bb\u00a0 (des haricots blancs cuisin\u00e9s ) et le \u00ab\u00a0ponche s\u00e9govien\u00a0\u00bb (dessert typique)\u00a0 sont connus au niveau international.<\/p><p>Profitez de cette exp\u00e9rience m\u00e9di\u00e9vale inoubliable pr\u00e8s de Madrid!<\/p><p>\u00a0<\/p><p>\u00a0<\/p><p>Itin\u00e9raire:<\/p><ul><li><p>Madrid-S\u00e9govie<\/p><\/li><li><p>Tour panoramique<\/p><\/li><li><p>Alcazar<\/p><\/li><li><p>Le quartier de las Canonjias<\/p><\/li><li><p>La Cath\u00e9drale<\/p><\/li><li><p>Plaza Mayor<\/p><\/li><li><p>Le quartier Juif<\/p><\/li><li><p>La rue Real<\/p><\/li><li><p>La place Saint-Martin<\/p><\/li><li><p>L\u2019Aqueduc romain<\/p><\/li><li><p>S\u00e9govie-Madrid<\/p><\/li><\/ul>\t\t\t\t\t\t\t\t<\/div>\n\t\t\t\t<\/div>\n\t\t\t\t\t<\/div>\n\t\t<\/div>\n\t\t\t\t\t<\/div>\n\t\t<\/section>\n\t\t\t\t<section class=\"elementor-section elementor-inner-section elementor-element elementor-element-0ed92bb elementor-section-boxed elementor-section-height-default elementor-section-height-default\" data-id=\"0ed92bb\" data-element_type=\"section\" data-e-type=\"section\">\n\t\t\t\t\t\t<div class=\"elementor-container elementor-column-gap-default\">\n\t\t\t\t\t<div class=\"elementor-column elementor-col-50 elementor-inner-column elementor-element elementor-element-e99c19b\" data-id=\"e99c19b\" data-element_type=\"column\" data-e-type=\"column\" data-settings=\"{&quot;background_background&quot;:&quot;classic&quot;}\">\n\t\t\t<div class=\"elementor-widget-wrap elementor-element-populated\">\n\t\t\t\t\t\t<div class=\"elementor-element elementor-element-405f5f4 elementor-widget elementor-widget-heading\" data-id=\"405f5f4\" data-element_type=\"widget\" data-e-type=\"widget\" data-widget_type=\"heading.default\">\n\t\t\t\t<div class=\"elementor-widget-container\">\n\t\t\t\t\t<h2 class=\"elementor-heading-title elementor-size-default\">OPTION 3 : AVILA ET S\u00c9GOVIE JOURN\u00c9E COMPL\u00c8TE<\/h2>\t\t\t\t<\/div>\n\t\t\t\t<\/div>\n\t\t\t\t<div class=\"elementor-element elementor-element-38515b2 elementor-widget elementor-widget-heading\" data-id=\"38515b2\" data-element_type=\"widget\" data-e-type=\"widget\" data-widget_type=\"heading.default\">\n\t\t\t\t<div class=\"elementor-widget-container\">\n\t\t\t\t\t<h2 class=\"elementor-heading-title elementor-size-default\">Dur\u00e9e: 10 heures<\/h2>\t\t\t\t<\/div>\n\t\t\t\t<\/div>\n\t\t\t\t<div class=\"elementor-element elementor-element-819addf elementor-widget elementor-widget-heading\" data-id=\"819addf\" data-element_type=\"widget\" data-e-type=\"widget\" data-widget_type=\"heading.default\">\n\t\t\t\t<div class=\"elementor-widget-container\">\n\t\t\t\t\t<h2 class=\"elementor-heading-title elementor-size-default\">Tarif : 1.280\u20ac le forfait + 25\u20ac par personne<\/h2>\t\t\t\t<\/div>\n\t\t\t\t<\/div>\n\t\t\t\t<div class=\"elementor-element elementor-element-84cda87 elementor-widget elementor-widget-text-editor\" data-id=\"84cda87\" data-element_type=\"widget\" data-e-type=\"widget\" data-widget_type=\"text-editor.default\">\n\t\t\t\t<div class=\"elementor-widget-container\">\n\t\t\t\t\t\t\t\t\t<p class=\"p1\">Maximum 6 personnes. Pour des groupes plus larges, demandez-nous un devis.<\/p>\t\t\t\t\t\t\t\t<\/div>\n\t\t\t\t<\/div>\n\t\t\t\t<div class=\"elementor-element elementor-element-8ac4551 elementor-widget elementor-widget-heading\" data-id=\"8ac4551\" data-element_type=\"widget\" data-e-type=\"widget\" data-widget_type=\"heading.default\">\n\t\t\t\t<div class=\"elementor-widget-container\">\n\t\t\t\t\t<h2 class=\"elementor-heading-title elementor-size-default\">Inclus:<\/h2>\t\t\t\t<\/div>\n\t\t\t\t<\/div>\n\t\t\t\t<div class=\"elementor-element elementor-element-2b1ab04 elementor-widget elementor-widget-text-editor\" data-id=\"2b1ab04\" data-element_type=\"widget\" data-e-type=\"widget\" data-widget_type=\"text-editor.default\">\n\t\t\t\t<div class=\"elementor-widget-container\">\n\t\t\t\t\t\t\t\t\t<ul><li><p>Notre tarif en tant que votre guide officielle priv\u00e9e toute la journ\u00e9e<\/p><\/li><li><p>Transport priv\u00e9. La visite se fera dans un v\u00e9hicule de luxe, spacieux, confortable et conduit par un chauffeur professionnel<\/p><\/li><li><p>Billet d\u2019acc\u00e8s aux monuments signal\u00e9s dans l\u2019itin\u00e9raire<\/p><\/li><li><p>Imp\u00f4ts<\/p><\/li><\/ul>\t\t\t\t\t\t\t\t<\/div>\n\t\t\t\t<\/div>\n\t\t\t\t<div class=\"elementor-element elementor-element-6443e78 elementor-widget elementor-widget-heading\" data-id=\"6443e78\" data-element_type=\"widget\" data-e-type=\"widget\" data-widget_type=\"heading.default\">\n\t\t\t\t<div class=\"elementor-widget-container\">\n\t\t\t\t\t<h2 class=\"elementor-heading-title elementor-size-default\">Non inclus:<\/h2>\t\t\t\t<\/div>\n\t\t\t\t<\/div>\n\t\t\t\t<div class=\"elementor-element elementor-element-825dc99 elementor-widget elementor-widget-text-editor\" data-id=\"825dc99\" data-element_type=\"widget\" data-e-type=\"widget\" data-widget_type=\"text-editor.default\">\n\t\t\t\t<div class=\"elementor-widget-container\">\n\t\t\t\t\t\t\t\t\t<ul><li><p>Nourriture et boissons<\/p><\/li><\/ul>\t\t\t\t\t\t\t\t<\/div>\n\t\t\t\t<\/div>\n\t\t\t\t<div class=\"elementor-element elementor-element-db31407 elementor-widget elementor-widget-heading\" data-id=\"db31407\" data-element_type=\"widget\" data-e-type=\"widget\" data-widget_type=\"heading.default\">\n\t\t\t\t<div class=\"elementor-widget-container\">\n\t\t\t\t\t<h2 class=\"elementor-heading-title elementor-size-default\">Point de rendez-vous<\/h2>\t\t\t\t<\/div>\n\t\t\t\t<\/div>\n\t\t\t\t<div class=\"elementor-element elementor-element-3961e5b elementor-widget elementor-widget-text-editor\" data-id=\"3961e5b\" data-element_type=\"widget\" data-e-type=\"widget\" data-widget_type=\"text-editor.default\">\n\t\t\t\t<div class=\"elementor-widget-container\">\n\t\t\t\t\t\t\t\t\t<p>Votre h\u00f4tel<\/p>\t\t\t\t\t\t\t\t<\/div>\n\t\t\t\t<\/div>\n\t\t\t\t<div class=\"elementor-element elementor-element-dd3221e elementor-widget elementor-widget-button\" data-id=\"dd3221e\" data-element_type=\"widget\" data-e-type=\"widget\" data-widget_type=\"button.default\">\n\t\t\t\t<div class=\"elementor-widget-container\">\n\t\t\t\t\t\t\t\t\t<div class=\"elementor-button-wrapper\">\n\t\t\t\t\t<a class=\"elementor-button elementor-button-link elementor-size-sm\" href=\"#reserva\">\n\t\t\t\t\t\t<span class=\"elementor-button-content-wrapper\">\n\t\t\t\t\t\t\t\t\t<span class=\"elementor-button-text\">R\u00e9servez ici<\/span>\n\t\t\t\t\t<\/span>\n\t\t\t\t\t<\/a>\n\t\t\t\t<\/div>\n\t\t\t\t\t\t\t\t<\/div>\n\t\t\t\t<\/div>\n\t\t\t\t\t<\/div>\n\t\t<\/div>\n\t\t\t\t<div class=\"elementor-column elementor-col-50 elementor-inner-column elementor-element elementor-element-bde772b\" data-id=\"bde772b\" data-element_type=\"column\" data-e-type=\"column\" data-settings=\"{&quot;background_background&quot;:&quot;classic&quot;}\">\n\t\t\t<div class=\"elementor-widget-wrap elementor-element-populated\">\n\t\t\t\t\t\t<div class=\"elementor-element elementor-element-c20187a elementor-widget elementor-widget-heading\" data-id=\"c20187a\" data-element_type=\"widget\" data-e-type=\"widget\" data-widget_type=\"heading.default\">\n\t\t\t\t<div class=\"elementor-widget-container\">\n\t\t\t\t\t<h2 class=\"elementor-heading-title elementor-size-default\">Programme <\/h2>\t\t\t\t<\/div>\n\t\t\t\t<\/div>\n\t\t\t\t<div class=\"elementor-element elementor-element-7c22140 elementor-widget elementor-widget-text-editor\" data-id=\"7c22140\" data-element_type=\"widget\" data-e-type=\"widget\" data-widget_type=\"text-editor.default\">\n\t\t\t\t<div class=\"elementor-widget-container\">\n\t\t\t\t\t\t\t\t\t<p>Allez \u00e1 la d\u00e9couverte de deux sites du patrimoine mondial de l\u2019UNESCO en une journ\u00e9e\u00a0!<\/p><p>Ville romaine \u00e0 l\u2019origine, Avila est la capitale provinciale la plus haute d\u2019Espagne (1127m) et se situe sur le plateau Nord de la Castille, \u00e0 110km de Madrid. \u00a0Elle est la ville natale de sainte Th\u00e9r\u00e8se d\u2019Avila, femme qui a boulevers\u00e9 le panorama religieux \u00e0 son \u00e9poque et qui fut d\u00e9clar\u00e9e \u00ab\u00a0Docteur de l\u2019\u00c9glise\u00a0\u00bb. Avila est aussi c\u00e9l\u00e8bre pour ses beaux murs m\u00e9di\u00e9vaux qui font 2,5 km. de long et comportent 88 tours.<\/p><p>Sa cath\u00e9drale laisse voir son chevet fortifi\u00e9 qui est partie int\u00e9grante de la muraille puisqu\u2019elle \u00e9tait aussi charg\u00e9e de d\u00e9fendre la ville. Le centre d\u2019Avila conserve des petites \u00e9glises, couvents, et demeures seigneuriales.<\/p><p>S\u00e9govie, accroch\u00e9e sur un promontoire abrupt, au confluent des petites rivi\u00e8res Eresma et Clamores, prend le soir et le matin, des teintes ocres fauves et mordor\u00e9es fascinantes. Son nom, S\u00e9govie, signifie \u00ab\u00a0forteresse sur la roche\u00a0\u00bb.<\/p><p>Parcourir ses rues nous transporte vers une autre \u00e9poque. Les si\u00e8cles ont pass\u00e9 mais, d\u2019une certaine mani\u00e8re, le temps semble arr\u00eat\u00e9 \u00e0 S\u00e9govie. Ses \u00e9glises romanes, ses maisons nobles, sa cath\u00e9drale gothique, son alcazar m\u00e9di\u00e9val et ses murs t\u00e9moignent l\u2019importance de la ville autrefois.<\/p><p>Il ne faut surtout pas rater sa cuisine : le \u00abcochinillo asado\u00bb ou (petit cochon de lait r\u00f4ti), les \u00ab\u00a0judiones de la Granja\u00a0\u00bb\u00a0 (des haricots blancs cuisin\u00e9s ) et le \u00ab\u00a0ponche s\u00e9govien\u00a0\u00bb (dessert typique)\u00a0 sont connus au niveau international.<\/p><p>Itin\u00e9raire :<\/p><p>\u00c1VILA<\/p><ul><li><p>Belv\u00e9d\u00e8re des \u201cCuatro Postes\u201d<\/p><\/li><li><p>Cath\u00e9drale<\/p><\/li><li><p>Eglise et couvent de Saint Th\u00e9r\u00e8se d\u2019Avila<\/p><\/li><\/ul><p>S\u00c9GOVIE<\/p><ul><li><p>Alcazar<\/p><\/li><li><p>Plaza Mayor<\/p><\/li><li><p>Rue Real<\/p><\/li><li><p>Aqueduc romain<\/p><\/li><\/ul>\t\t\t\t\t\t\t\t<\/div>\n\t\t\t\t<\/div>\n\t\t\t\t\t<\/div>\n\t\t<\/div>\n\t\t\t\t\t<\/div>\n\t\t<\/section>\n\t\t\t\t\t<\/div>\n\t\t<\/div>\n\t\t\t\t\t<\/div>\n\t\t<\/section>\n\t\t\t\t<section class=\"elementor-section elementor-top-section elementor-element elementor-element-3c4aba0a elementor-section-boxed elementor-section-height-default elementor-section-height-default\" data-id=\"3c4aba0a\" data-element_type=\"section\" data-e-type=\"section\" data-settings=\"{&quot;background_background&quot;:&quot;classic&quot;}\">\n\t\t\t\t\t\t<div class=\"elementor-container elementor-column-gap-default\">\n\t\t\t\t\t<div class=\"elementor-column elementor-col-100 elementor-top-column elementor-element elementor-element-1f7b950b\" data-id=\"1f7b950b\" data-element_type=\"column\" data-e-type=\"column\">\n\t\t\t<div class=\"elementor-widget-wrap elementor-element-populated\">\n\t\t\t\t\t\t<div class=\"elementor-element elementor-element-22120612 elementor-widget elementor-widget-text-editor\" data-id=\"22120612\" data-element_type=\"widget\" data-e-type=\"widget\" data-widget_type=\"text-editor.default\">\n\t\t\t\t<div class=\"elementor-widget-container\">\n\t\t\t\t\t\t\t\t\t<p>*Si vous avez besoin d\u2019information plus d\u00e9taill\u00e9e de nos offres, <br \/>n\u2019h\u00e9sitez pas \u00e0 nous CONTACTER.<\/p>\t\t\t\t\t\t\t\t<\/div>\n\t\t\t\t<\/div>\n\t\t\t\t\t<\/div>\n\t\t<\/div>\n\t\t\t\t\t<\/div>\n\t\t<\/section>\n\t\t\t\t<section class=\"elementor-section elementor-top-section elementor-element elementor-element-9a8fccb elementor-section-content-middle elementor-section-boxed elementor-section-height-default elementor-section-height-default\" data-id=\"9a8fccb\" data-element_type=\"section\" data-e-type=\"section\" id=\"reserva\">\n\t\t\t\t\t\t<div class=\"elementor-container elementor-column-gap-no\">\n\t\t\t\t\t<div class=\"elementor-column elementor-col-50 elementor-top-column elementor-element elementor-element-4ef3e65\" data-id=\"4ef3e65\" data-element_type=\"column\" data-e-type=\"column\">\n\t\t\t<div class=\"elementor-widget-wrap elementor-element-populated\">\n\t\t\t\t\t\t<div class=\"elementor-element elementor-element-a25b16e elementor-widget elementor-widget-heading\" data-id=\"a25b16e\" data-element_type=\"widget\" data-e-type=\"widget\" data-widget_type=\"heading.default\">\n\t\t\t\t<div class=\"elementor-widget-container\">\n\t\t\t\t\t<h2 class=\"elementor-heading-title elementor-size-default\">R\u00e9servez votre visite<\/h2>\t\t\t\t<\/div>\n\t\t\t\t<\/div>\n\t\t\t\t<div class=\"elementor-element elementor-element-84f694d elementor-widget elementor-widget-text-editor\" data-id=\"84f694d\" data-element_type=\"widget\" data-e-type=\"widget\" data-widget_type=\"text-editor.default\">\n\t\t\t\t<div class=\"elementor-widget-container\">\n\t\t\t\t\t\t\t\t\t<p>Nous avons la meilleure EXP\u00c9RIENCE pour vous<\/p>\t\t\t\t\t\t\t\t<\/div>\n\t\t\t\t<\/div>\n\t\t\t\t<div class=\"elementor-element elementor-element-b317152 elementor-button-align-stretch elementor-widget elementor-widget-form\" data-id=\"b317152\" data-element_type=\"widget\" data-e-type=\"widget\" data-settings=\"{&quot;step_next_label&quot;:&quot;Next&quot;,&quot;step_previous_label&quot;:&quot;Previous&quot;,&quot;button_width&quot;:&quot;100&quot;,&quot;step_type&quot;:&quot;number_text&quot;,&quot;step_icon_shape&quot;:&quot;circle&quot;}\" data-widget_type=\"form.default\">\n\t\t\t\t<div class=\"elementor-widget-container\">\n\t\t\t\t\t\t\t<form class=\"elementor-form\" method=\"post\" name=\"New Form\" aria-label=\"New Form\">\n\t\t\t<input type=\"hidden\" name=\"post_id\" value=\"4376\"\/>\n\t\t\t<input type=\"hidden\" name=\"form_id\" value=\"b317152\"\/>\n\t\t\t<input type=\"hidden\" name=\"referer_title\" value=\"Madrid Travel Private Tours\" \/>\n\n\t\t\t\n\t\t\t<div class=\"elementor-form-fields-wrapper elementor-labels-above\">\n\t\t\t\t\t\t\t\t<div class=\"elementor-field-type-text elementor-field-group elementor-column elementor-field-group-name elementor-col-100 elementor-field-required\">\n\t\t\t\t\t\t\t\t\t\t\t\t<label for=\"form-field-name\" class=\"elementor-field-label\">\n\t\t\t\t\t\t\t\tNom et pr\u00e9nom\t\t\t\t\t\t\t<\/label>\n\t\t\t\t\t\t\t\t\t\t\t\t\t\t<input size=\"1\" type=\"text\" name=\"form_fields[name]\" id=\"form-field-name\" class=\"elementor-field elementor-size-sm  elementor-field-textual\" required=\"required\">\n\t\t\t\t\t\t\t\t\t\t\t<\/div>\n\t\t\t\t\t\t\t\t<div class=\"elementor-field-type-email elementor-field-group elementor-column elementor-field-group-email elementor-col-100 elementor-field-required\">\n\t\t\t\t\t\t\t\t\t\t\t\t<label for=\"form-field-email\" class=\"elementor-field-label\">\n\t\t\t\t\t\t\t\tEmail\t\t\t\t\t\t\t<\/label>\n\t\t\t\t\t\t\t\t\t\t\t\t\t\t<input size=\"1\" type=\"email\" name=\"form_fields[email]\" id=\"form-field-email\" class=\"elementor-field elementor-size-sm  elementor-field-textual\" required=\"required\">\n\t\t\t\t\t\t\t\t\t\t\t<\/div>\n\t\t\t\t\t\t\t\t<div class=\"elementor-field-type-textarea elementor-field-group elementor-column elementor-field-group-message elementor-col-100\">\n\t\t\t\t\t\t\t\t\t\t\t\t<label for=\"form-field-message\" class=\"elementor-field-label\">\n\t\t\t\t\t\t\t\tQue souhaitez-vous visiter?\t\t\t\t\t\t\t<\/label>\n\t\t\t\t\t\t<textarea class=\"elementor-field-textual elementor-field  elementor-size-sm\" name=\"form_fields[message]\" id=\"form-field-message\" rows=\"4\"><\/textarea>\t\t\t\t<\/div>\n\t\t\t\t\t\t\t\t<div class=\"elementor-field-type-acceptance elementor-field-group elementor-column elementor-field-group-field_de6c80b elementor-col-100 elementor-field-required\">\n\t\t\t\t\t\t\t<div class=\"elementor-field-subgroup\">\n\t\t\t<span class=\"elementor-field-option\">\n\t\t\t\t<input type=\"checkbox\" name=\"form_fields[field_de6c80b]\" id=\"form-field-field_de6c80b\" class=\"elementor-field elementor-size-sm  elementor-acceptance-field\" required=\"required\">\n\t\t\t\t<label for=\"form-field-field_de6c80b\">J\u2019ai lu et j\u2019accepte la <a href=\" https:\/\/madridtravelprivatetours.com\/fr\/politique-de-confidentialite\/\" target=\"_blank\" rel=\"noreferrer noopener\">politique de confidentialit\u00e9<\/a><\/label>\t\t\t<\/span>\n\t\t<\/div>\n\t\t\t\t\t\t<\/div>\n\t\t\t\t\t\t\t\t<div class=\"elementor-field-group elementor-column elementor-field-type-submit elementor-col-100 e-form__buttons\">\n\t\t\t\t\t<button class=\"elementor-button elementor-size-md\" type=\"submit\">\n\t\t\t\t\t\t<span class=\"elementor-button-content-wrapper\">\n\t\t\t\t\t\t\t\t\t\t\t\t\t\t\t\t\t\t\t\t\t\t<span class=\"elementor-button-text\">ENVOYER<\/span>\n\t\t\t\t\t\t\t\t\t\t\t\t\t<\/span>\n\t\t\t\t\t<\/button>\n\t\t\t\t<\/div>\n\t\t\t<\/div>\n\t\t<\/form>\n\t\t\t\t\t\t<\/div>\n\t\t\t\t<\/div>\n\t\t\t\t\t<\/div>\n\t\t<\/div>\n\t\t\t\t<div class=\"elementor-column elementor-col-50 elementor-top-column elementor-element elementor-element-b7c9a70\" data-id=\"b7c9a70\" data-element_type=\"column\" data-e-type=\"column\" data-settings=\"{&quot;background_background&quot;:&quot;classic&quot;}\">\n\t\t\t<div class=\"elementor-widget-wrap elementor-element-populated\">\n\t\t\t\t\t\t<div class=\"elementor-element elementor-element-d20867a elementor-widget elementor-widget-image\" data-id=\"d20867a\" data-element_type=\"widget\" data-e-type=\"widget\" data-widget_type=\"image.default\">\n\t\t\t\t<div class=\"elementor-widget-container\">\n\t\t\t\t\t\t\t\t\t\t\t\t\t\t\t<img fetchpriority=\"high\" decoding=\"async\" width=\"800\" height=\"600\" src=\"https:\/\/madridtravelprivatetours.com\/wp-content\/uploads\/2021\/02\/las-dos.jpg\" class=\"attachment-large size-large wp-image-3346\" alt=\"\" srcset=\"https:\/\/madridtravelprivatetours.com\/wp-content\/uploads\/2021\/02\/las-dos.jpg 1000w, https:\/\/madridtravelprivatetours.com\/wp-content\/uploads\/2021\/02\/las-dos-300x225.jpg 300w, https:\/\/madridtravelprivatetours.com\/wp-content\/uploads\/2021\/02\/las-dos-768x576.jpg 768w\" sizes=\"(max-width: 800px) 100vw, 800px\" \/>\t\t\t\t\t\t\t\t\t\t\t\t\t\t\t<\/div>\n\t\t\t\t<\/div>\n\t\t\t\t<div class=\"elementor-element elementor-element-62dfca0 elementor-position-inline-start elementor-view-stacked elementor-shape-circle elementor-mobile-position-block-start elementor-widget elementor-widget-icon-box\" data-id=\"62dfca0\" data-element_type=\"widget\" data-e-type=\"widget\" data-widget_type=\"icon-box.default\">\n\t\t\t\t<div class=\"elementor-widget-container\">\n\t\t\t\t\t\t\t<div class=\"elementor-icon-box-wrapper\">\n\n\t\t\t\t\t\t<div class=\"elementor-icon-box-icon\">\n\t\t\t\t<a href=\"https:\/\/wa.link\/alini4\" target=\"_blank\" class=\"elementor-icon\" tabindex=\"-1\" aria-label=\"(+34) 627 42 58 55  - Mariluz\">\n\t\t\t\t<i aria-hidden=\"true\" class=\"fab fa-whatsapp\"><\/i>\t\t\t\t<\/a>\n\t\t\t<\/div>\n\t\t\t\n\t\t\t\t\t\t<div class=\"elementor-icon-box-content\">\n\n\t\t\t\t\t\t\t\t\t<h3 class=\"elementor-icon-box-title\">\n\t\t\t\t\t\t<a href=\"https:\/\/wa.link\/alini4\" target=\"_blank\" >\n\t\t\t\t\t\t\t(+34) 627 42 58 55  - Mariluz\t\t\t\t\t\t<\/a>\n\t\t\t\t\t<\/h3>\n\t\t\t\t\n\t\t\t\t\n\t\t\t<\/div>\n\t\t\t\n\t\t<\/div>\n\t\t\t\t\t\t<\/div>\n\t\t\t\t<\/div>\n\t\t\t\t<div class=\"elementor-element elementor-element-3a0ed71 elementor-position-inline-start elementor-view-stacked elementor-shape-circle elementor-mobile-position-block-start elementor-widget elementor-widget-icon-box\" data-id=\"3a0ed71\" data-element_type=\"widget\" data-e-type=\"widget\" data-widget_type=\"icon-box.default\">\n\t\t\t\t<div class=\"elementor-widget-container\">\n\t\t\t\t\t\t\t<div class=\"elementor-icon-box-wrapper\">\n\n\t\t\t\t\t\t<div class=\"elementor-icon-box-icon\">\n\t\t\t\t<a href=\"https:\/\/wa.link\/6idw8o\" target=\"_blank\" class=\"elementor-icon\" tabindex=\"-1\" aria-label=\" (+34) 609 14 05 45  - Jacqueline\">\n\t\t\t\t<i aria-hidden=\"true\" class=\"fab fa-whatsapp\"><\/i>\t\t\t\t<\/a>\n\t\t\t<\/div>\n\t\t\t\n\t\t\t\t\t\t<div class=\"elementor-icon-box-content\">\n\n\t\t\t\t\t\t\t\t\t<h3 class=\"elementor-icon-box-title\">\n\t\t\t\t\t\t<a href=\"https:\/\/wa.link\/6idw8o\" target=\"_blank\" >\n\t\t\t\t\t\t\t (+34) 609 14 05 45  - Jacqueline\t\t\t\t\t\t<\/a>\n\t\t\t\t\t<\/h3>\n\t\t\t\t\n\t\t\t\t\n\t\t\t<\/div>\n\t\t\t\n\t\t<\/div>\n\t\t\t\t\t\t<\/div>\n\t\t\t\t<\/div>\n\t\t\t\t\t<\/div>\n\t\t<\/div>\n\t\t\t\t\t<\/div>\n\t\t<\/section>\n\t\t\t\t<\/div>\n\t\t","protected":false},"excerpt":{"rendered":"<p>Tour-Op\u00e9rateurs PLUSIEURS JOURS \u00c0 MADRID VISITES PRIV\u00c9ES AVEC GUIDE OFFICIEL NOS OFFRES POUR UN PROGRAMME DE PLUSIEURS JOURS \u00c0 LA D\u00c9COUVERTE DE MADRID ET SES ENVIRONS On vous invite \u00e0 profiter de notre savoir-faire et de notre exp\u00e9rience pour organiser les visites de vos clients et leur faire d\u00e9couvrir le meilleur de Madrid et ses [&hellip;]<\/p>\n","protected":false},"author":1,"featured_media":0,"parent":3967,"menu_order":0,"comment_status":"closed","ping_status":"closed","template":"","meta":{"footnotes":""},"class_list":["post-4376","page","type-page","status-publish","hentry"],"yoast_head":"<!-- This site is optimized with the Yoast SEO plugin v27.8 - https:\/\/yoast.com\/product\/yoast-seo-wordpress\/ -->\n<title>PLUSIEURS JOURS \u00c0 MADRID - Madrid Travel Private Tours<\/title>\n<meta name=\"robots\" content=\"index, follow, max-snippet:-1, max-image-preview:large, max-video-preview:-1\" \/>\n<link rel=\"canonical\" href=\"https:\/\/madridtravelprivatetours.com\/agencias\/vario-dias-en-madrid\/\" \/>\n<meta property=\"og:locale\" content=\"fr_FR\" \/>\n<meta property=\"og:type\" content=\"article\" \/>\n<meta property=\"og:title\" content=\"PLUSIEURS JOURS \u00c0 MADRID - Madrid Travel Private Tours\" \/>\n<meta property=\"og:description\" content=\"Tour-Op\u00e9rateurs PLUSIEURS JOURS \u00c0 MADRID VISITES PRIV\u00c9ES AVEC GUIDE OFFICIEL NOS OFFRES POUR UN PROGRAMME DE PLUSIEURS JOURS \u00c0 LA D\u00c9COUVERTE DE MADRID ET SES ENVIRONS On vous invite \u00e0 profiter de notre savoir-faire et de notre exp\u00e9rience pour organiser les visites de vos clients et leur faire d\u00e9couvrir le meilleur de Madrid et ses [&hellip;]\" \/>\n<meta property=\"og:url\" content=\"https:\/\/madridtravelprivatetours.com\/agencias\/vario-dias-en-madrid\/\" \/>\n<meta property=\"og:site_name\" content=\"Madrid Travel Private Tours\" \/>\n<meta property=\"article:modified_time\" content=\"2025-12-09T18:01:19+00:00\" \/>\n<meta property=\"og:image\" content=\"https:\/\/madridtravelprivatetours.com\/wp-content\/uploads\/2021\/02\/las-dos.jpg\" \/>\n\t<meta property=\"og:image:width\" content=\"1000\" \/>\n\t<meta property=\"og:image:height\" content=\"750\" \/>\n\t<meta property=\"og:image:type\" content=\"image\/jpeg\" \/>\n<meta name=\"twitter:card\" content=\"summary_large_image\" \/>\n<meta name=\"twitter:label1\" content=\"Dur\u00e9e de lecture estim\u00e9e\" \/>\n\t<meta name=\"twitter:data1\" content=\"16 minutes\" \/>\n<script type=\"application\/ld+json\" class=\"yoast-schema-graph\">{\"@context\":\"https:\\\/\\\/schema.org\",\"@graph\":[{\"@type\":\"WebPage\",\"@id\":\"https:\\\/\\\/madridtravelprivatetours.com\\\/agencias\\\/vario-dias-en-madrid\\\/\",\"url\":\"https:\\\/\\\/madridtravelprivatetours.com\\\/agencias\\\/vario-dias-en-madrid\\\/\",\"name\":\"PLUSIEURS JOURS \u00c0 MADRID - Madrid Travel Private Tours\",\"isPartOf\":{\"@id\":\"https:\\\/\\\/madridtravelprivatetours.com\\\/#website\"},\"primaryImageOfPage\":{\"@id\":\"https:\\\/\\\/madridtravelprivatetours.com\\\/agencias\\\/vario-dias-en-madrid\\\/#primaryimage\"},\"image\":{\"@id\":\"https:\\\/\\\/madridtravelprivatetours.com\\\/agencias\\\/vario-dias-en-madrid\\\/#primaryimage\"},\"thumbnailUrl\":\"https:\\\/\\\/madridtravelprivatetours.com\\\/wp-content\\\/uploads\\\/2021\\\/02\\\/las-dos.jpg\",\"datePublished\":\"2021-03-28T08:03:02+00:00\",\"dateModified\":\"2025-12-09T18:01:19+00:00\",\"breadcrumb\":{\"@id\":\"https:\\\/\\\/madridtravelprivatetours.com\\\/agencias\\\/vario-dias-en-madrid\\\/#breadcrumb\"},\"inLanguage\":\"fr-FR\",\"potentialAction\":[{\"@type\":\"ReadAction\",\"target\":[\"https:\\\/\\\/madridtravelprivatetours.com\\\/agencias\\\/vario-dias-en-madrid\\\/\"]}]},{\"@type\":\"ImageObject\",\"inLanguage\":\"fr-FR\",\"@id\":\"https:\\\/\\\/madridtravelprivatetours.com\\\/agencias\\\/vario-dias-en-madrid\\\/#primaryimage\",\"url\":\"https:\\\/\\\/madridtravelprivatetours.com\\\/wp-content\\\/uploads\\\/2021\\\/02\\\/las-dos.jpg\",\"contentUrl\":\"https:\\\/\\\/madridtravelprivatetours.com\\\/wp-content\\\/uploads\\\/2021\\\/02\\\/las-dos.jpg\"},{\"@type\":\"BreadcrumbList\",\"@id\":\"https:\\\/\\\/madridtravelprivatetours.com\\\/agencias\\\/vario-dias-en-madrid\\\/#breadcrumb\",\"itemListElement\":[{\"@type\":\"ListItem\",\"position\":1,\"name\":\"INICIO\",\"item\":\"https:\\\/\\\/madridtravelprivatetours.com\\\/\"},{\"@type\":\"ListItem\",\"position\":2,\"name\":\"TOUR OP\u00c9RATEURS\",\"item\":\"https:\\\/\\\/madridtravelprivatetours.com\\\/agencias\\\/\"},{\"@type\":\"ListItem\",\"position\":3,\"name\":\"PLUSIEURS JOURS \u00c0 MADRID\"}]},{\"@type\":\"WebSite\",\"@id\":\"https:\\\/\\\/madridtravelprivatetours.com\\\/#website\",\"url\":\"https:\\\/\\\/madridtravelprivatetours.com\\\/\",\"name\":\"Madrid Travel Private Tours\",\"description\":\"Ofrecemos visitas guiadas privadas en Madrid y alrededores\",\"potentialAction\":[{\"@type\":\"SearchAction\",\"target\":{\"@type\":\"EntryPoint\",\"urlTemplate\":\"https:\\\/\\\/madridtravelprivatetours.com\\\/?s={search_term_string}\"},\"query-input\":{\"@type\":\"PropertyValueSpecification\",\"valueRequired\":true,\"valueName\":\"search_term_string\"}}],\"inLanguage\":\"fr-FR\"}]}<\/script>\n<!-- \/ Yoast SEO plugin. -->","yoast_head_json":{"title":"PLUSIEURS JOURS \u00c0 MADRID - Madrid Travel Private Tours","robots":{"index":"index","follow":"follow","max-snippet":"max-snippet:-1","max-image-preview":"max-image-preview:large","max-video-preview":"max-video-preview:-1"},"canonical":"https:\/\/madridtravelprivatetours.com\/agencias\/vario-dias-en-madrid\/","og_locale":"fr_FR","og_type":"article","og_title":"PLUSIEURS JOURS \u00c0 MADRID - Madrid Travel Private Tours","og_description":"Tour-Op\u00e9rateurs PLUSIEURS JOURS \u00c0 MADRID VISITES PRIV\u00c9ES AVEC GUIDE OFFICIEL NOS OFFRES POUR UN PROGRAMME DE PLUSIEURS JOURS \u00c0 LA D\u00c9COUVERTE DE MADRID ET SES ENVIRONS On vous invite \u00e0 profiter de notre savoir-faire et de notre exp\u00e9rience pour organiser les visites de vos clients et leur faire d\u00e9couvrir le meilleur de Madrid et ses [&hellip;]","og_url":"https:\/\/madridtravelprivatetours.com\/agencias\/vario-dias-en-madrid\/","og_site_name":"Madrid Travel Private Tours","article_modified_time":"2025-12-09T18:01:19+00:00","og_image":[{"width":1000,"height":750,"url":"https:\/\/madridtravelprivatetours.com\/wp-content\/uploads\/2021\/02\/las-dos.jpg","type":"image\/jpeg"}],"twitter_card":"summary_large_image","twitter_misc":{"Dur\u00e9e de lecture estim\u00e9e":"16 minutes"},"schema":{"@context":"https:\/\/schema.org","@graph":[{"@type":"WebPage","@id":"https:\/\/madridtravelprivatetours.com\/agencias\/vario-dias-en-madrid\/","url":"https:\/\/madridtravelprivatetours.com\/agencias\/vario-dias-en-madrid\/","name":"PLUSIEURS JOURS \u00c0 MADRID - Madrid Travel Private Tours","isPartOf":{"@id":"https:\/\/madridtravelprivatetours.com\/#website"},"primaryImageOfPage":{"@id":"https:\/\/madridtravelprivatetours.com\/agencias\/vario-dias-en-madrid\/#primaryimage"},"image":{"@id":"https:\/\/madridtravelprivatetours.com\/agencias\/vario-dias-en-madrid\/#primaryimage"},"thumbnailUrl":"https:\/\/madridtravelprivatetours.com\/wp-content\/uploads\/2021\/02\/las-dos.jpg","datePublished":"2021-03-28T08:03:02+00:00","dateModified":"2025-12-09T18:01:19+00:00","breadcrumb":{"@id":"https:\/\/madridtravelprivatetours.com\/agencias\/vario-dias-en-madrid\/#breadcrumb"},"inLanguage":"fr-FR","potentialAction":[{"@type":"ReadAction","target":["https:\/\/madridtravelprivatetours.com\/agencias\/vario-dias-en-madrid\/"]}]},{"@type":"ImageObject","inLanguage":"fr-FR","@id":"https:\/\/madridtravelprivatetours.com\/agencias\/vario-dias-en-madrid\/#primaryimage","url":"https:\/\/madridtravelprivatetours.com\/wp-content\/uploads\/2021\/02\/las-dos.jpg","contentUrl":"https:\/\/madridtravelprivatetours.com\/wp-content\/uploads\/2021\/02\/las-dos.jpg"},{"@type":"BreadcrumbList","@id":"https:\/\/madridtravelprivatetours.com\/agencias\/vario-dias-en-madrid\/#breadcrumb","itemListElement":[{"@type":"ListItem","position":1,"name":"INICIO","item":"https:\/\/madridtravelprivatetours.com\/"},{"@type":"ListItem","position":2,"name":"TOUR OP\u00c9RATEURS","item":"https:\/\/madridtravelprivatetours.com\/agencias\/"},{"@type":"ListItem","position":3,"name":"PLUSIEURS JOURS \u00c0 MADRID"}]},{"@type":"WebSite","@id":"https:\/\/madridtravelprivatetours.com\/#website","url":"https:\/\/madridtravelprivatetours.com\/","name":"Madrid Travel Private Tours","description":"Ofrecemos visitas guiadas privadas en Madrid y alrededores","potentialAction":[{"@type":"SearchAction","target":{"@type":"EntryPoint","urlTemplate":"https:\/\/madridtravelprivatetours.com\/?s={search_term_string}"},"query-input":{"@type":"PropertyValueSpecification","valueRequired":true,"valueName":"search_term_string"}}],"inLanguage":"fr-FR"}]}},"_links":{"self":[{"href":"https:\/\/madridtravelprivatetours.com\/fr\/wp-json\/wp\/v2\/pages\/4376","targetHints":{"allow":["GET"]}}],"collection":[{"href":"https:\/\/madridtravelprivatetours.com\/fr\/wp-json\/wp\/v2\/pages"}],"about":[{"href":"https:\/\/madridtravelprivatetours.com\/fr\/wp-json\/wp\/v2\/types\/page"}],"author":[{"embeddable":true,"href":"https:\/\/madridtravelprivatetours.com\/fr\/wp-json\/wp\/v2\/users\/1"}],"replies":[{"embeddable":true,"href":"https:\/\/madridtravelprivatetours.com\/fr\/wp-json\/wp\/v2\/comments?post=4376"}],"version-history":[{"count":325,"href":"https:\/\/madridtravelprivatetours.com\/fr\/wp-json\/wp\/v2\/pages\/4376\/revisions"}],"predecessor-version":[{"id":12385,"href":"https:\/\/madridtravelprivatetours.com\/fr\/wp-json\/wp\/v2\/pages\/4376\/revisions\/12385"}],"up":[{"embeddable":true,"href":"https:\/\/madridtravelprivatetours.com\/fr\/wp-json\/wp\/v2\/pages\/3967"}],"wp:attachment":[{"href":"https:\/\/madridtravelprivatetours.com\/fr\/wp-json\/wp\/v2\/media?parent=4376"}],"curies":[{"name":"wp","href":"https:\/\/api.w.org\/{rel}","templated":true}]}}