{"id":3560,"date":"2021-05-17T23:03:53","date_gmt":"2021-05-17T21:03:53","guid":{"rendered":"https:\/\/madridtravelprivatetours.com\/avila-segovia-fullday\/"},"modified":"2025-12-09T10:43:15","modified_gmt":"2025-12-09T09:43:15","slug":"avila-segovia-gita-di-un-giorno-da-madrid","status":"publish","type":"page","link":"https:\/\/madridtravelprivatetours.com\/it\/avila-segovia-gita-di-un-giorno-da-madrid\/","title":{"rendered":"AVILA &#038; SEGOVIA. GITA DI UN GIORNO DA MADRID"},"content":{"rendered":"\t\t<div data-elementor-type=\"wp-page\" data-elementor-id=\"3560\" class=\"elementor elementor-3560 elementor-3072\" data-elementor-post-type=\"page\">\n\t\t\t\t\t\t<section class=\"elementor-section elementor-top-section elementor-element elementor-element-1f2920a2 elementor-section-height-min-height elementor-section-boxed elementor-section-height-default elementor-section-items-middle\" data-id=\"1f2920a2\" data-element_type=\"section\" data-e-type=\"section\" data-settings=\"{&quot;background_background&quot;:&quot;classic&quot;}\">\n\t\t\t\t\t\t\t<div class=\"elementor-background-overlay\"><\/div>\n\t\t\t\t\t\t\t<div class=\"elementor-container elementor-column-gap-default\">\n\t\t\t\t\t<div class=\"elementor-column elementor-col-100 elementor-top-column elementor-element elementor-element-2e245916\" data-id=\"2e245916\" data-element_type=\"column\" data-e-type=\"column\">\n\t\t\t<div class=\"elementor-widget-wrap elementor-element-populated\">\n\t\t\t\t\t\t<div class=\"elementor-element elementor-element-a496492 elementor-widget elementor-widget-heading\" data-id=\"a496492\" data-element_type=\"widget\" data-e-type=\"widget\" data-widget_type=\"heading.default\">\n\t\t\t\t<div class=\"elementor-widget-container\">\n\t\t\t\t\t<h2 class=\"elementor-heading-title elementor-size-default\">Visite Guidate Private<\/h2>\t\t\t\t<\/div>\n\t\t\t\t<\/div>\n\t\t\t\t<div class=\"elementor-element elementor-element-77953d86 elementor-widget-divider--view-line elementor-widget elementor-widget-divider\" data-id=\"77953d86\" data-element_type=\"widget\" data-e-type=\"widget\" data-widget_type=\"divider.default\">\n\t\t\t\t<div class=\"elementor-widget-container\">\n\t\t\t\t\t\t\t<div class=\"elementor-divider\">\n\t\t\t<span class=\"elementor-divider-separator\">\n\t\t\t\t\t\t<\/span>\n\t\t<\/div>\n\t\t\t\t\t\t<\/div>\n\t\t\t\t<\/div>\n\t\t\t\t<div class=\"elementor-element elementor-element-7bf78f49 elementor-widget elementor-widget-heading\" data-id=\"7bf78f49\" data-element_type=\"widget\" data-e-type=\"widget\" data-widget_type=\"heading.default\">\n\t\t\t\t<div class=\"elementor-widget-container\">\n\t\t\t\t\t<h1 class=\"elementor-heading-title elementor-size-default\">AVILA &amp; SEGOVIA. GITA DI UN GIORNO DA MADRID<\/h1>\t\t\t\t<\/div>\n\t\t\t\t<\/div>\n\t\t\t\t\t<\/div>\n\t\t<\/div>\n\t\t\t\t\t<\/div>\n\t\t<\/section>\n\t\t\t\t<section class=\"elementor-section elementor-top-section elementor-element elementor-element-47261389 elementor-section-boxed elementor-section-height-default elementor-section-height-default\" data-id=\"47261389\" data-element_type=\"section\" data-e-type=\"section\">\n\t\t\t\t\t\t<div class=\"elementor-container elementor-column-gap-default\">\n\t\t\t\t\t<div class=\"elementor-column elementor-col-50 elementor-top-column elementor-element elementor-element-4f4b3932\" data-id=\"4f4b3932\" data-element_type=\"column\" data-e-type=\"column\">\n\t\t\t<div class=\"elementor-widget-wrap elementor-element-populated\">\n\t\t\t\t\t\t<div class=\"elementor-element elementor-element-65ee59e6 elementor-widget elementor-widget-heading\" data-id=\"65ee59e6\" data-element_type=\"widget\" data-e-type=\"widget\" data-widget_type=\"heading.default\">\n\t\t\t\t<div class=\"elementor-widget-container\">\n\t\t\t\t\t<h2 class=\"elementor-heading-title elementor-size-default\">Scopri due siti patrimonio dell\u2019Umanit\u00e0 dell'UNESCO in un giorno<\/h2>\t\t\t\t<\/div>\n\t\t\t\t<\/div>\n\t\t\t\t<div class=\"elementor-element elementor-element-31e6a586 elementor-widget elementor-widget-text-editor\" data-id=\"31e6a586\" data-element_type=\"widget\" data-e-type=\"widget\" data-widget_type=\"text-editor.default\">\n\t\t\t\t<div class=\"elementor-widget-container\">\n\t\t\t\t\t\t\t\t\t<p>Entrambe le citt\u00e0 sono state dichiarate patrimonio \u00a0dell&#8217;umanit\u00e0 dall&#8217;UNESCO nel 1986.<\/p><p><strong>Avila<\/strong>, fondata dai Romani, fu una delle principali citt\u00e0 del Regno di Castiglia durante il Medioevo. La citt\u00e0 conserva le migliori mura medievali della Spagna. Sono lunghi 2,5 km. e hanno 88 torri. Le numerose residenze nobiliari di Avila testimoniano i suoi tempi gloriosi, in particolare i secoli XV e XVI.<\/p><p><strong>Segovia<\/strong> accoglie i visitatori con il suo imponente acquedotto romano, uno dei pi\u00f9 grandi ancora conservati al mondo. L&#8217;Alcazar o castello, un tempo era la residenza preferita dei monarchi castigliani e ha difeso la citt\u00e0 dai suoi nemici per secoli.<\/p><p>Una passeggiata attraverso Avila e Segovia \u00e8 come un viaggio nel passato. I secoli possono essere passati, ma, in un certo senso, il tempo si ferma in queste due citt\u00e0 grazie alle sue numerose chiese romaniche, residenze nobiliare, mura medievali e alle sue cattedrali \u00a0gotiche.<\/p><p>Quando visitiamo Segovia, non possiamo dimenticare la sua famosa gastronomia. I suoi famosi &#8220;judiones de la Granja&#8221;(fagioli), &#8220;cochinillo asado&#8221; (porcellino\u00a0 arrosto) e il dolce &#8220;ponche segoviano&#8221; \u00a0fanno le delizie di coloro che visitano la citt\u00e0.<\/p>\t\t\t\t\t\t\t\t<\/div>\n\t\t\t\t<\/div>\n\t\t\t\t\t<\/div>\n\t\t<\/div>\n\t\t\t\t<div class=\"elementor-column elementor-col-50 elementor-top-column elementor-element elementor-element-3c77a226\" data-id=\"3c77a226\" data-element_type=\"column\" data-e-type=\"column\">\n\t\t\t<div class=\"elementor-widget-wrap elementor-element-populated\">\n\t\t\t\t\t\t<div class=\"elementor-element elementor-element-39397da1 elementor-widget elementor-widget-image\" data-id=\"39397da1\" data-element_type=\"widget\" data-e-type=\"widget\" data-widget_type=\"image.default\">\n\t\t\t\t<div class=\"elementor-widget-container\">\n\t\t\t\t\t\t\t\t\t\t\t\t\t\t\t<img fetchpriority=\"high\" decoding=\"async\" width=\"800\" height=\"450\" src=\"https:\/\/madridtravelprivatetours.com\/wp-content\/uploads\/2021\/05\/PORTADA-1024x576.jpg\" class=\"attachment-large size-large wp-image-3561\" alt=\"\" srcset=\"https:\/\/madridtravelprivatetours.com\/wp-content\/uploads\/2021\/05\/PORTADA-1024x576.jpg 1024w, https:\/\/madridtravelprivatetours.com\/wp-content\/uploads\/2021\/05\/PORTADA-300x169.jpg 300w, https:\/\/madridtravelprivatetours.com\/wp-content\/uploads\/2021\/05\/PORTADA-768x432.jpg 768w, https:\/\/madridtravelprivatetours.com\/wp-content\/uploads\/2021\/05\/PORTADA-1536x864.jpg 1536w, https:\/\/madridtravelprivatetours.com\/wp-content\/uploads\/2021\/05\/PORTADA-2048x1152.jpg 2048w\" sizes=\"(max-width: 800px) 100vw, 800px\" \/>\t\t\t\t\t\t\t\t\t\t\t\t\t\t\t<\/div>\n\t\t\t\t<\/div>\n\t\t\t\t\t<\/div>\n\t\t<\/div>\n\t\t\t\t\t<\/div>\n\t\t<\/section>\n\t\t\t\t<section class=\"elementor-section elementor-top-section elementor-element elementor-element-3b44e07c elementor-section-boxed elementor-section-height-default elementor-section-height-default\" data-id=\"3b44e07c\" data-element_type=\"section\" data-e-type=\"section\" data-settings=\"{&quot;background_background&quot;:&quot;classic&quot;}\">\n\t\t\t\t\t\t\t<div class=\"elementor-background-overlay\"><\/div>\n\t\t\t\t\t\t\t<div class=\"elementor-container elementor-column-gap-default\">\n\t\t\t\t\t<div class=\"elementor-column elementor-col-100 elementor-top-column elementor-element elementor-element-1b4fd093\" data-id=\"1b4fd093\" data-element_type=\"column\" data-e-type=\"column\">\n\t\t\t<div class=\"elementor-widget-wrap elementor-element-populated\">\n\t\t\t\t\t\t<section class=\"elementor-section elementor-inner-section elementor-element elementor-element-4a444cdb elementor-section-boxed elementor-section-height-default elementor-section-height-default\" data-id=\"4a444cdb\" data-element_type=\"section\" data-e-type=\"section\">\n\t\t\t\t\t\t<div class=\"elementor-container elementor-column-gap-default\">\n\t\t\t\t\t<div class=\"elementor-column elementor-col-33 elementor-inner-column elementor-element elementor-element-1499550\" data-id=\"1499550\" data-element_type=\"column\" data-e-type=\"column\" data-settings=\"{&quot;background_background&quot;:&quot;classic&quot;}\">\n\t\t\t<div class=\"elementor-widget-wrap elementor-element-populated\">\n\t\t\t\t\t\t<div class=\"elementor-element elementor-element-2e8ed83a elementor-widget elementor-widget-heading\" data-id=\"2e8ed83a\" data-element_type=\"widget\" data-e-type=\"widget\" data-widget_type=\"heading.default\">\n\t\t\t\t<div class=\"elementor-widget-container\">\n\t\t\t\t\t<h2 class=\"elementor-heading-title elementor-size-default\">Durata: 10 ore<\/h2>\t\t\t\t<\/div>\n\t\t\t\t<\/div>\n\t\t\t\t<div class=\"elementor-element elementor-element-72cde00f elementor-widget elementor-widget-heading\" data-id=\"72cde00f\" data-element_type=\"widget\" data-e-type=\"widget\" data-widget_type=\"heading.default\">\n\t\t\t\t<div class=\"elementor-widget-container\">\n\t\t\t\t\t<h2 class=\"elementor-heading-title elementor-size-default\">Prezzo: 1.280\u20ac + 25\u20ac a persona<\/h2>\t\t\t\t<\/div>\n\t\t\t\t<\/div>\n\t\t\t\t<div class=\"elementor-element elementor-element-f807c53 elementor-widget elementor-widget-text-editor\" data-id=\"f807c53\" data-element_type=\"widget\" data-e-type=\"widget\" data-widget_type=\"text-editor.default\">\n\t\t\t\t<div class=\"elementor-widget-container\">\n\t\t\t\t\t\t\t\t\t<p>Massimo 6 persone. Per i gruppi pi\u00f9 grandi, chiedici un preventivo<\/p>\t\t\t\t\t\t\t\t<\/div>\n\t\t\t\t<\/div>\n\t\t\t\t<div class=\"elementor-element elementor-element-4e934606 elementor-widget elementor-widget-heading\" data-id=\"4e934606\" data-element_type=\"widget\" data-e-type=\"widget\" data-widget_type=\"heading.default\">\n\t\t\t\t<div class=\"elementor-widget-container\">\n\t\t\t\t\t<h2 class=\"elementor-heading-title elementor-size-default\">Include:<\/h2>\t\t\t\t<\/div>\n\t\t\t\t<\/div>\n\t\t\t\t<div class=\"elementor-element elementor-element-a246d77 elementor-widget elementor-widget-text-editor\" data-id=\"a246d77\" data-element_type=\"widget\" data-e-type=\"widget\" data-widget_type=\"text-editor.default\">\n\t\t\t\t<div class=\"elementor-widget-container\">\n\t\t\t\t\t\t\t\t\t<ul><li><p>La nostra tariffa come guida locale privata<\/p><\/li><li><p>Trasporto privato. Il tour si svolger\u00e0 in un&#8217;auto \/ van di lusso, spaziosa, confortevole e guidata da un autista professionista<\/p><\/li><li><p>Biglietti d&#8217;ingresso ai monumenti inclusi nell&#8217;itinerario<\/p><\/li><li><p>Tasse<\/p><\/li><\/ul>\t\t\t\t\t\t\t\t<\/div>\n\t\t\t\t<\/div>\n\t\t\t\t<div class=\"elementor-element elementor-element-3286519 elementor-widget elementor-widget-heading\" data-id=\"3286519\" data-element_type=\"widget\" data-e-type=\"widget\" data-widget_type=\"heading.default\">\n\t\t\t\t<div class=\"elementor-widget-container\">\n\t\t\t\t\t<h2 class=\"elementor-heading-title elementor-size-default\">Non include:<\/h2>\t\t\t\t<\/div>\n\t\t\t\t<\/div>\n\t\t\t\t<div class=\"elementor-element elementor-element-26c1994 elementor-widget elementor-widget-text-editor\" data-id=\"26c1994\" data-element_type=\"widget\" data-e-type=\"widget\" data-widget_type=\"text-editor.default\">\n\t\t\t\t<div class=\"elementor-widget-container\">\n\t\t\t\t\t\t\t\t\t<ul><li><p>Cibo e bevande<\/p><\/li><\/ul>\t\t\t\t\t\t\t\t<\/div>\n\t\t\t\t<\/div>\n\t\t\t\t\t<\/div>\n\t\t<\/div>\n\t\t\t\t<div class=\"elementor-column elementor-col-33 elementor-inner-column elementor-element elementor-element-23854490\" data-id=\"23854490\" data-element_type=\"column\" data-e-type=\"column\" data-settings=\"{&quot;background_background&quot;:&quot;classic&quot;}\">\n\t\t\t<div class=\"elementor-widget-wrap elementor-element-populated\">\n\t\t\t\t\t\t<div class=\"elementor-element elementor-element-6379efb1 elementor-widget elementor-widget-heading\" data-id=\"6379efb1\" data-element_type=\"widget\" data-e-type=\"widget\" data-widget_type=\"heading.default\">\n\t\t\t\t<div class=\"elementor-widget-container\">\n\t\t\t\t\t<h2 class=\"elementor-heading-title elementor-size-default\">Itinerario:<\/h2>\t\t\t\t<\/div>\n\t\t\t\t<\/div>\n\t\t\t\t<div class=\"elementor-element elementor-element-4596340c elementor-widget elementor-widget-text-editor\" data-id=\"4596340c\" data-element_type=\"widget\" data-e-type=\"widget\" data-widget_type=\"text-editor.default\">\n\t\t\t\t<div class=\"elementor-widget-container\">\n\t\t\t\t\t\t\t\t\t<p>AVILA<\/p><ul><li><p>Los 4 postes. Vista panoramica<\/p><\/li><li><p>Mura medievali\u00a0<\/p><\/li><li><p>Cattedrale (esterno)<\/p><\/li><li><p>Chiesa e convento di Santa Teresa (interno)<\/p><\/li><\/ul><p>SEGOVIA<\/p><ul><li><p>Giro panoramico<\/p><\/li><li><p>Alcazar (interno)<\/p><\/li><li><p>Cattedrale (interno)<\/p><\/li><li><p>Acquedotto Romano<\/p><\/li><\/ul>\t\t\t\t\t\t\t\t<\/div>\n\t\t\t\t<\/div>\n\t\t\t\t\t<\/div>\n\t\t<\/div>\n\t\t\t\t<div class=\"elementor-column elementor-col-33 elementor-inner-column elementor-element elementor-element-329fa776\" data-id=\"329fa776\" data-element_type=\"column\" data-e-type=\"column\" data-settings=\"{&quot;background_background&quot;:&quot;classic&quot;}\">\n\t\t\t<div class=\"elementor-widget-wrap elementor-element-populated\">\n\t\t\t\t\t\t<div class=\"elementor-element elementor-element-7f238789 elementor-widget elementor-widget-heading\" data-id=\"7f238789\" data-element_type=\"widget\" data-e-type=\"widget\" data-widget_type=\"heading.default\">\n\t\t\t\t<div class=\"elementor-widget-container\">\n\t\t\t\t\t<h2 class=\"elementor-heading-title elementor-size-default\">Punto d'incontro:<\/h2>\t\t\t\t<\/div>\n\t\t\t\t<\/div>\n\t\t\t\t<div class=\"elementor-element elementor-element-7eff1620 elementor-widget elementor-widget-text-editor\" data-id=\"7eff1620\" data-element_type=\"widget\" data-e-type=\"widget\" data-widget_type=\"text-editor.default\">\n\t\t\t\t<div class=\"elementor-widget-container\">\n\t\t\t\t\t\t\t\t\t<p>Hotel<\/p>\t\t\t\t\t\t\t\t<\/div>\n\t\t\t\t<\/div>\n\t\t\t\t<div class=\"elementor-element elementor-element-362cdd0e elementor-widget elementor-widget-button\" data-id=\"362cdd0e\" data-element_type=\"widget\" data-e-type=\"widget\" data-widget_type=\"button.default\">\n\t\t\t\t<div class=\"elementor-widget-container\">\n\t\t\t\t\t\t\t\t\t<div class=\"elementor-button-wrapper\">\n\t\t\t\t\t<a class=\"elementor-button elementor-button-link elementor-size-sm\" href=\"#reserva\">\n\t\t\t\t\t\t<span class=\"elementor-button-content-wrapper\">\n\t\t\t\t\t\t\t\t\t<span class=\"elementor-button-text\">Prenota<\/span>\n\t\t\t\t\t<\/span>\n\t\t\t\t\t<\/a>\n\t\t\t\t<\/div>\n\t\t\t\t\t\t\t\t<\/div>\n\t\t\t\t<\/div>\n\t\t\t\t\t<\/div>\n\t\t<\/div>\n\t\t\t\t\t<\/div>\n\t\t<\/section>\n\t\t\t\t\t<\/div>\n\t\t<\/div>\n\t\t\t\t\t<\/div>\n\t\t<\/section>\n\t\t\t\t<section class=\"elementor-section elementor-top-section elementor-element elementor-element-4912eded elementor-section-boxed elementor-section-height-default elementor-section-height-default\" data-id=\"4912eded\" data-element_type=\"section\" data-e-type=\"section\" data-settings=\"{&quot;background_background&quot;:&quot;classic&quot;}\">\n\t\t\t\t\t\t<div class=\"elementor-container elementor-column-gap-default\">\n\t\t\t\t\t<div class=\"elementor-column elementor-col-100 elementor-top-column elementor-element elementor-element-36ec3653\" data-id=\"36ec3653\" data-element_type=\"column\" data-e-type=\"column\">\n\t\t\t<div class=\"elementor-widget-wrap elementor-element-populated\">\n\t\t\t\t\t\t<div class=\"elementor-element elementor-element-2d98d20 elementor-widget elementor-widget-text-editor\" data-id=\"2d98d20\" data-element_type=\"widget\" data-e-type=\"widget\" data-widget_type=\"text-editor.default\">\n\t\t\t\t<div class=\"elementor-widget-container\">\n\t\t\t\t\t\t\t\t\t<p>L&#8217;itinerario pu\u00f2 essere adattato ai vostri\u00a0 interessi.<br \/>Non esitate a contattarci per un tour PERSONALIZZATO.<\/p>\t\t\t\t\t\t\t\t<\/div>\n\t\t\t\t<\/div>\n\t\t\t\t\t<\/div>\n\t\t<\/div>\n\t\t\t\t\t<\/div>\n\t\t<\/section>\n\t\t\t\t<section class=\"elementor-section elementor-top-section elementor-element elementor-element-42f7b441 elementor-section-boxed elementor-section-height-default elementor-section-height-default\" data-id=\"42f7b441\" data-element_type=\"section\" data-e-type=\"section\">\n\t\t\t\t\t\t<div class=\"elementor-container elementor-column-gap-default\">\n\t\t\t\t\t<div class=\"elementor-column elementor-col-100 elementor-top-column elementor-element elementor-element-356d4a5a\" data-id=\"356d4a5a\" data-element_type=\"column\" data-e-type=\"column\">\n\t\t\t<div class=\"elementor-widget-wrap elementor-element-populated\">\n\t\t\t\t\t\t<div class=\"elementor-element elementor-element-1c7c83c elementor-widget elementor-widget-heading\" data-id=\"1c7c83c\" data-element_type=\"widget\" data-e-type=\"widget\" data-widget_type=\"heading.default\">\n\t\t\t\t<div class=\"elementor-widget-container\">\n\t\t\t\t\t<h2 class=\"elementor-heading-title elementor-size-default\">Foto della visita<\/h2>\t\t\t\t<\/div>\n\t\t\t\t<\/div>\n\t\t\t\t<div class=\"elementor-element elementor-element-1515551c elementor-widget elementor-widget-gallery\" data-id=\"1515551c\" data-element_type=\"widget\" data-e-type=\"widget\" data-settings=\"{&quot;gallery_layout&quot;:&quot;justified&quot;,&quot;ideal_row_height&quot;:{&quot;unit&quot;:&quot;px&quot;,&quot;size&quot;:294,&quot;sizes&quot;:[]},&quot;gap&quot;:{&quot;unit&quot;:&quot;px&quot;,&quot;size&quot;:2,&quot;sizes&quot;:[]},&quot;lazyload&quot;:&quot;yes&quot;,&quot;ideal_row_height_tablet&quot;:{&quot;unit&quot;:&quot;px&quot;,&quot;size&quot;:150,&quot;sizes&quot;:[]},&quot;ideal_row_height_mobile&quot;:{&quot;unit&quot;:&quot;px&quot;,&quot;size&quot;:150,&quot;sizes&quot;:[]},&quot;gap_tablet&quot;:{&quot;unit&quot;:&quot;px&quot;,&quot;size&quot;:10,&quot;sizes&quot;:[]},&quot;gap_mobile&quot;:{&quot;unit&quot;:&quot;px&quot;,&quot;size&quot;:10,&quot;sizes&quot;:[]},&quot;link_to&quot;:&quot;file&quot;,&quot;overlay_background&quot;:&quot;yes&quot;,&quot;content_hover_animation&quot;:&quot;fade-in&quot;}\" data-widget_type=\"gallery.default\">\n\t\t\t\t<div class=\"elementor-widget-container\">\n\t\t\t\t\t\t\t<div class=\"elementor-gallery__container\">\n\t\t\t\t\t\t\t<a class=\"e-gallery-item elementor-gallery-item elementor-animated-content\" href=\"https:\/\/madridtravelprivatetours.com\/wp-content\/uploads\/2021\/05\/VISITA1-scaled.jpg\" data-elementor-open-lightbox=\"yes\" data-elementor-lightbox-slideshow=\"1515551c\" data-elementor-lightbox-title=\"VISITA1\" data-e-action-hash=\"#elementor-action%3Aaction%3Dlightbox%26settings%3DeyJpZCI6MzU2MywidXJsIjoiaHR0cHM6XC9cL21hZHJpZHRyYXZlbHByaXZhdGV0b3Vycy5jb21cL3dwLWNvbnRlbnRcL3VwbG9hZHNcLzIwMjFcLzA1XC9WSVNJVEExLXNjYWxlZC5qcGciLCJzbGlkZXNob3ciOiIxNTE1NTUxYyJ9\">\n\t\t\t\t\t<div class=\"e-gallery-image elementor-gallery-item__image\" data-thumbnail=\"https:\/\/madridtravelprivatetours.com\/wp-content\/uploads\/2021\/05\/VISITA1-768x576.jpg\" data-width=\"768\" data-height=\"576\" aria-label=\"\" role=\"img\" ><\/div>\n\t\t\t\t\t\t\t\t\t\t\t<div class=\"elementor-gallery-item__overlay\"><\/div>\n\t\t\t\t\t\t\t\t\t\t\t\t\t\t<\/a>\n\t\t\t\t\t\t\t<a class=\"e-gallery-item elementor-gallery-item elementor-animated-content\" href=\"https:\/\/madridtravelprivatetours.com\/wp-content\/uploads\/2021\/05\/VISITA2-scaled.jpeg\" data-elementor-open-lightbox=\"yes\" data-elementor-lightbox-slideshow=\"1515551c\" data-elementor-lightbox-title=\"VISITA2\" data-e-action-hash=\"#elementor-action%3Aaction%3Dlightbox%26settings%3DeyJpZCI6MzU2NCwidXJsIjoiaHR0cHM6XC9cL21hZHJpZHRyYXZlbHByaXZhdGV0b3Vycy5jb21cL3dwLWNvbnRlbnRcL3VwbG9hZHNcLzIwMjFcLzA1XC9WSVNJVEEyLXNjYWxlZC5qcGVnIiwic2xpZGVzaG93IjoiMTUxNTU1MWMifQ%3D%3D\">\n\t\t\t\t\t<div class=\"e-gallery-image elementor-gallery-item__image\" data-thumbnail=\"https:\/\/madridtravelprivatetours.com\/wp-content\/uploads\/2021\/05\/VISITA2-768x599.jpeg\" data-width=\"768\" data-height=\"599\" aria-label=\"\" role=\"img\" ><\/div>\n\t\t\t\t\t\t\t\t\t\t\t<div class=\"elementor-gallery-item__overlay\"><\/div>\n\t\t\t\t\t\t\t\t\t\t\t\t\t\t<\/a>\n\t\t\t\t\t\t\t<a class=\"e-gallery-item elementor-gallery-item elementor-animated-content\" href=\"https:\/\/madridtravelprivatetours.com\/wp-content\/uploads\/2021\/05\/VISITA3.jpg\" data-elementor-open-lightbox=\"yes\" data-elementor-lightbox-slideshow=\"1515551c\" data-elementor-lightbox-title=\"VISITA3\" data-e-action-hash=\"#elementor-action%3Aaction%3Dlightbox%26settings%3DeyJpZCI6MzU2NSwidXJsIjoiaHR0cHM6XC9cL21hZHJpZHRyYXZlbHByaXZhdGV0b3Vycy5jb21cL3dwLWNvbnRlbnRcL3VwbG9hZHNcLzIwMjFcLzA1XC9WSVNJVEEzLmpwZyIsInNsaWRlc2hvdyI6IjE1MTU1NTFjIn0%3D\">\n\t\t\t\t\t<div class=\"e-gallery-image elementor-gallery-item__image\" data-thumbnail=\"https:\/\/madridtravelprivatetours.com\/wp-content\/uploads\/2021\/05\/VISITA3-768x555.jpg\" data-width=\"768\" data-height=\"555\" aria-label=\"\" role=\"img\" ><\/div>\n\t\t\t\t\t\t\t\t\t\t\t<div class=\"elementor-gallery-item__overlay\"><\/div>\n\t\t\t\t\t\t\t\t\t\t\t\t\t\t<\/a>\n\t\t\t\t\t\t\t<a class=\"e-gallery-item elementor-gallery-item elementor-animated-content\" href=\"https:\/\/madridtravelprivatetours.com\/wp-content\/uploads\/2021\/05\/VISITA4-scaled.jpg\" data-elementor-open-lightbox=\"yes\" data-elementor-lightbox-slideshow=\"1515551c\" data-elementor-lightbox-title=\"VISITA4\" data-e-action-hash=\"#elementor-action%3Aaction%3Dlightbox%26settings%3DeyJpZCI6MzU2NiwidXJsIjoiaHR0cHM6XC9cL21hZHJpZHRyYXZlbHByaXZhdGV0b3Vycy5jb21cL3dwLWNvbnRlbnRcL3VwbG9hZHNcLzIwMjFcLzA1XC9WSVNJVEE0LXNjYWxlZC5qcGciLCJzbGlkZXNob3ciOiIxNTE1NTUxYyJ9\">\n\t\t\t\t\t<div class=\"e-gallery-image elementor-gallery-item__image\" data-thumbnail=\"https:\/\/madridtravelprivatetours.com\/wp-content\/uploads\/2021\/05\/VISITA4-768x691.jpg\" data-width=\"768\" data-height=\"691\" aria-label=\"\" role=\"img\" ><\/div>\n\t\t\t\t\t\t\t\t\t\t\t<div class=\"elementor-gallery-item__overlay\"><\/div>\n\t\t\t\t\t\t\t\t\t\t\t\t\t\t<\/a>\n\t\t\t\t\t\t\t<a class=\"e-gallery-item elementor-gallery-item elementor-animated-content\" href=\"https:\/\/madridtravelprivatetours.com\/wp-content\/uploads\/2021\/05\/VISITA5-scaled.jpg\" data-elementor-open-lightbox=\"yes\" data-elementor-lightbox-slideshow=\"1515551c\" data-elementor-lightbox-title=\"VISITA5\" data-e-action-hash=\"#elementor-action%3Aaction%3Dlightbox%26settings%3DeyJpZCI6MzU2NywidXJsIjoiaHR0cHM6XC9cL21hZHJpZHRyYXZlbHByaXZhdGV0b3Vycy5jb21cL3dwLWNvbnRlbnRcL3VwbG9hZHNcLzIwMjFcLzA1XC9WSVNJVEE1LXNjYWxlZC5qcGciLCJzbGlkZXNob3ciOiIxNTE1NTUxYyJ9\">\n\t\t\t\t\t<div class=\"e-gallery-image elementor-gallery-item__image\" data-thumbnail=\"https:\/\/madridtravelprivatetours.com\/wp-content\/uploads\/2021\/05\/VISITA5-768x1024.jpg\" data-width=\"768\" data-height=\"1024\" aria-label=\"\" role=\"img\" ><\/div>\n\t\t\t\t\t\t\t\t\t\t\t<div class=\"elementor-gallery-item__overlay\"><\/div>\n\t\t\t\t\t\t\t\t\t\t\t\t\t\t<\/a>\n\t\t\t\t\t<\/div>\n\t\t\t\t\t<\/div>\n\t\t\t\t<\/div>\n\t\t\t\t\t<\/div>\n\t\t<\/div>\n\t\t\t\t\t<\/div>\n\t\t<\/section>\n\t\t\t\t<section class=\"elementor-section elementor-top-section elementor-element elementor-element-709939f7 elementor-section-content-middle elementor-section-boxed elementor-section-height-default elementor-section-height-default\" data-id=\"709939f7\" data-element_type=\"section\" data-e-type=\"section\" id=\"reserva\">\n\t\t\t\t\t\t<div class=\"elementor-container elementor-column-gap-no\">\n\t\t\t\t\t<div class=\"elementor-column elementor-col-50 elementor-top-column elementor-element elementor-element-d851cac\" data-id=\"d851cac\" data-element_type=\"column\" data-e-type=\"column\">\n\t\t\t<div class=\"elementor-widget-wrap elementor-element-populated\">\n\t\t\t\t\t\t<div class=\"elementor-element elementor-element-4f6af960 elementor-widget elementor-widget-heading\" data-id=\"4f6af960\" data-element_type=\"widget\" data-e-type=\"widget\" data-widget_type=\"heading.default\">\n\t\t\t\t<div class=\"elementor-widget-container\">\n\t\t\t\t\t<h2 class=\"elementor-heading-title elementor-size-default\">Prenota il tuo tour<\/h2>\t\t\t\t<\/div>\n\t\t\t\t<\/div>\n\t\t\t\t<div class=\"elementor-element elementor-element-6ccf8a02 elementor-widget elementor-widget-text-editor\" data-id=\"6ccf8a02\" data-element_type=\"widget\" data-e-type=\"widget\" data-widget_type=\"text-editor.default\">\n\t\t\t\t<div class=\"elementor-widget-container\">\n\t\t\t\t\t\t\t\t\t<p>Abbiamo il miglior tour per te<\/p>\t\t\t\t\t\t\t\t<\/div>\n\t\t\t\t<\/div>\n\t\t\t\t<div class=\"elementor-element elementor-element-c812896 elementor-widget elementor-widget-html\" data-id=\"c812896\" data-element_type=\"widget\" data-e-type=\"widget\" data-widget_type=\"html.default\">\n\t\t\t\t<div class=\"elementor-widget-container\">\n\t\t\t\t\t<!-- FareHarbor calendar of item #368610 -->\n<script src=\"https:\/\/fareharbor.com\/embeds\/script\/calendar\/madridtravelprivatetours\/items\/368610\/?fallback=simple&full-items=yes&flow=696551&language=it\"><\/script>\t\t\t\t<\/div>\n\t\t\t\t<\/div>\n\t\t\t\t<div class=\"elementor-element elementor-element-5c96458 elementor-hidden-desktop elementor-hidden-tablet elementor-hidden-mobile elementor-button-align-stretch elementor-widget elementor-widget-form\" data-id=\"5c96458\" data-element_type=\"widget\" data-e-type=\"widget\" data-settings=\"{&quot;step_next_label&quot;:&quot;Next&quot;,&quot;step_previous_label&quot;:&quot;Previous&quot;,&quot;button_width&quot;:&quot;100&quot;,&quot;step_type&quot;:&quot;number_text&quot;,&quot;step_icon_shape&quot;:&quot;circle&quot;}\" data-widget_type=\"form.default\">\n\t\t\t\t<div class=\"elementor-widget-container\">\n\t\t\t\t\t\t\t<form class=\"elementor-form\" method=\"post\" name=\"New Form\" aria-label=\"New Form\">\n\t\t\t<input type=\"hidden\" name=\"post_id\" value=\"3560\"\/>\n\t\t\t<input type=\"hidden\" name=\"form_id\" value=\"5c96458\"\/>\n\t\t\t<input type=\"hidden\" name=\"referer_title\" value=\"AVILA &amp; SEGOVIA. GITA DI UN GIORNO DA MADRID - Madrid Travel Private Tours\" \/>\n\n\t\t\t\t\t\t\t<input type=\"hidden\" name=\"queried_id\" value=\"3560\"\/>\n\t\t\t\n\t\t\t<div class=\"elementor-form-fields-wrapper elementor-labels-above\">\n\t\t\t\t\t\t\t\t<div class=\"elementor-field-type-text elementor-field-group elementor-column elementor-field-group-name elementor-col-100 elementor-field-required\">\n\t\t\t\t\t\t\t\t\t\t\t\t<label for=\"form-field-name\" class=\"elementor-field-label\">\n\t\t\t\t\t\t\t\tNome e Cognome\t\t\t\t\t\t\t<\/label>\n\t\t\t\t\t\t\t\t\t\t\t\t\t\t<input size=\"1\" type=\"text\" name=\"form_fields[name]\" id=\"form-field-name\" class=\"elementor-field elementor-size-sm  elementor-field-textual\" required=\"required\">\n\t\t\t\t\t\t\t\t\t\t\t<\/div>\n\t\t\t\t\t\t\t\t<div class=\"elementor-field-type-email elementor-field-group elementor-column elementor-field-group-email elementor-col-100 elementor-field-required\">\n\t\t\t\t\t\t\t\t\t\t\t\t<label for=\"form-field-email\" class=\"elementor-field-label\">\n\t\t\t\t\t\t\t\tEmail\t\t\t\t\t\t\t<\/label>\n\t\t\t\t\t\t\t\t\t\t\t\t\t\t<input size=\"1\" type=\"email\" name=\"form_fields[email]\" id=\"form-field-email\" class=\"elementor-field elementor-size-sm  elementor-field-textual\" required=\"required\">\n\t\t\t\t\t\t\t\t\t\t\t<\/div>\n\t\t\t\t\t\t\t\t<div class=\"elementor-field-type-textarea elementor-field-group elementor-column elementor-field-group-message elementor-col-100\">\n\t\t\t\t\t\t\t\t\t\t\t\t<label for=\"form-field-message\" class=\"elementor-field-label\">\n\t\t\t\t\t\t\t\tRichiesta informazioni\t\t\t\t\t\t\t<\/label>\n\t\t\t\t\t\t<textarea class=\"elementor-field-textual elementor-field  elementor-size-sm\" name=\"form_fields[message]\" id=\"form-field-message\" rows=\"4\"><\/textarea>\t\t\t\t<\/div>\n\t\t\t\t\t\t\t\t<div class=\"elementor-field-type-acceptance elementor-field-group elementor-column elementor-field-group-field_de6c80b elementor-col-100 elementor-field-required\">\n\t\t\t\t\t\t\t<div class=\"elementor-field-subgroup\">\n\t\t\t<span class=\"elementor-field-option\">\n\t\t\t\t<input type=\"checkbox\" name=\"form_fields[field_de6c80b]\" id=\"form-field-field_de6c80b\" class=\"elementor-field elementor-size-sm  elementor-acceptance-field\" required=\"required\">\n\t\t\t\t<label for=\"form-field-field_de6c80b\">Dichiaro di aver preso visione della <a href=\"https:\/\/madridtravelprivatetours.com\/it\/informativa-sulla-privacy\/\" target=\"_blank\" rel=\"noreferrer noopener\">privacy policy<\/a><\/label>\t\t\t<\/span>\n\t\t<\/div>\n\t\t\t\t\t\t<\/div>\n\t\t\t\t\t\t\t\t<div class=\"elementor-field-group elementor-column elementor-field-type-submit elementor-col-100 e-form__buttons\">\n\t\t\t\t\t<button class=\"elementor-button elementor-size-md\" type=\"submit\">\n\t\t\t\t\t\t<span class=\"elementor-button-content-wrapper\">\n\t\t\t\t\t\t\t\t\t\t\t\t\t\t\t\t\t\t\t\t\t\t<span class=\"elementor-button-text\">invia<\/span>\n\t\t\t\t\t\t\t\t\t\t\t\t\t<\/span>\n\t\t\t\t\t<\/button>\n\t\t\t\t<\/div>\n\t\t\t<\/div>\n\t\t<\/form>\n\t\t\t\t\t\t<\/div>\n\t\t\t\t<\/div>\n\t\t\t\t\t<\/div>\n\t\t<\/div>\n\t\t\t\t<div class=\"elementor-column elementor-col-50 elementor-top-column elementor-element elementor-element-6b8d977f\" data-id=\"6b8d977f\" data-element_type=\"column\" data-e-type=\"column\" data-settings=\"{&quot;background_background&quot;:&quot;classic&quot;}\">\n\t\t\t<div class=\"elementor-widget-wrap elementor-element-populated\">\n\t\t\t\t\t\t<div class=\"elementor-element elementor-element-75a0cb7d elementor-widget elementor-widget-image\" data-id=\"75a0cb7d\" data-element_type=\"widget\" data-e-type=\"widget\" data-widget_type=\"image.default\">\n\t\t\t\t<div class=\"elementor-widget-container\">\n\t\t\t\t\t\t\t\t\t\t\t\t\t\t\t<img decoding=\"async\" width=\"800\" height=\"600\" src=\"https:\/\/madridtravelprivatetours.com\/wp-content\/uploads\/2021\/02\/las-dos.jpg\" class=\"attachment-large size-large wp-image-3355\" alt=\"\" srcset=\"https:\/\/madridtravelprivatetours.com\/wp-content\/uploads\/2021\/02\/las-dos.jpg 1000w, https:\/\/madridtravelprivatetours.com\/wp-content\/uploads\/2021\/02\/las-dos-300x225.jpg 300w, https:\/\/madridtravelprivatetours.com\/wp-content\/uploads\/2021\/02\/las-dos-768x576.jpg 768w\" sizes=\"(max-width: 800px) 100vw, 800px\" \/>\t\t\t\t\t\t\t\t\t\t\t\t\t\t\t<\/div>\n\t\t\t\t<\/div>\n\t\t\t\t<div class=\"elementor-element elementor-element-4cf15c93 elementor-position-inline-start elementor-view-stacked elementor-shape-circle elementor-mobile-position-block-start elementor-widget elementor-widget-icon-box\" data-id=\"4cf15c93\" data-element_type=\"widget\" data-e-type=\"widget\" data-widget_type=\"icon-box.default\">\n\t\t\t\t<div class=\"elementor-widget-container\">\n\t\t\t\t\t\t\t<div class=\"elementor-icon-box-wrapper\">\n\n\t\t\t\t\t\t<div class=\"elementor-icon-box-icon\">\n\t\t\t\t<a href=\"https:\/\/wa.link\/alini4\" target=\"_blank\" class=\"elementor-icon\" tabindex=\"-1\" aria-label=\"(+34) 627 42 58 55  - Mariluz\">\n\t\t\t\t<i aria-hidden=\"true\" class=\"fab fa-whatsapp\"><\/i>\t\t\t\t<\/a>\n\t\t\t<\/div>\n\t\t\t\n\t\t\t\t\t\t<div class=\"elementor-icon-box-content\">\n\n\t\t\t\t\t\t\t\t\t<h3 class=\"elementor-icon-box-title\">\n\t\t\t\t\t\t<a href=\"https:\/\/wa.link\/alini4\" target=\"_blank\" >\n\t\t\t\t\t\t\t(+34) 627 42 58 55  - Mariluz\t\t\t\t\t\t<\/a>\n\t\t\t\t\t<\/h3>\n\t\t\t\t\n\t\t\t\t\n\t\t\t<\/div>\n\t\t\t\n\t\t<\/div>\n\t\t\t\t\t\t<\/div>\n\t\t\t\t<\/div>\n\t\t\t\t<div class=\"elementor-element elementor-element-1d6f1ae7 elementor-position-inline-start elementor-view-stacked elementor-shape-circle elementor-mobile-position-block-start elementor-widget elementor-widget-icon-box\" data-id=\"1d6f1ae7\" data-element_type=\"widget\" data-e-type=\"widget\" data-widget_type=\"icon-box.default\">\n\t\t\t\t<div class=\"elementor-widget-container\">\n\t\t\t\t\t\t\t<div class=\"elementor-icon-box-wrapper\">\n\n\t\t\t\t\t\t<div class=\"elementor-icon-box-icon\">\n\t\t\t\t<a href=\"https:\/\/wa.link\/6idw8o\" target=\"_blank\" class=\"elementor-icon\" tabindex=\"-1\" aria-label=\" (+34) 609 14 05 45  - Jacqueline\">\n\t\t\t\t<i aria-hidden=\"true\" class=\"fab fa-whatsapp\"><\/i>\t\t\t\t<\/a>\n\t\t\t<\/div>\n\t\t\t\n\t\t\t\t\t\t<div class=\"elementor-icon-box-content\">\n\n\t\t\t\t\t\t\t\t\t<h3 class=\"elementor-icon-box-title\">\n\t\t\t\t\t\t<a href=\"https:\/\/wa.link\/6idw8o\" target=\"_blank\" >\n\t\t\t\t\t\t\t (+34) 609 14 05 45  - Jacqueline\t\t\t\t\t\t<\/a>\n\t\t\t\t\t<\/h3>\n\t\t\t\t\n\t\t\t\t\n\t\t\t<\/div>\n\t\t\t\n\t\t<\/div>\n\t\t\t\t\t\t<\/div>\n\t\t\t\t<\/div>\n\t\t\t\t\t<\/div>\n\t\t<\/div>\n\t\t\t\t\t<\/div>\n\t\t<\/section>\n\t\t\t\t<\/div>\n\t\t","protected":false},"excerpt":{"rendered":"<p>Visite Guidate Private AVILA &amp; SEGOVIA. GITA DI UN GIORNO DA MADRID Scopri due siti patrimonio dell\u2019Umanit\u00e0 dell&#8217;UNESCO in un giorno Entrambe le citt\u00e0 sono state dichiarate patrimonio \u00a0dell&#8217;umanit\u00e0 dall&#8217;UNESCO nel 1986. Avila, fondata dai Romani, fu una delle principali citt\u00e0 del Regno di Castiglia durante il Medioevo. La citt\u00e0 conserva le migliori mura medievali [&hellip;]<\/p>\n","protected":false},"author":1,"featured_media":0,"parent":0,"menu_order":0,"comment_status":"closed","ping_status":"closed","template":"","meta":{"footnotes":""},"class_list":["post-3560","page","type-page","status-publish","hentry"],"yoast_head":"<!-- This site is optimized with the Yoast SEO plugin v27.8 - https:\/\/yoast.com\/product\/yoast-seo-wordpress\/ -->\n<title>AVILA &amp; SEGOVIA. GITA DI UN GIORNO DA MADRID - Madrid Travel Private Tours<\/title>\n<meta name=\"robots\" content=\"index, follow, max-snippet:-1, max-image-preview:large, max-video-preview:-1\" \/>\n<link rel=\"canonical\" href=\"https:\/\/madridtravelprivatetours.com\/avila-y-segovia-dia-completo\/\" \/>\n<meta property=\"og:locale\" content=\"it_IT\" \/>\n<meta property=\"og:type\" content=\"article\" \/>\n<meta property=\"og:title\" content=\"AVILA &amp; SEGOVIA. GITA DI UN GIORNO DA MADRID - Madrid Travel Private Tours\" \/>\n<meta property=\"og:description\" content=\"Visite Guidate Private AVILA &amp; SEGOVIA. GITA DI UN GIORNO DA MADRID Scopri due siti patrimonio dell\u2019Umanit\u00e0 dell&#8217;UNESCO in un giorno Entrambe le citt\u00e0 sono state dichiarate patrimonio \u00a0dell&#8217;umanit\u00e0 dall&#8217;UNESCO nel 1986. Avila, fondata dai Romani, fu una delle principali citt\u00e0 del Regno di Castiglia durante il Medioevo. La citt\u00e0 conserva le migliori mura medievali [&hellip;]\" \/>\n<meta property=\"og:url\" content=\"https:\/\/madridtravelprivatetours.com\/avila-y-segovia-dia-completo\/\" \/>\n<meta property=\"og:site_name\" content=\"Madrid Travel Private Tours\" \/>\n<meta property=\"article:modified_time\" content=\"2025-12-09T09:43:15+00:00\" \/>\n<meta property=\"og:image\" content=\"https:\/\/madridtravelprivatetours.com\/wp-content\/uploads\/2021\/05\/PORTADA-scaled.jpg\" \/>\n\t<meta property=\"og:image:width\" content=\"2560\" \/>\n\t<meta property=\"og:image:height\" content=\"1440\" \/>\n\t<meta property=\"og:image:type\" content=\"image\/jpeg\" \/>\n<meta name=\"twitter:card\" content=\"summary_large_image\" \/>\n<meta name=\"twitter:label1\" content=\"Tempo di lettura stimato\" \/>\n\t<meta name=\"twitter:data1\" content=\"3 minuti\" \/>\n<script type=\"application\/ld+json\" class=\"yoast-schema-graph\">{\"@context\":\"https:\\\/\\\/schema.org\",\"@graph\":[{\"@type\":\"WebPage\",\"@id\":\"https:\\\/\\\/madridtravelprivatetours.com\\\/avila-y-segovia-dia-completo\\\/\",\"url\":\"https:\\\/\\\/madridtravelprivatetours.com\\\/avila-y-segovia-dia-completo\\\/\",\"name\":\"AVILA & SEGOVIA. GITA DI UN GIORNO DA MADRID - Madrid Travel Private Tours\",\"isPartOf\":{\"@id\":\"https:\\\/\\\/madridtravelprivatetours.com\\\/#website\"},\"primaryImageOfPage\":{\"@id\":\"https:\\\/\\\/madridtravelprivatetours.com\\\/avila-y-segovia-dia-completo\\\/#primaryimage\"},\"image\":{\"@id\":\"https:\\\/\\\/madridtravelprivatetours.com\\\/avila-y-segovia-dia-completo\\\/#primaryimage\"},\"thumbnailUrl\":\"https:\\\/\\\/madridtravelprivatetours.com\\\/wp-content\\\/uploads\\\/2021\\\/05\\\/PORTADA-1024x576.jpg\",\"datePublished\":\"2021-05-17T21:03:53+00:00\",\"dateModified\":\"2025-12-09T09:43:15+00:00\",\"breadcrumb\":{\"@id\":\"https:\\\/\\\/madridtravelprivatetours.com\\\/avila-y-segovia-dia-completo\\\/#breadcrumb\"},\"inLanguage\":\"it-IT\",\"potentialAction\":[{\"@type\":\"ReadAction\",\"target\":[\"https:\\\/\\\/madridtravelprivatetours.com\\\/avila-y-segovia-dia-completo\\\/\"]}]},{\"@type\":\"ImageObject\",\"inLanguage\":\"it-IT\",\"@id\":\"https:\\\/\\\/madridtravelprivatetours.com\\\/avila-y-segovia-dia-completo\\\/#primaryimage\",\"url\":\"https:\\\/\\\/madridtravelprivatetours.com\\\/wp-content\\\/uploads\\\/2021\\\/05\\\/PORTADA-1024x576.jpg\",\"contentUrl\":\"https:\\\/\\\/madridtravelprivatetours.com\\\/wp-content\\\/uploads\\\/2021\\\/05\\\/PORTADA-1024x576.jpg\"},{\"@type\":\"BreadcrumbList\",\"@id\":\"https:\\\/\\\/madridtravelprivatetours.com\\\/avila-y-segovia-dia-completo\\\/#breadcrumb\",\"itemListElement\":[{\"@type\":\"ListItem\",\"position\":1,\"name\":\"INICIO\",\"item\":\"https:\\\/\\\/madridtravelprivatetours.com\\\/\"},{\"@type\":\"ListItem\",\"position\":2,\"name\":\"AVILA &#038; SEGOVIA. GITA DI UN GIORNO DA MADRID\"}]},{\"@type\":\"WebSite\",\"@id\":\"https:\\\/\\\/madridtravelprivatetours.com\\\/#website\",\"url\":\"https:\\\/\\\/madridtravelprivatetours.com\\\/\",\"name\":\"Madrid Travel Private Tours\",\"description\":\"Ofrecemos visitas guiadas privadas en Madrid y alrededores\",\"potentialAction\":[{\"@type\":\"SearchAction\",\"target\":{\"@type\":\"EntryPoint\",\"urlTemplate\":\"https:\\\/\\\/madridtravelprivatetours.com\\\/?s={search_term_string}\"},\"query-input\":{\"@type\":\"PropertyValueSpecification\",\"valueRequired\":true,\"valueName\":\"search_term_string\"}}],\"inLanguage\":\"it-IT\"}]}<\/script>\n<!-- \/ Yoast SEO plugin. -->","yoast_head_json":{"title":"AVILA & SEGOVIA. GITA DI UN GIORNO DA MADRID - Madrid Travel Private Tours","robots":{"index":"index","follow":"follow","max-snippet":"max-snippet:-1","max-image-preview":"max-image-preview:large","max-video-preview":"max-video-preview:-1"},"canonical":"https:\/\/madridtravelprivatetours.com\/avila-y-segovia-dia-completo\/","og_locale":"it_IT","og_type":"article","og_title":"AVILA & SEGOVIA. GITA DI UN GIORNO DA MADRID - Madrid Travel Private Tours","og_description":"Visite Guidate Private AVILA &amp; SEGOVIA. GITA DI UN GIORNO DA MADRID Scopri due siti patrimonio dell\u2019Umanit\u00e0 dell&#8217;UNESCO in un giorno Entrambe le citt\u00e0 sono state dichiarate patrimonio \u00a0dell&#8217;umanit\u00e0 dall&#8217;UNESCO nel 1986. Avila, fondata dai Romani, fu una delle principali citt\u00e0 del Regno di Castiglia durante il Medioevo. La citt\u00e0 conserva le migliori mura medievali [&hellip;]","og_url":"https:\/\/madridtravelprivatetours.com\/avila-y-segovia-dia-completo\/","og_site_name":"Madrid Travel Private Tours","article_modified_time":"2025-12-09T09:43:15+00:00","og_image":[{"width":2560,"height":1440,"url":"https:\/\/madridtravelprivatetours.com\/wp-content\/uploads\/2021\/05\/PORTADA-scaled.jpg","type":"image\/jpeg"}],"twitter_card":"summary_large_image","twitter_misc":{"Tempo di lettura stimato":"3 minuti"},"schema":{"@context":"https:\/\/schema.org","@graph":[{"@type":"WebPage","@id":"https:\/\/madridtravelprivatetours.com\/avila-y-segovia-dia-completo\/","url":"https:\/\/madridtravelprivatetours.com\/avila-y-segovia-dia-completo\/","name":"AVILA & SEGOVIA. GITA DI UN GIORNO DA MADRID - Madrid Travel Private Tours","isPartOf":{"@id":"https:\/\/madridtravelprivatetours.com\/#website"},"primaryImageOfPage":{"@id":"https:\/\/madridtravelprivatetours.com\/avila-y-segovia-dia-completo\/#primaryimage"},"image":{"@id":"https:\/\/madridtravelprivatetours.com\/avila-y-segovia-dia-completo\/#primaryimage"},"thumbnailUrl":"https:\/\/madridtravelprivatetours.com\/wp-content\/uploads\/2021\/05\/PORTADA-1024x576.jpg","datePublished":"2021-05-17T21:03:53+00:00","dateModified":"2025-12-09T09:43:15+00:00","breadcrumb":{"@id":"https:\/\/madridtravelprivatetours.com\/avila-y-segovia-dia-completo\/#breadcrumb"},"inLanguage":"it-IT","potentialAction":[{"@type":"ReadAction","target":["https:\/\/madridtravelprivatetours.com\/avila-y-segovia-dia-completo\/"]}]},{"@type":"ImageObject","inLanguage":"it-IT","@id":"https:\/\/madridtravelprivatetours.com\/avila-y-segovia-dia-completo\/#primaryimage","url":"https:\/\/madridtravelprivatetours.com\/wp-content\/uploads\/2021\/05\/PORTADA-1024x576.jpg","contentUrl":"https:\/\/madridtravelprivatetours.com\/wp-content\/uploads\/2021\/05\/PORTADA-1024x576.jpg"},{"@type":"BreadcrumbList","@id":"https:\/\/madridtravelprivatetours.com\/avila-y-segovia-dia-completo\/#breadcrumb","itemListElement":[{"@type":"ListItem","position":1,"name":"INICIO","item":"https:\/\/madridtravelprivatetours.com\/"},{"@type":"ListItem","position":2,"name":"AVILA &#038; SEGOVIA. GITA DI UN GIORNO DA MADRID"}]},{"@type":"WebSite","@id":"https:\/\/madridtravelprivatetours.com\/#website","url":"https:\/\/madridtravelprivatetours.com\/","name":"Madrid Travel Private Tours","description":"Ofrecemos visitas guiadas privadas en Madrid y alrededores","potentialAction":[{"@type":"SearchAction","target":{"@type":"EntryPoint","urlTemplate":"https:\/\/madridtravelprivatetours.com\/?s={search_term_string}"},"query-input":{"@type":"PropertyValueSpecification","valueRequired":true,"valueName":"search_term_string"}}],"inLanguage":"it-IT"}]}},"_links":{"self":[{"href":"https:\/\/madridtravelprivatetours.com\/it\/wp-json\/wp\/v2\/pages\/3560","targetHints":{"allow":["GET"]}}],"collection":[{"href":"https:\/\/madridtravelprivatetours.com\/it\/wp-json\/wp\/v2\/pages"}],"about":[{"href":"https:\/\/madridtravelprivatetours.com\/it\/wp-json\/wp\/v2\/types\/page"}],"author":[{"embeddable":true,"href":"https:\/\/madridtravelprivatetours.com\/it\/wp-json\/wp\/v2\/users\/1"}],"replies":[{"embeddable":true,"href":"https:\/\/madridtravelprivatetours.com\/it\/wp-json\/wp\/v2\/comments?post=3560"}],"version-history":[{"count":52,"href":"https:\/\/madridtravelprivatetours.com\/it\/wp-json\/wp\/v2\/pages\/3560\/revisions"}],"predecessor-version":[{"id":12187,"href":"https:\/\/madridtravelprivatetours.com\/it\/wp-json\/wp\/v2\/pages\/3560\/revisions\/12187"}],"wp:attachment":[{"href":"https:\/\/madridtravelprivatetours.com\/it\/wp-json\/wp\/v2\/media?parent=3560"}],"curies":[{"name":"wp","href":"https:\/\/api.w.org\/{rel}","templated":true}]}}