{"id":3601,"date":"2021-03-28T10:03:02","date_gmt":"2021-03-28T08:03:02","guid":{"rendered":"https:\/\/madridtravelprivatetours.com\/several-days-in-madrid\/"},"modified":"2025-12-09T10:56:36","modified_gmt":"2025-12-09T09:56:36","slug":"proposta-di-piu-giorni-a-madrid","status":"publish","type":"page","link":"https:\/\/madridtravelprivatetours.com\/it\/agenti-di-viaggio\/proposta-di-piu-giorni-a-madrid\/","title":{"rendered":"PROPOSTA DI PI\u00d9 GIORNI A MADRID"},"content":{"rendered":"\t\t<div data-elementor-type=\"wp-page\" data-elementor-id=\"3601\" class=\"elementor elementor-3601 elementor-895\" data-elementor-post-type=\"page\">\n\t\t\t\t\t\t<section class=\"elementor-section elementor-top-section elementor-element elementor-element-7a46166d elementor-section-height-min-height elementor-section-boxed elementor-section-height-default elementor-section-items-middle\" data-id=\"7a46166d\" data-element_type=\"section\" data-e-type=\"section\" data-settings=\"{&quot;background_background&quot;:&quot;slideshow&quot;,&quot;background_slideshow_gallery&quot;:[{&quot;id&quot;:3608,&quot;url&quot;:&quot;https:\\\/\\\/madridtravelprivatetours.com\\\/wp-content\\\/uploads\\\/2021\\\/03\\\/toledo-1-scaled.jpg&quot;},{&quot;id&quot;:3607,&quot;url&quot;:&quot;https:\\\/\\\/madridtravelprivatetours.com\\\/wp-content\\\/uploads\\\/2021\\\/03\\\/Segovia-scaled.jpeg&quot;},{&quot;id&quot;:3606,&quot;url&quot;:&quot;https:\\\/\\\/madridtravelprivatetours.com\\\/wp-content\\\/uploads\\\/2021\\\/03\\\/monasterio-escorial.jpg&quot;},{&quot;id&quot;:3605,&quot;url&quot;:&quot;https:\\\/\\\/madridtravelprivatetours.com\\\/wp-content\\\/uploads\\\/2021\\\/03\\\/avila-scaled.jpg&quot;},{&quot;id&quot;:3604,&quot;url&quot;:&quot;https:\\\/\\\/madridtravelprivatetours.com\\\/wp-content\\\/uploads\\\/2021\\\/03\\\/aranjuez-scaled.jpg&quot;},{&quot;id&quot;:3602,&quot;url&quot;:&quot;https:\\\/\\\/madridtravelprivatetours.com\\\/wp-content\\\/uploads\\\/2021\\\/03\\\/toledo-scaled.jpg&quot;}],&quot;background_slideshow_slide_duration&quot;:3000,&quot;background_slideshow_loop&quot;:&quot;yes&quot;,&quot;background_slideshow_slide_transition&quot;:&quot;fade&quot;,&quot;background_slideshow_transition_duration&quot;:500}\">\n\t\t\t\t\t\t\t<div class=\"elementor-background-overlay\"><\/div>\n\t\t\t\t\t\t\t<div class=\"elementor-container elementor-column-gap-default\">\n\t\t\t\t\t<div class=\"elementor-column elementor-col-100 elementor-top-column elementor-element elementor-element-e977ca8\" data-id=\"e977ca8\" data-element_type=\"column\" data-e-type=\"column\">\n\t\t\t<div class=\"elementor-widget-wrap elementor-element-populated\">\n\t\t\t\t\t\t<div class=\"elementor-element elementor-element-67861e18 elementor-widget elementor-widget-heading\" data-id=\"67861e18\" data-element_type=\"widget\" data-e-type=\"widget\" data-widget_type=\"heading.default\">\n\t\t\t\t<div class=\"elementor-widget-container\">\n\t\t\t\t\t<h2 class=\"elementor-heading-title elementor-size-default\">Agenti di viaggio<\/h2>\t\t\t\t<\/div>\n\t\t\t\t<\/div>\n\t\t\t\t<div class=\"elementor-element elementor-element-4ee5244f elementor-widget-divider--view-line elementor-widget elementor-widget-divider\" data-id=\"4ee5244f\" data-element_type=\"widget\" data-e-type=\"widget\" data-widget_type=\"divider.default\">\n\t\t\t\t<div class=\"elementor-widget-container\">\n\t\t\t\t\t\t\t<div class=\"elementor-divider\">\n\t\t\t<span class=\"elementor-divider-separator\">\n\t\t\t\t\t\t<\/span>\n\t\t<\/div>\n\t\t\t\t\t\t<\/div>\n\t\t\t\t<\/div>\n\t\t\t\t<div class=\"elementor-element elementor-element-4f9da001 elementor-widget elementor-widget-heading\" data-id=\"4f9da001\" data-element_type=\"widget\" data-e-type=\"widget\" data-widget_type=\"heading.default\">\n\t\t\t\t<div class=\"elementor-widget-container\">\n\t\t\t\t\t<h1 class=\"elementor-heading-title elementor-size-default\">PROPOSTA DI PI\u00d9 GIORNI A MADRID<\/h1>\t\t\t\t<\/div>\n\t\t\t\t<\/div>\n\t\t\t\t\t<\/div>\n\t\t<\/div>\n\t\t\t\t\t<\/div>\n\t\t<\/section>\n\t\t\t\t<section class=\"elementor-section elementor-top-section elementor-element elementor-element-6e877f37 elementor-section-boxed elementor-section-height-default elementor-section-height-default\" data-id=\"6e877f37\" data-element_type=\"section\" data-e-type=\"section\">\n\t\t\t\t\t\t<div class=\"elementor-container elementor-column-gap-default\">\n\t\t\t\t\t<div class=\"elementor-column elementor-col-50 elementor-top-column elementor-element elementor-element-50040c9f\" data-id=\"50040c9f\" data-element_type=\"column\" data-e-type=\"column\">\n\t\t\t<div class=\"elementor-widget-wrap elementor-element-populated\">\n\t\t\t\t\t\t<div class=\"elementor-element elementor-element-6cfef390 elementor-widget elementor-widget-text-editor\" data-id=\"6cfef390\" data-element_type=\"widget\" data-e-type=\"widget\" data-widget_type=\"text-editor.default\">\n\t\t\t\t<div class=\"elementor-widget-container\">\n\t\t\t\t\t\t\t\t\t<p>Questa \u00e8 la nostra proposta di pi\u00f9 giorni per conoscere Madrid e dintorni. Madrid offre, in escursioni di mezza giornata o di un&#8217;intera giornata, la possibilit\u00e0 di visitare luoghi unici dichiarati patrimonio dell&#8217;umanit\u00e0 dell&#8217;UNESCO.\u00a0<\/p><p>\u00a0<\/p><p>I dintorni di Madrid sono una visita essenziale per il viaggiatore che sceglie Madrid come destinazione. A meno di un&#8217;ora dalla capitale spagnola, citt\u00e0 medievali come Toledo o Segovia, sorprendono per la loro ricchezza storico-artistica e contrastano con la grande citt\u00e0.<\/p><p>\u00a0<\/p><p>Residenze reali come il Monastero di San Lorenzo del Escorial o il Palazzo di Aranjuez, sono il modo migliore per conoscere la storia della Spagna attraverso l&#8217;impronta lasciata dai nostri re in questi edifici monumentali.<\/p><p>\u00a0<\/p><p>Vi offriamo le nostre proposte pi\u00f9 popolari:<\/p>\t\t\t\t\t\t\t\t<\/div>\n\t\t\t\t<\/div>\n\t\t\t\t\t<\/div>\n\t\t<\/div>\n\t\t\t\t<div class=\"elementor-column elementor-col-50 elementor-top-column elementor-element elementor-element-530bd9d8\" data-id=\"530bd9d8\" data-element_type=\"column\" data-e-type=\"column\">\n\t\t\t<div class=\"elementor-widget-wrap elementor-element-populated\">\n\t\t\t\t\t\t<div class=\"elementor-element elementor-element-4df789e elementor-widget elementor-widget-gallery\" data-id=\"4df789e\" data-element_type=\"widget\" data-e-type=\"widget\" data-settings=\"{&quot;columns&quot;:2,&quot;lazyload&quot;:&quot;yes&quot;,&quot;gallery_layout&quot;:&quot;grid&quot;,&quot;columns_tablet&quot;:2,&quot;columns_mobile&quot;:1,&quot;gap&quot;:{&quot;unit&quot;:&quot;px&quot;,&quot;size&quot;:10,&quot;sizes&quot;:[]},&quot;gap_tablet&quot;:{&quot;unit&quot;:&quot;px&quot;,&quot;size&quot;:10,&quot;sizes&quot;:[]},&quot;gap_mobile&quot;:{&quot;unit&quot;:&quot;px&quot;,&quot;size&quot;:10,&quot;sizes&quot;:[]},&quot;link_to&quot;:&quot;file&quot;,&quot;aspect_ratio&quot;:&quot;3:2&quot;,&quot;overlay_background&quot;:&quot;yes&quot;,&quot;content_hover_animation&quot;:&quot;fade-in&quot;}\" data-widget_type=\"gallery.default\">\n\t\t\t\t<div class=\"elementor-widget-container\">\n\t\t\t\t\t\t\t<div class=\"elementor-gallery__container\">\n\t\t\t\t\t\t\t<a class=\"e-gallery-item elementor-gallery-item elementor-animated-content\" href=\"https:\/\/madridtravelprivatetours.com\/wp-content\/uploads\/2021\/03\/aranjuez-scaled.jpg\" data-elementor-open-lightbox=\"yes\" data-elementor-lightbox-slideshow=\"4df789e\" data-elementor-lightbox-title=\"aranjuez\" data-e-action-hash=\"#elementor-action%3Aaction%3Dlightbox%26settings%3DeyJpZCI6MzYwNCwidXJsIjoiaHR0cHM6XC9cL21hZHJpZHRyYXZlbHByaXZhdGV0b3Vycy5jb21cL3dwLWNvbnRlbnRcL3VwbG9hZHNcLzIwMjFcLzAzXC9hcmFuanVlei1zY2FsZWQuanBnIiwic2xpZGVzaG93IjoiNGRmNzg5ZSJ9\">\n\t\t\t\t\t<div class=\"e-gallery-image elementor-gallery-item__image\" data-thumbnail=\"https:\/\/madridtravelprivatetours.com\/wp-content\/uploads\/2021\/03\/aranjuez-300x169.jpg\" data-width=\"300\" data-height=\"169\" aria-label=\"\" role=\"img\" ><\/div>\n\t\t\t\t\t\t\t\t\t\t\t<div class=\"elementor-gallery-item__overlay\"><\/div>\n\t\t\t\t\t\t\t\t\t\t\t\t\t\t<\/a>\n\t\t\t\t\t\t\t<a class=\"e-gallery-item elementor-gallery-item elementor-animated-content\" href=\"https:\/\/madridtravelprivatetours.com\/wp-content\/uploads\/2021\/03\/avila-scaled.jpg\" data-elementor-open-lightbox=\"yes\" data-elementor-lightbox-slideshow=\"4df789e\" data-elementor-lightbox-title=\"avila\" data-e-action-hash=\"#elementor-action%3Aaction%3Dlightbox%26settings%3DeyJpZCI6MzYwNSwidXJsIjoiaHR0cHM6XC9cL21hZHJpZHRyYXZlbHByaXZhdGV0b3Vycy5jb21cL3dwLWNvbnRlbnRcL3VwbG9hZHNcLzIwMjFcLzAzXC9hdmlsYS1zY2FsZWQuanBnIiwic2xpZGVzaG93IjoiNGRmNzg5ZSJ9\">\n\t\t\t\t\t<div class=\"e-gallery-image elementor-gallery-item__image\" data-thumbnail=\"https:\/\/madridtravelprivatetours.com\/wp-content\/uploads\/2021\/03\/avila-300x169.jpg\" data-width=\"300\" data-height=\"169\" aria-label=\"\" role=\"img\" ><\/div>\n\t\t\t\t\t\t\t\t\t\t\t<div class=\"elementor-gallery-item__overlay\"><\/div>\n\t\t\t\t\t\t\t\t\t\t\t\t\t\t<\/a>\n\t\t\t\t\t\t\t<a class=\"e-gallery-item elementor-gallery-item elementor-animated-content\" href=\"https:\/\/madridtravelprivatetours.com\/wp-content\/uploads\/2021\/03\/monasterio-escorial.jpg\" data-elementor-open-lightbox=\"yes\" data-elementor-lightbox-slideshow=\"4df789e\" data-elementor-lightbox-title=\"monasterio-escorial\" data-e-action-hash=\"#elementor-action%3Aaction%3Dlightbox%26settings%3DeyJpZCI6MzYwNiwidXJsIjoiaHR0cHM6XC9cL21hZHJpZHRyYXZlbHByaXZhdGV0b3Vycy5jb21cL3dwLWNvbnRlbnRcL3VwbG9hZHNcLzIwMjFcLzAzXC9tb25hc3RlcmlvLWVzY29yaWFsLmpwZyIsInNsaWRlc2hvdyI6IjRkZjc4OWUifQ%3D%3D\">\n\t\t\t\t\t<div class=\"e-gallery-image elementor-gallery-item__image\" data-thumbnail=\"https:\/\/madridtravelprivatetours.com\/wp-content\/uploads\/2021\/03\/monasterio-escorial-300x200.jpg\" data-width=\"300\" data-height=\"200\" aria-label=\"\" role=\"img\" ><\/div>\n\t\t\t\t\t\t\t\t\t\t\t<div class=\"elementor-gallery-item__overlay\"><\/div>\n\t\t\t\t\t\t\t\t\t\t\t\t\t\t<\/a>\n\t\t\t\t\t\t\t<a class=\"e-gallery-item elementor-gallery-item elementor-animated-content\" href=\"https:\/\/madridtravelprivatetours.com\/wp-content\/uploads\/2021\/03\/Segovia-scaled.jpeg\" data-elementor-open-lightbox=\"yes\" data-elementor-lightbox-slideshow=\"4df789e\" data-elementor-lightbox-title=\"Segovia\" data-e-action-hash=\"#elementor-action%3Aaction%3Dlightbox%26settings%3DeyJpZCI6MzYwNywidXJsIjoiaHR0cHM6XC9cL21hZHJpZHRyYXZlbHByaXZhdGV0b3Vycy5jb21cL3dwLWNvbnRlbnRcL3VwbG9hZHNcLzIwMjFcLzAzXC9TZWdvdmlhLXNjYWxlZC5qcGVnIiwic2xpZGVzaG93IjoiNGRmNzg5ZSJ9\">\n\t\t\t\t\t<div class=\"e-gallery-image elementor-gallery-item__image\" data-thumbnail=\"https:\/\/madridtravelprivatetours.com\/wp-content\/uploads\/2021\/03\/Segovia-300x234.jpeg\" data-width=\"300\" data-height=\"234\" aria-label=\"\" role=\"img\" ><\/div>\n\t\t\t\t\t\t\t\t\t\t\t<div class=\"elementor-gallery-item__overlay\"><\/div>\n\t\t\t\t\t\t\t\t\t\t\t\t\t\t<\/a>\n\t\t\t\t\t\t\t<a class=\"e-gallery-item elementor-gallery-item elementor-animated-content\" href=\"https:\/\/madridtravelprivatetours.com\/wp-content\/uploads\/2021\/03\/toledo-1-scaled.jpg\" data-elementor-open-lightbox=\"yes\" data-elementor-lightbox-slideshow=\"4df789e\" data-elementor-lightbox-title=\"toledo\" data-e-action-hash=\"#elementor-action%3Aaction%3Dlightbox%26settings%3DeyJpZCI6MzYwOCwidXJsIjoiaHR0cHM6XC9cL21hZHJpZHRyYXZlbHByaXZhdGV0b3Vycy5jb21cL3dwLWNvbnRlbnRcL3VwbG9hZHNcLzIwMjFcLzAzXC90b2xlZG8tMS1zY2FsZWQuanBnIiwic2xpZGVzaG93IjoiNGRmNzg5ZSJ9\">\n\t\t\t\t\t<div class=\"e-gallery-image elementor-gallery-item__image\" data-thumbnail=\"https:\/\/madridtravelprivatetours.com\/wp-content\/uploads\/2021\/03\/toledo-1-300x169.jpg\" data-width=\"300\" data-height=\"169\" aria-label=\"\" role=\"img\" ><\/div>\n\t\t\t\t\t\t\t\t\t\t\t<div class=\"elementor-gallery-item__overlay\"><\/div>\n\t\t\t\t\t\t\t\t\t\t\t\t\t\t<\/a>\n\t\t\t\t\t\t\t<a class=\"e-gallery-item elementor-gallery-item elementor-animated-content\" href=\"https:\/\/madridtravelprivatetours.com\/wp-content\/uploads\/2021\/05\/IMG_20210501_205638-1-scaled.jpg\" data-elementor-open-lightbox=\"yes\" data-elementor-lightbox-slideshow=\"4df789e\" data-elementor-lightbox-title=\"IMG_20210501_205638 (1)\" data-e-action-hash=\"#elementor-action%3Aaction%3Dlightbox%26settings%3DeyJpZCI6MzU5NiwidXJsIjoiaHR0cHM6XC9cL21hZHJpZHRyYXZlbHByaXZhdGV0b3Vycy5jb21cL3dwLWNvbnRlbnRcL3VwbG9hZHNcLzIwMjFcLzA1XC9JTUdfMjAyMTA1MDFfMjA1NjM4LTEtc2NhbGVkLmpwZyIsInNsaWRlc2hvdyI6IjRkZjc4OWUifQ%3D%3D\">\n\t\t\t\t\t<div class=\"e-gallery-image elementor-gallery-item__image\" data-thumbnail=\"https:\/\/madridtravelprivatetours.com\/wp-content\/uploads\/2021\/05\/IMG_20210501_205638-1-300x225.jpg\" data-width=\"300\" data-height=\"225\" aria-label=\"\" role=\"img\" ><\/div>\n\t\t\t\t\t\t\t\t\t\t\t<div class=\"elementor-gallery-item__overlay\"><\/div>\n\t\t\t\t\t\t\t\t\t\t\t\t\t\t<\/a>\n\t\t\t\t\t\t\t<a class=\"e-gallery-item elementor-gallery-item elementor-animated-content\" href=\"https:\/\/madridtravelprivatetours.com\/wp-content\/uploads\/2021\/05\/20191130_120510-scaled.jpg\" data-elementor-open-lightbox=\"yes\" data-elementor-lightbox-slideshow=\"4df789e\" data-elementor-lightbox-title=\"20191130_120510\" data-e-action-hash=\"#elementor-action%3Aaction%3Dlightbox%26settings%3DeyJpZCI6MjM0MSwidXJsIjoiaHR0cHM6XC9cL21hZHJpZHRyYXZlbHByaXZhdGV0b3Vycy5jb21cL3dwLWNvbnRlbnRcL3VwbG9hZHNcLzIwMjFcLzA1XC8yMDE5MTEzMF8xMjA1MTAtc2NhbGVkLmpwZyIsInNsaWRlc2hvdyI6IjRkZjc4OWUifQ%3D%3D\">\n\t\t\t\t\t<div class=\"e-gallery-image elementor-gallery-item__image\" data-thumbnail=\"https:\/\/madridtravelprivatetours.com\/wp-content\/uploads\/2021\/05\/20191130_120510-300x169.jpg\" data-width=\"300\" data-height=\"169\" aria-label=\"\" role=\"img\" ><\/div>\n\t\t\t\t\t\t\t\t\t\t\t<div class=\"elementor-gallery-item__overlay\"><\/div>\n\t\t\t\t\t\t\t\t\t\t\t\t\t\t<\/a>\n\t\t\t\t\t\t\t<a class=\"e-gallery-item elementor-gallery-item elementor-animated-content\" href=\"https:\/\/madridtravelprivatetours.com\/wp-content\/uploads\/2021\/05\/AdobeStock_422628379-scaled.jpeg\" data-elementor-open-lightbox=\"yes\" data-elementor-lightbox-slideshow=\"4df789e\" data-elementor-lightbox-title=\"medieval center of the city of Toledo, Spain. It features the Tejo river, the Cathedral and Alc\u00c3\u00a1zar of Toledo.\" data-e-action-hash=\"#elementor-action%3Aaction%3Dlightbox%26settings%3DeyJpZCI6MjM0MiwidXJsIjoiaHR0cHM6XC9cL21hZHJpZHRyYXZlbHByaXZhdGV0b3Vycy5jb21cL3dwLWNvbnRlbnRcL3VwbG9hZHNcLzIwMjFcLzA1XC9BZG9iZVN0b2NrXzQyMjYyODM3OS1zY2FsZWQuanBlZyIsInNsaWRlc2hvdyI6IjRkZjc4OWUifQ%3D%3D\">\n\t\t\t\t\t<div class=\"e-gallery-image elementor-gallery-item__image\" data-thumbnail=\"https:\/\/madridtravelprivatetours.com\/wp-content\/uploads\/2021\/05\/AdobeStock_422628379-300x199.jpeg\" data-width=\"300\" data-height=\"199\" aria-label=\"\" role=\"img\" ><\/div>\n\t\t\t\t\t\t\t\t\t\t\t<div class=\"elementor-gallery-item__overlay\"><\/div>\n\t\t\t\t\t\t\t\t\t\t\t\t\t\t<\/a>\n\t\t\t\t\t<\/div>\n\t\t\t\t\t<\/div>\n\t\t\t\t<\/div>\n\t\t\t\t\t<\/div>\n\t\t<\/div>\n\t\t\t\t\t<\/div>\n\t\t<\/section>\n\t\t\t\t<section class=\"elementor-section elementor-top-section elementor-element elementor-element-2b3d90ec elementor-section-boxed elementor-section-height-default elementor-section-height-default\" data-id=\"2b3d90ec\" data-element_type=\"section\" data-e-type=\"section\" data-settings=\"{&quot;background_background&quot;:&quot;classic&quot;}\">\n\t\t\t\t\t\t\t<div class=\"elementor-background-overlay\"><\/div>\n\t\t\t\t\t\t\t<div class=\"elementor-container elementor-column-gap-default\">\n\t\t\t\t\t<div class=\"elementor-column elementor-col-100 elementor-top-column elementor-element elementor-element-42b4b6f3\" data-id=\"42b4b6f3\" data-element_type=\"column\" data-e-type=\"column\">\n\t\t\t<div class=\"elementor-widget-wrap elementor-element-populated\">\n\t\t\t\t\t\t<div class=\"elementor-element elementor-element-ec6db6e elementor-widget elementor-widget-heading\" data-id=\"ec6db6e\" data-element_type=\"widget\" data-e-type=\"widget\" data-widget_type=\"heading.default\">\n\t\t\t\t<div class=\"elementor-widget-container\">\n\t\t\t\t\t<h2 class=\"elementor-heading-title elementor-size-default\">GIORNO 1<\/h2>\t\t\t\t<\/div>\n\t\t\t\t<\/div>\n\t\t\t\t<div class=\"elementor-element elementor-element-858000a elementor-widget elementor-widget-heading\" data-id=\"858000a\" data-element_type=\"widget\" data-e-type=\"widget\" data-widget_type=\"heading.default\">\n\t\t\t\t<div class=\"elementor-widget-container\">\n\t\t\t\t\t<h2 class=\"elementor-heading-title elementor-size-default\">INTERA GIORNATA A MADRID<\/h2>\t\t\t\t<\/div>\n\t\t\t\t<\/div>\n\t\t\t\t<div class=\"elementor-element elementor-element-2ae9c0f elementor-widget elementor-widget-heading\" data-id=\"2ae9c0f\" data-element_type=\"widget\" data-e-type=\"widget\" data-widget_type=\"heading.default\">\n\t\t\t\t<div class=\"elementor-widget-container\">\n\t\t\t\t\t<h2 class=\"elementor-heading-title elementor-size-default\">Questa \u00e8 la visita pi\u00f9 richiesta dai nostri clienti:<\/h2>\t\t\t\t<\/div>\n\t\t\t\t<\/div>\n\t\t\t\t<section class=\"elementor-section elementor-inner-section elementor-element elementor-element-355c9f7c elementor-section-boxed elementor-section-height-default elementor-section-height-default\" data-id=\"355c9f7c\" data-element_type=\"section\" data-e-type=\"section\">\n\t\t\t\t\t\t<div class=\"elementor-container elementor-column-gap-default\">\n\t\t\t\t\t<div class=\"elementor-column elementor-col-50 elementor-inner-column elementor-element elementor-element-74a849d6\" data-id=\"74a849d6\" data-element_type=\"column\" data-e-type=\"column\" data-settings=\"{&quot;background_background&quot;:&quot;classic&quot;}\">\n\t\t\t<div class=\"elementor-widget-wrap elementor-element-populated\">\n\t\t\t\t\t\t<div class=\"elementor-element elementor-element-130e24d6 elementor-widget elementor-widget-heading\" data-id=\"130e24d6\" data-element_type=\"widget\" data-e-type=\"widget\" data-widget_type=\"heading.default\">\n\t\t\t\t<div class=\"elementor-widget-container\">\n\t\t\t\t\t<h2 class=\"elementor-heading-title elementor-size-default\">Durata: 7 ore<\/h2>\t\t\t\t<\/div>\n\t\t\t\t<\/div>\n\t\t\t\t<div class=\"elementor-element elementor-element-6943b179 elementor-widget elementor-widget-heading\" data-id=\"6943b179\" data-element_type=\"widget\" data-e-type=\"widget\" data-widget_type=\"heading.default\">\n\t\t\t\t<div class=\"elementor-widget-container\">\n\t\t\t\t\t<h2 class=\"elementor-heading-title elementor-size-default\">Prezzo: 535\u20ac + 35\u20ac a persona<\/h2>\t\t\t\t<\/div>\n\t\t\t\t<\/div>\n\t\t\t\t<div class=\"elementor-element elementor-element-39c9514 elementor-widget elementor-widget-text-editor\" data-id=\"39c9514\" data-element_type=\"widget\" data-e-type=\"widget\" data-widget_type=\"text-editor.default\">\n\t\t\t\t<div class=\"elementor-widget-container\">\n\t\t\t\t\t\t\t\t\t<p>1-7 persone. Per i gruppi pi\u00f9 grandi, chiedici un preventivo<\/p>\t\t\t\t\t\t\t\t<\/div>\n\t\t\t\t<\/div>\n\t\t\t\t<div class=\"elementor-element elementor-element-5434c2d3 elementor-widget elementor-widget-heading\" data-id=\"5434c2d3\" data-element_type=\"widget\" data-e-type=\"widget\" data-widget_type=\"heading.default\">\n\t\t\t\t<div class=\"elementor-widget-container\">\n\t\t\t\t\t<h2 class=\"elementor-heading-title elementor-size-default\">Include:<\/h2>\t\t\t\t<\/div>\n\t\t\t\t<\/div>\n\t\t\t\t<div class=\"elementor-element elementor-element-58c8ab92 elementor-widget elementor-widget-text-editor\" data-id=\"58c8ab92\" data-element_type=\"widget\" data-e-type=\"widget\" data-widget_type=\"text-editor.default\">\n\t\t\t\t<div class=\"elementor-widget-container\">\n\t\t\t\t\t\t\t\t\t<ul><li><p>La nostra tariffa come guida ufficiale privata<\/p><\/li><li><p>Biglietti d&#8217;ngresso al Palazzo Reale e il Museo del Prado<\/p><\/li><li><p>Tasse<\/p><\/li><\/ul>\t\t\t\t\t\t\t\t<\/div>\n\t\t\t\t<\/div>\n\t\t\t\t<div class=\"elementor-element elementor-element-05cd3ed elementor-widget elementor-widget-heading\" data-id=\"05cd3ed\" data-element_type=\"widget\" data-e-type=\"widget\" data-widget_type=\"heading.default\">\n\t\t\t\t<div class=\"elementor-widget-container\">\n\t\t\t\t\t<h2 class=\"elementor-heading-title elementor-size-default\">Non include:<\/h2>\t\t\t\t<\/div>\n\t\t\t\t<\/div>\n\t\t\t\t<div class=\"elementor-element elementor-element-e0a9a64 elementor-widget elementor-widget-text-editor\" data-id=\"e0a9a64\" data-element_type=\"widget\" data-e-type=\"widget\" data-widget_type=\"text-editor.default\">\n\t\t\t\t<div class=\"elementor-widget-container\">\n\t\t\t\t\t\t\t\t\t<ul><li><p>Cibo e bevande<\/p><\/li><li><p>Trasporto<\/p><\/li><\/ul>\t\t\t\t\t\t\t\t<\/div>\n\t\t\t\t<\/div>\n\t\t\t\t<div class=\"elementor-element elementor-element-4984ebfb elementor-widget elementor-widget-heading\" data-id=\"4984ebfb\" data-element_type=\"widget\" data-e-type=\"widget\" data-widget_type=\"heading.default\">\n\t\t\t\t<div class=\"elementor-widget-container\">\n\t\t\t\t\t<h2 class=\"elementor-heading-title elementor-size-default\">Punto d'incontro<\/h2>\t\t\t\t<\/div>\n\t\t\t\t<\/div>\n\t\t\t\t<div class=\"elementor-element elementor-element-30556c39 elementor-widget elementor-widget-text-editor\" data-id=\"30556c39\" data-element_type=\"widget\" data-e-type=\"widget\" data-widget_type=\"text-editor.default\">\n\t\t\t\t<div class=\"elementor-widget-container\">\n\t\t\t\t\t\t\t\t\t<p>Hotel.<\/p><p>Nota: Se l&#8217;hotel non si trova in centro, verr\u00e0 aggiunto il costo del taxi.<\/p>\t\t\t\t\t\t\t\t<\/div>\n\t\t\t\t<\/div>\n\t\t\t\t<div class=\"elementor-element elementor-element-35077424 elementor-widget elementor-widget-button\" data-id=\"35077424\" data-element_type=\"widget\" data-e-type=\"widget\" data-widget_type=\"button.default\">\n\t\t\t\t<div class=\"elementor-widget-container\">\n\t\t\t\t\t\t\t\t\t<div class=\"elementor-button-wrapper\">\n\t\t\t\t\t<a class=\"elementor-button elementor-button-link elementor-size-sm\" href=\"#reserva\">\n\t\t\t\t\t\t<span class=\"elementor-button-content-wrapper\">\n\t\t\t\t\t\t\t\t\t<span class=\"elementor-button-text\">Prenota<\/span>\n\t\t\t\t\t<\/span>\n\t\t\t\t\t<\/a>\n\t\t\t\t<\/div>\n\t\t\t\t\t\t\t\t<\/div>\n\t\t\t\t<\/div>\n\t\t\t\t\t<\/div>\n\t\t<\/div>\n\t\t\t\t<div class=\"elementor-column elementor-col-50 elementor-inner-column elementor-element elementor-element-2245bfe5\" data-id=\"2245bfe5\" data-element_type=\"column\" data-e-type=\"column\" data-settings=\"{&quot;background_background&quot;:&quot;classic&quot;}\">\n\t\t\t<div class=\"elementor-widget-wrap elementor-element-populated\">\n\t\t\t\t\t\t<div class=\"elementor-element elementor-element-49020045 elementor-widget elementor-widget-heading\" data-id=\"49020045\" data-element_type=\"widget\" data-e-type=\"widget\" data-widget_type=\"heading.default\">\n\t\t\t\t<div class=\"elementor-widget-container\">\n\t\t\t\t\t<h2 class=\"elementor-heading-title elementor-size-default\">Itinerario<\/h2>\t\t\t\t<\/div>\n\t\t\t\t<\/div>\n\t\t\t\t<div class=\"elementor-element elementor-element-712a84c elementor-widget elementor-widget-heading\" data-id=\"712a84c\" data-element_type=\"widget\" data-e-type=\"widget\" data-widget_type=\"heading.default\">\n\t\t\t\t<div class=\"elementor-widget-container\">\n\t\t\t\t\t<h2 class=\"elementor-heading-title elementor-size-default\">Visita guidata al Palazzo Reale + Tour a piedi Vecchia Madrid<br>\n<br>\n-Palazzo Reale:<br>\n\nIl Palazzo Reale di Madrid \u00e8 il pi\u00f9 grande dell'Europa occidentale. Le sue oltre 3.000 camere sono state l'ambientazione della nostra storia per secoli. Fu la residenza principale della famiglia reale spagnola dal 1764 al 1931. \u00c8 un museo vivente che \u00e8 ancora oggi utilizzato per atti ufficiali dello Stato spagnolo, essendo una delle poche residenze ufficiali dei capi di Stato aperte al pubblico. <br>\nIl Palazzo Reale ha conservato tutti i suoi mobili, lampadari,  arazzi e altri oggetti ornamentali unici in condizioni ottime.<br>\nVedremo le stanze, i saloni ufficiali e l'Armeria Reale. La nostra visita guidata vi mostrer\u00e0 la straordinaria storia, l\u2019arte e le curiosit\u00e0 di questo palazzo unico.<br><br>\n\n-Tour a piedi: <br>\n\nMadrid mantiene la sua area storica, Madrid de los Austrias, come un tesoro.\nIn questa passeggiata vedremo i luoghi pi\u00f9 iconici della Vecchia Madrid: Piazza de Oriente, Palazzo Reale (esterno), Cattedrale della Almudena, Mercato di San Miguel, Piazza Mayor e Piazza Puerta del Sol.\nDurante il tour parleremo delle origini di Madrid, della sua evoluzione storica, del nostro presente, dello shopping e di tutto ci\u00f2 che volete sapere sulla nostra citt\u00e0.\nQuesta visita \u00e8 una delle pi\u00f9 richieste dai nostri clienti.<br><br>\n\nPausa Pranzo<br><br>\n\nPOMERIGGIO: Museo del Prado<br>\nIl Museo del Prado \u00e8 forse la migliore galleria di pittura classica del mondo. Si distingue a livello internazionale perch\u00e9 quasi tutti i dipinti esposti sono capolavori. Inaugurato nel 1819, gran parte delle sue opere provengono dalle Collezioni Reali. In questo museo possiamo godere di incredibili dipinti dal XII secolo fino al 1881. Spiccano la scuola spagnola, italiana e fiamminga. <br>\n\"Las Meninas\" di Vel\u00e1zquez, \"Le esecuzioni\" di Goya, \"Le Tre Grazie\" di  Rubens  o \"Il Giardino delle delizie\" di El Bosco, sono alcuni dei suoi capolavori pi\u00f9 noti.\n\n<\/h2>\t\t\t\t<\/div>\n\t\t\t\t<\/div>\n\t\t\t\t\t<\/div>\n\t\t<\/div>\n\t\t\t\t\t<\/div>\n\t\t<\/section>\n\t\t\t\t\t<\/div>\n\t\t<\/div>\n\t\t\t\t\t<\/div>\n\t\t<\/section>\n\t\t\t\t<section class=\"elementor-section elementor-top-section elementor-element elementor-element-bc5ea0c elementor-section-boxed elementor-section-height-default elementor-section-height-default\" data-id=\"bc5ea0c\" data-element_type=\"section\" data-e-type=\"section\" data-settings=\"{&quot;background_background&quot;:&quot;classic&quot;}\">\n\t\t\t\t\t\t\t<div class=\"elementor-background-overlay\"><\/div>\n\t\t\t\t\t\t\t<div class=\"elementor-container elementor-column-gap-default\">\n\t\t\t\t\t<div class=\"elementor-column elementor-col-100 elementor-top-column elementor-element elementor-element-0d98dc2\" data-id=\"0d98dc2\" data-element_type=\"column\" data-e-type=\"column\">\n\t\t\t<div class=\"elementor-widget-wrap elementor-element-populated\">\n\t\t\t\t\t\t<div class=\"elementor-element elementor-element-97e70a4 elementor-widget elementor-widget-heading\" data-id=\"97e70a4\" data-element_type=\"widget\" data-e-type=\"widget\" data-widget_type=\"heading.default\">\n\t\t\t\t<div class=\"elementor-widget-container\">\n\t\t\t\t\t<h2 class=\"elementor-heading-title elementor-size-default\">GIORNO 2<\/h2>\t\t\t\t<\/div>\n\t\t\t\t<\/div>\n\t\t\t\t<div class=\"elementor-element elementor-element-e96150e elementor-widget elementor-widget-heading\" data-id=\"e96150e\" data-element_type=\"widget\" data-e-type=\"widget\" data-widget_type=\"heading.default\">\n\t\t\t\t<div class=\"elementor-widget-container\">\n\t\t\t\t\t<h2 class=\"elementor-heading-title elementor-size-default\">TOLEDO. GITA DI UN GIORNO DA MADRID<\/h2>\t\t\t\t<\/div>\n\t\t\t\t<\/div>\n\t\t\t\t<div class=\"elementor-element elementor-element-37c503e elementor-widget elementor-widget-heading\" data-id=\"37c503e\" data-element_type=\"widget\" data-e-type=\"widget\" data-widget_type=\"heading.default\">\n\t\t\t\t<div class=\"elementor-widget-container\">\n\t\t\t\t\t<h2 class=\"elementor-heading-title elementor-size-default\">Offriamo 2 opzioni di trasporto per arrivare a Toledo:<\/h2>\t\t\t\t<\/div>\n\t\t\t\t<\/div>\n\t\t\t\t<section class=\"elementor-section elementor-inner-section elementor-element elementor-element-16525ed elementor-section-boxed elementor-section-height-default elementor-section-height-default\" data-id=\"16525ed\" data-element_type=\"section\" data-e-type=\"section\">\n\t\t\t\t\t\t<div class=\"elementor-container elementor-column-gap-default\">\n\t\t\t\t\t<div class=\"elementor-column elementor-col-50 elementor-inner-column elementor-element elementor-element-ffaca00\" data-id=\"ffaca00\" data-element_type=\"column\" data-e-type=\"column\" data-settings=\"{&quot;background_background&quot;:&quot;classic&quot;}\">\n\t\t\t<div class=\"elementor-widget-wrap elementor-element-populated\">\n\t\t\t\t\t\t<div class=\"elementor-element elementor-element-b2d2b0b elementor-widget elementor-widget-heading\" data-id=\"b2d2b0b\" data-element_type=\"widget\" data-e-type=\"widget\" data-widget_type=\"heading.default\">\n\t\t\t\t<div class=\"elementor-widget-container\">\n\t\t\t\t\t<h2 class=\"elementor-heading-title elementor-size-default\">OPZIONE 1: TOLEDO IN VEICOLO PRIVATO<\/h2>\t\t\t\t<\/div>\n\t\t\t\t<\/div>\n\t\t\t\t<div class=\"elementor-element elementor-element-20e9bae elementor-widget elementor-widget-heading\" data-id=\"20e9bae\" data-element_type=\"widget\" data-e-type=\"widget\" data-widget_type=\"heading.default\">\n\t\t\t\t<div class=\"elementor-widget-container\">\n\t\t\t\t\t<h2 class=\"elementor-heading-title elementor-size-default\">Durata: 8 ore<\/h2>\t\t\t\t<\/div>\n\t\t\t\t<\/div>\n\t\t\t\t<div class=\"elementor-element elementor-element-4b01420 elementor-widget elementor-widget-heading\" data-id=\"4b01420\" data-element_type=\"widget\" data-e-type=\"widget\" data-widget_type=\"heading.default\">\n\t\t\t\t<div class=\"elementor-widget-container\">\n\t\t\t\t\t<h2 class=\"elementor-heading-title elementor-size-default\">Prezzo: 1.025 euro + 30 euro a persona<\/h2>\t\t\t\t<\/div>\n\t\t\t\t<\/div>\n\t\t\t\t<div class=\"elementor-element elementor-element-a2e5701 elementor-widget elementor-widget-text-editor\" data-id=\"a2e5701\" data-element_type=\"widget\" data-e-type=\"widget\" data-widget_type=\"text-editor.default\">\n\t\t\t\t<div class=\"elementor-widget-container\">\n\t\t\t\t\t\t\t\t\t<p class=\"p1\">Massimo 6 persone. Per i gruppi pi\u00f9 grandi, chiedici un preventivo.<\/p>\t\t\t\t\t\t\t\t<\/div>\n\t\t\t\t<\/div>\n\t\t\t\t<div class=\"elementor-element elementor-element-8adab8e elementor-widget elementor-widget-heading\" data-id=\"8adab8e\" data-element_type=\"widget\" data-e-type=\"widget\" data-widget_type=\"heading.default\">\n\t\t\t\t<div class=\"elementor-widget-container\">\n\t\t\t\t\t<h2 class=\"elementor-heading-title elementor-size-default\">Include:<\/h2>\t\t\t\t<\/div>\n\t\t\t\t<\/div>\n\t\t\t\t<div class=\"elementor-element elementor-element-a85486d elementor-widget elementor-widget-text-editor\" data-id=\"a85486d\" data-element_type=\"widget\" data-e-type=\"widget\" data-widget_type=\"text-editor.default\">\n\t\t\t\t<div class=\"elementor-widget-container\">\n\t\t\t\t\t\t\t\t\t<ul><li><p>La nostra tariffa come guida ufficiale privata<\/p><\/li><li><p>Trasporto privato. Il tour si svolger\u00e0 in un&#8217;auto \/ van di lusso, spaziosa, confortevole e guidata da un autista professionista<\/p><\/li><li><p>Biglietti d&#8217;ingresso ai monumenti inclusi nell&#8217;itinerario<\/p><\/li><li><p>Tasse<\/p><\/li><\/ul>\t\t\t\t\t\t\t\t<\/div>\n\t\t\t\t<\/div>\n\t\t\t\t<div class=\"elementor-element elementor-element-cafec3d elementor-widget elementor-widget-heading\" data-id=\"cafec3d\" data-element_type=\"widget\" data-e-type=\"widget\" data-widget_type=\"heading.default\">\n\t\t\t\t<div class=\"elementor-widget-container\">\n\t\t\t\t\t<h2 class=\"elementor-heading-title elementor-size-default\">Non include:<\/h2>\t\t\t\t<\/div>\n\t\t\t\t<\/div>\n\t\t\t\t<div class=\"elementor-element elementor-element-dde6057 elementor-widget elementor-widget-text-editor\" data-id=\"dde6057\" data-element_type=\"widget\" data-e-type=\"widget\" data-widget_type=\"text-editor.default\">\n\t\t\t\t<div class=\"elementor-widget-container\">\n\t\t\t\t\t\t\t\t\t<ul><li><p>Cibo e bevande<\/p><\/li><\/ul>\t\t\t\t\t\t\t\t<\/div>\n\t\t\t\t<\/div>\n\t\t\t\t<div class=\"elementor-element elementor-element-46516ba elementor-widget elementor-widget-heading\" data-id=\"46516ba\" data-element_type=\"widget\" data-e-type=\"widget\" data-widget_type=\"heading.default\">\n\t\t\t\t<div class=\"elementor-widget-container\">\n\t\t\t\t\t<h2 class=\"elementor-heading-title elementor-size-default\">Punto d'incontro:<\/h2>\t\t\t\t<\/div>\n\t\t\t\t<\/div>\n\t\t\t\t<div class=\"elementor-element elementor-element-8ea9a8d elementor-widget elementor-widget-text-editor\" data-id=\"8ea9a8d\" data-element_type=\"widget\" data-e-type=\"widget\" data-widget_type=\"text-editor.default\">\n\t\t\t\t<div class=\"elementor-widget-container\">\n\t\t\t\t\t\t\t\t\t<p>Hotel\u00a0<br \/>Nota: Se l&#8217;hotel non si trova in centro, verr\u00e0 aggiunto il costo del taxi.<\/p>\t\t\t\t\t\t\t\t<\/div>\n\t\t\t\t<\/div>\n\t\t\t\t<div class=\"elementor-element elementor-element-29e1edc elementor-widget elementor-widget-button\" data-id=\"29e1edc\" data-element_type=\"widget\" data-e-type=\"widget\" data-widget_type=\"button.default\">\n\t\t\t\t<div class=\"elementor-widget-container\">\n\t\t\t\t\t\t\t\t\t<div class=\"elementor-button-wrapper\">\n\t\t\t\t\t<a class=\"elementor-button elementor-button-link elementor-size-sm\" href=\"#reserva\">\n\t\t\t\t\t\t<span class=\"elementor-button-content-wrapper\">\n\t\t\t\t\t\t\t\t\t<span class=\"elementor-button-text\">Prenota<\/span>\n\t\t\t\t\t<\/span>\n\t\t\t\t\t<\/a>\n\t\t\t\t<\/div>\n\t\t\t\t\t\t\t\t<\/div>\n\t\t\t\t<\/div>\n\t\t\t\t<div class=\"elementor-element elementor-element-fd32952 elementor-widget elementor-widget-heading\" data-id=\"fd32952\" data-element_type=\"widget\" data-e-type=\"widget\" data-widget_type=\"heading.default\">\n\t\t\t\t<div class=\"elementor-widget-container\">\n\t\t\t\t\t<h2 class=\"elementor-heading-title elementor-size-default\">OPZIONE 2: TOLEDO IN TRENO<\/h2>\t\t\t\t<\/div>\n\t\t\t\t<\/div>\n\t\t\t\t<div class=\"elementor-element elementor-element-a74ce1a elementor-widget elementor-widget-heading\" data-id=\"a74ce1a\" data-element_type=\"widget\" data-e-type=\"widget\" data-widget_type=\"heading.default\">\n\t\t\t\t<div class=\"elementor-widget-container\">\n\t\t\t\t\t<h2 class=\"elementor-heading-title elementor-size-default\">Durata: 8 ore<\/h2>\t\t\t\t<\/div>\n\t\t\t\t<\/div>\n\t\t\t\t<div class=\"elementor-element elementor-element-c0c491d elementor-widget elementor-widget-heading\" data-id=\"c0c491d\" data-element_type=\"widget\" data-e-type=\"widget\" data-widget_type=\"heading.default\">\n\t\t\t\t<div class=\"elementor-widget-container\">\n\t\t\t\t\t<h2 class=\"elementor-heading-title elementor-size-default\">Prezzo: 550 euro + 80 euro a persona<\/h2>\t\t\t\t<\/div>\n\t\t\t\t<\/div>\n\t\t\t\t<div class=\"elementor-element elementor-element-0c4dc88 elementor-widget elementor-widget-text-editor\" data-id=\"0c4dc88\" data-element_type=\"widget\" data-e-type=\"widget\" data-widget_type=\"text-editor.default\">\n\t\t\t\t<div class=\"elementor-widget-container\">\n\t\t\t\t\t\t\t\t\t<p>1-7 persone. Per i gruppi pi\u00f9 grandi, chiedici un preventivo<\/p>\t\t\t\t\t\t\t\t<\/div>\n\t\t\t\t<\/div>\n\t\t\t\t<div class=\"elementor-element elementor-element-ed6eb16 elementor-widget elementor-widget-heading\" data-id=\"ed6eb16\" data-element_type=\"widget\" data-e-type=\"widget\" data-widget_type=\"heading.default\">\n\t\t\t\t<div class=\"elementor-widget-container\">\n\t\t\t\t\t<h2 class=\"elementor-heading-title elementor-size-default\">Include:<\/h2>\t\t\t\t<\/div>\n\t\t\t\t<\/div>\n\t\t\t\t<div class=\"elementor-element elementor-element-e3a543d elementor-widget elementor-widget-text-editor\" data-id=\"e3a543d\" data-element_type=\"widget\" data-e-type=\"widget\" data-widget_type=\"text-editor.default\">\n\t\t\t\t<div class=\"elementor-widget-container\">\n\t\t\t\t\t\t\t\t\t<ul><li><p>La nostra tariffa come guida ufficiale privata<\/p><\/li><li><p>Biglietti del treno AVE Madrid-Toledo-Madrid<\/p><\/li><li><p>Taxi dalla Stazione ferroviaria\u00a0 di Toledo &#8211; tour panoramico &#8211; centro storico<\/p><\/li><li><p>Taxi Toledo centro storico &#8211; Stazione ferroviaria<\/p><\/li><li><p>Biglietti d&#8217;ingresso ai monumenti inclusi nell&#8217;itinerario<\/p><\/li><li><p>Tasse<\/p><\/li><\/ul>\t\t\t\t\t\t\t\t<\/div>\n\t\t\t\t<\/div>\n\t\t\t\t<div class=\"elementor-element elementor-element-4b41f26 elementor-widget elementor-widget-heading\" data-id=\"4b41f26\" data-element_type=\"widget\" data-e-type=\"widget\" data-widget_type=\"heading.default\">\n\t\t\t\t<div class=\"elementor-widget-container\">\n\t\t\t\t\t<h2 class=\"elementor-heading-title elementor-size-default\">Non include:<\/h2>\t\t\t\t<\/div>\n\t\t\t\t<\/div>\n\t\t\t\t<div class=\"elementor-element elementor-element-f0e8445 elementor-widget elementor-widget-text-editor\" data-id=\"f0e8445\" data-element_type=\"widget\" data-e-type=\"widget\" data-widget_type=\"text-editor.default\">\n\t\t\t\t<div class=\"elementor-widget-container\">\n\t\t\t\t\t\t\t\t\t<ul><li><p>Cibo e bevande<\/p><\/li><li><p>Trasporto a Madrid dall\u2019Hotel alla stazione ferroviaria<\/p><\/li><\/ul>\t\t\t\t\t\t\t\t<\/div>\n\t\t\t\t<\/div>\n\t\t\t\t<div class=\"elementor-element elementor-element-8508fc8 elementor-widget elementor-widget-heading\" data-id=\"8508fc8\" data-element_type=\"widget\" data-e-type=\"widget\" data-widget_type=\"heading.default\">\n\t\t\t\t<div class=\"elementor-widget-container\">\n\t\t\t\t\t<h2 class=\"elementor-heading-title elementor-size-default\">Punto d'incontro<\/h2>\t\t\t\t<\/div>\n\t\t\t\t<\/div>\n\t\t\t\t<div class=\"elementor-element elementor-element-128ffb3 elementor-widget elementor-widget-text-editor\" data-id=\"128ffb3\" data-element_type=\"widget\" data-e-type=\"widget\" data-widget_type=\"text-editor.default\">\n\t\t\t\t<div class=\"elementor-widget-container\">\n\t\t\t\t\t\t\t\t\t<p>Hotel<br \/>Nota: Se l&#8217;hotel non si trova in centro, verr\u00e0 aggiunto il costo del taxi.<\/p>\t\t\t\t\t\t\t\t<\/div>\n\t\t\t\t<\/div>\n\t\t\t\t<div class=\"elementor-element elementor-element-cc17feb elementor-widget elementor-widget-button\" data-id=\"cc17feb\" data-element_type=\"widget\" data-e-type=\"widget\" data-widget_type=\"button.default\">\n\t\t\t\t<div class=\"elementor-widget-container\">\n\t\t\t\t\t\t\t\t\t<div class=\"elementor-button-wrapper\">\n\t\t\t\t\t<a class=\"elementor-button elementor-button-link elementor-size-sm\" href=\"#reserva\">\n\t\t\t\t\t\t<span class=\"elementor-button-content-wrapper\">\n\t\t\t\t\t\t\t\t\t<span class=\"elementor-button-text\">Prenota<\/span>\n\t\t\t\t\t<\/span>\n\t\t\t\t\t<\/a>\n\t\t\t\t<\/div>\n\t\t\t\t\t\t\t\t<\/div>\n\t\t\t\t<\/div>\n\t\t\t\t\t<\/div>\n\t\t<\/div>\n\t\t\t\t<div class=\"elementor-column elementor-col-50 elementor-inner-column elementor-element elementor-element-af82957\" data-id=\"af82957\" data-element_type=\"column\" data-e-type=\"column\" data-settings=\"{&quot;background_background&quot;:&quot;classic&quot;}\">\n\t\t\t<div class=\"elementor-widget-wrap elementor-element-populated\">\n\t\t\t\t\t\t<div class=\"elementor-element elementor-element-d22c574 elementor-widget elementor-widget-heading\" data-id=\"d22c574\" data-element_type=\"widget\" data-e-type=\"widget\" data-widget_type=\"heading.default\">\n\t\t\t\t<div class=\"elementor-widget-container\">\n\t\t\t\t\t<h2 class=\"elementor-heading-title elementor-size-default\">Itinerario<\/h2>\t\t\t\t<\/div>\n\t\t\t\t<\/div>\n\t\t\t\t<div class=\"elementor-element elementor-element-33e4649 elementor-widget elementor-widget-text-editor\" data-id=\"33e4649\" data-element_type=\"widget\" data-e-type=\"widget\" data-widget_type=\"text-editor.default\">\n\t\t\t\t<div class=\"elementor-widget-container\">\n\t\t\t\t\t\t\t\t\t<p>Toledo \u00e8 patrimonio mondiale dell&#8217;UNESCO, citt\u00e0-museo di grande bellezza artistica e una delle citt\u00e0 pi\u00f9 antiche e monumentali della Spagna. Toledo \u00e8, senza dubbio, una delle citt\u00e0 \u201cda non perdere\u201d, una tappa obbligata per chi visita la Spagna.<\/p><p>Fondata 2000 anni fa su una collina che domina il fiume Tago, Toledo fu un municipium romano, capitale del Regno Visigoto, una fortezza musulmana nei tempi dell&#8217;Emirato di Cordova, e, nel Medioevo, il suo periodo di splendore, fu conosciuta come &#8220;La citt\u00e0 delle 3 culture&#8221; perch\u00e9 i cristiani, i musulmani e gli ebrei hanno vissuto in pace qui in quel periodo. Oggi si possono ancora ammirare i resti di ponti, palazzi, chiese, moschee e sinagoghe costruite in quei tempi.<\/p><h3>Tour panoramico<\/h3><p>Una volta a Toledo, faremo un tour panoramico per vedere le migliori vedute della citt\u00e0 murata. Ci fermeremo a un &#8220;belvedere&#8221; per fare delle fotografie e goderci la meravigliosa veduta di Toledo ai nostri piedi.<\/p><p>Toledo \u00e8 un affascinante mix di stili e culture diverse. Durante la nostra passeggiata visiteremo:<\/p><h3>La Cattedrale<\/h3><p>Spettacolare esempio di gotico spagnolo. Poich\u00e9 la sua costruzione \u00e8 durata secoli,\u00a0 vedremo al suo interno non solo il gotico, ma anche dei bellissimi esempi dello stile rinascimentale, mud\u00e9jar, barocco e neoclassico. Rimarrete davvero colpiti dalla grandezza di questa cattedrale, la prima Cattedrale\u00a0 della Spagna.<\/p><h3>Chiesa di Santo Tom\u00e9<\/h3><p>Ci sono diversi luoghi a Toledo dove potrete vedere i dipinti di El Greco, ma sarete in grado di vedere\u00a0 il suo dipinto pi\u00f9 importante solo in questa piccola chiesa. El Greco \u00e8 uno dei maestri dell&#8217;Arte universale e la sua opera &#8220;Il funerale del conte di Orgaz&#8221; \u00e8 considerata un capolavoro della pittura di tutti i tempi. Lasciate che vi raccontiamo tutti i suoi dettagli e capirete perch\u00e9 \u00e8 un\u2019opera cos\u00ec apprezzata nella storia dell&#8217;Arte.\u00a0<\/p><h3>Il quartiere ebraico di Toledo<\/h3><p>\u00e8 uno dei quartieri pi\u00f9 caratteristici di Toledo, conserva ancora oggi il suo carattere originale dei tempi in cui ospitava la comunit\u00e0 ebraica pi\u00f9 importante della Spagna. Visiteremo la Sinagoga di Santa Ma La Blanca, la pi\u00f9 antica di Toledo.<\/p><h3>San Juan de los Reyes<\/h3><p>Questo bellissimo esempio di stile gotico \u201cisabelino\u201d, \u00e8 il secondo tempio pi\u00f9 importante della citt\u00e0. \u00c8 stato costruito per ordine dei Monarchi Cattolici Isabel e Fernando nel XV secolo come luogo di sepoltura. Visiteremo la sua chiesa e il chiostro. Tutto nell&#8217;edificio ci ricorda questi monarchi che hanno cambiato la storia della Spagna e ci hanno portato all&#8217;inizio dell&#8217;et\u00e0 moderna.<\/p><p>Dopo il tour guidato a piedi, faremo una pausa\u00a0 pranzo e tempo libero. Ci sono molti piccoli ristoranti che servono cucina nazionale ed internazionale, oltre a numerosi negozi dove \u00e8 possibile ammirare i suoi famosi prodotti artigianali: Damasquinado, spade, ceramiche, ecc.<\/p>\t\t\t\t\t\t\t\t<\/div>\n\t\t\t\t<\/div>\n\t\t\t\t\t<\/div>\n\t\t<\/div>\n\t\t\t\t\t<\/div>\n\t\t<\/section>\n\t\t\t\t\t<\/div>\n\t\t<\/div>\n\t\t\t\t\t<\/div>\n\t\t<\/section>\n\t\t\t\t<section class=\"elementor-section elementor-top-section elementor-element elementor-element-df48ede elementor-section-boxed elementor-section-height-default elementor-section-height-default\" data-id=\"df48ede\" data-element_type=\"section\" data-e-type=\"section\" data-settings=\"{&quot;background_background&quot;:&quot;classic&quot;}\">\n\t\t\t\t\t\t\t<div class=\"elementor-background-overlay\"><\/div>\n\t\t\t\t\t\t\t<div class=\"elementor-container elementor-column-gap-default\">\n\t\t\t\t\t<div class=\"elementor-column elementor-col-100 elementor-top-column elementor-element elementor-element-de2c1dd\" data-id=\"de2c1dd\" data-element_type=\"column\" data-e-type=\"column\">\n\t\t\t<div class=\"elementor-widget-wrap elementor-element-populated\">\n\t\t\t\t\t\t<div class=\"elementor-element elementor-element-53abeca elementor-widget elementor-widget-heading\" data-id=\"53abeca\" data-element_type=\"widget\" data-e-type=\"widget\" data-widget_type=\"heading.default\">\n\t\t\t\t<div class=\"elementor-widget-container\">\n\t\t\t\t\t<h2 class=\"elementor-heading-title elementor-size-default\">GIORNO 3<\/h2>\t\t\t\t<\/div>\n\t\t\t\t<\/div>\n\t\t\t\t<div class=\"elementor-element elementor-element-d027e6b elementor-widget elementor-widget-heading\" data-id=\"d027e6b\" data-element_type=\"widget\" data-e-type=\"widget\" data-widget_type=\"heading.default\">\n\t\t\t\t<div class=\"elementor-widget-container\">\n\t\t\t\t\t<h2 class=\"elementor-heading-title elementor-size-default\">OPZIONE 1: MEZZA GIORNATA A MADRID<\/h2>\t\t\t\t<\/div>\n\t\t\t\t<\/div>\n\t\t\t\t<section class=\"elementor-section elementor-inner-section elementor-element elementor-element-00af010 elementor-section-boxed elementor-section-height-default elementor-section-height-default\" data-id=\"00af010\" data-element_type=\"section\" data-e-type=\"section\">\n\t\t\t\t\t\t<div class=\"elementor-container elementor-column-gap-default\">\n\t\t\t\t\t<div class=\"elementor-column elementor-col-50 elementor-inner-column elementor-element elementor-element-ede24a7\" data-id=\"ede24a7\" data-element_type=\"column\" data-e-type=\"column\" data-settings=\"{&quot;background_background&quot;:&quot;classic&quot;}\">\n\t\t\t<div class=\"elementor-widget-wrap elementor-element-populated\">\n\t\t\t\t\t\t<div class=\"elementor-element elementor-element-30b33f9 elementor-widget elementor-widget-heading\" data-id=\"30b33f9\" data-element_type=\"widget\" data-e-type=\"widget\" data-widget_type=\"heading.default\">\n\t\t\t\t<div class=\"elementor-widget-container\">\n\t\t\t\t\t<h2 class=\"elementor-heading-title elementor-size-default\">1. GIRO PANORAMICO IN VEICOLO PRIVATO + PASSEGGIATA QUARTIERE SALAMANCA E PARCO DEL RETIRO<\/h2>\t\t\t\t<\/div>\n\t\t\t\t<\/div>\n\t\t\t\t<div class=\"elementor-element elementor-element-2070839 elementor-widget elementor-widget-heading\" data-id=\"2070839\" data-element_type=\"widget\" data-e-type=\"widget\" data-widget_type=\"heading.default\">\n\t\t\t\t<div class=\"elementor-widget-container\">\n\t\t\t\t\t<h2 class=\"elementor-heading-title elementor-size-default\">Durata: 4 ore<\/h2>\t\t\t\t<\/div>\n\t\t\t\t<\/div>\n\t\t\t\t<div class=\"elementor-element elementor-element-a4378cd elementor-widget elementor-widget-heading\" data-id=\"a4378cd\" data-element_type=\"widget\" data-e-type=\"widget\" data-widget_type=\"heading.default\">\n\t\t\t\t<div class=\"elementor-widget-container\">\n\t\t\t\t\t<h2 class=\"elementor-heading-title elementor-size-default\">Prezzo: 470\u20ac <\/h2>\t\t\t\t<\/div>\n\t\t\t\t<\/div>\n\t\t\t\t<div class=\"elementor-element elementor-element-30822ad elementor-widget elementor-widget-text-editor\" data-id=\"30822ad\" data-element_type=\"widget\" data-e-type=\"widget\" data-widget_type=\"text-editor.default\">\n\t\t\t\t<div class=\"elementor-widget-container\">\n\t\t\t\t\t\t\t\t\t<p>Massimo 6 persone. Per i gruppi pi\u00f9 grandi, chiedici un preventivo.<\/p>\t\t\t\t\t\t\t\t<\/div>\n\t\t\t\t<\/div>\n\t\t\t\t<div class=\"elementor-element elementor-element-f89aef6 elementor-widget elementor-widget-heading\" data-id=\"f89aef6\" data-element_type=\"widget\" data-e-type=\"widget\" data-widget_type=\"heading.default\">\n\t\t\t\t<div class=\"elementor-widget-container\">\n\t\t\t\t\t<h2 class=\"elementor-heading-title elementor-size-default\">Include:<\/h2>\t\t\t\t<\/div>\n\t\t\t\t<\/div>\n\t\t\t\t<div class=\"elementor-element elementor-element-7c11567 elementor-widget elementor-widget-text-editor\" data-id=\"7c11567\" data-element_type=\"widget\" data-e-type=\"widget\" data-widget_type=\"text-editor.default\">\n\t\t\t\t<div class=\"elementor-widget-container\">\n\t\t\t\t\t\t\t\t\t<ul><li><p>La nostra tariffa come guida ufficiale privata<\/p><\/li><li><p>Veicolo privato per 2 ore. Il tour panoramico si svolger\u00e0 in un&#8217;auto \/ van di lusso, spaziosa, confortevole e guidata da un autista professionista<\/p><\/li><li><p>Tasse<\/p><\/li><\/ul>\t\t\t\t\t\t\t\t<\/div>\n\t\t\t\t<\/div>\n\t\t\t\t<div class=\"elementor-element elementor-element-e192775 elementor-widget elementor-widget-heading\" data-id=\"e192775\" data-element_type=\"widget\" data-e-type=\"widget\" data-widget_type=\"heading.default\">\n\t\t\t\t<div class=\"elementor-widget-container\">\n\t\t\t\t\t<h2 class=\"elementor-heading-title elementor-size-default\">Punto d'incontro<\/h2>\t\t\t\t<\/div>\n\t\t\t\t<\/div>\n\t\t\t\t<div class=\"elementor-element elementor-element-35f62a6 elementor-widget elementor-widget-text-editor\" data-id=\"35f62a6\" data-element_type=\"widget\" data-e-type=\"widget\" data-widget_type=\"text-editor.default\">\n\t\t\t\t<div class=\"elementor-widget-container\">\n\t\t\t\t\t\t\t\t\t<p>Hotel\u00a0<br \/>Nota: Se l&#8217;hotel non si trova in centro, verr\u00e0 aggiunta una tassa di taxi.<\/p>\t\t\t\t\t\t\t\t<\/div>\n\t\t\t\t<\/div>\n\t\t\t\t<div class=\"elementor-element elementor-element-a847f6b elementor-widget elementor-widget-button\" data-id=\"a847f6b\" data-element_type=\"widget\" data-e-type=\"widget\" data-widget_type=\"button.default\">\n\t\t\t\t<div class=\"elementor-widget-container\">\n\t\t\t\t\t\t\t\t\t<div class=\"elementor-button-wrapper\">\n\t\t\t\t\t<a class=\"elementor-button elementor-button-link elementor-size-sm\" href=\"#reserva\">\n\t\t\t\t\t\t<span class=\"elementor-button-content-wrapper\">\n\t\t\t\t\t\t\t\t\t<span class=\"elementor-button-text\">Prenota<\/span>\n\t\t\t\t\t<\/span>\n\t\t\t\t\t<\/a>\n\t\t\t\t<\/div>\n\t\t\t\t\t\t\t\t<\/div>\n\t\t\t\t<\/div>\n\t\t\t\t\t<\/div>\n\t\t<\/div>\n\t\t\t\t<div class=\"elementor-column elementor-col-50 elementor-inner-column elementor-element elementor-element-8310ef2\" data-id=\"8310ef2\" data-element_type=\"column\" data-e-type=\"column\" data-settings=\"{&quot;background_background&quot;:&quot;classic&quot;}\">\n\t\t\t<div class=\"elementor-widget-wrap elementor-element-populated\">\n\t\t\t\t\t\t<div class=\"elementor-element elementor-element-30d09b0 elementor-widget elementor-widget-heading\" data-id=\"30d09b0\" data-element_type=\"widget\" data-e-type=\"widget\" data-widget_type=\"heading.default\">\n\t\t\t\t<div class=\"elementor-widget-container\">\n\t\t\t\t\t<h2 class=\"elementor-heading-title elementor-size-default\">Itinerario<\/h2>\t\t\t\t<\/div>\n\t\t\t\t<\/div>\n\t\t\t\t<div class=\"elementor-element elementor-element-a0971a2 elementor-widget elementor-widget-text-editor\" data-id=\"a0971a2\" data-element_type=\"widget\" data-e-type=\"widget\" data-widget_type=\"text-editor.default\">\n\t\t\t\t<div class=\"elementor-widget-container\">\n\t\t\t\t\t\t\t\t\t<p>Questo tour offre una visione completa della citt\u00e0 e un&#8217;idea generale dei suoi quartieri pi\u00f9 rappresentativi: la Madrid del XVIII secolo con i suoi grandi musei e bellissime fontane mitologiche, il Parco del Retiro, l&#8217;arena \u201cLas Ventas\u201d, il Paseo de la Castellana, la zona degli affari, lo stadio del Real Madrid e l&#8217;iconica Gran V\u00eda con i suoi edifici del inizio del XX secolo.<\/p><p>Dopo il giro panoramico con veicolo privato, faremo una piacevole passeggiata all&#8217;interno del Parco del Retiro. Vedremo il laguetto, il famoso Palacio de Cristal e le sue bellissime fontane e sculture. Finiremo la nostra visita esplorando il quartiere borghese di Salamanca con le sue boutique di lusso.<\/p><ul><li><p>Tour panor\u00e1mico di 2 ore in veicolo privato<\/p><\/li><li><p>Parco del Retiro<\/p><\/li><li><p>Quartiere di Salamanca<\/p><\/li><\/ul>\t\t\t\t\t\t\t\t<\/div>\n\t\t\t\t<\/div>\n\t\t\t\t\t<\/div>\n\t\t<\/div>\n\t\t\t\t\t<\/div>\n\t\t<\/section>\n\t\t\t\t<section class=\"elementor-section elementor-inner-section elementor-element elementor-element-6fd3b76 elementor-section-boxed elementor-section-height-default elementor-section-height-default\" data-id=\"6fd3b76\" data-element_type=\"section\" data-e-type=\"section\">\n\t\t\t\t\t\t<div class=\"elementor-container elementor-column-gap-default\">\n\t\t\t\t\t<div class=\"elementor-column elementor-col-50 elementor-inner-column elementor-element elementor-element-663e407\" data-id=\"663e407\" data-element_type=\"column\" data-e-type=\"column\" data-settings=\"{&quot;background_background&quot;:&quot;classic&quot;}\">\n\t\t\t<div class=\"elementor-widget-wrap elementor-element-populated\">\n\t\t\t\t\t\t<div class=\"elementor-element elementor-element-9e13e92 elementor-widget elementor-widget-heading\" data-id=\"9e13e92\" data-element_type=\"widget\" data-e-type=\"widget\" data-widget_type=\"heading.default\">\n\t\t\t\t<div class=\"elementor-widget-container\">\n\t\t\t\t\t<h2 class=\"elementor-heading-title elementor-size-default\">2. GIRO PANORAMICO IN VEICOLO PRIVATO + VISITA GUIDATA AL MUSEO REINA SOFIA<\/h2>\t\t\t\t<\/div>\n\t\t\t\t<\/div>\n\t\t\t\t<div class=\"elementor-element elementor-element-803732f elementor-widget elementor-widget-heading\" data-id=\"803732f\" data-element_type=\"widget\" data-e-type=\"widget\" data-widget_type=\"heading.default\">\n\t\t\t\t<div class=\"elementor-widget-container\">\n\t\t\t\t\t<h2 class=\"elementor-heading-title elementor-size-default\">Durata: 4 ore<\/h2>\t\t\t\t<\/div>\n\t\t\t\t<\/div>\n\t\t\t\t<div class=\"elementor-element elementor-element-3470bc8 elementor-widget elementor-widget-heading\" data-id=\"3470bc8\" data-element_type=\"widget\" data-e-type=\"widget\" data-widget_type=\"heading.default\">\n\t\t\t\t<div class=\"elementor-widget-container\">\n\t\t\t\t\t<h2 class=\"elementor-heading-title elementor-size-default\">Prezzo: 470\u20ac + 12\u20ac a persona.<\/h2>\t\t\t\t<\/div>\n\t\t\t\t<\/div>\n\t\t\t\t<div class=\"elementor-element elementor-element-36f7193 elementor-widget elementor-widget-text-editor\" data-id=\"36f7193\" data-element_type=\"widget\" data-e-type=\"widget\" data-widget_type=\"text-editor.default\">\n\t\t\t\t<div class=\"elementor-widget-container\">\n\t\t\t\t\t\t\t\t\t<p>Massimo 6 persone. Per i gruppi pi\u00f9 grandi, chiedici un preventivo.<\/p>\t\t\t\t\t\t\t\t<\/div>\n\t\t\t\t<\/div>\n\t\t\t\t<div class=\"elementor-element elementor-element-d38a540 elementor-widget elementor-widget-heading\" data-id=\"d38a540\" data-element_type=\"widget\" data-e-type=\"widget\" data-widget_type=\"heading.default\">\n\t\t\t\t<div class=\"elementor-widget-container\">\n\t\t\t\t\t<h2 class=\"elementor-heading-title elementor-size-default\">Include:<\/h2>\t\t\t\t<\/div>\n\t\t\t\t<\/div>\n\t\t\t\t<div class=\"elementor-element elementor-element-e83a90d elementor-widget elementor-widget-text-editor\" data-id=\"e83a90d\" data-element_type=\"widget\" data-e-type=\"widget\" data-widget_type=\"text-editor.default\">\n\t\t\t\t<div class=\"elementor-widget-container\">\n\t\t\t\t\t\t\t\t\t<ul><li><p>La nostra tariffa come guida ufficiale privata<\/p><\/li><li><p>Biglietto d&#8217;ingresso al Museo Reina Sofia<\/p><\/li><li><p>Veicolo privato per 2 ore. Il tour panoramico si svolger\u00e0 in un&#8217;auto \/ van di lusso, spaziosa, confortevole e guidata da un autista professionista<\/p><\/li><li><p>Tasse<\/p><\/li><\/ul>\t\t\t\t\t\t\t\t<\/div>\n\t\t\t\t<\/div>\n\t\t\t\t<div class=\"elementor-element elementor-element-e66fca2 elementor-widget elementor-widget-heading\" data-id=\"e66fca2\" data-element_type=\"widget\" data-e-type=\"widget\" data-widget_type=\"heading.default\">\n\t\t\t\t<div class=\"elementor-widget-container\">\n\t\t\t\t\t<h2 class=\"elementor-heading-title elementor-size-default\">Punto d'incontro<\/h2>\t\t\t\t<\/div>\n\t\t\t\t<\/div>\n\t\t\t\t<div class=\"elementor-element elementor-element-a7038e1 elementor-widget elementor-widget-text-editor\" data-id=\"a7038e1\" data-element_type=\"widget\" data-e-type=\"widget\" data-widget_type=\"text-editor.default\">\n\t\t\t\t<div class=\"elementor-widget-container\">\n\t\t\t\t\t\t\t\t\t<p>Hotel\u00a0<br \/>Nota: Se l&#8217;hotel non si trova in centro, verr\u00e0 aggiunto il costo del taxi.<\/p>\t\t\t\t\t\t\t\t<\/div>\n\t\t\t\t<\/div>\n\t\t\t\t<div class=\"elementor-element elementor-element-324a1ee elementor-widget elementor-widget-button\" data-id=\"324a1ee\" data-element_type=\"widget\" data-e-type=\"widget\" data-widget_type=\"button.default\">\n\t\t\t\t<div class=\"elementor-widget-container\">\n\t\t\t\t\t\t\t\t\t<div class=\"elementor-button-wrapper\">\n\t\t\t\t\t<a class=\"elementor-button elementor-button-link elementor-size-sm\" href=\"#reserva\">\n\t\t\t\t\t\t<span class=\"elementor-button-content-wrapper\">\n\t\t\t\t\t\t\t\t\t<span class=\"elementor-button-text\">Prenota<\/span>\n\t\t\t\t\t<\/span>\n\t\t\t\t\t<\/a>\n\t\t\t\t<\/div>\n\t\t\t\t\t\t\t\t<\/div>\n\t\t\t\t<\/div>\n\t\t\t\t\t<\/div>\n\t\t<\/div>\n\t\t\t\t<div class=\"elementor-column elementor-col-50 elementor-inner-column elementor-element elementor-element-b758cdf\" data-id=\"b758cdf\" data-element_type=\"column\" data-e-type=\"column\" data-settings=\"{&quot;background_background&quot;:&quot;classic&quot;}\">\n\t\t\t<div class=\"elementor-widget-wrap elementor-element-populated\">\n\t\t\t\t\t\t<div class=\"elementor-element elementor-element-b22b4c8 elementor-widget elementor-widget-heading\" data-id=\"b22b4c8\" data-element_type=\"widget\" data-e-type=\"widget\" data-widget_type=\"heading.default\">\n\t\t\t\t<div class=\"elementor-widget-container\">\n\t\t\t\t\t<h2 class=\"elementor-heading-title elementor-size-default\">Itinerario<\/h2>\t\t\t\t<\/div>\n\t\t\t\t<\/div>\n\t\t\t\t<div class=\"elementor-element elementor-element-a4488d4 elementor-widget elementor-widget-text-editor\" data-id=\"a4488d4\" data-element_type=\"widget\" data-e-type=\"widget\" data-widget_type=\"text-editor.default\">\n\t\t\t\t<div class=\"elementor-widget-container\">\n\t\t\t\t\t\t\t\t\t<p>Questo tour offre una visione completa della citt\u00e0 e un&#8217;idea generale dei suoi quartieri pi\u00f9 rappresentativi: la Madrid del XVIII secolo con i suoi grandi musei e bellissime fontane mitologiche, il Parco del Retiro, l&#8217;arena \u201cLas Ventas\u201d, il Paseo de la Castellana, la zona degli affari, lo stadio del Real Madrid e l&#8217;iconica Gran V\u00eda con i suoi edifici del inizio del XX secolo.<\/p><p>Il nostro veicolo privato ci porter\u00e0 al Museo Reina Sofia. La Collezione Permanente contiene opere che mostrano lo sviluppo dell\u2019arte del XX secolo in Spagna. Pablo Picasso, Salvador Dal\u00ed e Joan Mir\u00f3 sono i principali pittori di questo museo. L&#8217;opera pi\u00f9 emblematica \u00e8 la&#8221;Guernica&#8221; di Picasso, solo per la sua contemplazione, merita la visita.<\/p><ul><li><p>Tour panor\u00e1mico di 2 ore in veicolo privato<\/p><\/li><li><p>Museo Reina Sof\u00eda<\/p><\/li><\/ul>\t\t\t\t\t\t\t\t<\/div>\n\t\t\t\t<\/div>\n\t\t\t\t\t<\/div>\n\t\t<\/div>\n\t\t\t\t\t<\/div>\n\t\t<\/section>\n\t\t\t\t<div class=\"elementor-element elementor-element-a0f50f1 elementor-widget elementor-widget-heading\" data-id=\"a0f50f1\" data-element_type=\"widget\" data-e-type=\"widget\" data-widget_type=\"heading.default\">\n\t\t\t\t<div class=\"elementor-widget-container\">\n\t\t\t\t\t<h2 class=\"elementor-heading-title elementor-size-default\">OPZIONE 2. MEZZA GIORNATA FUORI MADRID<\/h2>\t\t\t\t<\/div>\n\t\t\t\t<\/div>\n\t\t\t\t<div class=\"elementor-element elementor-element-57dcf49 elementor-widget elementor-widget-heading\" data-id=\"57dcf49\" data-element_type=\"widget\" data-e-type=\"widget\" data-widget_type=\"heading.default\">\n\t\t\t\t<div class=\"elementor-widget-container\">\n\t\t\t\t\t<h2 class=\"elementor-heading-title elementor-size-default\">Prezzo: 385\u20ac + 12\u20ac a persona<\/h2>\t\t\t\t<\/div>\n\t\t\t\t<\/div>\n\t\t\t\t<section class=\"elementor-section elementor-inner-section elementor-element elementor-element-0318df1 elementor-section-boxed elementor-section-height-default elementor-section-height-default\" data-id=\"0318df1\" data-element_type=\"section\" data-e-type=\"section\">\n\t\t\t\t\t\t<div class=\"elementor-container elementor-column-gap-default\">\n\t\t\t\t\t<div class=\"elementor-column elementor-col-50 elementor-inner-column elementor-element elementor-element-8e60954\" data-id=\"8e60954\" data-element_type=\"column\" data-e-type=\"column\" data-settings=\"{&quot;background_background&quot;:&quot;classic&quot;}\">\n\t\t\t<div class=\"elementor-widget-wrap elementor-element-populated\">\n\t\t\t\t\t\t<div class=\"elementor-element elementor-element-1680673 elementor-widget elementor-widget-heading\" data-id=\"1680673\" data-element_type=\"widget\" data-e-type=\"widget\" data-widget_type=\"heading.default\">\n\t\t\t\t<div class=\"elementor-widget-container\">\n\t\t\t\t\t<h2 class=\"elementor-heading-title elementor-size-default\">1. ESCORIAL E VALLE DEI CADUTI<\/h2>\t\t\t\t<\/div>\n\t\t\t\t<\/div>\n\t\t\t\t<div class=\"elementor-element elementor-element-dc0b6c8 elementor-widget elementor-widget-heading\" data-id=\"dc0b6c8\" data-element_type=\"widget\" data-e-type=\"widget\" data-widget_type=\"heading.default\">\n\t\t\t\t<div class=\"elementor-widget-container\">\n\t\t\t\t\t<h2 class=\"elementor-heading-title elementor-size-default\">Durata: 5 ore<\/h2>\t\t\t\t<\/div>\n\t\t\t\t<\/div>\n\t\t\t\t<div class=\"elementor-element elementor-element-4ec7090 elementor-widget elementor-widget-heading\" data-id=\"4ec7090\" data-element_type=\"widget\" data-e-type=\"widget\" data-widget_type=\"heading.default\">\n\t\t\t\t<div class=\"elementor-widget-container\">\n\t\t\t\t\t<h2 class=\"elementor-heading-title elementor-size-default\">Prezzo: 720\u20ac + 12\u20ac a persona<\/h2>\t\t\t\t<\/div>\n\t\t\t\t<\/div>\n\t\t\t\t<div class=\"elementor-element elementor-element-12ec6fc elementor-widget elementor-widget-text-editor\" data-id=\"12ec6fc\" data-element_type=\"widget\" data-e-type=\"widget\" data-widget_type=\"text-editor.default\">\n\t\t\t\t<div class=\"elementor-widget-container\">\n\t\t\t\t\t\t\t\t\t<p>Massimo 6 persone. Per i gruppi pi\u00f9 grandi, chiedici un preventivo.<\/p>\t\t\t\t\t\t\t\t<\/div>\n\t\t\t\t<\/div>\n\t\t\t\t<div class=\"elementor-element elementor-element-41f005a elementor-widget elementor-widget-heading\" data-id=\"41f005a\" data-element_type=\"widget\" data-e-type=\"widget\" data-widget_type=\"heading.default\">\n\t\t\t\t<div class=\"elementor-widget-container\">\n\t\t\t\t\t<h2 class=\"elementor-heading-title elementor-size-default\">Include:<\/h2>\t\t\t\t<\/div>\n\t\t\t\t<\/div>\n\t\t\t\t<div class=\"elementor-element elementor-element-2fb08c4 elementor-widget elementor-widget-text-editor\" data-id=\"2fb08c4\" data-element_type=\"widget\" data-e-type=\"widget\" data-widget_type=\"text-editor.default\">\n\t\t\t\t<div class=\"elementor-widget-container\">\n\t\t\t\t\t\t\t\t\t<ul><li><p>La nostra tariffa come\u00a0 guida ufficiale privata autorizzata da National Trust<\/p><\/li><li><p>Trasporto privato. Il tour si svolger\u00e0 in un&#8217;auto \/ van di lusso, spaziosa, confortevole e guidata da un autista professionista<\/p><\/li><li><p>Biglietti d&#8217;ingresso ai monumenti<\/p><\/li><li><p>Tasse<\/p><\/li><\/ul>\t\t\t\t\t\t\t\t<\/div>\n\t\t\t\t<\/div>\n\t\t\t\t<div class=\"elementor-element elementor-element-93dfad2 elementor-widget elementor-widget-heading\" data-id=\"93dfad2\" data-element_type=\"widget\" data-e-type=\"widget\" data-widget_type=\"heading.default\">\n\t\t\t\t<div class=\"elementor-widget-container\">\n\t\t\t\t\t<h2 class=\"elementor-heading-title elementor-size-default\">Punto d'incontro<\/h2>\t\t\t\t<\/div>\n\t\t\t\t<\/div>\n\t\t\t\t<div class=\"elementor-element elementor-element-9d1ff91 elementor-widget elementor-widget-text-editor\" data-id=\"9d1ff91\" data-element_type=\"widget\" data-e-type=\"widget\" data-widget_type=\"text-editor.default\">\n\t\t\t\t<div class=\"elementor-widget-container\">\n\t\t\t\t\t\t\t\t\t<p>Hotel\u00a0<br \/>Nota: Se l&#8217;hotel non si trova in centro, verr\u00e0 aggiunto il costo del taxi.<\/p>\t\t\t\t\t\t\t\t<\/div>\n\t\t\t\t<\/div>\n\t\t\t\t<div class=\"elementor-element elementor-element-7b37e2f elementor-widget elementor-widget-button\" data-id=\"7b37e2f\" data-element_type=\"widget\" data-e-type=\"widget\" data-widget_type=\"button.default\">\n\t\t\t\t<div class=\"elementor-widget-container\">\n\t\t\t\t\t\t\t\t\t<div class=\"elementor-button-wrapper\">\n\t\t\t\t\t<a class=\"elementor-button elementor-button-link elementor-size-sm\" href=\"#reserva\">\n\t\t\t\t\t\t<span class=\"elementor-button-content-wrapper\">\n\t\t\t\t\t\t\t\t\t<span class=\"elementor-button-text\">Prenota<\/span>\n\t\t\t\t\t<\/span>\n\t\t\t\t\t<\/a>\n\t\t\t\t<\/div>\n\t\t\t\t\t\t\t\t<\/div>\n\t\t\t\t<\/div>\n\t\t\t\t\t<\/div>\n\t\t<\/div>\n\t\t\t\t<div class=\"elementor-column elementor-col-50 elementor-inner-column elementor-element elementor-element-291645a\" data-id=\"291645a\" data-element_type=\"column\" data-e-type=\"column\" data-settings=\"{&quot;background_background&quot;:&quot;classic&quot;}\">\n\t\t\t<div class=\"elementor-widget-wrap elementor-element-populated\">\n\t\t\t\t\t\t<div class=\"elementor-element elementor-element-7d0515c elementor-widget elementor-widget-heading\" data-id=\"7d0515c\" data-element_type=\"widget\" data-e-type=\"widget\" data-widget_type=\"heading.default\">\n\t\t\t\t<div class=\"elementor-widget-container\">\n\t\t\t\t\t<h2 class=\"elementor-heading-title elementor-size-default\">Itinerario<\/h2>\t\t\t\t<\/div>\n\t\t\t\t<\/div>\n\t\t\t\t<div class=\"elementor-element elementor-element-3f3710d elementor-widget elementor-widget-text-editor\" data-id=\"3f3710d\" data-element_type=\"widget\" data-e-type=\"widget\" data-widget_type=\"text-editor.default\">\n\t\t\t\t<div class=\"elementor-widget-container\">\n\t\t\t\t\t\t\t\t\t<p>Situato in un bellissimo posto ai piedi della Sierra de Guadarrama, il Monastero di San Lorenzo del Escorial \u00e8\u00a0 la pi\u00f9 grande opera del Rinascimento in Spagna, e rappresenta\u00a0 lo splendore della dinastia austriaca. Fu conosciuto nel suo tempo come &#8220;L&#8217;ottava meraviglia del mondo&#8221; e fu dichiarato patrimonio dell&#8217;umanit\u00e0 dall&#8217;UNESCO nel 1984.<\/p><p>A soli\u00a0 9 km dall&#8217;Escorial, si trova la Valle dei Caduti. Questo spettacolare monumento, costruito da Francisco Franco dopo la guerra civile spagnola, ha la croce pi\u00f9 alta del mondo (150 metri). Impressiona la sua Basilica scavata all&#8217;interno della montagna, dove si trovano i resti di migliaia di spagnoli uccisi nella guerra.<\/p><ul><li>Monastero del Escorial<\/li><li>Valle dei Caduti<\/li><\/ul>\t\t\t\t\t\t\t\t<\/div>\n\t\t\t\t<\/div>\n\t\t\t\t\t<\/div>\n\t\t<\/div>\n\t\t\t\t\t<\/div>\n\t\t<\/section>\n\t\t\t\t<section class=\"elementor-section elementor-inner-section elementor-element elementor-element-51fab73 elementor-section-boxed elementor-section-height-default elementor-section-height-default\" data-id=\"51fab73\" data-element_type=\"section\" data-e-type=\"section\">\n\t\t\t\t\t\t<div class=\"elementor-container elementor-column-gap-default\">\n\t\t\t\t\t<div class=\"elementor-column elementor-col-50 elementor-inner-column elementor-element elementor-element-aa5b8cd\" data-id=\"aa5b8cd\" data-element_type=\"column\" data-e-type=\"column\" data-settings=\"{&quot;background_background&quot;:&quot;classic&quot;}\">\n\t\t\t<div class=\"elementor-widget-wrap elementor-element-populated\">\n\t\t\t\t\t\t<div class=\"elementor-element elementor-element-db369a4 elementor-widget elementor-widget-heading\" data-id=\"db369a4\" data-element_type=\"widget\" data-e-type=\"widget\" data-widget_type=\"heading.default\">\n\t\t\t\t<div class=\"elementor-widget-container\">\n\t\t\t\t\t<h2 class=\"elementor-heading-title elementor-size-default\">2. ARANJUEZ: PALAZZO REALE E GIARDINI DELL\u00b4ISOLA<\/h2>\t\t\t\t<\/div>\n\t\t\t\t<\/div>\n\t\t\t\t<div class=\"elementor-element elementor-element-b199638 elementor-widget elementor-widget-heading\" data-id=\"b199638\" data-element_type=\"widget\" data-e-type=\"widget\" data-widget_type=\"heading.default\">\n\t\t\t\t<div class=\"elementor-widget-container\">\n\t\t\t\t\t<h2 class=\"elementor-heading-title elementor-size-default\">Durata: 5 ore<\/h2>\t\t\t\t<\/div>\n\t\t\t\t<\/div>\n\t\t\t\t<div class=\"elementor-element elementor-element-819ddfd elementor-widget elementor-widget-heading\" data-id=\"819ddfd\" data-element_type=\"widget\" data-e-type=\"widget\" data-widget_type=\"heading.default\">\n\t\t\t\t<div class=\"elementor-widget-container\">\n\t\t\t\t\t<h2 class=\"elementor-heading-title elementor-size-default\">Prezzo: 720\u20ac + 12\u20ac a persona<\/h2>\t\t\t\t<\/div>\n\t\t\t\t<\/div>\n\t\t\t\t<div class=\"elementor-element elementor-element-88e7f61 elementor-widget elementor-widget-text-editor\" data-id=\"88e7f61\" data-element_type=\"widget\" data-e-type=\"widget\" data-widget_type=\"text-editor.default\">\n\t\t\t\t<div class=\"elementor-widget-container\">\n\t\t\t\t\t\t\t\t\t<p>Massimo 6 persone. Per i gruppi pi\u00f9 grandi, chiedici un preventivo.<\/p>\t\t\t\t\t\t\t\t<\/div>\n\t\t\t\t<\/div>\n\t\t\t\t<div class=\"elementor-element elementor-element-39f95c1 elementor-widget elementor-widget-heading\" data-id=\"39f95c1\" data-element_type=\"widget\" data-e-type=\"widget\" data-widget_type=\"heading.default\">\n\t\t\t\t<div class=\"elementor-widget-container\">\n\t\t\t\t\t<h2 class=\"elementor-heading-title elementor-size-default\">Include:<\/h2>\t\t\t\t<\/div>\n\t\t\t\t<\/div>\n\t\t\t\t<div class=\"elementor-element elementor-element-31e3611 elementor-widget elementor-widget-text-editor\" data-id=\"31e3611\" data-element_type=\"widget\" data-e-type=\"widget\" data-widget_type=\"text-editor.default\">\n\t\t\t\t<div class=\"elementor-widget-container\">\n\t\t\t\t\t\t\t\t\t<ul><li><p>La nostra tariffa come\u00a0 guida ufficiale privata autorizzata da National Trust<\/p><\/li><li><p>Trasporto privato. Il tour si svolger\u00e0 in un&#8217;auto \/ van di lusso, spaziosa, confortevole e guidata da un autista professionista<\/p><\/li><li><p>Biglietto d&#8217;ingresso al palazzo e giardini dell\u2019isola<\/p><\/li><li><p>Tasse<\/p><\/li><\/ul>\t\t\t\t\t\t\t\t<\/div>\n\t\t\t\t<\/div>\n\t\t\t\t<div class=\"elementor-element elementor-element-16e98f8 elementor-widget elementor-widget-heading\" data-id=\"16e98f8\" data-element_type=\"widget\" data-e-type=\"widget\" data-widget_type=\"heading.default\">\n\t\t\t\t<div class=\"elementor-widget-container\">\n\t\t\t\t\t<h2 class=\"elementor-heading-title elementor-size-default\">Punto d'incontro<\/h2>\t\t\t\t<\/div>\n\t\t\t\t<\/div>\n\t\t\t\t<div class=\"elementor-element elementor-element-ce8521b elementor-widget elementor-widget-text-editor\" data-id=\"ce8521b\" data-element_type=\"widget\" data-e-type=\"widget\" data-widget_type=\"text-editor.default\">\n\t\t\t\t<div class=\"elementor-widget-container\">\n\t\t\t\t\t\t\t\t\t<p>Hotel\u00a0<br \/>Nota: Se l&#8217;hotel non si trova in centro, verr\u00e0 aggiunto il costo del taxi.<\/p>\t\t\t\t\t\t\t\t<\/div>\n\t\t\t\t<\/div>\n\t\t\t\t<div class=\"elementor-element elementor-element-62f184e elementor-widget elementor-widget-button\" data-id=\"62f184e\" data-element_type=\"widget\" data-e-type=\"widget\" data-widget_type=\"button.default\">\n\t\t\t\t<div class=\"elementor-widget-container\">\n\t\t\t\t\t\t\t\t\t<div class=\"elementor-button-wrapper\">\n\t\t\t\t\t<a class=\"elementor-button elementor-button-link elementor-size-sm\" href=\"#reserva\">\n\t\t\t\t\t\t<span class=\"elementor-button-content-wrapper\">\n\t\t\t\t\t\t\t\t\t<span class=\"elementor-button-text\">Prenota<\/span>\n\t\t\t\t\t<\/span>\n\t\t\t\t\t<\/a>\n\t\t\t\t<\/div>\n\t\t\t\t\t\t\t\t<\/div>\n\t\t\t\t<\/div>\n\t\t\t\t\t<\/div>\n\t\t<\/div>\n\t\t\t\t<div class=\"elementor-column elementor-col-50 elementor-inner-column elementor-element elementor-element-84d5ba6\" data-id=\"84d5ba6\" data-element_type=\"column\" data-e-type=\"column\" data-settings=\"{&quot;background_background&quot;:&quot;classic&quot;}\">\n\t\t\t<div class=\"elementor-widget-wrap elementor-element-populated\">\n\t\t\t\t\t\t<div class=\"elementor-element elementor-element-5612731 elementor-widget elementor-widget-heading\" data-id=\"5612731\" data-element_type=\"widget\" data-e-type=\"widget\" data-widget_type=\"heading.default\">\n\t\t\t\t<div class=\"elementor-widget-container\">\n\t\t\t\t\t<h2 class=\"elementor-heading-title elementor-size-default\">Itinerario<\/h2>\t\t\t\t<\/div>\n\t\t\t\t<\/div>\n\t\t\t\t<div class=\"elementor-element elementor-element-5f562a5 elementor-widget elementor-widget-text-editor\" data-id=\"5f562a5\" data-element_type=\"widget\" data-e-type=\"widget\" data-widget_type=\"text-editor.default\">\n\t\t\t\t<div class=\"elementor-widget-container\">\n\t\t\t\t\t\t\t\t\t<p>A soli 50 km da Madrid, il palazzo reale di Aranjuez, \u00e8 stata la residenza di campagna preferita dai re di Spagna, specialmente in primavera. Circondato da splendidi giardini e attraversato dal fiume Tago, il paesaggio culturale di Aranjuez \u00e8 stato dichiarato patrimonio dell&#8217;umanit\u00e0 dall&#8217;UNESCO.<\/p><p>I suoi giardini hanno ispirato grandi opere d&#8217;arte. &#8220;Il Concerto di Aranjuez&#8221; del maestro Joaqu\u00edn Rodrigo e il dipinto &#8220;I giardini di Aranjuez&#8221; di Rusi\u00f1ol, sono solo alcuni esempi.<\/p><ul><li><p>Palazzo Reale di Aranjuez<\/p><\/li><li><p>Giardini dell&#8217;isola<\/p><\/li><\/ul>\t\t\t\t\t\t\t\t<\/div>\n\t\t\t\t<\/div>\n\t\t\t\t\t<\/div>\n\t\t<\/div>\n\t\t\t\t\t<\/div>\n\t\t<\/section>\n\t\t\t\t<section class=\"elementor-section elementor-inner-section elementor-element elementor-element-e5110d1 elementor-section-boxed elementor-section-height-default elementor-section-height-default\" data-id=\"e5110d1\" data-element_type=\"section\" data-e-type=\"section\">\n\t\t\t\t\t\t<div class=\"elementor-container elementor-column-gap-default\">\n\t\t\t\t\t<div class=\"elementor-column elementor-col-50 elementor-inner-column elementor-element elementor-element-5fda231\" data-id=\"5fda231\" data-element_type=\"column\" data-e-type=\"column\" data-settings=\"{&quot;background_background&quot;:&quot;classic&quot;}\">\n\t\t\t<div class=\"elementor-widget-wrap elementor-element-populated\">\n\t\t\t\t\t\t<div class=\"elementor-element elementor-element-756ebf9 elementor-widget elementor-widget-heading\" data-id=\"756ebf9\" data-element_type=\"widget\" data-e-type=\"widget\" data-widget_type=\"heading.default\">\n\t\t\t\t<div class=\"elementor-widget-container\">\n\t\t\t\t\t<h2 class=\"elementor-heading-title elementor-size-default\">3. ALCAL\u00c1 DE HENARES<\/h2>\t\t\t\t<\/div>\n\t\t\t\t<\/div>\n\t\t\t\t<div class=\"elementor-element elementor-element-216b441 elementor-widget elementor-widget-heading\" data-id=\"216b441\" data-element_type=\"widget\" data-e-type=\"widget\" data-widget_type=\"heading.default\">\n\t\t\t\t<div class=\"elementor-widget-container\">\n\t\t\t\t\t<h2 class=\"elementor-heading-title elementor-size-default\">Durata: 5 ore<\/h2>\t\t\t\t<\/div>\n\t\t\t\t<\/div>\n\t\t\t\t<div class=\"elementor-element elementor-element-072298a elementor-widget elementor-widget-heading\" data-id=\"072298a\" data-element_type=\"widget\" data-e-type=\"widget\" data-widget_type=\"heading.default\">\n\t\t\t\t<div class=\"elementor-widget-container\">\n\t\t\t\t\t<h2 class=\"elementor-heading-title elementor-size-default\">Prezzo: 720\u20ac + 15\u20ac a persona<\/h2>\t\t\t\t<\/div>\n\t\t\t\t<\/div>\n\t\t\t\t<div class=\"elementor-element elementor-element-dc139af elementor-widget elementor-widget-text-editor\" data-id=\"dc139af\" data-element_type=\"widget\" data-e-type=\"widget\" data-widget_type=\"text-editor.default\">\n\t\t\t\t<div class=\"elementor-widget-container\">\n\t\t\t\t\t\t\t\t\t<p>Massimo 6 persone. Per i gruppi pi\u00f9 grandi, chiedici un preventivo.<\/p>\t\t\t\t\t\t\t\t<\/div>\n\t\t\t\t<\/div>\n\t\t\t\t<div class=\"elementor-element elementor-element-82393d4 elementor-widget elementor-widget-heading\" data-id=\"82393d4\" data-element_type=\"widget\" data-e-type=\"widget\" data-widget_type=\"heading.default\">\n\t\t\t\t<div class=\"elementor-widget-container\">\n\t\t\t\t\t<h2 class=\"elementor-heading-title elementor-size-default\">Include:<\/h2>\t\t\t\t<\/div>\n\t\t\t\t<\/div>\n\t\t\t\t<div class=\"elementor-element elementor-element-76342be elementor-widget elementor-widget-text-editor\" data-id=\"76342be\" data-element_type=\"widget\" data-e-type=\"widget\" data-widget_type=\"text-editor.default\">\n\t\t\t\t<div class=\"elementor-widget-container\">\n\t\t\t\t\t\t\t\t\t<ul><li><p>La nostra tariffa come\u00a0 guida ufficiale privata<\/p><\/li><li><p>Trasporto privato. Il tour si svolger\u00e0 in un&#8217;auto \/ van di lusso, spaziosa, confortevole e guidata da un autista professionista<\/p><\/li><li><p>Biglietti d&#8217;ingresso a: Casa Cervantes, Universit\u00e0 e Cattedrale.<\/p><\/li><li><p>Tasse<\/p><\/li><\/ul>\t\t\t\t\t\t\t\t<\/div>\n\t\t\t\t<\/div>\n\t\t\t\t<div class=\"elementor-element elementor-element-c9c824b elementor-widget elementor-widget-heading\" data-id=\"c9c824b\" data-element_type=\"widget\" data-e-type=\"widget\" data-widget_type=\"heading.default\">\n\t\t\t\t<div class=\"elementor-widget-container\">\n\t\t\t\t\t<h2 class=\"elementor-heading-title elementor-size-default\">Punto d'incontro<\/h2>\t\t\t\t<\/div>\n\t\t\t\t<\/div>\n\t\t\t\t<div class=\"elementor-element elementor-element-e80e053 elementor-widget elementor-widget-text-editor\" data-id=\"e80e053\" data-element_type=\"widget\" data-e-type=\"widget\" data-widget_type=\"text-editor.default\">\n\t\t\t\t<div class=\"elementor-widget-container\">\n\t\t\t\t\t\t\t\t\t<p>Hotel\u00a0<br \/>Nota: Se l&#8217;hotel non si trova in centro, verr\u00e0 aggiunto il costo del taxi.<\/p>\t\t\t\t\t\t\t\t<\/div>\n\t\t\t\t<\/div>\n\t\t\t\t<div class=\"elementor-element elementor-element-b475cdb elementor-widget elementor-widget-button\" data-id=\"b475cdb\" data-element_type=\"widget\" data-e-type=\"widget\" data-widget_type=\"button.default\">\n\t\t\t\t<div class=\"elementor-widget-container\">\n\t\t\t\t\t\t\t\t\t<div class=\"elementor-button-wrapper\">\n\t\t\t\t\t<a class=\"elementor-button elementor-button-link elementor-size-sm\" href=\"#reserva\">\n\t\t\t\t\t\t<span class=\"elementor-button-content-wrapper\">\n\t\t\t\t\t\t\t\t\t<span class=\"elementor-button-text\">Prenota<\/span>\n\t\t\t\t\t<\/span>\n\t\t\t\t\t<\/a>\n\t\t\t\t<\/div>\n\t\t\t\t\t\t\t\t<\/div>\n\t\t\t\t<\/div>\n\t\t\t\t\t<\/div>\n\t\t<\/div>\n\t\t\t\t<div class=\"elementor-column elementor-col-50 elementor-inner-column elementor-element elementor-element-c7bb48f\" data-id=\"c7bb48f\" data-element_type=\"column\" data-e-type=\"column\" data-settings=\"{&quot;background_background&quot;:&quot;classic&quot;}\">\n\t\t\t<div class=\"elementor-widget-wrap elementor-element-populated\">\n\t\t\t\t\t\t<div class=\"elementor-element elementor-element-bba8c0b elementor-widget elementor-widget-heading\" data-id=\"bba8c0b\" data-element_type=\"widget\" data-e-type=\"widget\" data-widget_type=\"heading.default\">\n\t\t\t\t<div class=\"elementor-widget-container\">\n\t\t\t\t\t<h2 class=\"elementor-heading-title elementor-size-default\">Itinerario<\/h2>\t\t\t\t<\/div>\n\t\t\t\t<\/div>\n\t\t\t\t<div class=\"elementor-element elementor-element-8f8c63e elementor-widget elementor-widget-text-editor\" data-id=\"8f8c63e\" data-element_type=\"widget\" data-e-type=\"widget\" data-widget_type=\"text-editor.default\">\n\t\t\t\t<div class=\"elementor-widget-container\">\n\t\t\t\t\t\t\t\t\t<p>Alcal\u00e1 de Henares, citt\u00e0 natale del nostro scrittore pi\u00f9 illustre, Miguel de Cervantes, e sede di una delle pi\u00f9 antiche e prestigiose universit\u00e0 della Spagna. Il centro storico ci riporta ai tempi del suo splendore storico.<\/p><ul><li><p>Piazza Cervantes<\/p><\/li><li><p>Universit\u00e0 Cisneriana<\/p><\/li><li><p>Via Mayor<\/p><\/li><li><p>Casa natale di Cervantes<\/p><\/li><li><p>Cattedrale<\/p><\/li><\/ul>\t\t\t\t\t\t\t\t<\/div>\n\t\t\t\t<\/div>\n\t\t\t\t\t<\/div>\n\t\t<\/div>\n\t\t\t\t\t<\/div>\n\t\t<\/section>\n\t\t\t\t\t<\/div>\n\t\t<\/div>\n\t\t\t\t\t<\/div>\n\t\t<\/section>\n\t\t\t\t<section class=\"elementor-section elementor-top-section elementor-element elementor-element-43493df elementor-section-boxed elementor-section-height-default elementor-section-height-default\" data-id=\"43493df\" data-element_type=\"section\" data-e-type=\"section\" data-settings=\"{&quot;background_background&quot;:&quot;classic&quot;}\">\n\t\t\t\t\t\t\t<div class=\"elementor-background-overlay\"><\/div>\n\t\t\t\t\t\t\t<div class=\"elementor-container elementor-column-gap-default\">\n\t\t\t\t\t<div class=\"elementor-column elementor-col-100 elementor-top-column elementor-element elementor-element-277daaa\" data-id=\"277daaa\" data-element_type=\"column\" data-e-type=\"column\">\n\t\t\t<div class=\"elementor-widget-wrap elementor-element-populated\">\n\t\t\t\t\t\t<div class=\"elementor-element elementor-element-4c0af85 elementor-widget elementor-widget-heading\" data-id=\"4c0af85\" data-element_type=\"widget\" data-e-type=\"widget\" data-widget_type=\"heading.default\">\n\t\t\t\t<div class=\"elementor-widget-container\">\n\t\t\t\t\t<h2 class=\"elementor-heading-title elementor-size-default\">DAY 4<\/h2>\t\t\t\t<\/div>\n\t\t\t\t<\/div>\n\t\t\t\t<div class=\"elementor-element elementor-element-1b8860e elementor-widget elementor-widget-heading\" data-id=\"1b8860e\" data-element_type=\"widget\" data-e-type=\"widget\" data-widget_type=\"heading.default\">\n\t\t\t\t<div class=\"elementor-widget-container\">\n\t\t\t\t\t<h2 class=\"elementor-heading-title elementor-size-default\">SEGOVIA \/ AVILA &amp; SEGOVIA<\/h2>\t\t\t\t<\/div>\n\t\t\t\t<\/div>\n\t\t\t\t<div class=\"elementor-element elementor-element-d474593 elementor-widget elementor-widget-heading\" data-id=\"d474593\" data-element_type=\"widget\" data-e-type=\"widget\" data-widget_type=\"heading.default\">\n\t\t\t\t<div class=\"elementor-widget-container\">\n\t\t\t\t\t<h2 class=\"elementor-heading-title elementor-size-default\">Le nostre proposte:<\/h2>\t\t\t\t<\/div>\n\t\t\t\t<\/div>\n\t\t\t\t<section class=\"elementor-section elementor-inner-section elementor-element elementor-element-a1ff8c7 elementor-section-boxed elementor-section-height-default elementor-section-height-default\" data-id=\"a1ff8c7\" data-element_type=\"section\" data-e-type=\"section\">\n\t\t\t\t\t\t<div class=\"elementor-container elementor-column-gap-default\">\n\t\t\t\t\t<div class=\"elementor-column elementor-col-50 elementor-inner-column elementor-element elementor-element-8e13401\" data-id=\"8e13401\" data-element_type=\"column\" data-e-type=\"column\" data-settings=\"{&quot;background_background&quot;:&quot;classic&quot;}\">\n\t\t\t<div class=\"elementor-widget-wrap elementor-element-populated\">\n\t\t\t\t\t\t<div class=\"elementor-element elementor-element-1ea6566 elementor-widget elementor-widget-heading\" data-id=\"1ea6566\" data-element_type=\"widget\" data-e-type=\"widget\" data-widget_type=\"heading.default\">\n\t\t\t\t<div class=\"elementor-widget-container\">\n\t\t\t\t\t<h2 class=\"elementor-heading-title elementor-size-default\">1. SEGOVIA. GITA DI UN GIORNO DA MADRID <\/h2>\t\t\t\t<\/div>\n\t\t\t\t<\/div>\n\t\t\t\t<div class=\"elementor-element elementor-element-a57bfd7 elementor-widget elementor-widget-heading\" data-id=\"a57bfd7\" data-element_type=\"widget\" data-e-type=\"widget\" data-widget_type=\"heading.default\">\n\t\t\t\t<div class=\"elementor-widget-container\">\n\t\t\t\t\t<h2 class=\"elementor-heading-title elementor-size-default\">Offriamo 2 opzioni di trasporto per arrivare a Segovia:<\/h2>\t\t\t\t<\/div>\n\t\t\t\t<\/div>\n\t\t\t\t<div class=\"elementor-element elementor-element-82ff2d6 elementor-widget elementor-widget-heading\" data-id=\"82ff2d6\" data-element_type=\"widget\" data-e-type=\"widget\" data-widget_type=\"heading.default\">\n\t\t\t\t<div class=\"elementor-widget-container\">\n\t\t\t\t\t<h2 class=\"elementor-heading-title elementor-size-default\">OPZIONE 1: SEGOVIA IN VEICOLO PRIVATO<\/h2>\t\t\t\t<\/div>\n\t\t\t\t<\/div>\n\t\t\t\t<div class=\"elementor-element elementor-element-11f1a10 elementor-widget elementor-widget-heading\" data-id=\"11f1a10\" data-element_type=\"widget\" data-e-type=\"widget\" data-widget_type=\"heading.default\">\n\t\t\t\t<div class=\"elementor-widget-container\">\n\t\t\t\t\t<h2 class=\"elementor-heading-title elementor-size-default\">Durata: 8 ore<\/h2>\t\t\t\t<\/div>\n\t\t\t\t<\/div>\n\t\t\t\t<div class=\"elementor-element elementor-element-f39e05f elementor-widget elementor-widget-heading\" data-id=\"f39e05f\" data-element_type=\"widget\" data-e-type=\"widget\" data-widget_type=\"heading.default\">\n\t\t\t\t<div class=\"elementor-widget-container\">\n\t\t\t\t\t<h2 class=\"elementor-heading-title elementor-size-default\">Prezzo: 1.040 euro + 25 euro a persona<\/h2>\t\t\t\t<\/div>\n\t\t\t\t<\/div>\n\t\t\t\t<div class=\"elementor-element elementor-element-4c48e35 elementor-widget elementor-widget-text-editor\" data-id=\"4c48e35\" data-element_type=\"widget\" data-e-type=\"widget\" data-widget_type=\"text-editor.default\">\n\t\t\t\t<div class=\"elementor-widget-container\">\n\t\t\t\t\t\t\t\t\t<p class=\"p1\">Massimo 6 persone. Per i gruppi pi\u00f9 grandi, chiedici un preventivo.<\/p>\t\t\t\t\t\t\t\t<\/div>\n\t\t\t\t<\/div>\n\t\t\t\t<div class=\"elementor-element elementor-element-5b90f1c elementor-widget elementor-widget-heading\" data-id=\"5b90f1c\" data-element_type=\"widget\" data-e-type=\"widget\" data-widget_type=\"heading.default\">\n\t\t\t\t<div class=\"elementor-widget-container\">\n\t\t\t\t\t<h2 class=\"elementor-heading-title elementor-size-default\">Include:<\/h2>\t\t\t\t<\/div>\n\t\t\t\t<\/div>\n\t\t\t\t<div class=\"elementor-element elementor-element-65a862e elementor-widget elementor-widget-text-editor\" data-id=\"65a862e\" data-element_type=\"widget\" data-e-type=\"widget\" data-widget_type=\"text-editor.default\">\n\t\t\t\t<div class=\"elementor-widget-container\">\n\t\t\t\t\t\t\t\t\t<ul><li><p>La nostra tariffa come guida ufficiale privata<\/p><\/li><li><p>Trasporto privato. Il tour si svolger\u00e0 in un&#8217;auto \/ van di lusso, spaziosa, confortevole e guidata da un autista professionista<\/p><\/li><li><p>Biglietti d&#8217;ingresso ai monumenti inclusi nell&#8217;itinerario<\/p><\/li><li><p>Tasse<\/p><\/li><\/ul>\t\t\t\t\t\t\t\t<\/div>\n\t\t\t\t<\/div>\n\t\t\t\t<div class=\"elementor-element elementor-element-a331793 elementor-widget elementor-widget-heading\" data-id=\"a331793\" data-element_type=\"widget\" data-e-type=\"widget\" data-widget_type=\"heading.default\">\n\t\t\t\t<div class=\"elementor-widget-container\">\n\t\t\t\t\t<h2 class=\"elementor-heading-title elementor-size-default\">Non include:<\/h2>\t\t\t\t<\/div>\n\t\t\t\t<\/div>\n\t\t\t\t<div class=\"elementor-element elementor-element-14d6b7a elementor-widget elementor-widget-text-editor\" data-id=\"14d6b7a\" data-element_type=\"widget\" data-e-type=\"widget\" data-widget_type=\"text-editor.default\">\n\t\t\t\t<div class=\"elementor-widget-container\">\n\t\t\t\t\t\t\t\t\t<ul><li><p>Cibo e bevande<\/p><\/li><\/ul>\t\t\t\t\t\t\t\t<\/div>\n\t\t\t\t<\/div>\n\t\t\t\t<div class=\"elementor-element elementor-element-715de38 elementor-widget elementor-widget-heading\" data-id=\"715de38\" data-element_type=\"widget\" data-e-type=\"widget\" data-widget_type=\"heading.default\">\n\t\t\t\t<div class=\"elementor-widget-container\">\n\t\t\t\t\t<h2 class=\"elementor-heading-title elementor-size-default\">Punto d'incontro<\/h2>\t\t\t\t<\/div>\n\t\t\t\t<\/div>\n\t\t\t\t<div class=\"elementor-element elementor-element-d9385f7 elementor-widget elementor-widget-text-editor\" data-id=\"d9385f7\" data-element_type=\"widget\" data-e-type=\"widget\" data-widget_type=\"text-editor.default\">\n\t\t\t\t<div class=\"elementor-widget-container\">\n\t\t\t\t\t\t\t\t\t<p>Hotel\u00a0<br \/>Nota: Se l&#8217;hotel non si trova in centro, verr\u00e0 aggiunto il costo del taxi.<\/p>\t\t\t\t\t\t\t\t<\/div>\n\t\t\t\t<\/div>\n\t\t\t\t<div class=\"elementor-element elementor-element-7928844 elementor-widget elementor-widget-heading\" data-id=\"7928844\" data-element_type=\"widget\" data-e-type=\"widget\" data-widget_type=\"heading.default\">\n\t\t\t\t<div class=\"elementor-widget-container\">\n\t\t\t\t\t<h2 class=\"elementor-heading-title elementor-size-default\">OPZIONE 2. SEGOVIA IN TRENO<\/h2>\t\t\t\t<\/div>\n\t\t\t\t<\/div>\n\t\t\t\t<div class=\"elementor-element elementor-element-f801100 elementor-widget elementor-widget-heading\" data-id=\"f801100\" data-element_type=\"widget\" data-e-type=\"widget\" data-widget_type=\"heading.default\">\n\t\t\t\t<div class=\"elementor-widget-container\">\n\t\t\t\t\t<h2 class=\"elementor-heading-title elementor-size-default\">Durata: 7 ore 30 min<\/h2>\t\t\t\t<\/div>\n\t\t\t\t<\/div>\n\t\t\t\t<div class=\"elementor-element elementor-element-4452938 elementor-widget elementor-widget-heading\" data-id=\"4452938\" data-element_type=\"widget\" data-e-type=\"widget\" data-widget_type=\"heading.default\">\n\t\t\t\t<div class=\"elementor-widget-container\">\n\t\t\t\t\t<h2 class=\"elementor-heading-title elementor-size-default\">Non disponibile<\/h2>\t\t\t\t<\/div>\n\t\t\t\t<\/div>\n\t\t\t\t<div class=\"elementor-element elementor-element-f74a909 elementor-widget elementor-widget-text-editor\" data-id=\"f74a909\" data-element_type=\"widget\" data-e-type=\"widget\" data-widget_type=\"text-editor.default\">\n\t\t\t\t<div class=\"elementor-widget-container\">\n\t\t\t\t\t\t\t\t\t<p>1-7 persone. Per i gruppi pi\u00f9 grandi, chiedici un preventivo<\/p>\t\t\t\t\t\t\t\t<\/div>\n\t\t\t\t<\/div>\n\t\t\t\t<div class=\"elementor-element elementor-element-aa475c2 elementor-widget elementor-widget-heading\" data-id=\"aa475c2\" data-element_type=\"widget\" data-e-type=\"widget\" data-widget_type=\"heading.default\">\n\t\t\t\t<div class=\"elementor-widget-container\">\n\t\t\t\t\t<h2 class=\"elementor-heading-title elementor-size-default\">Include:<\/h2>\t\t\t\t<\/div>\n\t\t\t\t<\/div>\n\t\t\t\t<div class=\"elementor-element elementor-element-c65ff45 elementor-widget elementor-widget-text-editor\" data-id=\"c65ff45\" data-element_type=\"widget\" data-e-type=\"widget\" data-widget_type=\"text-editor.default\">\n\t\t\t\t<div class=\"elementor-widget-container\">\n\t\t\t\t\t\t\t\t\t<ul><li><p>La nostra tariffa come guida ufficiale privata<\/p><\/li><li><p>Biglietti del treno AVE Madrid-Segovia-Madrid<\/p><\/li><li><p>Taxi dalla Stazione ferroviaria\u00a0 di Segovia &#8211; tour panoramico &#8211; centro storico<\/p><\/li><li><p>Taxi Segovia centro storico &#8211; Stazione ferroviaria<\/p><\/li><li><p>Biglietti d&#8217;ingresso ai monumenti inclusi nell&#8217;itinerario<\/p><\/li><li><p>Tasse<\/p><\/li><\/ul>\t\t\t\t\t\t\t\t<\/div>\n\t\t\t\t<\/div>\n\t\t\t\t<div class=\"elementor-element elementor-element-84bd7dd elementor-widget elementor-widget-heading\" data-id=\"84bd7dd\" data-element_type=\"widget\" data-e-type=\"widget\" data-widget_type=\"heading.default\">\n\t\t\t\t<div class=\"elementor-widget-container\">\n\t\t\t\t\t<h2 class=\"elementor-heading-title elementor-size-default\">Non include:<\/h2>\t\t\t\t<\/div>\n\t\t\t\t<\/div>\n\t\t\t\t<div class=\"elementor-element elementor-element-60bd1c4 elementor-widget elementor-widget-text-editor\" data-id=\"60bd1c4\" data-element_type=\"widget\" data-e-type=\"widget\" data-widget_type=\"text-editor.default\">\n\t\t\t\t<div class=\"elementor-widget-container\">\n\t\t\t\t\t\t\t\t\t<ul><li><p>Cibo e bevande<\/p><\/li><li><p>Trasporto a Madrid dall\u2019Hotel alla stazione ferroviaria<\/p><\/li><\/ul>\t\t\t\t\t\t\t\t<\/div>\n\t\t\t\t<\/div>\n\t\t\t\t<div class=\"elementor-element elementor-element-de7dc47 elementor-widget elementor-widget-heading\" data-id=\"de7dc47\" data-element_type=\"widget\" data-e-type=\"widget\" data-widget_type=\"heading.default\">\n\t\t\t\t<div class=\"elementor-widget-container\">\n\t\t\t\t\t<h2 class=\"elementor-heading-title elementor-size-default\">Punto d'incontro<\/h2>\t\t\t\t<\/div>\n\t\t\t\t<\/div>\n\t\t\t\t<div class=\"elementor-element elementor-element-0f5ac56 elementor-widget elementor-widget-text-editor\" data-id=\"0f5ac56\" data-element_type=\"widget\" data-e-type=\"widget\" data-widget_type=\"text-editor.default\">\n\t\t\t\t<div class=\"elementor-widget-container\">\n\t\t\t\t\t\t\t\t\t<p>Hotel\u00a0<br \/>Nota: Se l&#8217;hotel non si trova in centro, verr\u00e0 aggiunto il costo del taxi.<\/p>\t\t\t\t\t\t\t\t<\/div>\n\t\t\t\t<\/div>\n\t\t\t\t<div class=\"elementor-element elementor-element-dcd7cd5 elementor-widget elementor-widget-button\" data-id=\"dcd7cd5\" data-element_type=\"widget\" data-e-type=\"widget\" data-widget_type=\"button.default\">\n\t\t\t\t<div class=\"elementor-widget-container\">\n\t\t\t\t\t\t\t\t\t<div class=\"elementor-button-wrapper\">\n\t\t\t\t\t<a class=\"elementor-button elementor-button-link elementor-size-sm\" href=\"#reserva\">\n\t\t\t\t\t\t<span class=\"elementor-button-content-wrapper\">\n\t\t\t\t\t\t\t\t\t<span class=\"elementor-button-text\">Prenota<\/span>\n\t\t\t\t\t<\/span>\n\t\t\t\t\t<\/a>\n\t\t\t\t<\/div>\n\t\t\t\t\t\t\t\t<\/div>\n\t\t\t\t<\/div>\n\t\t\t\t\t<\/div>\n\t\t<\/div>\n\t\t\t\t<div class=\"elementor-column elementor-col-50 elementor-inner-column elementor-element elementor-element-4fab053\" data-id=\"4fab053\" data-element_type=\"column\" data-e-type=\"column\" data-settings=\"{&quot;background_background&quot;:&quot;classic&quot;}\">\n\t\t\t<div class=\"elementor-widget-wrap elementor-element-populated\">\n\t\t\t\t\t\t<div class=\"elementor-element elementor-element-f067636 elementor-widget elementor-widget-heading\" data-id=\"f067636\" data-element_type=\"widget\" data-e-type=\"widget\" data-widget_type=\"heading.default\">\n\t\t\t\t<div class=\"elementor-widget-container\">\n\t\t\t\t\t<h2 class=\"elementor-heading-title elementor-size-default\">Itinerario<\/h2>\t\t\t\t<\/div>\n\t\t\t\t<\/div>\n\t\t\t\t<div class=\"elementor-element elementor-element-7b891b8 elementor-widget elementor-widget-text-editor\" data-id=\"7b891b8\" data-element_type=\"widget\" data-e-type=\"widget\" data-widget_type=\"text-editor.default\">\n\t\t\t\t<div class=\"elementor-widget-container\">\n\t\t\t\t\t\t\t\t\t<p>Segovia \u00e8 una bellissima citt\u00e0 medievale situata alla confluenza dei fiumi Eresma e Clamores, ai piedi della Sierra de Guadarrama.<\/p><p>Dichiarata patrimonio dell&#8217;umanit\u00e0 dall&#8217;UNESCO nel 1985, Segovia ci accoglie con il suo imponente Acquedotto Romano, uno dei meglio conservati al mondo. Solo per contemplare questa meraviglia dell&#8217;ingegneria romana, vale la pena visitarla.<\/p><p>Passeggiando per le sue strade ci si sente in un\u2019altra epoca . Le sue numerose chiese romaniche, le antiche case nobiliari, la sua cattedrale gotica e il suo Alcazar medievale, residenza preferita dei re di Castiglia, ci trasportano in altri tempi&#8230; I secoli sono passati , ma in un certo senso il tempo sembra essersi fermato qui.<\/p><p>Quando visitiamo Segovia, non possiamo dimenticare la sua famosa gastronomia: il &#8220;cochinillo\u201d(porcellino arrosto), le &#8220;judiones de la Granja&#8221;(fagioli) e il &#8220;ponche segoviano&#8221; \u00a0sono la delizia di coloro che visitano la citt\u00e0.<\/p><ul><li><p>Giro Panoramico<\/p><\/li><li><p>Alc\u00e1zar<\/p><\/li><li><p>Quartiere \u201cde las Canonj\u00edas\u201d<\/p><\/li><li><p>Cattedrale<\/p><\/li><li><p>Piazza Mayor<\/p><\/li><li><p>Quartiere ebraico<\/p><\/li><li><p>Via Reale<\/p><\/li><li><p>Acquedotto<\/p><\/li><\/ul>\t\t\t\t\t\t\t\t<\/div>\n\t\t\t\t<\/div>\n\t\t\t\t<div class=\"elementor-element elementor-element-848e905 elementor-widget elementor-widget-button\" data-id=\"848e905\" data-element_type=\"widget\" data-e-type=\"widget\" data-widget_type=\"button.default\">\n\t\t\t\t<div class=\"elementor-widget-container\">\n\t\t\t\t\t\t\t\t\t<div class=\"elementor-button-wrapper\">\n\t\t\t\t\t<a class=\"elementor-button elementor-button-link elementor-size-sm\" href=\"#reserva\">\n\t\t\t\t\t\t<span class=\"elementor-button-content-wrapper\">\n\t\t\t\t\t\t\t\t\t<span class=\"elementor-button-text\">Prenota<\/span>\n\t\t\t\t\t<\/span>\n\t\t\t\t\t<\/a>\n\t\t\t\t<\/div>\n\t\t\t\t\t\t\t\t<\/div>\n\t\t\t\t<\/div>\n\t\t\t\t\t<\/div>\n\t\t<\/div>\n\t\t\t\t\t<\/div>\n\t\t<\/section>\n\t\t\t\t<section class=\"elementor-section elementor-inner-section elementor-element elementor-element-0ed92bb elementor-section-boxed elementor-section-height-default elementor-section-height-default\" data-id=\"0ed92bb\" data-element_type=\"section\" data-e-type=\"section\">\n\t\t\t\t\t\t<div class=\"elementor-container elementor-column-gap-default\">\n\t\t\t\t\t<div class=\"elementor-column elementor-col-50 elementor-inner-column elementor-element elementor-element-e99c19b\" data-id=\"e99c19b\" data-element_type=\"column\" data-e-type=\"column\" data-settings=\"{&quot;background_background&quot;:&quot;classic&quot;}\">\n\t\t\t<div class=\"elementor-widget-wrap elementor-element-populated\">\n\t\t\t\t\t\t<div class=\"elementor-element elementor-element-405f5f4 elementor-widget elementor-widget-heading\" data-id=\"405f5f4\" data-element_type=\"widget\" data-e-type=\"widget\" data-widget_type=\"heading.default\">\n\t\t\t\t<div class=\"elementor-widget-container\">\n\t\t\t\t\t<h2 class=\"elementor-heading-title elementor-size-default\">2. AVILA &amp; SEGOVIA. GITA DI UN GIORNO DA MADRID <\/h2>\t\t\t\t<\/div>\n\t\t\t\t<\/div>\n\t\t\t\t<div class=\"elementor-element elementor-element-38515b2 elementor-widget elementor-widget-heading\" data-id=\"38515b2\" data-element_type=\"widget\" data-e-type=\"widget\" data-widget_type=\"heading.default\">\n\t\t\t\t<div class=\"elementor-widget-container\">\n\t\t\t\t\t<h2 class=\"elementor-heading-title elementor-size-default\">Duration: 10 hours<\/h2>\t\t\t\t<\/div>\n\t\t\t\t<\/div>\n\t\t\t\t<div class=\"elementor-element elementor-element-819addf elementor-widget elementor-widget-heading\" data-id=\"819addf\" data-element_type=\"widget\" data-e-type=\"widget\" data-widget_type=\"heading.default\">\n\t\t\t\t<div class=\"elementor-widget-container\">\n\t\t\t\t\t<h2 class=\"elementor-heading-title elementor-size-default\">Price: 1.280\u20ac + 25\u20ac per person<\/h2>\t\t\t\t<\/div>\n\t\t\t\t<\/div>\n\t\t\t\t<div class=\"elementor-element elementor-element-84cda87 elementor-widget elementor-widget-text-editor\" data-id=\"84cda87\" data-element_type=\"widget\" data-e-type=\"widget\" data-widget_type=\"text-editor.default\">\n\t\t\t\t<div class=\"elementor-widget-container\">\n\t\t\t\t\t\t\t\t\t<p class=\"p1\">Massimo 6 persone. Per i gruppi pi\u00f9 grandi, chiedici un preventivo.<\/p>\t\t\t\t\t\t\t\t<\/div>\n\t\t\t\t<\/div>\n\t\t\t\t<div class=\"elementor-element elementor-element-8ac4551 elementor-widget elementor-widget-heading\" data-id=\"8ac4551\" data-element_type=\"widget\" data-e-type=\"widget\" data-widget_type=\"heading.default\">\n\t\t\t\t<div class=\"elementor-widget-container\">\n\t\t\t\t\t<h2 class=\"elementor-heading-title elementor-size-default\">Include:<\/h2>\t\t\t\t<\/div>\n\t\t\t\t<\/div>\n\t\t\t\t<div class=\"elementor-element elementor-element-2b1ab04 elementor-widget elementor-widget-text-editor\" data-id=\"2b1ab04\" data-element_type=\"widget\" data-e-type=\"widget\" data-widget_type=\"text-editor.default\">\n\t\t\t\t<div class=\"elementor-widget-container\">\n\t\t\t\t\t\t\t\t\t<ul><li><p>La nostra tariffa come guida ufficiale privata<\/p><\/li><li><p>Trasporto privato. Il tour si svolger\u00e0 in un&#8217;auto \/ van di lusso, spaziosa, confortevole e guidata da un autista professionista<\/p><\/li><li><p>Biglietti d&#8217;ingresso ai monumenti inclusi nell&#8217;itinerario<\/p><\/li><li><p>Tasse<\/p><\/li><\/ul>\t\t\t\t\t\t\t\t<\/div>\n\t\t\t\t<\/div>\n\t\t\t\t<div class=\"elementor-element elementor-element-6443e78 elementor-widget elementor-widget-heading\" data-id=\"6443e78\" data-element_type=\"widget\" data-e-type=\"widget\" data-widget_type=\"heading.default\">\n\t\t\t\t<div class=\"elementor-widget-container\">\n\t\t\t\t\t<h2 class=\"elementor-heading-title elementor-size-default\">Non include:<\/h2>\t\t\t\t<\/div>\n\t\t\t\t<\/div>\n\t\t\t\t<div class=\"elementor-element elementor-element-825dc99 elementor-widget elementor-widget-text-editor\" data-id=\"825dc99\" data-element_type=\"widget\" data-e-type=\"widget\" data-widget_type=\"text-editor.default\">\n\t\t\t\t<div class=\"elementor-widget-container\">\n\t\t\t\t\t\t\t\t\t<ul><li><p>Cibo e bevande<\/p><\/li><\/ul>\t\t\t\t\t\t\t\t<\/div>\n\t\t\t\t<\/div>\n\t\t\t\t<div class=\"elementor-element elementor-element-db31407 elementor-widget elementor-widget-heading\" data-id=\"db31407\" data-element_type=\"widget\" data-e-type=\"widget\" data-widget_type=\"heading.default\">\n\t\t\t\t<div class=\"elementor-widget-container\">\n\t\t\t\t\t<h2 class=\"elementor-heading-title elementor-size-default\">Punto d'incontro<\/h2>\t\t\t\t<\/div>\n\t\t\t\t<\/div>\n\t\t\t\t<div class=\"elementor-element elementor-element-3961e5b elementor-widget elementor-widget-text-editor\" data-id=\"3961e5b\" data-element_type=\"widget\" data-e-type=\"widget\" data-widget_type=\"text-editor.default\">\n\t\t\t\t<div class=\"elementor-widget-container\">\n\t\t\t\t\t\t\t\t\t<p>Hotel\u00a0<br \/>Nota: Se l&#8217;hotel non si trova in centro, verr\u00e0 aggiunto il costo del taxi.<\/p>\t\t\t\t\t\t\t\t<\/div>\n\t\t\t\t<\/div>\n\t\t\t\t<div class=\"elementor-element elementor-element-dd3221e elementor-widget elementor-widget-button\" data-id=\"dd3221e\" data-element_type=\"widget\" data-e-type=\"widget\" data-widget_type=\"button.default\">\n\t\t\t\t<div class=\"elementor-widget-container\">\n\t\t\t\t\t\t\t\t\t<div class=\"elementor-button-wrapper\">\n\t\t\t\t\t<a class=\"elementor-button elementor-button-link elementor-size-sm\" href=\"#reserva\">\n\t\t\t\t\t\t<span class=\"elementor-button-content-wrapper\">\n\t\t\t\t\t\t\t\t\t<span class=\"elementor-button-text\">Prenota<\/span>\n\t\t\t\t\t<\/span>\n\t\t\t\t\t<\/a>\n\t\t\t\t<\/div>\n\t\t\t\t\t\t\t\t<\/div>\n\t\t\t\t<\/div>\n\t\t\t\t\t<\/div>\n\t\t<\/div>\n\t\t\t\t<div class=\"elementor-column elementor-col-50 elementor-inner-column elementor-element elementor-element-bde772b\" data-id=\"bde772b\" data-element_type=\"column\" data-e-type=\"column\" data-settings=\"{&quot;background_background&quot;:&quot;classic&quot;}\">\n\t\t\t<div class=\"elementor-widget-wrap elementor-element-populated\">\n\t\t\t\t\t\t<div class=\"elementor-element elementor-element-c20187a elementor-widget elementor-widget-heading\" data-id=\"c20187a\" data-element_type=\"widget\" data-e-type=\"widget\" data-widget_type=\"heading.default\">\n\t\t\t\t<div class=\"elementor-widget-container\">\n\t\t\t\t\t<h2 class=\"elementor-heading-title elementor-size-default\">Itinerario<\/h2>\t\t\t\t<\/div>\n\t\t\t\t<\/div>\n\t\t\t\t<div class=\"elementor-element elementor-element-7c22140 elementor-widget elementor-widget-text-editor\" data-id=\"7c22140\" data-element_type=\"widget\" data-e-type=\"widget\" data-widget_type=\"text-editor.default\">\n\t\t\t\t<div class=\"elementor-widget-container\">\n\t\t\t\t\t\t\t\t\t<p>Entrambe le citt\u00e0 sono state dichiarate patrimonio\u00a0 dell&#8217;umanit\u00e0 dall&#8217;UNESCO nel 1986.<\/p><p>Avila, fondata dai Romani, fu una delle principali citt\u00e0 del Regno di Castiglia durante il Medioevo. La citt\u00e0 conserva le migliori mura medievali della Spagna. Sono lunghi 2,5 km. e hanno 88 torri. Le numerose residenze nobiliari di Avila testimoniano i suoi tempi gloriosi, in particolare i secoli XV e XVI.<\/p><p>Ad Avila nacque l&#8217;illustre scrittrice mistica Santa Teresa de Jes\u00fas nel 1515. Ne vedremo la chiesa della Santa e la Sala delle Reliquie del Convento dei Carmelitani Scalzi da lei fondato.<\/p><p>Segovia accoglie i visitatori con il suo imponente acquedotto romano, uno dei pi\u00f9 grandi ancora conservati al mondo. L&#8217;Alcazar o castello, un tempo era la residenza preferita dei monarchi castigliani e ha difeso la citt\u00e0 dai suoi nemici per secoli.<\/p><p>Una passeggiata attraverso Avila e Segovia \u00e8 come un viaggio nel passato. I secoli possono essere passati, ma, in un certo senso, il tempo si ferma in queste due citt\u00e0 grazie alle loro numerose chiese romaniche, residenze nobiliare, mura medievali e alle sue cattedrali\u00a0 gotiche.<\/p><p>Quando visitiamo Segovia, non possiamo dimenticare la sua famosa gastronomia. I suoi famosi &#8220;judiones de la Granja&#8221;(fagioli), \u201ccochinillo&#8221; (porcellino\u00a0 arrosto) e il dolce &#8220;ponche segoviano&#8221;\u00a0 fanno le delizie di coloro che visitano la citt\u00e0.<\/p><p>AVILA<\/p><ul><li><p>Los 4 postes. Vista panoramica<\/p><\/li><li><p>Mura medievali (esterno)<\/p><\/li><li><p>Cattedrale (esterno)<\/p><\/li><li><p>Chiesa e convento di Santa Teresa (interno)<\/p><\/li><\/ul><p>SEGOVIA<\/p><ul><li><p>Giro panoramico<\/p><\/li><li><p>Alcazar (interno)<\/p><\/li><li><p>Cattedrale (interno)<\/p><\/li><li><p>Acquedotto Romano<\/p><\/li><\/ul>\t\t\t\t\t\t\t\t<\/div>\n\t\t\t\t<\/div>\n\t\t\t\t\t<\/div>\n\t\t<\/div>\n\t\t\t\t\t<\/div>\n\t\t<\/section>\n\t\t\t\t\t<\/div>\n\t\t<\/div>\n\t\t\t\t\t<\/div>\n\t\t<\/section>\n\t\t\t\t<section class=\"elementor-section elementor-top-section elementor-element elementor-element-3c4aba0a elementor-section-boxed elementor-section-height-default elementor-section-height-default\" data-id=\"3c4aba0a\" data-element_type=\"section\" data-e-type=\"section\" data-settings=\"{&quot;background_background&quot;:&quot;classic&quot;}\">\n\t\t\t\t\t\t<div class=\"elementor-container elementor-column-gap-default\">\n\t\t\t\t\t<div class=\"elementor-column elementor-col-100 elementor-top-column elementor-element elementor-element-1f7b950b\" data-id=\"1f7b950b\" data-element_type=\"column\" data-e-type=\"column\">\n\t\t\t<div class=\"elementor-widget-wrap elementor-element-populated\">\n\t\t\t\t\t\t<div class=\"elementor-element elementor-element-22120612 elementor-widget elementor-widget-text-editor\" data-id=\"22120612\" data-element_type=\"widget\" data-e-type=\"widget\" data-widget_type=\"text-editor.default\">\n\t\t\t\t<div class=\"elementor-widget-container\">\n\t\t\t\t\t\t\t\t\t<p>*Se hai bisogno di informazioni dettagliate sulle nostre proposte, CONTATTACI.<\/p>\t\t\t\t\t\t\t\t<\/div>\n\t\t\t\t<\/div>\n\t\t\t\t\t<\/div>\n\t\t<\/div>\n\t\t\t\t\t<\/div>\n\t\t<\/section>\n\t\t\t\t<section class=\"elementor-section elementor-top-section elementor-element elementor-element-9a8fccb elementor-section-content-middle elementor-section-boxed elementor-section-height-default elementor-section-height-default\" data-id=\"9a8fccb\" data-element_type=\"section\" data-e-type=\"section\" id=\"reserva\">\n\t\t\t\t\t\t<div class=\"elementor-container elementor-column-gap-no\">\n\t\t\t\t\t<div class=\"elementor-column elementor-col-50 elementor-top-column elementor-element elementor-element-4ef3e65\" data-id=\"4ef3e65\" data-element_type=\"column\" data-e-type=\"column\">\n\t\t\t<div class=\"elementor-widget-wrap elementor-element-populated\">\n\t\t\t\t\t\t<div class=\"elementor-element elementor-element-a25b16e elementor-widget elementor-widget-heading\" data-id=\"a25b16e\" data-element_type=\"widget\" data-e-type=\"widget\" data-widget_type=\"heading.default\">\n\t\t\t\t<div class=\"elementor-widget-container\">\n\t\t\t\t\t<h2 class=\"elementor-heading-title elementor-size-default\">Prenota il tuo tour<\/h2>\t\t\t\t<\/div>\n\t\t\t\t<\/div>\n\t\t\t\t<div class=\"elementor-element elementor-element-84f694d elementor-widget elementor-widget-text-editor\" data-id=\"84f694d\" data-element_type=\"widget\" data-e-type=\"widget\" data-widget_type=\"text-editor.default\">\n\t\t\t\t<div class=\"elementor-widget-container\">\n\t\t\t\t\t\t\t\t\t<p>Abbiamo il miglior tour per te<\/p>\t\t\t\t\t\t\t\t<\/div>\n\t\t\t\t<\/div>\n\t\t\t\t<div class=\"elementor-element elementor-element-b317152 elementor-button-align-stretch elementor-widget elementor-widget-form\" data-id=\"b317152\" data-element_type=\"widget\" data-e-type=\"widget\" data-settings=\"{&quot;step_next_label&quot;:&quot;Next&quot;,&quot;step_previous_label&quot;:&quot;Previous&quot;,&quot;button_width&quot;:&quot;100&quot;,&quot;step_type&quot;:&quot;number_text&quot;,&quot;step_icon_shape&quot;:&quot;circle&quot;}\" data-widget_type=\"form.default\">\n\t\t\t\t<div class=\"elementor-widget-container\">\n\t\t\t\t\t\t\t<form class=\"elementor-form\" method=\"post\" name=\"New Form\" aria-label=\"New Form\">\n\t\t\t<input type=\"hidden\" name=\"post_id\" value=\"3601\"\/>\n\t\t\t<input type=\"hidden\" name=\"form_id\" value=\"b317152\"\/>\n\t\t\t<input type=\"hidden\" name=\"referer_title\" value=\"PROPOSTA DI PI\u00d9 GIORNI A MADRID - Madrid Travel Private Tours\" \/>\n\n\t\t\t\t\t\t\t<input type=\"hidden\" name=\"queried_id\" value=\"3601\"\/>\n\t\t\t\n\t\t\t<div class=\"elementor-form-fields-wrapper elementor-labels-above\">\n\t\t\t\t\t\t\t\t<div class=\"elementor-field-type-text elementor-field-group elementor-column elementor-field-group-name elementor-col-100 elementor-field-required\">\n\t\t\t\t\t\t\t\t\t\t\t\t<label for=\"form-field-name\" class=\"elementor-field-label\">\n\t\t\t\t\t\t\t\tNome e Cognome\t\t\t\t\t\t\t<\/label>\n\t\t\t\t\t\t\t\t\t\t\t\t\t\t<input size=\"1\" type=\"text\" name=\"form_fields[name]\" id=\"form-field-name\" class=\"elementor-field elementor-size-sm  elementor-field-textual\" required=\"required\">\n\t\t\t\t\t\t\t\t\t\t\t<\/div>\n\t\t\t\t\t\t\t\t<div class=\"elementor-field-type-email elementor-field-group elementor-column elementor-field-group-email elementor-col-100 elementor-field-required\">\n\t\t\t\t\t\t\t\t\t\t\t\t<label for=\"form-field-email\" class=\"elementor-field-label\">\n\t\t\t\t\t\t\t\tEmail\t\t\t\t\t\t\t<\/label>\n\t\t\t\t\t\t\t\t\t\t\t\t\t\t<input size=\"1\" type=\"email\" name=\"form_fields[email]\" id=\"form-field-email\" class=\"elementor-field elementor-size-sm  elementor-field-textual\" required=\"required\">\n\t\t\t\t\t\t\t\t\t\t\t<\/div>\n\t\t\t\t\t\t\t\t<div class=\"elementor-field-type-textarea elementor-field-group elementor-column elementor-field-group-message elementor-col-100\">\n\t\t\t\t\t\t\t\t\t\t\t\t<label for=\"form-field-message\" class=\"elementor-field-label\">\n\t\t\t\t\t\t\t\tRichiesta informazioni\t\t\t\t\t\t\t<\/label>\n\t\t\t\t\t\t<textarea class=\"elementor-field-textual elementor-field  elementor-size-sm\" name=\"form_fields[message]\" id=\"form-field-message\" rows=\"4\"><\/textarea>\t\t\t\t<\/div>\n\t\t\t\t\t\t\t\t<div class=\"elementor-field-type-acceptance elementor-field-group elementor-column elementor-field-group-field_de6c80b elementor-col-100 elementor-field-required\">\n\t\t\t\t\t\t\t<div class=\"elementor-field-subgroup\">\n\t\t\t<span class=\"elementor-field-option\">\n\t\t\t\t<input type=\"checkbox\" name=\"form_fields[field_de6c80b]\" id=\"form-field-field_de6c80b\" class=\"elementor-field elementor-size-sm  elementor-acceptance-field\" required=\"required\">\n\t\t\t\t<label for=\"form-field-field_de6c80b\">Dichiaro di aver preso visione della <a href=\"https:\/\/madridtravelprivatetours.com\/it\/informativa-sulla-privacy\/\" target=\"_blank\" rel=\"noreferrer noopener\">privacy policy<\/a><\/label>\t\t\t<\/span>\n\t\t<\/div>\n\t\t\t\t\t\t<\/div>\n\t\t\t\t\t\t\t\t<div class=\"elementor-field-group elementor-column elementor-field-type-submit elementor-col-100 e-form__buttons\">\n\t\t\t\t\t<button class=\"elementor-button elementor-size-md\" type=\"submit\">\n\t\t\t\t\t\t<span class=\"elementor-button-content-wrapper\">\n\t\t\t\t\t\t\t\t\t\t\t\t\t\t\t\t\t\t\t\t\t\t<span class=\"elementor-button-text\">invia<\/span>\n\t\t\t\t\t\t\t\t\t\t\t\t\t<\/span>\n\t\t\t\t\t<\/button>\n\t\t\t\t<\/div>\n\t\t\t<\/div>\n\t\t<\/form>\n\t\t\t\t\t\t<\/div>\n\t\t\t\t<\/div>\n\t\t\t\t\t<\/div>\n\t\t<\/div>\n\t\t\t\t<div class=\"elementor-column elementor-col-50 elementor-top-column elementor-element elementor-element-b7c9a70\" data-id=\"b7c9a70\" data-element_type=\"column\" data-e-type=\"column\" data-settings=\"{&quot;background_background&quot;:&quot;classic&quot;}\">\n\t\t\t<div class=\"elementor-widget-wrap elementor-element-populated\">\n\t\t\t\t\t\t<div class=\"elementor-element elementor-element-d20867a elementor-widget elementor-widget-image\" data-id=\"d20867a\" data-element_type=\"widget\" data-e-type=\"widget\" data-widget_type=\"image.default\">\n\t\t\t\t<div class=\"elementor-widget-container\">\n\t\t\t\t\t\t\t\t\t\t\t\t\t\t\t<img fetchpriority=\"high\" decoding=\"async\" width=\"800\" height=\"600\" src=\"https:\/\/madridtravelprivatetours.com\/wp-content\/uploads\/2021\/02\/las-dos.jpg\" class=\"attachment-large size-large wp-image-3355\" alt=\"\" srcset=\"https:\/\/madridtravelprivatetours.com\/wp-content\/uploads\/2021\/02\/las-dos.jpg 1000w, https:\/\/madridtravelprivatetours.com\/wp-content\/uploads\/2021\/02\/las-dos-300x225.jpg 300w, https:\/\/madridtravelprivatetours.com\/wp-content\/uploads\/2021\/02\/las-dos-768x576.jpg 768w\" sizes=\"(max-width: 800px) 100vw, 800px\" \/>\t\t\t\t\t\t\t\t\t\t\t\t\t\t\t<\/div>\n\t\t\t\t<\/div>\n\t\t\t\t<div class=\"elementor-element elementor-element-62dfca0 elementor-position-inline-start elementor-view-stacked elementor-shape-circle elementor-mobile-position-block-start elementor-widget elementor-widget-icon-box\" data-id=\"62dfca0\" data-element_type=\"widget\" data-e-type=\"widget\" data-widget_type=\"icon-box.default\">\n\t\t\t\t<div class=\"elementor-widget-container\">\n\t\t\t\t\t\t\t<div class=\"elementor-icon-box-wrapper\">\n\n\t\t\t\t\t\t<div class=\"elementor-icon-box-icon\">\n\t\t\t\t<a href=\"https:\/\/wa.link\/alini4\" target=\"_blank\" class=\"elementor-icon\" tabindex=\"-1\" aria-label=\"(+34) 627 42 58 55  - Mariluz\">\n\t\t\t\t<i aria-hidden=\"true\" class=\"fab fa-whatsapp\"><\/i>\t\t\t\t<\/a>\n\t\t\t<\/div>\n\t\t\t\n\t\t\t\t\t\t<div class=\"elementor-icon-box-content\">\n\n\t\t\t\t\t\t\t\t\t<h3 class=\"elementor-icon-box-title\">\n\t\t\t\t\t\t<a href=\"https:\/\/wa.link\/alini4\" target=\"_blank\" >\n\t\t\t\t\t\t\t(+34) 627 42 58 55  - Mariluz\t\t\t\t\t\t<\/a>\n\t\t\t\t\t<\/h3>\n\t\t\t\t\n\t\t\t\t\n\t\t\t<\/div>\n\t\t\t\n\t\t<\/div>\n\t\t\t\t\t\t<\/div>\n\t\t\t\t<\/div>\n\t\t\t\t<div class=\"elementor-element elementor-element-3a0ed71 elementor-position-inline-start elementor-view-stacked elementor-shape-circle elementor-mobile-position-block-start elementor-widget elementor-widget-icon-box\" data-id=\"3a0ed71\" data-element_type=\"widget\" data-e-type=\"widget\" data-widget_type=\"icon-box.default\">\n\t\t\t\t<div class=\"elementor-widget-container\">\n\t\t\t\t\t\t\t<div class=\"elementor-icon-box-wrapper\">\n\n\t\t\t\t\t\t<div class=\"elementor-icon-box-icon\">\n\t\t\t\t<a href=\"https:\/\/wa.link\/6idw8o\" target=\"_blank\" class=\"elementor-icon\" tabindex=\"-1\" aria-label=\" (+34) 609 14 05 45  - Jacqueline\">\n\t\t\t\t<i aria-hidden=\"true\" class=\"fab fa-whatsapp\"><\/i>\t\t\t\t<\/a>\n\t\t\t<\/div>\n\t\t\t\n\t\t\t\t\t\t<div class=\"elementor-icon-box-content\">\n\n\t\t\t\t\t\t\t\t\t<h3 class=\"elementor-icon-box-title\">\n\t\t\t\t\t\t<a href=\"https:\/\/wa.link\/6idw8o\" target=\"_blank\" >\n\t\t\t\t\t\t\t (+34) 609 14 05 45  - Jacqueline\t\t\t\t\t\t<\/a>\n\t\t\t\t\t<\/h3>\n\t\t\t\t\n\t\t\t\t\n\t\t\t<\/div>\n\t\t\t\n\t\t<\/div>\n\t\t\t\t\t\t<\/div>\n\t\t\t\t<\/div>\n\t\t\t\t\t<\/div>\n\t\t<\/div>\n\t\t\t\t\t<\/div>\n\t\t<\/section>\n\t\t\t\t<\/div>\n\t\t","protected":false},"excerpt":{"rendered":"<p>Agenti di viaggio PROPOSTA DI PI\u00d9 GIORNI A MADRID Questa \u00e8 la nostra proposta di pi\u00f9 giorni per conoscere Madrid e dintorni. Madrid offre, in escursioni di mezza giornata o di un&#8217;intera giornata, la possibilit\u00e0 di visitare luoghi unici dichiarati patrimonio dell&#8217;umanit\u00e0 dell&#8217;UNESCO.\u00a0 \u00a0 I dintorni di Madrid sono una visita essenziale per il viaggiatore [&hellip;]<\/p>\n","protected":false},"author":1,"featured_media":0,"parent":3739,"menu_order":0,"comment_status":"closed","ping_status":"closed","template":"","meta":{"footnotes":""},"class_list":["post-3601","page","type-page","status-publish","hentry"],"yoast_head":"<!-- This site is optimized with the Yoast SEO plugin v27.8 - https:\/\/yoast.com\/product\/yoast-seo-wordpress\/ -->\n<title>PROPOSTA DI PI\u00d9 GIORNI A MADRID - Madrid Travel Private Tours<\/title>\n<meta name=\"robots\" content=\"index, follow, max-snippet:-1, max-image-preview:large, max-video-preview:-1\" \/>\n<link rel=\"canonical\" href=\"https:\/\/madridtravelprivatetours.com\/agencias\/vario-dias-en-madrid\/\" \/>\n<meta property=\"og:locale\" content=\"it_IT\" \/>\n<meta property=\"og:type\" content=\"article\" \/>\n<meta property=\"og:title\" content=\"PROPOSTA DI PI\u00d9 GIORNI A MADRID - Madrid Travel Private Tours\" \/>\n<meta property=\"og:description\" content=\"Agenti di viaggio PROPOSTA DI PI\u00d9 GIORNI A MADRID Questa \u00e8 la nostra proposta di pi\u00f9 giorni per conoscere Madrid e dintorni. Madrid offre, in escursioni di mezza giornata o di un&#8217;intera giornata, la possibilit\u00e0 di visitare luoghi unici dichiarati patrimonio dell&#8217;umanit\u00e0 dell&#8217;UNESCO.\u00a0 \u00a0 I dintorni di Madrid sono una visita essenziale per il viaggiatore [&hellip;]\" \/>\n<meta property=\"og:url\" content=\"https:\/\/madridtravelprivatetours.com\/agencias\/vario-dias-en-madrid\/\" \/>\n<meta property=\"og:site_name\" content=\"Madrid Travel Private Tours\" \/>\n<meta property=\"article:modified_time\" content=\"2025-12-09T09:56:36+00:00\" \/>\n<meta property=\"og:image\" content=\"https:\/\/madridtravelprivatetours.com\/wp-content\/uploads\/2021\/02\/las-dos.jpg\" \/>\n\t<meta property=\"og:image:width\" content=\"1000\" \/>\n\t<meta property=\"og:image:height\" content=\"750\" \/>\n\t<meta property=\"og:image:type\" content=\"image\/jpeg\" \/>\n<meta name=\"twitter:card\" content=\"summary_large_image\" \/>\n<meta name=\"twitter:label1\" content=\"Tempo di lettura stimato\" \/>\n\t<meta name=\"twitter:data1\" content=\"15 minuti\" \/>\n<script type=\"application\/ld+json\" class=\"yoast-schema-graph\">{\"@context\":\"https:\\\/\\\/schema.org\",\"@graph\":[{\"@type\":\"WebPage\",\"@id\":\"https:\\\/\\\/madridtravelprivatetours.com\\\/agencias\\\/vario-dias-en-madrid\\\/\",\"url\":\"https:\\\/\\\/madridtravelprivatetours.com\\\/agencias\\\/vario-dias-en-madrid\\\/\",\"name\":\"PROPOSTA DI PI\u00d9 GIORNI A MADRID - Madrid Travel Private Tours\",\"isPartOf\":{\"@id\":\"https:\\\/\\\/madridtravelprivatetours.com\\\/#website\"},\"primaryImageOfPage\":{\"@id\":\"https:\\\/\\\/madridtravelprivatetours.com\\\/agencias\\\/vario-dias-en-madrid\\\/#primaryimage\"},\"image\":{\"@id\":\"https:\\\/\\\/madridtravelprivatetours.com\\\/agencias\\\/vario-dias-en-madrid\\\/#primaryimage\"},\"thumbnailUrl\":\"https:\\\/\\\/madridtravelprivatetours.com\\\/wp-content\\\/uploads\\\/2021\\\/02\\\/las-dos.jpg\",\"datePublished\":\"2021-03-28T08:03:02+00:00\",\"dateModified\":\"2025-12-09T09:56:36+00:00\",\"breadcrumb\":{\"@id\":\"https:\\\/\\\/madridtravelprivatetours.com\\\/agencias\\\/vario-dias-en-madrid\\\/#breadcrumb\"},\"inLanguage\":\"it-IT\",\"potentialAction\":[{\"@type\":\"ReadAction\",\"target\":[\"https:\\\/\\\/madridtravelprivatetours.com\\\/agencias\\\/vario-dias-en-madrid\\\/\"]}]},{\"@type\":\"ImageObject\",\"inLanguage\":\"it-IT\",\"@id\":\"https:\\\/\\\/madridtravelprivatetours.com\\\/agencias\\\/vario-dias-en-madrid\\\/#primaryimage\",\"url\":\"https:\\\/\\\/madridtravelprivatetours.com\\\/wp-content\\\/uploads\\\/2021\\\/02\\\/las-dos.jpg\",\"contentUrl\":\"https:\\\/\\\/madridtravelprivatetours.com\\\/wp-content\\\/uploads\\\/2021\\\/02\\\/las-dos.jpg\"},{\"@type\":\"BreadcrumbList\",\"@id\":\"https:\\\/\\\/madridtravelprivatetours.com\\\/agencias\\\/vario-dias-en-madrid\\\/#breadcrumb\",\"itemListElement\":[{\"@type\":\"ListItem\",\"position\":1,\"name\":\"INICIO\",\"item\":\"https:\\\/\\\/madridtravelprivatetours.com\\\/\"},{\"@type\":\"ListItem\",\"position\":2,\"name\":\"AGENTI DI VIAGGIO\",\"item\":\"https:\\\/\\\/madridtravelprivatetours.com\\\/it\\\/agenti-di-viaggio\\\/\"},{\"@type\":\"ListItem\",\"position\":3,\"name\":\"PROPOSTA DI PI\u00d9 GIORNI A MADRID\"}]},{\"@type\":\"WebSite\",\"@id\":\"https:\\\/\\\/madridtravelprivatetours.com\\\/#website\",\"url\":\"https:\\\/\\\/madridtravelprivatetours.com\\\/\",\"name\":\"Madrid Travel Private Tours\",\"description\":\"Ofrecemos visitas guiadas privadas en Madrid y alrededores\",\"potentialAction\":[{\"@type\":\"SearchAction\",\"target\":{\"@type\":\"EntryPoint\",\"urlTemplate\":\"https:\\\/\\\/madridtravelprivatetours.com\\\/?s={search_term_string}\"},\"query-input\":{\"@type\":\"PropertyValueSpecification\",\"valueRequired\":true,\"valueName\":\"search_term_string\"}}],\"inLanguage\":\"it-IT\"}]}<\/script>\n<!-- \/ Yoast SEO plugin. -->","yoast_head_json":{"title":"PROPOSTA DI PI\u00d9 GIORNI A MADRID - Madrid Travel Private Tours","robots":{"index":"index","follow":"follow","max-snippet":"max-snippet:-1","max-image-preview":"max-image-preview:large","max-video-preview":"max-video-preview:-1"},"canonical":"https:\/\/madridtravelprivatetours.com\/agencias\/vario-dias-en-madrid\/","og_locale":"it_IT","og_type":"article","og_title":"PROPOSTA DI PI\u00d9 GIORNI A MADRID - Madrid Travel Private Tours","og_description":"Agenti di viaggio PROPOSTA DI PI\u00d9 GIORNI A MADRID Questa \u00e8 la nostra proposta di pi\u00f9 giorni per conoscere Madrid e dintorni. Madrid offre, in escursioni di mezza giornata o di un&#8217;intera giornata, la possibilit\u00e0 di visitare luoghi unici dichiarati patrimonio dell&#8217;umanit\u00e0 dell&#8217;UNESCO.\u00a0 \u00a0 I dintorni di Madrid sono una visita essenziale per il viaggiatore [&hellip;]","og_url":"https:\/\/madridtravelprivatetours.com\/agencias\/vario-dias-en-madrid\/","og_site_name":"Madrid Travel Private Tours","article_modified_time":"2025-12-09T09:56:36+00:00","og_image":[{"width":1000,"height":750,"url":"https:\/\/madridtravelprivatetours.com\/wp-content\/uploads\/2021\/02\/las-dos.jpg","type":"image\/jpeg"}],"twitter_card":"summary_large_image","twitter_misc":{"Tempo di lettura stimato":"15 minuti"},"schema":{"@context":"https:\/\/schema.org","@graph":[{"@type":"WebPage","@id":"https:\/\/madridtravelprivatetours.com\/agencias\/vario-dias-en-madrid\/","url":"https:\/\/madridtravelprivatetours.com\/agencias\/vario-dias-en-madrid\/","name":"PROPOSTA DI PI\u00d9 GIORNI A MADRID - Madrid Travel Private Tours","isPartOf":{"@id":"https:\/\/madridtravelprivatetours.com\/#website"},"primaryImageOfPage":{"@id":"https:\/\/madridtravelprivatetours.com\/agencias\/vario-dias-en-madrid\/#primaryimage"},"image":{"@id":"https:\/\/madridtravelprivatetours.com\/agencias\/vario-dias-en-madrid\/#primaryimage"},"thumbnailUrl":"https:\/\/madridtravelprivatetours.com\/wp-content\/uploads\/2021\/02\/las-dos.jpg","datePublished":"2021-03-28T08:03:02+00:00","dateModified":"2025-12-09T09:56:36+00:00","breadcrumb":{"@id":"https:\/\/madridtravelprivatetours.com\/agencias\/vario-dias-en-madrid\/#breadcrumb"},"inLanguage":"it-IT","potentialAction":[{"@type":"ReadAction","target":["https:\/\/madridtravelprivatetours.com\/agencias\/vario-dias-en-madrid\/"]}]},{"@type":"ImageObject","inLanguage":"it-IT","@id":"https:\/\/madridtravelprivatetours.com\/agencias\/vario-dias-en-madrid\/#primaryimage","url":"https:\/\/madridtravelprivatetours.com\/wp-content\/uploads\/2021\/02\/las-dos.jpg","contentUrl":"https:\/\/madridtravelprivatetours.com\/wp-content\/uploads\/2021\/02\/las-dos.jpg"},{"@type":"BreadcrumbList","@id":"https:\/\/madridtravelprivatetours.com\/agencias\/vario-dias-en-madrid\/#breadcrumb","itemListElement":[{"@type":"ListItem","position":1,"name":"INICIO","item":"https:\/\/madridtravelprivatetours.com\/"},{"@type":"ListItem","position":2,"name":"AGENTI DI VIAGGIO","item":"https:\/\/madridtravelprivatetours.com\/it\/agenti-di-viaggio\/"},{"@type":"ListItem","position":3,"name":"PROPOSTA DI PI\u00d9 GIORNI A MADRID"}]},{"@type":"WebSite","@id":"https:\/\/madridtravelprivatetours.com\/#website","url":"https:\/\/madridtravelprivatetours.com\/","name":"Madrid Travel Private Tours","description":"Ofrecemos visitas guiadas privadas en Madrid y alrededores","potentialAction":[{"@type":"SearchAction","target":{"@type":"EntryPoint","urlTemplate":"https:\/\/madridtravelprivatetours.com\/?s={search_term_string}"},"query-input":{"@type":"PropertyValueSpecification","valueRequired":true,"valueName":"search_term_string"}}],"inLanguage":"it-IT"}]}},"_links":{"self":[{"href":"https:\/\/madridtravelprivatetours.com\/it\/wp-json\/wp\/v2\/pages\/3601","targetHints":{"allow":["GET"]}}],"collection":[{"href":"https:\/\/madridtravelprivatetours.com\/it\/wp-json\/wp\/v2\/pages"}],"about":[{"href":"https:\/\/madridtravelprivatetours.com\/it\/wp-json\/wp\/v2\/types\/page"}],"author":[{"embeddable":true,"href":"https:\/\/madridtravelprivatetours.com\/it\/wp-json\/wp\/v2\/users\/1"}],"replies":[{"embeddable":true,"href":"https:\/\/madridtravelprivatetours.com\/it\/wp-json\/wp\/v2\/comments?post=3601"}],"version-history":[{"count":391,"href":"https:\/\/madridtravelprivatetours.com\/it\/wp-json\/wp\/v2\/pages\/3601\/revisions"}],"predecessor-version":[{"id":12197,"href":"https:\/\/madridtravelprivatetours.com\/it\/wp-json\/wp\/v2\/pages\/3601\/revisions\/12197"}],"up":[{"embeddable":true,"href":"https:\/\/madridtravelprivatetours.com\/it\/wp-json\/wp\/v2\/pages\/3739"}],"wp:attachment":[{"href":"https:\/\/madridtravelprivatetours.com\/it\/wp-json\/wp\/v2\/media?parent=3601"}],"curies":[{"name":"wp","href":"https:\/\/api.w.org\/{rel}","templated":true}]}}